{"id":101466,"date":"2021-11-30T07:57:31","date_gmt":"2021-11-30T06:57:31","guid":{"rendered":"https:\/\/valerie-lacroix-immobilier.com\/?post_type=at_biz_dir&#038;p=101466"},"modified":"2026-06-05T09:16:16","modified_gmt":"2026-06-05T07:16:16","slug":"maison-de-ville-t3-la-teste-de-buch","status":"publish","type":"at_biz_dir","link":"https:\/\/valerie-lacroix-immobilier.com\/en\/annonce\/maison-de-ville-t3-la-teste-de-buch\/","title":{"rendered":"Maison de ville 3 pi\u00e8ces \u2013 LA TESTE-DE-BUCH"},"content":{"rendered":"<h2>\u00c0 300 m\u00e8tres de la gare, du port de La Teste-de-Buch et des pr\u00e9s sal\u00e9s, posez vos valises et venez profiter des bienfaits du bassin d\u2019Arcachon !<\/h2>\n<p>D\u00e9couvrez cette maison de ville de plain-pied sans jardin con\u00e7ue tel un appartement, &#8220;sans frais et sans copropri\u00e9t\u00e9&#8221;, en parfait \u00e9tat compos\u00e9e : d\u2019une cuisine ouverte enti\u00e8rement \u00e9quip\u00e9e avec son coin salle \u00e0 manger, un salon ou chambre, une grande chambre ainsi qu\u2019une salle d\u2019eau avec wc, chauffage gaz, tr\u00e8s calme, proche de toutes commodit\u00e9s, id\u00e9al pied \u00e0 terre et\/ou investissement locatif !<\/p>","protected":false},"author":2,"comment_status":"closed","ping_status":"closed","template":"","atbdp_listing_types":[42],"at_biz_dir-category":[25],"at_biz_dir-location":[19,65],"at_biz_dir-tags":[],"class_list":["post-101466","at_biz_dir","type-at_biz_dir","status-publish","has-post-thumbnail","hentry","atbdp_listing_types-lesbiens","at_biz_dir-category-2-maisons","at_biz_dir-location-bassin-darcachon","at_biz_dir-location-la-teste-de-buch"],"yoast_head":"<!-- This site is optimized with the Yoast SEO plugin v28.3 - https:\/\/yoast.com\/product\/yoast-seo-wordpress\/ -->\n<title>Maison de ville 3 pi\u00e8ces \u2013 LA TESTE-DE-BUCH - Val\u00e9rie Lacroix Immobilier<\/title>\n<meta name=\"description\" content=\"\u00c0 300m de la gare, du port de La Teste-de-Buch et des pr\u00e9s sal\u00e9s, posez vos valises et venez profiter des bienfaits du bassin d\u2019Arcachon !\" \/>\n<meta name=\"robots\" content=\"index, follow, max-snippet:-1, max-image-preview:large, max-video-preview:-1\" \/>\n<link rel=\"canonical\" href=\"https:\/\/valerie-lacroix-immobilier.com\/en\/annonce\/maison-de-ville-t3-la-teste-de-buch\/\" \/>\n<meta property=\"og:locale\" content=\"en_US\" \/>\n<meta property=\"og:type\" content=\"article\" \/>\n<meta property=\"og:title\" content=\"Maison de ville 3 pi\u00e8ces \u2013 LA TESTE-DE-BUCH - Val\u00e9rie Lacroix Immobilier\" \/>\n<meta property=\"og:description\" content=\"\u00c0 300m de la gare, du port de La Teste-de-Buch et des pr\u00e9s sal\u00e9s, posez vos valises et venez profiter des bienfaits du bassin d\u2019Arcachon !\" \/>\n<meta property=\"og:url\" content=\"https:\/\/valerie-lacroix-immobilier.com\/en\/annonce\/maison-de-ville-t3-la-teste-de-buch\/\" \/>\n<meta property=\"og:site_name\" content=\"Val\u00e9rie Lacroix Immobilier\" \/>\n<meta property=\"article:modified_time\" content=\"2026-06-05T07:16:16+00:00\" \/>\n<meta property=\"og:image\" content=\"https:\/\/valerie-lacroix-immobilier.com\/wp-content\/uploads\/2025\/07\/1-Cuisine-Maison-de-ville-T3-La-Teste-de-Buch-proche-port_2_11zon.webp\" \/>\n\t<meta property=\"og:image:width\" content=\"2560\" \/>\n\t<meta property=\"og:image:height\" content=\"1920\" \/>\n\t<meta property=\"og:image:type\" content=\"image\/webp\" \/>\n<meta name=\"twitter:card\" content=\"summary_large_image\" \/>\n<meta name=\"twitter:label1\" content=\"Est. reading time\" \/>\n\t<meta name=\"twitter:data1\" content=\"1 minute\" \/>\n<script type=\"application\/ld+json\" class=\"yoast-schema-graph\">{\"@context\":\"https:\\\/\\\/schema.org\",\"@graph\":[{\"@type\":\"WebPage\",\"@id\":\"https:\\\/\\\/valerie-lacroix-immobilier.com\\\/annonce\\\/maison-de-ville-t3-la-teste-de-buch\\\/\",\"url\":\"https:\\\/\\\/valerie-lacroix-immobilier.com\\\/annonce\\\/maison-de-ville-t3-la-teste-de-buch\\\/\",\"name\":\"Maison de ville 3 pi\u00e8ces \u2013 LA TESTE-DE-BUCH - Val\u00e9rie Lacroix Immobilier\",\"isPartOf\":{\"@id\":\"https:\\\/\\\/valerie-lacroix-immobilier.com\\\/#website\"},\"primaryImageOfPage\":{\"@id\":\"https:\\\/\\\/valerie-lacroix-immobilier.com\\\/annonce\\\/maison-de-ville-t3-la-teste-de-buch\\\/#primaryimage\"},\"image\":{\"@id\":\"https:\\\/\\\/valerie-lacroix-immobilier.com\\\/annonce\\\/maison-de-ville-t3-la-teste-de-buch\\\/#primaryimage\"},\"thumbnailUrl\":\"https:\\\/\\\/valerie-lacroix-immobilier.com\\\/wp-content\\\/uploads\\\/2025\\\/07\\\/1-Cuisine-Maison-de-ville-T3-La-Teste-de-Buch-proche-port_2_11zon.webp\",\"datePublished\":\"2021-11-30T06:57:31+00:00\",\"dateModified\":\"2026-06-05T07:16:16+00:00\",\"description\":\"\u00c0 300m de la gare, du port de La Teste-de-Buch et des pr\u00e9s sal\u00e9s, posez vos valises et venez profiter des bienfaits du bassin d\u2019Arcachon !\",\"breadcrumb\":{\"@id\":\"https:\\\/\\\/valerie-lacroix-immobilier.com\\\/annonce\\\/maison-de-ville-t3-la-teste-de-buch\\\/#breadcrumb\"},\"inLanguage\":\"en-US\",\"potentialAction\":[{\"@type\":\"ReadAction\",\"target\":[\"https:\\\/\\\/valerie-lacroix-immobilier.com\\\/annonce\\\/maison-de-ville-t3-la-teste-de-buch\\\/\"]}]},{\"@type\":\"ImageObject\",\"inLanguage\":\"en-US\",\"@id\":\"https:\\\/\\\/valerie-lacroix-immobilier.com\\\/annonce\\\/maison-de-ville-t3-la-teste-de-buch\\\/#primaryimage\",\"url\":\"https:\\\/\\\/valerie-lacroix-immobilier.com\\\/wp-content\\\/uploads\\\/2025\\\/07\\\/1-Cuisine-Maison-de-ville-T3-La-Teste-de-Buch-proche-port_2_11zon.webp\",\"contentUrl\":\"https:\\\/\\\/valerie-lacroix-immobilier.com\\\/wp-content\\\/uploads\\\/2025\\\/07\\\/1-Cuisine-Maison-de-ville-T3-La-Teste-de-Buch-proche-port_2_11zon.webp\",\"width\":2560,\"height\":1920},{\"@type\":\"BreadcrumbList\",\"@id\":\"https:\\\/\\\/valerie-lacroix-immobilier.com\\\/annonce\\\/maison-de-ville-t3-la-teste-de-buch\\\/#breadcrumb\",\"itemListElement\":[{\"@type\":\"ListItem\",\"position\":1,\"name\":\"Accueil\",\"item\":\"https:\\\/\\\/valerie-lacroix-immobilier.com\\\/\"},{\"@type\":\"ListItem\",\"position\":2,\"name\":\"Maison de ville 3 pi\u00e8ces \u2013 LA TESTE-DE-BUCH\"}]},{\"@type\":\"WebSite\",\"@id\":\"https:\\\/\\\/valerie-lacroix-immobilier.com\\\/#website\",\"url\":\"https:\\\/\\\/valerie-lacroix-immobilier.com\\\/\",\"name\":\"Val\u00e9rie Lacroix Immobilier\",\"description\":\"Bienvenue chez vous\",\"publisher\":{\"@id\":\"https:\\\/\\\/valerie-lacroix-immobilier.com\\\/#organization\"},\"alternateName\":\"Val\u00e9rie Lacroix Immobilier\",\"potentialAction\":[{\"@type\":\"SearchAction\",\"target\":{\"@type\":\"EntryPoint\",\"urlTemplate\":\"https:\\\/\\\/valerie-lacroix-immobilier.com\\\/?s={search_term_string}\"},\"query-input\":{\"@type\":\"PropertyValueSpecification\",\"valueRequired\":true,\"valueName\":\"search_term_string\"}}],\"inLanguage\":\"en-US\"},{\"@type\":\"Organization\",\"@id\":\"https:\\\/\\\/valerie-lacroix-immobilier.com\\\/#organization\",\"name\":\"Val\u00e9rie Lacroix Immobilier\",\"url\":\"https:\\\/\\\/valerie-lacroix-immobilier.com\\\/\",\"logo\":{\"@type\":\"ImageObject\",\"inLanguage\":\"en-US\",\"@id\":\"https:\\\/\\\/valerie-lacroix-immobilier.com\\\/#\\\/schema\\\/logo\\\/image\\\/\",\"url\":\"https:\\\/\\\/valerie-lacroix-immobilier.com\\\/wp-content\\\/uploads\\\/2025\\\/07\\\/cropped-valerie-lacroix-favicon.png\",\"contentUrl\":\"https:\\\/\\\/valerie-lacroix-immobilier.com\\\/wp-content\\\/uploads\\\/2025\\\/07\\\/cropped-valerie-lacroix-favicon.png\",\"width\":512,\"height\":512,\"caption\":\"Val\u00e9rie Lacroix Immobilier\"},\"image\":{\"@id\":\"https:\\\/\\\/valerie-lacroix-immobilier.com\\\/#\\\/schema\\\/logo\\\/image\\\/\"}}]}<\/script>\n<!-- \/ Yoast SEO plugin. -->","yoast_head_json":{"title":"Maison de ville 3 pi\u00e8ces \u2013 LA TESTE-DE-BUCH - Val\u00e9rie Lacroix Immobilier","description":"\u00c0 300m de la gare, du port de La Teste-de-Buch et des pr\u00e9s sal\u00e9s, posez vos valises et venez profiter des bienfaits du bassin d\u2019Arcachon !","robots":{"index":"index","follow":"follow","max-snippet":"max-snippet:-1","max-image-preview":"max-image-preview:large","max-video-preview":"max-video-preview:-1"},"canonical":"https:\/\/valerie-lacroix-immobilier.com\/en\/annonce\/maison-de-ville-t3-la-teste-de-buch\/","og_locale":"en_US","og_type":"article","og_title":"Maison de ville 3 pi\u00e8ces \u2013 LA TESTE-DE-BUCH - Val\u00e9rie Lacroix Immobilier","og_description":"\u00c0 300m de la gare, du port de La Teste-de-Buch et des pr\u00e9s sal\u00e9s, posez vos valises et venez profiter des bienfaits du bassin d\u2019Arcachon !","og_url":"https:\/\/valerie-lacroix-immobilier.com\/en\/annonce\/maison-de-ville-t3-la-teste-de-buch\/","og_site_name":"Val\u00e9rie Lacroix Immobilier","article_modified_time":"2026-06-05T07:16:16+00:00","og_image":[{"width":2560,"height":1920,"url":"https:\/\/valerie-lacroix-immobilier.com\/wp-content\/uploads\/2025\/07\/1-Cuisine-Maison-de-ville-T3-La-Teste-de-Buch-proche-port_2_11zon.webp","type":"image\/webp"}],"twitter_card":"summary_large_image","twitter_misc":{"Est. reading time":"1 minute"},"schema":{"@context":"https:\/\/schema.org","@graph":[{"@type":"WebPage","@id":"https:\/\/valerie-lacroix-immobilier.com\/annonce\/maison-de-ville-t3-la-teste-de-buch\/","url":"https:\/\/valerie-lacroix-immobilier.com\/annonce\/maison-de-ville-t3-la-teste-de-buch\/","name":"Maison de ville 3 pi\u00e8ces \u2013 LA TESTE-DE-BUCH - Val\u00e9rie Lacroix Immobilier","isPartOf":{"@id":"https:\/\/valerie-lacroix-immobilier.com\/#website"},"primaryImageOfPage":{"@id":"https:\/\/valerie-lacroix-immobilier.com\/annonce\/maison-de-ville-t3-la-teste-de-buch\/#primaryimage"},"image":{"@id":"https:\/\/valerie-lacroix-immobilier.com\/annonce\/maison-de-ville-t3-la-teste-de-buch\/#primaryimage"},"thumbnailUrl":"https:\/\/valerie-lacroix-immobilier.com\/wp-content\/uploads\/2025\/07\/1-Cuisine-Maison-de-ville-T3-La-Teste-de-Buch-proche-port_2_11zon.webp","datePublished":"2021-11-30T06:57:31+00:00","dateModified":"2026-06-05T07:16:16+00:00","description":"\u00c0 300m de la gare, du port de La Teste-de-Buch et des pr\u00e9s sal\u00e9s, posez vos valises et venez profiter des bienfaits du bassin d\u2019Arcachon !","breadcrumb":{"@id":"https:\/\/valerie-lacroix-immobilier.com\/annonce\/maison-de-ville-t3-la-teste-de-buch\/#breadcrumb"},"inLanguage":"en-US","potentialAction":[{"@type":"ReadAction","target":["https:\/\/valerie-lacroix-immobilier.com\/annonce\/maison-de-ville-t3-la-teste-de-buch\/"]}]},{"@type":"ImageObject","inLanguage":"en-US","@id":"https:\/\/valerie-lacroix-immobilier.com\/annonce\/maison-de-ville-t3-la-teste-de-buch\/#primaryimage","url":"https:\/\/valerie-lacroix-immobilier.com\/wp-content\/uploads\/2025\/07\/1-Cuisine-Maison-de-ville-T3-La-Teste-de-Buch-proche-port_2_11zon.webp","contentUrl":"https:\/\/valerie-lacroix-immobilier.com\/wp-content\/uploads\/2025\/07\/1-Cuisine-Maison-de-ville-T3-La-Teste-de-Buch-proche-port_2_11zon.webp","width":2560,"height":1920},{"@type":"BreadcrumbList","@id":"https:\/\/valerie-lacroix-immobilier.com\/annonce\/maison-de-ville-t3-la-teste-de-buch\/#breadcrumb","itemListElement":[{"@type":"ListItem","position":1,"name":"Accueil","item":"https:\/\/valerie-lacroix-immobilier.com\/"},{"@type":"ListItem","position":2,"name":"Maison de ville 3 pi\u00e8ces \u2013 LA TESTE-DE-BUCH"}]},{"@type":"WebSite","@id":"https:\/\/valerie-lacroix-immobilier.com\/#website","url":"https:\/\/valerie-lacroix-immobilier.com\/","name":"Val\u00e9rie Lacroix Immobilier","description":"Bienvenue chez vous","publisher":{"@id":"https:\/\/valerie-lacroix-immobilier.com\/#organization"},"alternateName":"Val\u00e9rie Lacroix Immobilier","potentialAction":[{"@type":"SearchAction","target":{"@type":"EntryPoint","urlTemplate":"https:\/\/valerie-lacroix-immobilier.com\/?s={search_term_string}"},"query-input":{"@type":"PropertyValueSpecification","valueRequired":true,"valueName":"search_term_string"}}],"inLanguage":"en-US"},{"@type":"Organization","@id":"https:\/\/valerie-lacroix-immobilier.com\/#organization","name":"Val\u00e9rie Lacroix Immobilier","url":"https:\/\/valerie-lacroix-immobilier.com\/","logo":{"@type":"ImageObject","inLanguage":"en-US","@id":"https:\/\/valerie-lacroix-immobilier.com\/#\/schema\/logo\/image\/","url":"https:\/\/valerie-lacroix-immobilier.com\/wp-content\/uploads\/2025\/07\/cropped-valerie-lacroix-favicon.png","contentUrl":"https:\/\/valerie-lacroix-immobilier.com\/wp-content\/uploads\/2025\/07\/cropped-valerie-lacroix-favicon.png","width":512,"height":512,"caption":"Val\u00e9rie Lacroix Immobilier"},"image":{"@id":"https:\/\/valerie-lacroix-immobilier.com\/#\/schema\/logo\/image\/"}}]}},"_links":{"self":[{"href":"https:\/\/valerie-lacroix-immobilier.com\/en\/wp-json\/wp\/v2\/at_biz_dir\/101466","targetHints":{"allow":["GET"]}}],"collection":[{"href":"https:\/\/valerie-lacroix-immobilier.com\/en\/wp-json\/wp\/v2\/at_biz_dir"}],"about":[{"href":"https:\/\/valerie-lacroix-immobilier.com\/en\/wp-json\/wp\/v2\/types\/at_biz_dir"}],"author":[{"embeddable":true,"href":"https:\/\/valerie-lacroix-immobilier.com\/en\/wp-json\/wp\/v2\/users\/2"}],"replies":[{"embeddable":true,"href":"https:\/\/valerie-lacroix-immobilier.com\/en\/wp-json\/wp\/v2\/comments?post=101466"}],"wp:featuredmedia":[{"embeddable":true,"href":"https:\/\/valerie-lacroix-immobilier.com\/en\/wp-json\/wp\/v2\/media\/102059"}],"wp:attachment":[{"href":"https:\/\/valerie-lacroix-immobilier.com\/en\/wp-json\/wp\/v2\/media?parent=101466"}],"wp:term":[{"taxonomy":"atbdp_listing_types","embeddable":true,"href":"https:\/\/valerie-lacroix-immobilier.com\/en\/wp-json\/wp\/v2\/atbdp_listing_types?post=101466"},{"taxonomy":"at_biz_dir-category","embeddable":true,"href":"https:\/\/valerie-lacroix-immobilier.com\/en\/wp-json\/wp\/v2\/at_biz_dir-category?post=101466"},{"taxonomy":"at_biz_dir-location","embeddable":true,"href":"https:\/\/valerie-lacroix-immobilier.com\/en\/wp-json\/wp\/v2\/at_biz_dir-location?post=101466"},{"taxonomy":"at_biz_dir-tags","embeddable":true,"href":"https:\/\/valerie-lacroix-immobilier.com\/en\/wp-json\/wp\/v2\/at_biz_dir-tags?post=101466"}],"curies":[{"name":"wp","href":"https:\/\/api.w.org\/{rel}","templated":true}]}}