{"id":102247,"date":"2026-07-17T09:00:54","date_gmt":"2026-07-17T07:00:54","guid":{"rendered":"https:\/\/valerie-lacroix-immobilier.com\/?post_type=at_biz_dir&#038;p=102247"},"modified":"2026-07-17T15:08:40","modified_gmt":"2026-07-17T13:08:40","slug":"appartement-3-piece-arcachon","status":"publish","type":"at_biz_dir","link":"https:\/\/valerie-lacroix-immobilier.com\/en\/annonce\/appartement-3-piece-arcachon\/","title":{"rendered":"3-room apartment \u2013 ARCACHON VILLE D\u2019\u00c9T\u00c9"},"content":{"rendered":"<p style=\"text-align: left;\">Situ\u00e9 en plein c\u0153ur d\u2019Arcachon, cet appartement traversant Nord-Sud b\u00e9n\u00e9ficie d\u2019un emplacement exceptionnel en premi\u00e8re ligne, \u00e0 deux pas de la plage et des commerces.<\/p>\n<p dir=\"auto\">D\u2019une surface de 75 m\u00b2, il offre une belle luminosit\u00e9 naturelle et s\u2019ouvre sur de spacieuses terrasses bien expos\u00e9es. Il comprend deux chambres, et est actuellement en cours de r\u00e9novation avec des prestations haut de gamme.<\/p>\n<p>L\u2019offre inclut \u00e9galement :<\/p>\n<p>&#8211; Une place de parking ext\u00e9rieure<br \/>\n&#8211; Un cellier<br \/>\n&#8211; Une cabine de retour de plage, id\u00e9ale pour se changer ou ranger son mat\u00e9riel apr\u00e8s la baignade<\/p>\n<p>Un bien rare, alliant confort, \u00e9l\u00e9gance et emplacement privil\u00e9gi\u00e9.<\/p>","protected":false},"author":2,"comment_status":"closed","ping_status":"closed","template":"","atbdp_listing_types":[42],"at_biz_dir-category":[24],"at_biz_dir-location":[19,81],"at_biz_dir-tags":[],"class_list":["post-102247","at_biz_dir","type-at_biz_dir","status-publish","has-post-thumbnail","hentry","atbdp_listing_types-lesbiens","at_biz_dir-category-1-appartement","at_biz_dir-location-bassin-darcachon","at_biz_dir-location-arcachon"],"yoast_head":"<!-- This site is optimized with the Yoast SEO plugin v28.4 - https:\/\/yoast.com\/product\/yoast-seo-wordpress\/ -->\n<title>Appartement 3 pi\u00e8ces - ARCACHON VILLE D&#039;\u00c9T\u00c9 - Val\u00e9rie Lacroix Immobilier<\/title>\n<meta name=\"description\" content=\"Situ\u00e9 en plein c\u0153ur d\u2019Arcachon, cet appartement traversant Nord-Sud b\u00e9n\u00e9ficie d\u2019un emplacement exceptionnel en premi\u00e8re ligne.\" \/>\n<meta name=\"robots\" content=\"index, follow, max-snippet:-1, max-image-preview:large, max-video-preview:-1\" \/>\n<link rel=\"canonical\" href=\"https:\/\/valerie-lacroix-immobilier.com\/en\/annonce\/appartement-3-piece-arcachon\/\" \/>\n<meta property=\"og:locale\" content=\"en_US\" \/>\n<meta property=\"og:type\" content=\"article\" \/>\n<meta property=\"og:title\" content=\"Appartement 3 pi\u00e8ces - ARCACHON VILLE D&#039;\u00c9T\u00c9 - Val\u00e9rie Lacroix Immobilier\" \/>\n<meta property=\"og:description\" content=\"Situ\u00e9 en plein c\u0153ur d\u2019Arcachon, cet appartement traversant Nord-Sud b\u00e9n\u00e9ficie d\u2019un emplacement exceptionnel en premi\u00e8re ligne.\" \/>\n<meta property=\"og:url\" content=\"https:\/\/valerie-lacroix-immobilier.com\/en\/annonce\/appartement-3-piece-arcachon\/\" \/>\n<meta property=\"og:site_name\" content=\"Val\u00e9rie Lacroix Immobilier\" \/>\n<meta property=\"article:modified_time\" content=\"2026-07-17T13:08:40+00:00\" \/>\n<meta property=\"og:image\" content=\"https:\/\/valerie-lacroix-immobilier.com\/wp-content\/uploads\/2026\/02\/1-T3-Arcachon-vue-Jetee-Thiers_2_1.webp\" \/>\n\t<meta property=\"og:image:width\" content=\"2476\" \/>\n\t<meta property=\"og:image:height\" content=\"1979\" \/>\n\t<meta property=\"og:image:type\" content=\"image\/webp\" \/>\n<meta name=\"twitter:card\" content=\"summary_large_image\" \/>\n<meta name=\"twitter:label1\" content=\"Est. reading time\" \/>\n\t<meta name=\"twitter:data1\" content=\"1 minute\" \/>\n<script type=\"application\/ld+json\" class=\"yoast-schema-graph\">{\"@context\":\"https:\\\/\\\/schema.org\",\"@graph\":[{\"@type\":\"WebPage\",\"@id\":\"https:\\\/\\\/valerie-lacroix-immobilier.com\\\/annonce\\\/appartement-3-piece-arcachon\\\/\",\"url\":\"https:\\\/\\\/valerie-lacroix-immobilier.com\\\/annonce\\\/appartement-3-piece-arcachon\\\/\",\"name\":\"Appartement 3 pi\u00e8ces - ARCACHON VILLE D'\u00c9T\u00c9 - Val\u00e9rie Lacroix Immobilier\",\"isPartOf\":{\"@id\":\"https:\\\/\\\/valerie-lacroix-immobilier.com\\\/#website\"},\"primaryImageOfPage\":{\"@id\":\"https:\\\/\\\/valerie-lacroix-immobilier.com\\\/annonce\\\/appartement-3-piece-arcachon\\\/#primaryimage\"},\"image\":{\"@id\":\"https:\\\/\\\/valerie-lacroix-immobilier.com\\\/annonce\\\/appartement-3-piece-arcachon\\\/#primaryimage\"},\"thumbnailUrl\":\"https:\\\/\\\/valerie-lacroix-immobilier.com\\\/wp-content\\\/uploads\\\/2026\\\/02\\\/1-T3-Arcachon-vue-Jetee-Thiers_2_1.webp\",\"datePublished\":\"2026-07-17T07:00:54+00:00\",\"dateModified\":\"2026-07-17T13:08:40+00:00\",\"description\":\"Situ\u00e9 en plein c\u0153ur d\u2019Arcachon, cet appartement traversant Nord-Sud b\u00e9n\u00e9ficie d\u2019un emplacement exceptionnel en premi\u00e8re ligne.\",\"breadcrumb\":{\"@id\":\"https:\\\/\\\/valerie-lacroix-immobilier.com\\\/annonce\\\/appartement-3-piece-arcachon\\\/#breadcrumb\"},\"inLanguage\":\"en-US\",\"potentialAction\":[{\"@type\":\"ReadAction\",\"target\":[\"https:\\\/\\\/valerie-lacroix-immobilier.com\\\/annonce\\\/appartement-3-piece-arcachon\\\/\"]}]},{\"@type\":\"ImageObject\",\"inLanguage\":\"en-US\",\"@id\":\"https:\\\/\\\/valerie-lacroix-immobilier.com\\\/annonce\\\/appartement-3-piece-arcachon\\\/#primaryimage\",\"url\":\"https:\\\/\\\/valerie-lacroix-immobilier.com\\\/wp-content\\\/uploads\\\/2026\\\/02\\\/1-T3-Arcachon-vue-Jetee-Thiers_2_1.webp\",\"contentUrl\":\"https:\\\/\\\/valerie-lacroix-immobilier.com\\\/wp-content\\\/uploads\\\/2026\\\/02\\\/1-T3-Arcachon-vue-Jetee-Thiers_2_1.webp\",\"width\":2476,\"height\":1979},{\"@type\":\"BreadcrumbList\",\"@id\":\"https:\\\/\\\/valerie-lacroix-immobilier.com\\\/annonce\\\/appartement-3-piece-arcachon\\\/#breadcrumb\",\"itemListElement\":[{\"@type\":\"ListItem\",\"position\":1,\"name\":\"Accueil\",\"item\":\"https:\\\/\\\/valerie-lacroix-immobilier.com\\\/\"},{\"@type\":\"ListItem\",\"position\":2,\"name\":\"Appartement 3 pi\u00e8ces &#8211; ARCACHON VILLE D&#8217;\u00c9T\u00c9\"}]},{\"@type\":\"WebSite\",\"@id\":\"https:\\\/\\\/valerie-lacroix-immobilier.com\\\/#website\",\"url\":\"https:\\\/\\\/valerie-lacroix-immobilier.com\\\/\",\"name\":\"Val\u00e9rie Lacroix Immobilier\",\"description\":\"Bienvenue chez vous\",\"publisher\":{\"@id\":\"https:\\\/\\\/valerie-lacroix-immobilier.com\\\/#organization\"},\"alternateName\":\"Val\u00e9rie Lacroix Immobilier\",\"potentialAction\":[{\"@type\":\"SearchAction\",\"target\":{\"@type\":\"EntryPoint\",\"urlTemplate\":\"https:\\\/\\\/valerie-lacroix-immobilier.com\\\/?s={search_term_string}\"},\"query-input\":{\"@type\":\"PropertyValueSpecification\",\"valueRequired\":true,\"valueName\":\"search_term_string\"}}],\"inLanguage\":\"en-US\"},{\"@type\":\"Organization\",\"@id\":\"https:\\\/\\\/valerie-lacroix-immobilier.com\\\/#organization\",\"name\":\"Val\u00e9rie Lacroix Immobilier\",\"url\":\"https:\\\/\\\/valerie-lacroix-immobilier.com\\\/\",\"logo\":{\"@type\":\"ImageObject\",\"inLanguage\":\"en-US\",\"@id\":\"https:\\\/\\\/valerie-lacroix-immobilier.com\\\/#\\\/schema\\\/logo\\\/image\\\/\",\"url\":\"https:\\\/\\\/valerie-lacroix-immobilier.com\\\/wp-content\\\/uploads\\\/2025\\\/07\\\/cropped-valerie-lacroix-favicon.png\",\"contentUrl\":\"https:\\\/\\\/valerie-lacroix-immobilier.com\\\/wp-content\\\/uploads\\\/2025\\\/07\\\/cropped-valerie-lacroix-favicon.png\",\"width\":512,\"height\":512,\"caption\":\"Val\u00e9rie Lacroix Immobilier\"},\"image\":{\"@id\":\"https:\\\/\\\/valerie-lacroix-immobilier.com\\\/#\\\/schema\\\/logo\\\/image\\\/\"}}]}<\/script>\n<!-- \/ Yoast SEO plugin. -->","yoast_head_json":{"title":"Appartement 3 pi\u00e8ces - ARCACHON VILLE D'\u00c9T\u00c9 - Val\u00e9rie Lacroix Immobilier","description":"Situ\u00e9 en plein c\u0153ur d\u2019Arcachon, cet appartement traversant Nord-Sud b\u00e9n\u00e9ficie d\u2019un emplacement exceptionnel en premi\u00e8re ligne.","robots":{"index":"index","follow":"follow","max-snippet":"max-snippet:-1","max-image-preview":"max-image-preview:large","max-video-preview":"max-video-preview:-1"},"canonical":"https:\/\/valerie-lacroix-immobilier.com\/en\/annonce\/appartement-3-piece-arcachon\/","og_locale":"en_US","og_type":"article","og_title":"Appartement 3 pi\u00e8ces - ARCACHON VILLE D'\u00c9T\u00c9 - Val\u00e9rie Lacroix Immobilier","og_description":"Situ\u00e9 en plein c\u0153ur d\u2019Arcachon, cet appartement traversant Nord-Sud b\u00e9n\u00e9ficie d\u2019un emplacement exceptionnel en premi\u00e8re ligne.","og_url":"https:\/\/valerie-lacroix-immobilier.com\/en\/annonce\/appartement-3-piece-arcachon\/","og_site_name":"Val\u00e9rie Lacroix Immobilier","article_modified_time":"2026-07-17T13:08:40+00:00","og_image":[{"width":2476,"height":1979,"url":"https:\/\/valerie-lacroix-immobilier.com\/wp-content\/uploads\/2026\/02\/1-T3-Arcachon-vue-Jetee-Thiers_2_1.webp","type":"image\/webp"}],"twitter_card":"summary_large_image","twitter_misc":{"Est. reading time":"1 minute"},"schema":{"@context":"https:\/\/schema.org","@graph":[{"@type":"WebPage","@id":"https:\/\/valerie-lacroix-immobilier.com\/annonce\/appartement-3-piece-arcachon\/","url":"https:\/\/valerie-lacroix-immobilier.com\/annonce\/appartement-3-piece-arcachon\/","name":"Appartement 3 pi\u00e8ces - ARCACHON VILLE D'\u00c9T\u00c9 - Val\u00e9rie Lacroix Immobilier","isPartOf":{"@id":"https:\/\/valerie-lacroix-immobilier.com\/#website"},"primaryImageOfPage":{"@id":"https:\/\/valerie-lacroix-immobilier.com\/annonce\/appartement-3-piece-arcachon\/#primaryimage"},"image":{"@id":"https:\/\/valerie-lacroix-immobilier.com\/annonce\/appartement-3-piece-arcachon\/#primaryimage"},"thumbnailUrl":"https:\/\/valerie-lacroix-immobilier.com\/wp-content\/uploads\/2026\/02\/1-T3-Arcachon-vue-Jetee-Thiers_2_1.webp","datePublished":"2026-07-17T07:00:54+00:00","dateModified":"2026-07-17T13:08:40+00:00","description":"Situ\u00e9 en plein c\u0153ur d\u2019Arcachon, cet appartement traversant Nord-Sud b\u00e9n\u00e9ficie d\u2019un emplacement exceptionnel en premi\u00e8re ligne.","breadcrumb":{"@id":"https:\/\/valerie-lacroix-immobilier.com\/annonce\/appartement-3-piece-arcachon\/#breadcrumb"},"inLanguage":"en-US","potentialAction":[{"@type":"ReadAction","target":["https:\/\/valerie-lacroix-immobilier.com\/annonce\/appartement-3-piece-arcachon\/"]}]},{"@type":"ImageObject","inLanguage":"en-US","@id":"https:\/\/valerie-lacroix-immobilier.com\/annonce\/appartement-3-piece-arcachon\/#primaryimage","url":"https:\/\/valerie-lacroix-immobilier.com\/wp-content\/uploads\/2026\/02\/1-T3-Arcachon-vue-Jetee-Thiers_2_1.webp","contentUrl":"https:\/\/valerie-lacroix-immobilier.com\/wp-content\/uploads\/2026\/02\/1-T3-Arcachon-vue-Jetee-Thiers_2_1.webp","width":2476,"height":1979},{"@type":"BreadcrumbList","@id":"https:\/\/valerie-lacroix-immobilier.com\/annonce\/appartement-3-piece-arcachon\/#breadcrumb","itemListElement":[{"@type":"ListItem","position":1,"name":"Accueil","item":"https:\/\/valerie-lacroix-immobilier.com\/"},{"@type":"ListItem","position":2,"name":"Appartement 3 pi\u00e8ces &#8211; ARCACHON VILLE D&#8217;\u00c9T\u00c9"}]},{"@type":"WebSite","@id":"https:\/\/valerie-lacroix-immobilier.com\/#website","url":"https:\/\/valerie-lacroix-immobilier.com\/","name":"Val\u00e9rie Lacroix Immobilier","description":"Bienvenue chez vous","publisher":{"@id":"https:\/\/valerie-lacroix-immobilier.com\/#organization"},"alternateName":"Val\u00e9rie Lacroix Immobilier","potentialAction":[{"@type":"SearchAction","target":{"@type":"EntryPoint","urlTemplate":"https:\/\/valerie-lacroix-immobilier.com\/?s={search_term_string}"},"query-input":{"@type":"PropertyValueSpecification","valueRequired":true,"valueName":"search_term_string"}}],"inLanguage":"en-US"},{"@type":"Organization","@id":"https:\/\/valerie-lacroix-immobilier.com\/#organization","name":"Val\u00e9rie Lacroix Immobilier","url":"https:\/\/valerie-lacroix-immobilier.com\/","logo":{"@type":"ImageObject","inLanguage":"en-US","@id":"https:\/\/valerie-lacroix-immobilier.com\/#\/schema\/logo\/image\/","url":"https:\/\/valerie-lacroix-immobilier.com\/wp-content\/uploads\/2025\/07\/cropped-valerie-lacroix-favicon.png","contentUrl":"https:\/\/valerie-lacroix-immobilier.com\/wp-content\/uploads\/2025\/07\/cropped-valerie-lacroix-favicon.png","width":512,"height":512,"caption":"Val\u00e9rie Lacroix Immobilier"},"image":{"@id":"https:\/\/valerie-lacroix-immobilier.com\/#\/schema\/logo\/image\/"}}]}},"_links":{"self":[{"href":"https:\/\/valerie-lacroix-immobilier.com\/en\/wp-json\/wp\/v2\/at_biz_dir\/102247","targetHints":{"allow":["GET"]}}],"collection":[{"href":"https:\/\/valerie-lacroix-immobilier.com\/en\/wp-json\/wp\/v2\/at_biz_dir"}],"about":[{"href":"https:\/\/valerie-lacroix-immobilier.com\/en\/wp-json\/wp\/v2\/types\/at_biz_dir"}],"author":[{"embeddable":true,"href":"https:\/\/valerie-lacroix-immobilier.com\/en\/wp-json\/wp\/v2\/users\/2"}],"replies":[{"embeddable":true,"href":"https:\/\/valerie-lacroix-immobilier.com\/en\/wp-json\/wp\/v2\/comments?post=102247"}],"wp:featuredmedia":[{"embeddable":true,"href":"https:\/\/valerie-lacroix-immobilier.com\/en\/wp-json\/wp\/v2\/media\/102249"}],"wp:attachment":[{"href":"https:\/\/valerie-lacroix-immobilier.com\/en\/wp-json\/wp\/v2\/media?parent=102247"}],"wp:term":[{"taxonomy":"atbdp_listing_types","embeddable":true,"href":"https:\/\/valerie-lacroix-immobilier.com\/en\/wp-json\/wp\/v2\/atbdp_listing_types?post=102247"},{"taxonomy":"at_biz_dir-category","embeddable":true,"href":"https:\/\/valerie-lacroix-immobilier.com\/en\/wp-json\/wp\/v2\/at_biz_dir-category?post=102247"},{"taxonomy":"at_biz_dir-location","embeddable":true,"href":"https:\/\/valerie-lacroix-immobilier.com\/en\/wp-json\/wp\/v2\/at_biz_dir-location?post=102247"},{"taxonomy":"at_biz_dir-tags","embeddable":true,"href":"https:\/\/valerie-lacroix-immobilier.com\/en\/wp-json\/wp\/v2\/at_biz_dir-tags?post=102247"}],"curies":[{"name":"wp","href":"https:\/\/api.w.org\/{rel}","templated":true}]}}