{"id":102286,"date":"2026-07-16T09:07:55","date_gmt":"2026-07-16T07:07:55","guid":{"rendered":"https:\/\/valerie-lacroix-immobilier.com\/?post_type=at_biz_dir&#038;p=102286"},"modified":"2026-07-17T15:10:14","modified_gmt":"2026-07-17T13:10:14","slug":"appartement-a-vendre-premiere-ligne-le-moulleau","status":"publish","type":"at_biz_dir","link":"https:\/\/valerie-lacroix-immobilier.com\/en\/annonce\/appartement-a-vendre-premiere-ligne-le-moulleau\/","title":{"rendered":"3-room apartment \u2013 Beachfront \u2013 LE MOULLEAU"},"content":{"rendered":"<p>Premi\u00e8re ligne au Moulleau ! Venez d\u00e9couvrir cet appartement 3 pi\u00e8ces, les pieds dans le sable face \u00e0 la pointe du Cap Ferret, r\u00eave ultime de tout amoureux du Bassin d&#8217;Arcachon ! Vous profiterez d&#8217;un emplacement de premier ordre, avec une vue panoramique imprenable qui embrasse le Bassin, directement sur la plage du quartier si pris\u00e9 du Moulleau, id\u00e9alement situ\u00e9 entre la jet\u00e9e et les Arbousiers.<\/p>\n<p>Cet appartement se situe au 2 \u00e8me \u00e9tage d&#8217;une petite copropri\u00e9t\u00e9, de 8 lots principaux, qui vient de faire l&#8217;objet d&#8217;une r\u00e9fection totale de l&#8217;ext\u00e9rieur.<\/p>\n<p>Il b\u00e9n\u00e9ficie de son entr\u00e9e privative, d&#8217;un grand balcon-terrasse filant, d&#8217;une triple exposition dont Sud et Ouest depuis la pi\u00e8ce de vie pour profiter des magnifiques couchers de soleil sur l&#8217;eau en toute saison.<\/p>\n<p>Sa distribution actuelle propose deux chambres dont une chambre &#8220;cabine&#8221;, une pi\u00e8ce de vie, une cuisine s\u00e9par\u00e9e, une salle d&#8217;eau, des toilettes ind\u00e9pendantes, et un d\u00e9gagement.<\/p>\n<p>Une place de parking vient compl\u00e9ter ce bien. Des travaux de mises aux normes et de r\u00e9novation sont \u00e0 pr\u00e9voir pour faire de ce bien un lieu de vie encore plus unique !<\/p>","protected":false},"author":2,"comment_status":"closed","ping_status":"closed","template":"","atbdp_listing_types":[42],"at_biz_dir-category":[24],"at_biz_dir-location":[19,84],"at_biz_dir-tags":[],"class_list":["post-102286","at_biz_dir","type-at_biz_dir","status-publish","has-post-thumbnail","hentry","atbdp_listing_types-lesbiens","at_biz_dir-category-1-appartement","at_biz_dir-location-bassin-darcachon","at_biz_dir-location-le-moulleau"],"yoast_head":"<!-- This site is optimized with the Yoast SEO plugin v28.3 - https:\/\/yoast.com\/product\/yoast-seo-wordpress\/ -->\n<title>Appartement 3 pi\u00e8ces - Premi\u00e8re ligne - LE MOULLEAU - Val\u00e9rie Lacroix Immobilier<\/title>\n<meta name=\"description\" content=\"Premi\u00e8re ligne au Moulleau ! Venez d\u00e9couvrir cet appartement 3 pi\u00e8ces, les pieds dans le sable face \u00e0 la pointe du Cap Ferret.\" \/>\n<meta name=\"robots\" content=\"index, follow, max-snippet:-1, max-image-preview:large, max-video-preview:-1\" \/>\n<link rel=\"canonical\" href=\"https:\/\/valerie-lacroix-immobilier.com\/en\/annonce\/appartement-a-vendre-premiere-ligne-le-moulleau\/\" \/>\n<meta property=\"og:locale\" content=\"en_US\" \/>\n<meta property=\"og:type\" content=\"article\" \/>\n<meta property=\"og:title\" content=\"Appartement 3 pi\u00e8ces - Premi\u00e8re ligne - LE MOULLEAU - Val\u00e9rie Lacroix Immobilier\" \/>\n<meta property=\"og:description\" content=\"Premi\u00e8re ligne au Moulleau ! Venez d\u00e9couvrir cet appartement 3 pi\u00e8ces, les pieds dans le sable face \u00e0 la pointe du Cap Ferret.\" \/>\n<meta property=\"og:url\" content=\"https:\/\/valerie-lacroix-immobilier.com\/en\/annonce\/appartement-a-vendre-premiere-ligne-le-moulleau\/\" \/>\n<meta property=\"og:site_name\" content=\"Val\u00e9rie Lacroix Immobilier\" \/>\n<meta property=\"article:modified_time\" content=\"2026-07-17T13:10:14+00:00\" \/>\n<meta property=\"og:image\" content=\"https:\/\/valerie-lacroix-immobilier.com\/wp-content\/uploads\/2026\/03\/1-Exterieur-T3-Arcachon-Le-Moulleau_2_2.webp\" \/>\n\t<meta property=\"og:image:width\" content=\"2147\" \/>\n\t<meta property=\"og:image:height\" content=\"2862\" \/>\n\t<meta property=\"og:image:type\" content=\"image\/webp\" \/>\n<meta name=\"twitter:card\" content=\"summary_large_image\" \/>\n<meta name=\"twitter:label1\" content=\"Est. reading time\" \/>\n\t<meta name=\"twitter:data1\" content=\"1 minute\" \/>\n<script type=\"application\/ld+json\" class=\"yoast-schema-graph\">{\"@context\":\"https:\\\/\\\/schema.org\",\"@graph\":[{\"@type\":\"WebPage\",\"@id\":\"https:\\\/\\\/valerie-lacroix-immobilier.com\\\/annonce\\\/appartement-a-vendre-premiere-ligne-le-moulleau\\\/\",\"url\":\"https:\\\/\\\/valerie-lacroix-immobilier.com\\\/annonce\\\/appartement-a-vendre-premiere-ligne-le-moulleau\\\/\",\"name\":\"Appartement 3 pi\u00e8ces - Premi\u00e8re ligne - LE MOULLEAU - Val\u00e9rie Lacroix Immobilier\",\"isPartOf\":{\"@id\":\"https:\\\/\\\/valerie-lacroix-immobilier.com\\\/#website\"},\"primaryImageOfPage\":{\"@id\":\"https:\\\/\\\/valerie-lacroix-immobilier.com\\\/annonce\\\/appartement-a-vendre-premiere-ligne-le-moulleau\\\/#primaryimage\"},\"image\":{\"@id\":\"https:\\\/\\\/valerie-lacroix-immobilier.com\\\/annonce\\\/appartement-a-vendre-premiere-ligne-le-moulleau\\\/#primaryimage\"},\"thumbnailUrl\":\"https:\\\/\\\/valerie-lacroix-immobilier.com\\\/wp-content\\\/uploads\\\/2026\\\/03\\\/1-Exterieur-T3-Arcachon-Le-Moulleau_2_2.webp\",\"datePublished\":\"2026-07-16T07:07:55+00:00\",\"dateModified\":\"2026-07-17T13:10:14+00:00\",\"description\":\"Premi\u00e8re ligne au Moulleau ! Venez d\u00e9couvrir cet appartement 3 pi\u00e8ces, les pieds dans le sable face \u00e0 la pointe du Cap Ferret.\",\"breadcrumb\":{\"@id\":\"https:\\\/\\\/valerie-lacroix-immobilier.com\\\/annonce\\\/appartement-a-vendre-premiere-ligne-le-moulleau\\\/#breadcrumb\"},\"inLanguage\":\"en-US\",\"potentialAction\":[{\"@type\":\"ReadAction\",\"target\":[\"https:\\\/\\\/valerie-lacroix-immobilier.com\\\/annonce\\\/appartement-a-vendre-premiere-ligne-le-moulleau\\\/\"]}]},{\"@type\":\"ImageObject\",\"inLanguage\":\"en-US\",\"@id\":\"https:\\\/\\\/valerie-lacroix-immobilier.com\\\/annonce\\\/appartement-a-vendre-premiere-ligne-le-moulleau\\\/#primaryimage\",\"url\":\"https:\\\/\\\/valerie-lacroix-immobilier.com\\\/wp-content\\\/uploads\\\/2026\\\/03\\\/1-Exterieur-T3-Arcachon-Le-Moulleau_2_2.webp\",\"contentUrl\":\"https:\\\/\\\/valerie-lacroix-immobilier.com\\\/wp-content\\\/uploads\\\/2026\\\/03\\\/1-Exterieur-T3-Arcachon-Le-Moulleau_2_2.webp\",\"width\":2147,\"height\":2862,\"caption\":\"balcon appartement premi\u00e8re ligne arcachon moulleau\"},{\"@type\":\"BreadcrumbList\",\"@id\":\"https:\\\/\\\/valerie-lacroix-immobilier.com\\\/annonce\\\/appartement-a-vendre-premiere-ligne-le-moulleau\\\/#breadcrumb\",\"itemListElement\":[{\"@type\":\"ListItem\",\"position\":1,\"name\":\"Accueil\",\"item\":\"https:\\\/\\\/valerie-lacroix-immobilier.com\\\/\"},{\"@type\":\"ListItem\",\"position\":2,\"name\":\"Appartement 3 pi\u00e8ces &#8211; Premi\u00e8re ligne &#8211; LE MOULLEAU\"}]},{\"@type\":\"WebSite\",\"@id\":\"https:\\\/\\\/valerie-lacroix-immobilier.com\\\/#website\",\"url\":\"https:\\\/\\\/valerie-lacroix-immobilier.com\\\/\",\"name\":\"Val\u00e9rie Lacroix Immobilier\",\"description\":\"Bienvenue chez vous\",\"publisher\":{\"@id\":\"https:\\\/\\\/valerie-lacroix-immobilier.com\\\/#organization\"},\"alternateName\":\"Val\u00e9rie Lacroix Immobilier\",\"potentialAction\":[{\"@type\":\"SearchAction\",\"target\":{\"@type\":\"EntryPoint\",\"urlTemplate\":\"https:\\\/\\\/valerie-lacroix-immobilier.com\\\/?s={search_term_string}\"},\"query-input\":{\"@type\":\"PropertyValueSpecification\",\"valueRequired\":true,\"valueName\":\"search_term_string\"}}],\"inLanguage\":\"en-US\"},{\"@type\":\"Organization\",\"@id\":\"https:\\\/\\\/valerie-lacroix-immobilier.com\\\/#organization\",\"name\":\"Val\u00e9rie Lacroix Immobilier\",\"url\":\"https:\\\/\\\/valerie-lacroix-immobilier.com\\\/\",\"logo\":{\"@type\":\"ImageObject\",\"inLanguage\":\"en-US\",\"@id\":\"https:\\\/\\\/valerie-lacroix-immobilier.com\\\/#\\\/schema\\\/logo\\\/image\\\/\",\"url\":\"https:\\\/\\\/valerie-lacroix-immobilier.com\\\/wp-content\\\/uploads\\\/2025\\\/07\\\/cropped-valerie-lacroix-favicon.png\",\"contentUrl\":\"https:\\\/\\\/valerie-lacroix-immobilier.com\\\/wp-content\\\/uploads\\\/2025\\\/07\\\/cropped-valerie-lacroix-favicon.png\",\"width\":512,\"height\":512,\"caption\":\"Val\u00e9rie Lacroix Immobilier\"},\"image\":{\"@id\":\"https:\\\/\\\/valerie-lacroix-immobilier.com\\\/#\\\/schema\\\/logo\\\/image\\\/\"}}]}<\/script>\n<!-- \/ Yoast SEO plugin. -->","yoast_head_json":{"title":"Appartement 3 pi\u00e8ces - Premi\u00e8re ligne - LE MOULLEAU - Val\u00e9rie Lacroix Immobilier","description":"Premi\u00e8re ligne au Moulleau ! Venez d\u00e9couvrir cet appartement 3 pi\u00e8ces, les pieds dans le sable face \u00e0 la pointe du Cap Ferret.","robots":{"index":"index","follow":"follow","max-snippet":"max-snippet:-1","max-image-preview":"max-image-preview:large","max-video-preview":"max-video-preview:-1"},"canonical":"https:\/\/valerie-lacroix-immobilier.com\/en\/annonce\/appartement-a-vendre-premiere-ligne-le-moulleau\/","og_locale":"en_US","og_type":"article","og_title":"Appartement 3 pi\u00e8ces - Premi\u00e8re ligne - LE MOULLEAU - Val\u00e9rie Lacroix Immobilier","og_description":"Premi\u00e8re ligne au Moulleau ! Venez d\u00e9couvrir cet appartement 3 pi\u00e8ces, les pieds dans le sable face \u00e0 la pointe du Cap Ferret.","og_url":"https:\/\/valerie-lacroix-immobilier.com\/en\/annonce\/appartement-a-vendre-premiere-ligne-le-moulleau\/","og_site_name":"Val\u00e9rie Lacroix Immobilier","article_modified_time":"2026-07-17T13:10:14+00:00","og_image":[{"width":2147,"height":2862,"url":"https:\/\/valerie-lacroix-immobilier.com\/wp-content\/uploads\/2026\/03\/1-Exterieur-T3-Arcachon-Le-Moulleau_2_2.webp","type":"image\/webp"}],"twitter_card":"summary_large_image","twitter_misc":{"Est. reading time":"1 minute"},"schema":{"@context":"https:\/\/schema.org","@graph":[{"@type":"WebPage","@id":"https:\/\/valerie-lacroix-immobilier.com\/annonce\/appartement-a-vendre-premiere-ligne-le-moulleau\/","url":"https:\/\/valerie-lacroix-immobilier.com\/annonce\/appartement-a-vendre-premiere-ligne-le-moulleau\/","name":"Appartement 3 pi\u00e8ces - Premi\u00e8re ligne - LE MOULLEAU - Val\u00e9rie Lacroix Immobilier","isPartOf":{"@id":"https:\/\/valerie-lacroix-immobilier.com\/#website"},"primaryImageOfPage":{"@id":"https:\/\/valerie-lacroix-immobilier.com\/annonce\/appartement-a-vendre-premiere-ligne-le-moulleau\/#primaryimage"},"image":{"@id":"https:\/\/valerie-lacroix-immobilier.com\/annonce\/appartement-a-vendre-premiere-ligne-le-moulleau\/#primaryimage"},"thumbnailUrl":"https:\/\/valerie-lacroix-immobilier.com\/wp-content\/uploads\/2026\/03\/1-Exterieur-T3-Arcachon-Le-Moulleau_2_2.webp","datePublished":"2026-07-16T07:07:55+00:00","dateModified":"2026-07-17T13:10:14+00:00","description":"Premi\u00e8re ligne au Moulleau ! Venez d\u00e9couvrir cet appartement 3 pi\u00e8ces, les pieds dans le sable face \u00e0 la pointe du Cap Ferret.","breadcrumb":{"@id":"https:\/\/valerie-lacroix-immobilier.com\/annonce\/appartement-a-vendre-premiere-ligne-le-moulleau\/#breadcrumb"},"inLanguage":"en-US","potentialAction":[{"@type":"ReadAction","target":["https:\/\/valerie-lacroix-immobilier.com\/annonce\/appartement-a-vendre-premiere-ligne-le-moulleau\/"]}]},{"@type":"ImageObject","inLanguage":"en-US","@id":"https:\/\/valerie-lacroix-immobilier.com\/annonce\/appartement-a-vendre-premiere-ligne-le-moulleau\/#primaryimage","url":"https:\/\/valerie-lacroix-immobilier.com\/wp-content\/uploads\/2026\/03\/1-Exterieur-T3-Arcachon-Le-Moulleau_2_2.webp","contentUrl":"https:\/\/valerie-lacroix-immobilier.com\/wp-content\/uploads\/2026\/03\/1-Exterieur-T3-Arcachon-Le-Moulleau_2_2.webp","width":2147,"height":2862,"caption":"balcon appartement premi\u00e8re ligne arcachon moulleau"},{"@type":"BreadcrumbList","@id":"https:\/\/valerie-lacroix-immobilier.com\/annonce\/appartement-a-vendre-premiere-ligne-le-moulleau\/#breadcrumb","itemListElement":[{"@type":"ListItem","position":1,"name":"Accueil","item":"https:\/\/valerie-lacroix-immobilier.com\/"},{"@type":"ListItem","position":2,"name":"Appartement 3 pi\u00e8ces &#8211; Premi\u00e8re ligne &#8211; LE MOULLEAU"}]},{"@type":"WebSite","@id":"https:\/\/valerie-lacroix-immobilier.com\/#website","url":"https:\/\/valerie-lacroix-immobilier.com\/","name":"Val\u00e9rie Lacroix Immobilier","description":"Bienvenue chez vous","publisher":{"@id":"https:\/\/valerie-lacroix-immobilier.com\/#organization"},"alternateName":"Val\u00e9rie Lacroix Immobilier","potentialAction":[{"@type":"SearchAction","target":{"@type":"EntryPoint","urlTemplate":"https:\/\/valerie-lacroix-immobilier.com\/?s={search_term_string}"},"query-input":{"@type":"PropertyValueSpecification","valueRequired":true,"valueName":"search_term_string"}}],"inLanguage":"en-US"},{"@type":"Organization","@id":"https:\/\/valerie-lacroix-immobilier.com\/#organization","name":"Val\u00e9rie Lacroix Immobilier","url":"https:\/\/valerie-lacroix-immobilier.com\/","logo":{"@type":"ImageObject","inLanguage":"en-US","@id":"https:\/\/valerie-lacroix-immobilier.com\/#\/schema\/logo\/image\/","url":"https:\/\/valerie-lacroix-immobilier.com\/wp-content\/uploads\/2025\/07\/cropped-valerie-lacroix-favicon.png","contentUrl":"https:\/\/valerie-lacroix-immobilier.com\/wp-content\/uploads\/2025\/07\/cropped-valerie-lacroix-favicon.png","width":512,"height":512,"caption":"Val\u00e9rie Lacroix Immobilier"},"image":{"@id":"https:\/\/valerie-lacroix-immobilier.com\/#\/schema\/logo\/image\/"}}]}},"_links":{"self":[{"href":"https:\/\/valerie-lacroix-immobilier.com\/en\/wp-json\/wp\/v2\/at_biz_dir\/102286","targetHints":{"allow":["GET"]}}],"collection":[{"href":"https:\/\/valerie-lacroix-immobilier.com\/en\/wp-json\/wp\/v2\/at_biz_dir"}],"about":[{"href":"https:\/\/valerie-lacroix-immobilier.com\/en\/wp-json\/wp\/v2\/types\/at_biz_dir"}],"author":[{"embeddable":true,"href":"https:\/\/valerie-lacroix-immobilier.com\/en\/wp-json\/wp\/v2\/users\/2"}],"replies":[{"embeddable":true,"href":"https:\/\/valerie-lacroix-immobilier.com\/en\/wp-json\/wp\/v2\/comments?post=102286"}],"wp:featuredmedia":[{"embeddable":true,"href":"https:\/\/valerie-lacroix-immobilier.com\/en\/wp-json\/wp\/v2\/media\/102288"}],"wp:attachment":[{"href":"https:\/\/valerie-lacroix-immobilier.com\/en\/wp-json\/wp\/v2\/media?parent=102286"}],"wp:term":[{"taxonomy":"atbdp_listing_types","embeddable":true,"href":"https:\/\/valerie-lacroix-immobilier.com\/en\/wp-json\/wp\/v2\/atbdp_listing_types?post=102286"},{"taxonomy":"at_biz_dir-category","embeddable":true,"href":"https:\/\/valerie-lacroix-immobilier.com\/en\/wp-json\/wp\/v2\/at_biz_dir-category?post=102286"},{"taxonomy":"at_biz_dir-location","embeddable":true,"href":"https:\/\/valerie-lacroix-immobilier.com\/en\/wp-json\/wp\/v2\/at_biz_dir-location?post=102286"},{"taxonomy":"at_biz_dir-tags","embeddable":true,"href":"https:\/\/valerie-lacroix-immobilier.com\/en\/wp-json\/wp\/v2\/at_biz_dir-tags?post=102286"}],"curies":[{"name":"wp","href":"https:\/\/api.w.org\/{rel}","templated":true}]}}