{"id":102360,"date":"2026-07-14T11:06:40","date_gmt":"2026-07-14T09:06:40","guid":{"rendered":"https:\/\/valerie-lacroix-immobilier.com\/?post_type=at_biz_dir&#038;p=102360"},"modified":"2026-07-29T12:49:29","modified_gmt":"2026-07-29T10:49:29","slug":"appartement-2-piece-la-teste-de-buch","status":"publish","type":"at_biz_dir","link":"https:\/\/valerie-lacroix-immobilier.com\/en\/annonce\/appartement-2-piece-la-teste-de-buch\/","title":{"rendered":"1-bedroom apartment \u2013 LA TESTE-DE-BUCH"},"content":{"rendered":"<p>Dans un environnement r\u00e9sidentiel calme et recherch\u00e9, d\u00e9couvrez cet appartement 2 pi\u00e8ces de 44,20 m\u00b2 loi carrez situ\u00e9 au 1er \u00e9tage d\u2019un b\u00e2timent R+1 compos\u00e9 de seulement 4 logements, garantissant un cadre de vie paisible et pr\u00e9serv\u00e9.<\/p>\n<p>Gr\u00e2ce \u00e0 son exposition sud-ouest, le s\u00e9jour avec son balcon de 5 m2 b\u00e9n\u00e9ficie d\u2019une belle luminosit\u00e9 tout au long de la journ\u00e9e.<\/p>\n<p>Son v\u00e9ritable atout : une vue d\u00e9gag\u00e9e sur les arbres, sans vis-\u00e0-vis direct, garantissant calme et qualit\u00e9 au quotidien.<\/p>\n<p>Il comprend : un s\u00e9jour avec sa cuisine fonctionnelle de 25,94 m2, une chambre confortable avec un grand placard penderie, une salle d\u2019eau avec toilettes ainsi qu&#8217;un parking privatif compl\u00e8te l&#8217;ensemble. Id\u00e9al en r\u00e9sidence principale ou investissement locatif.<\/p>\n<p>Bien rare sur le secteur par sa configuration intimiste et son environnement verdoyant.<\/p>","protected":false},"author":2,"comment_status":"closed","ping_status":"closed","template":"","atbdp_listing_types":[42],"at_biz_dir-category":[24],"at_biz_dir-location":[19,65],"at_biz_dir-tags":[],"class_list":["post-102360","at_biz_dir","type-at_biz_dir","status-publish","has-post-thumbnail","hentry","atbdp_listing_types-lesbiens","at_biz_dir-category-1-appartement","at_biz_dir-location-bassin-darcachon","at_biz_dir-location-la-teste-de-buch"],"yoast_head":"<!-- This site is optimized with the Yoast SEO plugin v28.3 - https:\/\/yoast.com\/product\/yoast-seo-wordpress\/ -->\n<title>Appartement 2 pi\u00e8ces - LA TESTE-DE-BUCH - Val\u00e9rie Lacroix Immobilier<\/title>\n<meta name=\"description\" content=\"Dans un environnement r\u00e9sidentiel calme et recherch\u00e9, d\u00e9couvrez cet appartement 2 pi\u00e8ces de 44,20 m2 compos\u00e9 de seulement 4 logements.\" \/>\n<meta name=\"robots\" content=\"index, follow, max-snippet:-1, max-image-preview:large, max-video-preview:-1\" \/>\n<link rel=\"canonical\" href=\"https:\/\/valerie-lacroix-immobilier.com\/en\/annonce\/appartement-2-piece-la-teste-de-buch\/\" \/>\n<meta property=\"og:locale\" content=\"en_US\" \/>\n<meta property=\"og:type\" content=\"article\" \/>\n<meta property=\"og:title\" content=\"Appartement 2 pi\u00e8ces - LA TESTE-DE-BUCH - Val\u00e9rie Lacroix Immobilier\" \/>\n<meta property=\"og:description\" content=\"Dans un environnement r\u00e9sidentiel calme et recherch\u00e9, d\u00e9couvrez cet appartement 2 pi\u00e8ces de 44,20 m2 compos\u00e9 de seulement 4 logements.\" \/>\n<meta property=\"og:url\" content=\"https:\/\/valerie-lacroix-immobilier.com\/en\/annonce\/appartement-2-piece-la-teste-de-buch\/\" \/>\n<meta property=\"og:site_name\" content=\"Val\u00e9rie Lacroix Immobilier\" \/>\n<meta property=\"article:modified_time\" content=\"2026-07-29T10:49:29+00:00\" \/>\n<meta property=\"og:image\" content=\"https:\/\/valerie-lacroix-immobilier.com\/wp-content\/uploads\/2026\/07\/1-Exterieur-residence-T2-LA-TESTE-DE-BUCH_1_1.webp\" \/>\n\t<meta property=\"og:image:width\" content=\"2560\" \/>\n\t<meta property=\"og:image:height\" content=\"1920\" \/>\n\t<meta property=\"og:image:type\" content=\"image\/webp\" \/>\n<meta name=\"twitter:card\" content=\"summary_large_image\" \/>\n<meta name=\"twitter:label1\" content=\"Est. reading time\" \/>\n\t<meta name=\"twitter:data1\" content=\"1 minute\" \/>\n<script type=\"application\/ld+json\" class=\"yoast-schema-graph\">{\"@context\":\"https:\\\/\\\/schema.org\",\"@graph\":[{\"@type\":\"WebPage\",\"@id\":\"https:\\\/\\\/valerie-lacroix-immobilier.com\\\/annonce\\\/appartement-2-piece-la-teste-de-buch\\\/\",\"url\":\"https:\\\/\\\/valerie-lacroix-immobilier.com\\\/annonce\\\/appartement-2-piece-la-teste-de-buch\\\/\",\"name\":\"Appartement 2 pi\u00e8ces - LA TESTE-DE-BUCH - Val\u00e9rie Lacroix Immobilier\",\"isPartOf\":{\"@id\":\"https:\\\/\\\/valerie-lacroix-immobilier.com\\\/#website\"},\"primaryImageOfPage\":{\"@id\":\"https:\\\/\\\/valerie-lacroix-immobilier.com\\\/annonce\\\/appartement-2-piece-la-teste-de-buch\\\/#primaryimage\"},\"image\":{\"@id\":\"https:\\\/\\\/valerie-lacroix-immobilier.com\\\/annonce\\\/appartement-2-piece-la-teste-de-buch\\\/#primaryimage\"},\"thumbnailUrl\":\"https:\\\/\\\/valerie-lacroix-immobilier.com\\\/wp-content\\\/uploads\\\/2026\\\/07\\\/1-Exterieur-residence-T2-LA-TESTE-DE-BUCH_1_1.webp\",\"datePublished\":\"2026-07-14T09:06:40+00:00\",\"dateModified\":\"2026-07-29T10:49:29+00:00\",\"description\":\"Dans un environnement r\u00e9sidentiel calme et recherch\u00e9, d\u00e9couvrez cet appartement 2 pi\u00e8ces de 44,20 m2 compos\u00e9 de seulement 4 logements.\",\"breadcrumb\":{\"@id\":\"https:\\\/\\\/valerie-lacroix-immobilier.com\\\/annonce\\\/appartement-2-piece-la-teste-de-buch\\\/#breadcrumb\"},\"inLanguage\":\"en-US\",\"potentialAction\":[{\"@type\":\"ReadAction\",\"target\":[\"https:\\\/\\\/valerie-lacroix-immobilier.com\\\/annonce\\\/appartement-2-piece-la-teste-de-buch\\\/\"]}]},{\"@type\":\"ImageObject\",\"inLanguage\":\"en-US\",\"@id\":\"https:\\\/\\\/valerie-lacroix-immobilier.com\\\/annonce\\\/appartement-2-piece-la-teste-de-buch\\\/#primaryimage\",\"url\":\"https:\\\/\\\/valerie-lacroix-immobilier.com\\\/wp-content\\\/uploads\\\/2026\\\/07\\\/1-Exterieur-residence-T2-LA-TESTE-DE-BUCH_1_1.webp\",\"contentUrl\":\"https:\\\/\\\/valerie-lacroix-immobilier.com\\\/wp-content\\\/uploads\\\/2026\\\/07\\\/1-Exterieur-residence-T2-LA-TESTE-DE-BUCH_1_1.webp\",\"width\":2560,\"height\":1920,\"caption\":\"exterieur residence t2. la teste de buch\"},{\"@type\":\"BreadcrumbList\",\"@id\":\"https:\\\/\\\/valerie-lacroix-immobilier.com\\\/annonce\\\/appartement-2-piece-la-teste-de-buch\\\/#breadcrumb\",\"itemListElement\":[{\"@type\":\"ListItem\",\"position\":1,\"name\":\"Accueil\",\"item\":\"https:\\\/\\\/valerie-lacroix-immobilier.com\\\/\"},{\"@type\":\"ListItem\",\"position\":2,\"name\":\"Appartement 2 pi\u00e8ces &#8211; LA TESTE-DE-BUCH\"}]},{\"@type\":\"WebSite\",\"@id\":\"https:\\\/\\\/valerie-lacroix-immobilier.com\\\/#website\",\"url\":\"https:\\\/\\\/valerie-lacroix-immobilier.com\\\/\",\"name\":\"Val\u00e9rie Lacroix Immobilier\",\"description\":\"Bienvenue chez vous\",\"publisher\":{\"@id\":\"https:\\\/\\\/valerie-lacroix-immobilier.com\\\/#organization\"},\"alternateName\":\"Val\u00e9rie Lacroix Immobilier\",\"potentialAction\":[{\"@type\":\"SearchAction\",\"target\":{\"@type\":\"EntryPoint\",\"urlTemplate\":\"https:\\\/\\\/valerie-lacroix-immobilier.com\\\/?s={search_term_string}\"},\"query-input\":{\"@type\":\"PropertyValueSpecification\",\"valueRequired\":true,\"valueName\":\"search_term_string\"}}],\"inLanguage\":\"en-US\"},{\"@type\":\"Organization\",\"@id\":\"https:\\\/\\\/valerie-lacroix-immobilier.com\\\/#organization\",\"name\":\"Val\u00e9rie Lacroix Immobilier\",\"url\":\"https:\\\/\\\/valerie-lacroix-immobilier.com\\\/\",\"logo\":{\"@type\":\"ImageObject\",\"inLanguage\":\"en-US\",\"@id\":\"https:\\\/\\\/valerie-lacroix-immobilier.com\\\/#\\\/schema\\\/logo\\\/image\\\/\",\"url\":\"https:\\\/\\\/valerie-lacroix-immobilier.com\\\/wp-content\\\/uploads\\\/2025\\\/07\\\/cropped-valerie-lacroix-favicon.png\",\"contentUrl\":\"https:\\\/\\\/valerie-lacroix-immobilier.com\\\/wp-content\\\/uploads\\\/2025\\\/07\\\/cropped-valerie-lacroix-favicon.png\",\"width\":512,\"height\":512,\"caption\":\"Val\u00e9rie Lacroix Immobilier\"},\"image\":{\"@id\":\"https:\\\/\\\/valerie-lacroix-immobilier.com\\\/#\\\/schema\\\/logo\\\/image\\\/\"}}]}<\/script>\n<!-- \/ Yoast SEO plugin. -->","yoast_head_json":{"title":"Appartement 2 pi\u00e8ces - LA TESTE-DE-BUCH - Val\u00e9rie Lacroix Immobilier","description":"Dans un environnement r\u00e9sidentiel calme et recherch\u00e9, d\u00e9couvrez cet appartement 2 pi\u00e8ces de 44,20 m2 compos\u00e9 de seulement 4 logements.","robots":{"index":"index","follow":"follow","max-snippet":"max-snippet:-1","max-image-preview":"max-image-preview:large","max-video-preview":"max-video-preview:-1"},"canonical":"https:\/\/valerie-lacroix-immobilier.com\/en\/annonce\/appartement-2-piece-la-teste-de-buch\/","og_locale":"en_US","og_type":"article","og_title":"Appartement 2 pi\u00e8ces - LA TESTE-DE-BUCH - Val\u00e9rie Lacroix Immobilier","og_description":"Dans un environnement r\u00e9sidentiel calme et recherch\u00e9, d\u00e9couvrez cet appartement 2 pi\u00e8ces de 44,20 m2 compos\u00e9 de seulement 4 logements.","og_url":"https:\/\/valerie-lacroix-immobilier.com\/en\/annonce\/appartement-2-piece-la-teste-de-buch\/","og_site_name":"Val\u00e9rie Lacroix Immobilier","article_modified_time":"2026-07-29T10:49:29+00:00","og_image":[{"width":2560,"height":1920,"url":"https:\/\/valerie-lacroix-immobilier.com\/wp-content\/uploads\/2026\/07\/1-Exterieur-residence-T2-LA-TESTE-DE-BUCH_1_1.webp","type":"image\/webp"}],"twitter_card":"summary_large_image","twitter_misc":{"Est. reading time":"1 minute"},"schema":{"@context":"https:\/\/schema.org","@graph":[{"@type":"WebPage","@id":"https:\/\/valerie-lacroix-immobilier.com\/annonce\/appartement-2-piece-la-teste-de-buch\/","url":"https:\/\/valerie-lacroix-immobilier.com\/annonce\/appartement-2-piece-la-teste-de-buch\/","name":"Appartement 2 pi\u00e8ces - LA TESTE-DE-BUCH - Val\u00e9rie Lacroix Immobilier","isPartOf":{"@id":"https:\/\/valerie-lacroix-immobilier.com\/#website"},"primaryImageOfPage":{"@id":"https:\/\/valerie-lacroix-immobilier.com\/annonce\/appartement-2-piece-la-teste-de-buch\/#primaryimage"},"image":{"@id":"https:\/\/valerie-lacroix-immobilier.com\/annonce\/appartement-2-piece-la-teste-de-buch\/#primaryimage"},"thumbnailUrl":"https:\/\/valerie-lacroix-immobilier.com\/wp-content\/uploads\/2026\/07\/1-Exterieur-residence-T2-LA-TESTE-DE-BUCH_1_1.webp","datePublished":"2026-07-14T09:06:40+00:00","dateModified":"2026-07-29T10:49:29+00:00","description":"Dans un environnement r\u00e9sidentiel calme et recherch\u00e9, d\u00e9couvrez cet appartement 2 pi\u00e8ces de 44,20 m2 compos\u00e9 de seulement 4 logements.","breadcrumb":{"@id":"https:\/\/valerie-lacroix-immobilier.com\/annonce\/appartement-2-piece-la-teste-de-buch\/#breadcrumb"},"inLanguage":"en-US","potentialAction":[{"@type":"ReadAction","target":["https:\/\/valerie-lacroix-immobilier.com\/annonce\/appartement-2-piece-la-teste-de-buch\/"]}]},{"@type":"ImageObject","inLanguage":"en-US","@id":"https:\/\/valerie-lacroix-immobilier.com\/annonce\/appartement-2-piece-la-teste-de-buch\/#primaryimage","url":"https:\/\/valerie-lacroix-immobilier.com\/wp-content\/uploads\/2026\/07\/1-Exterieur-residence-T2-LA-TESTE-DE-BUCH_1_1.webp","contentUrl":"https:\/\/valerie-lacroix-immobilier.com\/wp-content\/uploads\/2026\/07\/1-Exterieur-residence-T2-LA-TESTE-DE-BUCH_1_1.webp","width":2560,"height":1920,"caption":"exterieur residence t2. la teste de buch"},{"@type":"BreadcrumbList","@id":"https:\/\/valerie-lacroix-immobilier.com\/annonce\/appartement-2-piece-la-teste-de-buch\/#breadcrumb","itemListElement":[{"@type":"ListItem","position":1,"name":"Accueil","item":"https:\/\/valerie-lacroix-immobilier.com\/"},{"@type":"ListItem","position":2,"name":"Appartement 2 pi\u00e8ces &#8211; LA TESTE-DE-BUCH"}]},{"@type":"WebSite","@id":"https:\/\/valerie-lacroix-immobilier.com\/#website","url":"https:\/\/valerie-lacroix-immobilier.com\/","name":"Val\u00e9rie Lacroix Immobilier","description":"Bienvenue chez vous","publisher":{"@id":"https:\/\/valerie-lacroix-immobilier.com\/#organization"},"alternateName":"Val\u00e9rie Lacroix Immobilier","potentialAction":[{"@type":"SearchAction","target":{"@type":"EntryPoint","urlTemplate":"https:\/\/valerie-lacroix-immobilier.com\/?s={search_term_string}"},"query-input":{"@type":"PropertyValueSpecification","valueRequired":true,"valueName":"search_term_string"}}],"inLanguage":"en-US"},{"@type":"Organization","@id":"https:\/\/valerie-lacroix-immobilier.com\/#organization","name":"Val\u00e9rie Lacroix Immobilier","url":"https:\/\/valerie-lacroix-immobilier.com\/","logo":{"@type":"ImageObject","inLanguage":"en-US","@id":"https:\/\/valerie-lacroix-immobilier.com\/#\/schema\/logo\/image\/","url":"https:\/\/valerie-lacroix-immobilier.com\/wp-content\/uploads\/2025\/07\/cropped-valerie-lacroix-favicon.png","contentUrl":"https:\/\/valerie-lacroix-immobilier.com\/wp-content\/uploads\/2025\/07\/cropped-valerie-lacroix-favicon.png","width":512,"height":512,"caption":"Val\u00e9rie Lacroix Immobilier"},"image":{"@id":"https:\/\/valerie-lacroix-immobilier.com\/#\/schema\/logo\/image\/"}}]}},"_links":{"self":[{"href":"https:\/\/valerie-lacroix-immobilier.com\/en\/wp-json\/wp\/v2\/at_biz_dir\/102360","targetHints":{"allow":["GET"]}}],"collection":[{"href":"https:\/\/valerie-lacroix-immobilier.com\/en\/wp-json\/wp\/v2\/at_biz_dir"}],"about":[{"href":"https:\/\/valerie-lacroix-immobilier.com\/en\/wp-json\/wp\/v2\/types\/at_biz_dir"}],"author":[{"embeddable":true,"href":"https:\/\/valerie-lacroix-immobilier.com\/en\/wp-json\/wp\/v2\/users\/2"}],"replies":[{"embeddable":true,"href":"https:\/\/valerie-lacroix-immobilier.com\/en\/wp-json\/wp\/v2\/comments?post=102360"}],"wp:featuredmedia":[{"embeddable":true,"href":"https:\/\/valerie-lacroix-immobilier.com\/en\/wp-json\/wp\/v2\/media\/102587"}],"wp:attachment":[{"href":"https:\/\/valerie-lacroix-immobilier.com\/en\/wp-json\/wp\/v2\/media?parent=102360"}],"wp:term":[{"taxonomy":"atbdp_listing_types","embeddable":true,"href":"https:\/\/valerie-lacroix-immobilier.com\/en\/wp-json\/wp\/v2\/atbdp_listing_types?post=102360"},{"taxonomy":"at_biz_dir-category","embeddable":true,"href":"https:\/\/valerie-lacroix-immobilier.com\/en\/wp-json\/wp\/v2\/at_biz_dir-category?post=102360"},{"taxonomy":"at_biz_dir-location","embeddable":true,"href":"https:\/\/valerie-lacroix-immobilier.com\/en\/wp-json\/wp\/v2\/at_biz_dir-location?post=102360"},{"taxonomy":"at_biz_dir-tags","embeddable":true,"href":"https:\/\/valerie-lacroix-immobilier.com\/en\/wp-json\/wp\/v2\/at_biz_dir-tags?post=102360"}],"curies":[{"name":"wp","href":"https:\/\/api.w.org\/{rel}","templated":true}]}}