{"id":100031,"date":"2025-07-10T11:11:54","date_gmt":"2025-07-10T09:11:54","guid":{"rendered":"https:\/\/valerie-lacroix-immobilier.com\/?page_id=100031"},"modified":"2025-12-15T05:03:21","modified_gmt":"2025-12-15T04:03:21","slug":"a-propos","status":"publish","type":"page","link":"https:\/\/valerie-lacroix-immobilier.com\/en\/a-propos\/","title":{"rendered":"About"},"content":{"rendered":"<p>[et_pb_section fb_built=&#8221;1&#8243; fullwidth=&#8221;on&#8221; _builder_version=&#8221;4.27.4&#8243; _module_preset=&#8221;default&#8221; global_colors_info=&#8221;{}&#8221;][et_pb_fullwidth_header title=&#8221;\u00c0 PROPOS&#8221; text_orientation=&#8221;center&#8221; header_scroll_down=&#8221;on&#8221; scroll_down_icon=&#8221;%%1%%&#8221; scroll_down_icon_color=&#8221;#FFFFFF&#8221; scroll_down_icon_size=&#8221;3rem&#8221; scroll_down_icon_size_tablet=&#8221;2rem&#8221; scroll_down_icon_size_phone=&#8221;2rem&#8221; scroll_down_icon_size_last_edited=&#8221;on|tablet&#8221; _builder_version=&#8221;4.27.4&#8243; _module_preset=&#8221;default&#8221; title_font_size=&#8221;2.5rem&#8221; background_enable_color=&#8221;off&#8221; background_image=&#8221;https:\/\/valerie-lacroix-immobilier.com\/wp-content\/uploads\/2025\/07\/bandeau-valerie-lacroix-immobilier.webp&#8221; custom_padding=&#8221;10vh||10vh||true|false&#8221; custom_padding_tablet=&#8221;5vh||5vh||true|false&#8221; custom_padding_phone=&#8221;5vh||5vh||true|false&#8221; custom_padding_last_edited=&#8221;on|phone&#8221; title_font_size_tablet=&#8221;2rem&#8221; title_font_size_phone=&#8221;2rem&#8221; title_font_size_last_edited=&#8221;on|phone&#8221; custom_css_free_form=&#8221;.selector .et_pb_fullwidth_header_scroll {|| animation: scrollAnimation 2s infinite;||}||||@keyframes scrollAnimation {|| 0% {|| transform: translateY(0);|| }|| 50% {|| transform: translateY(10px);|| }|| 100% {|| transform: translateY(0);|| }||}&#8221; global_colors_info=&#8221;{}&#8221;][\/et_pb_fullwidth_header][\/et_pb_section][et_pb_section fb_built=&#8221;1&#8243; custom_padding_last_edited=&#8221;on|desktop&#8221; _builder_version=&#8221;4.27.4&#8243; _module_preset=&#8221;default&#8221; background_color=&#8221;#F6F9FA&#8221; custom_padding=&#8221;10vh||5vh||false|false&#8221; custom_padding_tablet=&#8221;5vh||5vh||true|false&#8221; custom_padding_phone=&#8221;&#8221; global_colors_info=&#8221;{}&#8221;][et_pb_row column_structure=&#8221;1_2,1_2&#8243; use_custom_gutter=&#8221;on&#8221; gutter_width=&#8221;1&#8243; _builder_version=&#8221;4.27.4&#8243; _module_preset=&#8221;default&#8221; custom_padding=&#8221;0px|0px|0px|0px|false|true&#8221; global_colors_info=&#8221;{}&#8221;][et_pb_column type=&#8221;1_2&#8243; _builder_version=&#8221;4.27.4&#8243; _module_preset=&#8221;default&#8221; custom_padding=&#8221;20px|20px|20px|20px|true|true&#8221; animation_style=&#8221;slide&#8221; animation_direction=&#8221;left&#8221; animation_duration=&#8221;1500ms&#8221; global_colors_info=&#8221;{}&#8221;][et_pb_image src=&#8221;https:\/\/valerie-lacroix-immobilier.com\/wp-content\/uploads\/2025\/12\/valerie-lacroix-immobilier-2-2.webp&#8221; title_text=&#8221;vale\u0301rie lacroix immobilier (2) (2)&#8221; align=&#8221;center&#8221; _builder_version=&#8221;4.27.5&#8243; _module_preset=&#8221;default&#8221; width=&#8221;100%&#8221; module_alignment=&#8221;center&#8221; hover_enabled=&#8221;0&#8243; border_radii=&#8221;on|8px|8px|8px|8px&#8221; global_colors_info=&#8221;{}&#8221; alt=&#8221;val\u00e9rie lacroix&#8221; sticky_enabled=&#8221;0&#8243;][\/et_pb_image][\/et_pb_column][et_pb_column type=&#8221;1_2&#8243; _builder_version=&#8221;4.27.4&#8243; _module_preset=&#8221;default&#8221; custom_padding=&#8221;20px|20px|20px|20px|true|true&#8221; animation_style=&#8221;slide&#8221; animation_direction=&#8221;right&#8221; animation_duration=&#8221;1500ms&#8221; global_colors_info=&#8221;{}&#8221;][et_pb_text _builder_version=&#8221;4.27.4&#8243; _module_preset=&#8221;default&#8221; text_font_size=&#8221;1.5rem&#8221; header_font=&#8221;Urbanist|300||on|||||&#8221; header_text_align=&#8221;left&#8221; header_text_color=&#8221;#010101&#8243; header_font_size=&#8221;2.3rem&#8221; header_letter_spacing=&#8221;2.5px&#8221; header_line_height=&#8221;1.1em&#8221; header_2_font=&#8221;Urbanist|300||on|||||&#8221; header_2_text_align=&#8221;left&#8221; header_2_text_color=&#8221;#152A1E&#8221; header_2_font_size=&#8221;2.3rem&#8221; header_2_letter_spacing=&#8221;2.5px&#8221; header_2_line_height=&#8221;1.5em&#8221; header_3_font=&#8221;Urbanist|300||on|||||&#8221; header_3_text_align=&#8221;left&#8221; header_3_text_color=&#8221;#010101&#8243; header_3_font_size=&#8221;2.3rem&#8221; header_3_letter_spacing=&#8221;2.5px&#8221; header_3_line_height=&#8221;1.1em&#8221; header_4_font=&#8221;Urbanist|300||on|||||&#8221; header_4_text_align=&#8221;left&#8221; header_4_text_color=&#8221;#010101&#8243; header_4_font_size=&#8221;2.3rem&#8221; header_4_letter_spacing=&#8221;2.5px&#8221; header_4_line_height=&#8221;1.1em&#8221; header_5_font=&#8221;Urbanist|300||on|||||&#8221; header_5_text_align=&#8221;left&#8221; header_5_text_color=&#8221;#010101&#8243; header_5_font_size=&#8221;2.3rem&#8221; header_5_letter_spacing=&#8221;2.5px&#8221; header_5_line_height=&#8221;1.1em&#8221; header_6_font=&#8221;Urbanist|300||on|||||&#8221; header_6_text_align=&#8221;left&#8221; header_6_text_color=&#8221;#010101&#8243; header_6_font_size=&#8221;2.3rem&#8221; header_6_letter_spacing=&#8221;2.5px&#8221; header_6_line_height=&#8221;1.1em&#8221; text_font_size_tablet=&#8221;1.5rem&#8221; text_font_size_phone=&#8221;1.3rem&#8221; text_font_size_last_edited=&#8221;on|phone&#8221; header_text_align_tablet=&#8221;left&#8221; header_text_align_phone=&#8221;center&#8221; header_text_align_last_edited=&#8221;on|desktop&#8221; header_font_size_tablet=&#8221;2rem&#8221; header_font_size_phone=&#8221;1.6rem&#8221; header_font_size_last_edited=&#8221;on|phone&#8221; header_2_text_align_tablet=&#8221;&#8221; header_2_text_align_phone=&#8221;left&#8221; header_2_text_align_last_edited=&#8221;on|tablet&#8221; header_2_font_size_tablet=&#8221;2rem&#8221; header_2_font_size_phone=&#8221;1.4rem&#8221; header_2_font_size_last_edited=&#8221;on|tablet&#8221; header_3_text_align_tablet=&#8221;left&#8221; header_3_text_align_phone=&#8221;center&#8221; header_3_text_align_last_edited=&#8221;on|desktop&#8221; header_3_font_size_tablet=&#8221;2rem&#8221; header_3_font_size_phone=&#8221;1.6rem&#8221; header_3_font_size_last_edited=&#8221;on|phone&#8221; header_4_text_align_tablet=&#8221;left&#8221; header_4_text_align_phone=&#8221;center&#8221; header_4_text_align_last_edited=&#8221;on|desktop&#8221; header_4_font_size_tablet=&#8221;2rem&#8221; header_4_font_size_phone=&#8221;1.6rem&#8221; header_4_font_size_last_edited=&#8221;on|phone&#8221; header_5_text_align_tablet=&#8221;left&#8221; header_5_text_align_phone=&#8221;center&#8221; header_5_text_align_last_edited=&#8221;on|desktop&#8221; header_5_font_size_tablet=&#8221;2rem&#8221; header_5_font_size_phone=&#8221;1.6rem&#8221; header_5_font_size_last_edited=&#8221;on|phone&#8221; header_6_text_align_tablet=&#8221;left&#8221; header_6_text_align_phone=&#8221;center&#8221; header_6_text_align_last_edited=&#8221;on|desktop&#8221; header_6_font_size_tablet=&#8221;2rem&#8221; header_6_font_size_phone=&#8221;1.6rem&#8221; header_6_font_size_last_edited=&#8221;on|phone&#8221; global_colors_info=&#8221;{%22gcid-4cf41761-76f5-4f72-af13-4f3ad34da046%22:%91%22text_text_color%22%93,%22gcid-c280e6cd-08ed-4b36-aba2-3d79e0703b80%22:%91%22header_text_color%22%93}&#8221;]<\/p>\n<h2>Je suis Val\u00e9rie lacroix<\/h2>\n<p>Agent Immobilier<br \/>\n[\/et_pb_text][et_pb_divider color=&#8221;rgba(21,42,30,0.22)&#8221; _builder_version=&#8221;4.27.4&#8243; _module_preset=&#8221;default&#8221; width=&#8221;42%&#8221; custom_padding=&#8221;4vh||||false|false&#8221; global_colors_info=&#8221;{}&#8221;][\/et_pb_divider][et_pb_text _builder_version=&#8221;4.27.4&#8243; _module_preset=&#8221;default&#8221; text_font_size=&#8221;1rem&#8221; text_line_height=&#8221;1.8em&#8221; header_2_font_size=&#8221;2.1rem&#8221; header_2_font_size_tablet=&#8221;2rem&#8221; header_2_font_size_phone=&#8221;1.8rem&#8221; header_2_font_size_last_edited=&#8221;on|phone&#8221; global_colors_info=&#8221;{}&#8221;]Apr\u00e8s 19 ans d\u2019exp\u00e9rience dans le domaine de la transaction immobili\u00e8re au sein de divers groupes immobiliers, j\u2019ai d\u00e9cid\u00e9 de franchir une nouvelle \u00e9tape en lan\u00e7ant ma propre agence en avril 2024, r\u00e9solument tourn\u00e9e vers le service client et le digital.<\/p>\n<p>&nbsp;<\/p>\n<p>Convaincue que l\u2019avenir de l\u2019immobilier r\u00e9side dans la combinaison habile de l\u2019expertise humaine et des outils num\u00e9riques, j\u2019ai fond\u00e9 ma structure avec une vision claire : proposer un service de qualit\u00e9 sup\u00e9rieure avec un accompagnement sur-mesure et de proximit\u00e9.<\/p>\n<p>&nbsp;<\/p>\n<p>Que vous soyez acheteur ou vendeur et quel que soit le type de bien recherch\u00e9 ou c\u00e9d\u00e9, je m\u2019engage \u00e0 vous accompagner \u00e0 chaque \u00e9tape, en veillant \u00e0 ce que vos besoins et vos attentes soient pleinement satisfaits, et en mettant toujours l\u2019accent sur la qualit\u00e9 du service.<br \/>\n[\/et_pb_text][\/et_pb_column][\/et_pb_row][\/et_pb_section][et_pb_section fb_built=&#8221;1&#8243; custom_padding_last_edited=&#8221;on|phone&#8221; admin_label=&#8221;Footer&#8221; _builder_version=&#8221;4.27.4&#8243; _module_preset=&#8221;default&#8221; background_color=&#8221;#F6F9FA&#8221; custom_padding=&#8221;5vh||20vh||false|false&#8221; custom_padding_tablet=&#8221;||10vh||false|false&#8221; custom_padding_phone=&#8221;0vh||10vh||false|false&#8221; saved_tabs=&#8221;all&#8221; collapsed=&#8221;off&#8221; global_colors_info=&#8221;{}&#8221;][et_pb_row _builder_version=&#8221;4.27.4&#8243; _module_preset=&#8221;default&#8221; global_colors_info=&#8221;{}&#8221;][et_pb_column type=&#8221;4_4&#8243; _builder_version=&#8221;4.27.4&#8243; _module_preset=&#8221;default&#8221; global_colors_info=&#8221;{}&#8221;][et_pb_heading title=&#8221;Mettre en lumi\u00e8re vos biens&#8221; _builder_version=&#8221;4.27.4&#8243; _module_preset=&#8221;066a23f5-4ffd-4d95-ae87-fdc7ca2546f6&#8243; title_font=&#8221;&#8211;et_global_body_font|300||on|||||&#8221; title_text_align=&#8221;center&#8221; title_text_color=&#8221;#152A1E&#8221; custom_margin=&#8221;||10px||false|false&#8221; global_colors_info=&#8221;{%22gcid-3f98729a-f325-4262-9065-9ac1c05e54f8%22:%91%22title_text_color%22%93}&#8221;][\/et_pb_heading][dvg_divi_video_gallery layout=&#8221;dvg-portrait-layout&#8221; preview_content=&#8221;icon&#8221; hover_content=&#8221;none&#8221; overlay_color=&#8221;rgba(0,0,0,0.34)&#8221; paginate_gallery=&#8221;on&#8221; page_size=&#8221;3&#8243; pagination_buttons_background=&#8221;#93A089&#8243; columns_tablet=&#8221;2&#8243; columns_phone=&#8221;2&#8243; columns_last_edited=&#8221;on|phone&#8221; disabled_on=&#8221;on|on|off&#8221; _builder_version=&#8221;4.27.4&#8243; _module_preset=&#8221;default&#8221; overlay_icon_text_color=&#8221;#FFFFFF&#8221; overlay_title_text_color=&#8221;#FFFFFF&#8221; overlay_title_font_size=&#8221;1.1rem&#8221; border_radii_items=&#8221;on|10px|10px|10px|10px&#8221; border_radii_pagination=&#8221;on|10px|10px|10px|10px&#8221; global_colors_info=&#8221;{}&#8221;][dvg_divi_video_gallery_item title=&#8221;Villa Familiale T6 &#8211; Pyla-Sur-Mer limite Le Moulleau&#8221; src=&#8221;https:\/\/www.youtube.com\/shorts\/CvYpB7Zwjyo&#8221; image_src=&#8221;https:\/\/valerie-lacroix-immobilier.com\/wp-content\/uploads\/2025\/08\/Villa-Pyla-sur-mer-Facade-1.jpg&#8221; _builder_version=&#8221;4.27.4&#8243; _module_preset=&#8221;default&#8221; global_colors_info=&#8221;{}&#8221;][\/dvg_divi_video_gallery_item][dvg_divi_video_gallery_item title=&#8221;Villa Lumineuse T6 -Pyla-Sur-Mer&#8221; src=&#8221;https:\/\/youtube.com\/shorts\/wYq8RbdUd8k?si=jZksEDlHthY7_ijw&#8221; image_src=&#8221;https:\/\/valerie-lacroix-immobilier.com\/wp-content\/uploads\/2025\/07\/8-vue-depuis-piece-de-vie-Villa-lumineuse-T6-Le-Pyla-sur-Mer_3_8_3.webp&#8221; _builder_version=&#8221;4.27.4&#8243; _module_preset=&#8221;default&#8221; global_colors_info=&#8221;{}&#8221;][\/dvg_divi_video_gallery_item][dvg_divi_video_gallery_item title=&#8221;Villa Providence T4 et son chalet en bois &#8211; Lac de Biscarrosse&#8221; src=&#8221;https:\/\/youtube.com\/shorts\/sMdxnn5SGwI?si=hrITaSp98KLxjYHf&#8221; image_src=&#8221;https:\/\/valerie-lacroix-immobilier.com\/wp-content\/uploads\/2025\/08\/1-Vue-Lac-Villa-premiere-ligne-Lac-de-Biscarrosse-copie_1.webp&#8221; _builder_version=&#8221;4.27.4&#8243; _module_preset=&#8221;default&#8221; global_colors_info=&#8221;{}&#8221;][\/dvg_divi_video_gallery_item][dvg_divi_video_gallery_item title=&#8221;Villa Lumineuse T6 \u00c9l\u00e9gance, et douceur de vivre &#8221; src=&#8221;https:\/\/youtube.com\/shorts\/iyZiLbHE2bY?si=okBqcRsdyZf6mLFh&#8221; image_src=&#8221;https:\/\/valerie-lacroix-immobilier.com\/wp-content\/uploads\/2025\/07\/1-facade-cote-piscine-Villa-lumineuse-T6-Le-Pyla-sur-Mer_1_1.webp&#8221; _builder_version=&#8221;4.27.4&#8243; _module_preset=&#8221;default&#8221; global_colors_info=&#8221;{}&#8221;][\/dvg_divi_video_gallery_item][dvg_divi_video_gallery_item title=&#8221;Maison en pierre avec garage \u00e0 Bordeaux&#8221; src=&#8221;https:\/\/youtube.com\/shorts\/I90Ewj9zoy8?si=yA0RGeRvsO9Ps1Wx&#8221; image_src=&#8221;https:\/\/valerie-lacroix-immobilier.com\/wp-content\/uploads\/2025\/08\/3-piece-de-vie-Maison-pierre-avec-garage-Bordeaux-Fondaudege.webp&#8221; _builder_version=&#8221;4.27.4&#8243; _module_preset=&#8221;default&#8221; global_colors_info=&#8221;{}&#8221;][\/dvg_divi_video_gallery_item][dvg_divi_video_gallery_item title=&#8221;T3 vue Bassin avec grand garage et cellier \u00e0 Arcachon&#8221; src=&#8221;https:\/\/youtube.com\/shorts\/dtOz1-8H1V4?si=9e9oy1UydnSrDlOb&#8221; image_src=&#8221;\/\/i.ytimg.com\/vi\/dtOz1-8H1V4\/hq2.jpg&#8221; _builder_version=&#8221;4.27.4&#8243; _module_preset=&#8221;default&#8221; global_colors_info=&#8221;{}&#8221;][\/dvg_divi_video_gallery_item][dvg_divi_video_gallery_item title=&#8221;Arcachon Les Abatilles &#8211; Envie d\u2019un pied-\u00e0-terre au Bassin d\u2019Arcachon ? T1, vendu meubl\u00e9 et \u00e9quip\u00e9!&#8221; src=&#8221;https:\/\/www.youtube.com\/shorts\/91TL7ubRvWk&#8221; image_src=&#8221;https:\/\/valerie-lacroix-immobilier.com\/wp-content\/uploads\/2025\/08\/1-piece-de-vie-T1-meuble-Arcachon-Les-Abatilles.jpeg&#8221; _builder_version=&#8221;4.27.4&#8243; _module_preset=&#8221;default&#8221; global_colors_info=&#8221;{}&#8221;][\/dvg_divi_video_gallery_item][dvg_divi_video_gallery_item title=&#8221;Jardin Public \/ Tourny \u2013 Bordeaux- T4 avec terrasse dans copropri\u00e9t\u00e9 r\u00e9cente (2021) avec ascenseur !&#8221; src=&#8221;https:\/\/www.youtube.com\/shorts\/9W7BBRuiIqI&#8221; image_src=&#8221;https:\/\/valerie-lacroix-immobilier.com\/wp-content\/uploads\/2025\/07\/4-cuisine-T4-avec-terrasse-et-parking-Bordeaux-Jardin-Public_4_11zon_4_11zon.webp&#8221; _builder_version=&#8221;4.27.4&#8243; _module_preset=&#8221;default&#8221; global_colors_info=&#8221;{}&#8221;][\/dvg_divi_video_gallery_item][\/dvg_divi_video_gallery][dvg_divi_video_gallery layout=&#8221;dvg-portrait-layout&#8221; preview_content=&#8221;icon&#8221; hover_content=&#8221;none&#8221; overlay_color=&#8221;rgba(0,0,0,0.34)&#8221; paginate_gallery=&#8221;on&#8221; page_size=&#8221;2&#8243; pagination_buttons_background=&#8221;#93A089&#8243; columns_tablet=&#8221;2&#8243; columns_phone=&#8221;2&#8243; columns_last_edited=&#8221;on|phone&#8221; disabled_on=&#8221;off|off|on&#8221; _builder_version=&#8221;4.27.4&#8243; _module_preset=&#8221;default&#8221; overlay_icon_text_color=&#8221;#FFFFFF&#8221; overlay_title_text_color=&#8221;#FFFFFF&#8221; overlay_title_font_size=&#8221;1.1rem&#8221; border_radii_items=&#8221;on|10px|10px|10px|10px&#8221; border_radii_pagination=&#8221;on|10px|10px|10px|10px&#8221; global_colors_info=&#8221;{}&#8221;][dvg_divi_video_gallery_item title=&#8221;Villa Familiale T6 &#8211; Pyla-Sur-Mer limite Le Moulleau&#8221; src=&#8221;https:\/\/www.youtube.com\/shorts\/CvYpB7Zwjyo&#8221; image_src=&#8221;https:\/\/valerie-lacroix-immobilier.com\/wp-content\/uploads\/2025\/08\/Villa-Pyla-sur-mer-Facade-1.jpg&#8221; _builder_version=&#8221;4.27.4&#8243; _module_preset=&#8221;default&#8221; global_colors_info=&#8221;{}&#8221;][\/dvg_divi_video_gallery_item][dvg_divi_video_gallery_item title=&#8221;Villa Lumineuse T6 -Pyla-Sur-Mer&#8221; src=&#8221;https:\/\/youtube.com\/shorts\/wYq8RbdUd8k?si=jZksEDlHthY7_ijw&#8221; image_src=&#8221;https:\/\/valerie-lacroix-immobilier.com\/wp-content\/uploads\/2025\/07\/8-vue-depuis-piece-de-vie-Villa-lumineuse-T6-Le-Pyla-sur-Mer_3_8_3.webp&#8221; _builder_version=&#8221;4.27.4&#8243; _module_preset=&#8221;default&#8221; global_colors_info=&#8221;{}&#8221;][\/dvg_divi_video_gallery_item][dvg_divi_video_gallery_item title=&#8221;Villa Providence T4 et son chalet en bois &#8211; Lac de Biscarrosse&#8221; src=&#8221;https:\/\/youtube.com\/shorts\/sMdxnn5SGwI?si=hrITaSp98KLxjYHf&#8221; image_src=&#8221;https:\/\/valerie-lacroix-immobilier.com\/wp-content\/uploads\/2025\/08\/1-Vue-Lac-Villa-premiere-ligne-Lac-de-Biscarrosse-copie_1.webp&#8221; _builder_version=&#8221;4.27.4&#8243; _module_preset=&#8221;default&#8221; global_colors_info=&#8221;{}&#8221;][\/dvg_divi_video_gallery_item][dvg_divi_video_gallery_item title=&#8221;Villa Lumineuse T6 \u00c9l\u00e9gance, et douceur de vivre &#8221; src=&#8221;https:\/\/youtube.com\/shorts\/iyZiLbHE2bY?si=okBqcRsdyZf6mLFh&#8221; image_src=&#8221;https:\/\/valerie-lacroix-immobilier.com\/wp-content\/uploads\/2025\/07\/1-facade-cote-piscine-Villa-lumineuse-T6-Le-Pyla-sur-Mer_1_1.webp&#8221; _builder_version=&#8221;4.27.4&#8243; _module_preset=&#8221;default&#8221; global_colors_info=&#8221;{}&#8221;][\/dvg_divi_video_gallery_item][dvg_divi_video_gallery_item title=&#8221;Maison en pierre avec garage \u00e0 Bordeaux&#8221; src=&#8221;https:\/\/youtube.com\/shorts\/I90Ewj9zoy8?si=yA0RGeRvsO9Ps1Wx&#8221; image_src=&#8221;https:\/\/valerie-lacroix-immobilier.com\/wp-content\/uploads\/2025\/08\/3-piece-de-vie-Maison-pierre-avec-garage-Bordeaux-Fondaudege.webp&#8221; _builder_version=&#8221;4.27.4&#8243; _module_preset=&#8221;default&#8221; global_colors_info=&#8221;{}&#8221;][\/dvg_divi_video_gallery_item][dvg_divi_video_gallery_item title=&#8221;T3 vue Bassin avec grand garage et cellier \u00e0 Arcachon&#8221; src=&#8221;https:\/\/youtube.com\/shorts\/dtOz1-8H1V4?si=9e9oy1UydnSrDlOb&#8221; image_src=&#8221;\/\/i.ytimg.com\/vi\/dtOz1-8H1V4\/hq2.jpg&#8221; _builder_version=&#8221;4.27.4&#8243; _module_preset=&#8221;default&#8221; global_colors_info=&#8221;{}&#8221;][\/dvg_divi_video_gallery_item][dvg_divi_video_gallery_item title=&#8221;Arcachon Les Abatilles &#8211; Envie d\u2019un pied-\u00e0-terre au Bassin d\u2019Arcachon ? T1, vendu meubl\u00e9 et \u00e9quip\u00e9!&#8221; src=&#8221;https:\/\/www.youtube.com\/shorts\/91TL7ubRvWk&#8221; image_src=&#8221;https:\/\/valerie-lacroix-immobilier.com\/wp-content\/uploads\/2025\/08\/1-piece-de-vie-T1-meuble-Arcachon-Les-Abatilles.jpeg&#8221; _builder_version=&#8221;4.27.4&#8243; _module_preset=&#8221;default&#8221; global_colors_info=&#8221;{}&#8221;][\/dvg_divi_video_gallery_item][dvg_divi_video_gallery_item title=&#8221;Jardin Public \/ Tourny \u2013 Bordeaux- T4 avec terrasse dans copropri\u00e9t\u00e9 r\u00e9cente (2021) avec ascenseur !&#8221; src=&#8221;https:\/\/www.youtube.com\/shorts\/9W7BBRuiIqI&#8221; image_src=&#8221;https:\/\/valerie-lacroix-immobilier.com\/wp-content\/uploads\/2025\/07\/4-cuisine-T4-avec-terrasse-et-parking-Bordeaux-Jardin-Public_4_11zon_4_11zon.webp&#8221; _builder_version=&#8221;4.27.4&#8243; _module_preset=&#8221;default&#8221; global_colors_info=&#8221;{}&#8221;][\/dvg_divi_video_gallery_item][\/dvg_divi_video_gallery][\/et_pb_column][\/et_pb_row][\/et_pb_section]<\/p>\n","protected":false},"excerpt":{"rendered":"<p>Je suis Val\u00e9rie lacroix Agent Immobilier Apr\u00e8s 19 ans d\u2019exp\u00e9rience dans le domaine de la transaction immobili\u00e8re au sein de divers groupes immobiliers, j\u2019ai d\u00e9cid\u00e9 de franchir une nouvelle \u00e9tape en lan\u00e7ant ma propre agence en avril 2024, r\u00e9solument tourn\u00e9e vers le service client et le digital. &nbsp; Convaincue que l\u2019avenir de l\u2019immobilier r\u00e9side dans la combinaison habile de l\u2019expertise humaine et des outils num\u00e9riques, j\u2019ai fond\u00e9 ma structure avec une vision claire : proposer un service de qualit\u00e9 sup\u00e9rieure avec un accompagnement sur-mesure et de proximit\u00e9. &nbsp; Que vous soyez acheteur ou vendeur et quel que soit le type de bien recherch\u00e9 ou c\u00e9d\u00e9, je m\u2019engage \u00e0 vous accompagner \u00e0 chaque \u00e9tape, en veillant \u00e0 ce que vos besoins et vos attentes soient pleinement satisfaits, et en mettant toujours l\u2019accent sur la qualit\u00e9 du service. <div class=\"et_pb_module dvg_divi_video_gallery dvg_divi_video_gallery_0\">\n\t\t\t\t\n\t\t\t\t\n\t\t\t\t\n\t\t\t\t\n\t\t\t\t\n\t\t\t\t\n\t\t\t\t<div class=\"et_pb_module_inner\">\n\t\t\t\t\t\n\t\t\t\t\n\t\t\t\t<div data-cols=\"3,2,2\" data-space=\"10,10,10\"  class=\"dvg-videos dvg-gallery-container dvg-portrait-layout dvg-gallery-col-2 dvg-with-lightbox\">\n\t\t\t\t\t\n\t\t\t\t<\/div>\n\t\t\t\t\n\t\t\t\t<\/div>\n\t\t\t<\/div><div class=\"et_pb_module dvg_divi_video_gallery_item dvg_divi_video_gallery_item_0\">\n\t\t\t\t\n\t\t\t\t\n\t\t\t\t\n\t\t\t\t\n\t\t\t\t\n\t\t\t\t\n\t\t\t\t<div class=\"et_pb_module_inner\">\n\t\t\t\t\t\n\t\t\t\t<\/div>\n\t\t\t<\/div><div class=\"et_pb_module dvg_divi_video_gallery_item dvg_divi_video_gallery_item_1\">\n\t\t\t\t\n\t\t\t\t\n\t\t\t\t\n\t\t\t\t\n\t\t\t\t\n\t\t\t\t\n\t\t\t\t<div class=\"et_pb_module_inner\">\n\t\t\t\t\t\n\t\t\t\t<\/div>\n\t\t\t<\/div><div class=\"et_pb_module dvg_divi_video_gallery_item dvg_divi_video_gallery_item_2\">\n\t\t\t\t\n\t\t\t\t\n\t\t\t\t\n\t\t\t\t\n\t\t\t\t\n\t\t\t\t\n\t\t\t\t<div class=\"et_pb_module_inner\">\n\t\t\t\t\t\n\t\t\t\t<\/div>\n\t\t\t<\/div><div class=\"et_pb_module dvg_divi_video_gallery_item dvg_divi_video_gallery_item_3\">\n\t\t\t\t\n\t\t\t\t\n\t\t\t\t\n\t\t\t\t\n\t\t\t\t\n\t\t\t\t\n\t\t\t\t<div class=\"et_pb_module_inner\">\n\t\t\t\t\t\n\t\t\t\t<\/div>\n\t\t\t<\/div><\/p>","protected":false},"author":2,"featured_media":0,"parent":0,"menu_order":0,"comment_status":"closed","ping_status":"closed","template":"","meta":{"_et_pb_use_builder":"on","_et_pb_old_content":"","_et_gb_content_width":"","footnotes":""},"class_list":["post-100031","page","type-page","status-publish","hentry"],"yoast_head":"<!-- This site is optimized with the Yoast SEO plugin v28.3 - https:\/\/yoast.com\/product\/yoast-seo-wordpress\/ -->\n<title>Val\u00e9rie Lacroix Immobilier | Agent immobilier Bordeaux &amp; Arcachon<\/title>\n<meta name=\"description\" content=\"Val\u00e9rie Lacroix Immobilier, 20 ans d\u2019exp\u00e9rience en immobilier \u00e0 Bordeaux, Arcachon et Pays basque. Conseil et accompagnement sur-mesure.\" \/>\n<meta name=\"robots\" content=\"index, follow, max-snippet:-1, max-image-preview:large, max-video-preview:-1\" \/>\n<link rel=\"canonical\" href=\"https:\/\/valerie-lacroix-immobilier.com\/en\/a-propos\/\" \/>\n<meta property=\"og:locale\" content=\"en_US\" \/>\n<meta property=\"og:type\" content=\"article\" \/>\n<meta property=\"og:title\" content=\"Val\u00e9rie Lacroix Immobilier | Agent immobilier Bordeaux &amp; Arcachon\" \/>\n<meta property=\"og:description\" content=\"Val\u00e9rie Lacroix Immobilier, 20 ans d\u2019exp\u00e9rience en immobilier \u00e0 Bordeaux, Arcachon et Pays basque. Conseil et accompagnement sur-mesure.\" \/>\n<meta property=\"og:url\" content=\"https:\/\/valerie-lacroix-immobilier.com\/en\/a-propos\/\" \/>\n<meta property=\"og:site_name\" content=\"Val\u00e9rie Lacroix Immobilier\" \/>\n<meta property=\"article:modified_time\" content=\"2025-12-15T04:03:21+00:00\" \/>\n<meta property=\"og:image\" content=\"https:\/\/valerie-lacroix-immobilier.com\/wp-content\/uploads\/2025\/08\/Logo-VL-1.png\" \/>\n\t<meta property=\"og:image:width\" content=\"1014\" \/>\n\t<meta property=\"og:image:height\" content=\"648\" \/>\n\t<meta property=\"og:image:type\" content=\"image\/png\" \/>\n<meta name=\"twitter:card\" content=\"summary_large_image\" \/>\n<meta name=\"twitter:label1\" content=\"Est. reading time\" \/>\n\t<meta name=\"twitter:data1\" content=\"1 minute\" \/>\n<script type=\"application\/ld+json\" class=\"yoast-schema-graph\">{\"@context\":\"https:\\\/\\\/schema.org\",\"@graph\":[{\"@type\":\"WebPage\",\"@id\":\"https:\\\/\\\/valerie-lacroix-immobilier.com\\\/a-propos\\\/\",\"url\":\"https:\\\/\\\/valerie-lacroix-immobilier.com\\\/a-propos\\\/\",\"name\":\"Val\u00e9rie Lacroix Immobilier | Agent immobilier Bordeaux & Arcachon\",\"isPartOf\":{\"@id\":\"https:\\\/\\\/valerie-lacroix-immobilier.com\\\/#website\"},\"datePublished\":\"2025-07-10T09:11:54+00:00\",\"dateModified\":\"2025-12-15T04:03:21+00:00\",\"description\":\"Val\u00e9rie Lacroix Immobilier, 20 ans d\u2019exp\u00e9rience en immobilier \u00e0 Bordeaux, Arcachon et Pays basque. Conseil et accompagnement sur-mesure.\",\"breadcrumb\":{\"@id\":\"https:\\\/\\\/valerie-lacroix-immobilier.com\\\/a-propos\\\/#breadcrumb\"},\"inLanguage\":\"en-US\",\"potentialAction\":[{\"@type\":\"ReadAction\",\"target\":[\"https:\\\/\\\/valerie-lacroix-immobilier.com\\\/a-propos\\\/\"]}]},{\"@type\":\"BreadcrumbList\",\"@id\":\"https:\\\/\\\/valerie-lacroix-immobilier.com\\\/a-propos\\\/#breadcrumb\",\"itemListElement\":[{\"@type\":\"ListItem\",\"position\":1,\"name\":\"Accueil\",\"item\":\"https:\\\/\\\/valerie-lacroix-immobilier.com\\\/\"},{\"@type\":\"ListItem\",\"position\":2,\"name\":\"\u00c0 propos\"}]},{\"@type\":\"WebSite\",\"@id\":\"https:\\\/\\\/valerie-lacroix-immobilier.com\\\/#website\",\"url\":\"https:\\\/\\\/valerie-lacroix-immobilier.com\\\/\",\"name\":\"Val\u00e9rie Lacroix Immobilier\",\"description\":\"Bienvenue chez vous\",\"publisher\":{\"@id\":\"https:\\\/\\\/valerie-lacroix-immobilier.com\\\/#organization\"},\"alternateName\":\"Val\u00e9rie Lacroix Immobilier\",\"potentialAction\":[{\"@type\":\"SearchAction\",\"target\":{\"@type\":\"EntryPoint\",\"urlTemplate\":\"https:\\\/\\\/valerie-lacroix-immobilier.com\\\/?s={search_term_string}\"},\"query-input\":{\"@type\":\"PropertyValueSpecification\",\"valueRequired\":true,\"valueName\":\"search_term_string\"}}],\"inLanguage\":\"en-US\"},{\"@type\":\"Organization\",\"@id\":\"https:\\\/\\\/valerie-lacroix-immobilier.com\\\/#organization\",\"name\":\"Val\u00e9rie Lacroix Immobilier\",\"url\":\"https:\\\/\\\/valerie-lacroix-immobilier.com\\\/\",\"logo\":{\"@type\":\"ImageObject\",\"inLanguage\":\"en-US\",\"@id\":\"https:\\\/\\\/valerie-lacroix-immobilier.com\\\/#\\\/schema\\\/logo\\\/image\\\/\",\"url\":\"https:\\\/\\\/valerie-lacroix-immobilier.com\\\/wp-content\\\/uploads\\\/2025\\\/07\\\/cropped-valerie-lacroix-favicon.png\",\"contentUrl\":\"https:\\\/\\\/valerie-lacroix-immobilier.com\\\/wp-content\\\/uploads\\\/2025\\\/07\\\/cropped-valerie-lacroix-favicon.png\",\"width\":512,\"height\":512,\"caption\":\"Val\u00e9rie Lacroix Immobilier\"},\"image\":{\"@id\":\"https:\\\/\\\/valerie-lacroix-immobilier.com\\\/#\\\/schema\\\/logo\\\/image\\\/\"}}]}<\/script>\n<!-- \/ Yoast SEO plugin. -->","yoast_head_json":{"title":"Val\u00e9rie Lacroix Immobilier | Agent immobilier Bordeaux & Arcachon","description":"Val\u00e9rie Lacroix Immobilier, 20 ans d\u2019exp\u00e9rience en immobilier \u00e0 Bordeaux, Arcachon et Pays basque. Conseil et accompagnement sur-mesure.","robots":{"index":"index","follow":"follow","max-snippet":"max-snippet:-1","max-image-preview":"max-image-preview:large","max-video-preview":"max-video-preview:-1"},"canonical":"https:\/\/valerie-lacroix-immobilier.com\/en\/a-propos\/","og_locale":"en_US","og_type":"article","og_title":"Val\u00e9rie Lacroix Immobilier | Agent immobilier Bordeaux & Arcachon","og_description":"Val\u00e9rie Lacroix Immobilier, 20 ans d\u2019exp\u00e9rience en immobilier \u00e0 Bordeaux, Arcachon et Pays basque. Conseil et accompagnement sur-mesure.","og_url":"https:\/\/valerie-lacroix-immobilier.com\/en\/a-propos\/","og_site_name":"Val\u00e9rie Lacroix Immobilier","article_modified_time":"2025-12-15T04:03:21+00:00","og_image":[{"width":1014,"height":648,"url":"https:\/\/valerie-lacroix-immobilier.com\/wp-content\/uploads\/2025\/08\/Logo-VL-1.png","type":"image\/png"}],"twitter_card":"summary_large_image","twitter_misc":{"Est. reading time":"1 minute"},"schema":{"@context":"https:\/\/schema.org","@graph":[{"@type":"WebPage","@id":"https:\/\/valerie-lacroix-immobilier.com\/a-propos\/","url":"https:\/\/valerie-lacroix-immobilier.com\/a-propos\/","name":"Val\u00e9rie Lacroix Immobilier | Agent immobilier Bordeaux & Arcachon","isPartOf":{"@id":"https:\/\/valerie-lacroix-immobilier.com\/#website"},"datePublished":"2025-07-10T09:11:54+00:00","dateModified":"2025-12-15T04:03:21+00:00","description":"Val\u00e9rie Lacroix Immobilier, 20 ans d\u2019exp\u00e9rience en immobilier \u00e0 Bordeaux, Arcachon et Pays basque. Conseil et accompagnement sur-mesure.","breadcrumb":{"@id":"https:\/\/valerie-lacroix-immobilier.com\/a-propos\/#breadcrumb"},"inLanguage":"en-US","potentialAction":[{"@type":"ReadAction","target":["https:\/\/valerie-lacroix-immobilier.com\/a-propos\/"]}]},{"@type":"BreadcrumbList","@id":"https:\/\/valerie-lacroix-immobilier.com\/a-propos\/#breadcrumb","itemListElement":[{"@type":"ListItem","position":1,"name":"Accueil","item":"https:\/\/valerie-lacroix-immobilier.com\/"},{"@type":"ListItem","position":2,"name":"\u00c0 propos"}]},{"@type":"WebSite","@id":"https:\/\/valerie-lacroix-immobilier.com\/#website","url":"https:\/\/valerie-lacroix-immobilier.com\/","name":"Val\u00e9rie Lacroix Immobilier","description":"Bienvenue chez vous","publisher":{"@id":"https:\/\/valerie-lacroix-immobilier.com\/#organization"},"alternateName":"Val\u00e9rie Lacroix Immobilier","potentialAction":[{"@type":"SearchAction","target":{"@type":"EntryPoint","urlTemplate":"https:\/\/valerie-lacroix-immobilier.com\/?s={search_term_string}"},"query-input":{"@type":"PropertyValueSpecification","valueRequired":true,"valueName":"search_term_string"}}],"inLanguage":"en-US"},{"@type":"Organization","@id":"https:\/\/valerie-lacroix-immobilier.com\/#organization","name":"Val\u00e9rie Lacroix Immobilier","url":"https:\/\/valerie-lacroix-immobilier.com\/","logo":{"@type":"ImageObject","inLanguage":"en-US","@id":"https:\/\/valerie-lacroix-immobilier.com\/#\/schema\/logo\/image\/","url":"https:\/\/valerie-lacroix-immobilier.com\/wp-content\/uploads\/2025\/07\/cropped-valerie-lacroix-favicon.png","contentUrl":"https:\/\/valerie-lacroix-immobilier.com\/wp-content\/uploads\/2025\/07\/cropped-valerie-lacroix-favicon.png","width":512,"height":512,"caption":"Val\u00e9rie Lacroix Immobilier"},"image":{"@id":"https:\/\/valerie-lacroix-immobilier.com\/#\/schema\/logo\/image\/"}}]}},"_links":{"self":[{"href":"https:\/\/valerie-lacroix-immobilier.com\/en\/wp-json\/wp\/v2\/pages\/100031","targetHints":{"allow":["GET"]}}],"collection":[{"href":"https:\/\/valerie-lacroix-immobilier.com\/en\/wp-json\/wp\/v2\/pages"}],"about":[{"href":"https:\/\/valerie-lacroix-immobilier.com\/en\/wp-json\/wp\/v2\/types\/page"}],"author":[{"embeddable":true,"href":"https:\/\/valerie-lacroix-immobilier.com\/en\/wp-json\/wp\/v2\/users\/2"}],"replies":[{"embeddable":true,"href":"https:\/\/valerie-lacroix-immobilier.com\/en\/wp-json\/wp\/v2\/comments?post=100031"}],"version-history":[{"count":27,"href":"https:\/\/valerie-lacroix-immobilier.com\/en\/wp-json\/wp\/v2\/pages\/100031\/revisions"}],"predecessor-version":[{"id":102181,"href":"https:\/\/valerie-lacroix-immobilier.com\/en\/wp-json\/wp\/v2\/pages\/100031\/revisions\/102181"}],"wp:attachment":[{"href":"https:\/\/valerie-lacroix-immobilier.com\/en\/wp-json\/wp\/v2\/media?parent=100031"}],"curies":[{"name":"wp","href":"https:\/\/api.w.org\/{rel}","templated":true}]}}