{"id":102524,"date":"2026-07-20T15:34:39","date_gmt":"2026-07-20T13:34:39","guid":{"rendered":"https:\/\/valerie-lacroix-immobilier.com\/?page_id=102524"},"modified":"2026-07-20T15:53:20","modified_gmt":"2026-07-20T13:53:20","slug":"immeubles-a-vendre-bordeaux","status":"publish","type":"page","link":"https:\/\/valerie-lacroix-immobilier.com\/en\/immeubles-a-vendre-bordeaux\/","title":{"rendered":"IMMEUBLES"},"content":{"rendered":"<p>[et_pb_section fb_built=&#8221;1&#8243; fullwidth=&#8221;on&#8221; _builder_version=&#8221;4.27.4&#8243; _module_preset=&#8221;default&#8221; global_colors_info=&#8221;{}&#8221;][et_pb_fullwidth_header title=&#8221;IMMEUBLES \u00c0 VENDRE&#8221; subhead=&#8221;BORDEAUX&#8221; text_orientation=&#8221;center&#8221; header_scroll_down=&#8221;on&#8221; scroll_down_icon=&#8221;%%1%%&#8221; scroll_down_icon_color=&#8221;#FFFFFF&#8221; scroll_down_icon_size=&#8221;3rem&#8221; background_overlay_color=&#8221;rgba(0,0,0,0.45)&#8221; scroll_down_icon_size_tablet=&#8221;2rem&#8221; scroll_down_icon_size_phone=&#8221;2rem&#8221; scroll_down_icon_size_last_edited=&#8221;on|tablet&#8221; _builder_version=&#8221;4.27.7&#8243; _module_preset=&#8221;default&#8221; title_font_size=&#8221;2.5rem&#8221; background_enable_color=&#8221;off&#8221; background_image=&#8221;https:\/\/valerie-lacroix-immobilier.com\/wp-content\/uploads\/2026\/07\/immeuble-a-vendre-bordeaux.webp&#8221; custom_padding=&#8221;25vh||10vh||false|false&#8221; custom_padding_tablet=&#8221;10vh||5vh||false|false&#8221; custom_padding_phone=&#8221;5vh||5vh||true|false&#8221; custom_padding_last_edited=&#8221;on|phone&#8221; title_font_size_tablet=&#8221;2rem&#8221; title_font_size_phone=&#8221;1.3rem&#8221; title_font_size_last_edited=&#8221;on|phone&#8221; custom_css_free_form=&#8221;.selector .et_pb_fullwidth_header_scroll {|| animation: scrollAnimation 2s infinite;||}||||@keyframes scrollAnimation {|| 0% {|| transform: translateY(0);|| }|| 50% {|| transform: translateY(10px);|| }|| 100% {|| transform: translateY(0);|| }||}&#8221; global_colors_info=&#8221;{}&#8221;][\/et_pb_fullwidth_header][\/et_pb_section][et_pb_section fb_built=&#8221;1&#8243; custom_padding_last_edited=&#8221;on|phone&#8221; _builder_version=&#8221;4.27.7&#8243; _module_preset=&#8221;default&#8221; background_color=&#8221;#F6F9FA&#8221; custom_padding=&#8221;10vh||20vh||false|false&#8221; custom_padding_tablet=&#8221;5vh||10vh||false|false&#8221; custom_padding_phone=&#8221;&#8221; global_colors_info=&#8221;{}&#8221;][et_pb_row _builder_version=&#8221;4.27.7&#8243; _module_preset=&#8221;default&#8221; global_colors_info=&#8221;{}&#8221;][et_pb_column type=&#8221;4_4&#8243; _builder_version=&#8221;4.27.7&#8243; _module_preset=&#8221;default&#8221; global_colors_info=&#8221;{}&#8221;][dsm_card_carousel slider_direction=&#8221;rtl&#8221; autoplay=&#8221;off&#8221; infinite=&#8221;off&#8221; auto_height=&#8221;off&#8221; arrows=&#8221;off&#8221; dots=&#8221;off&#8221; grab=&#8221;off&#8221; arrows_tablet=&#8221;on&#8221; arrows_phone=&#8221;on&#8221; arrows_last_edited=&#8221;on|phone&#8221; dots_tablet=&#8221;on&#8221; dots_phone=&#8221;on&#8221; dots_last_edited=&#8221;on|phone&#8221; _builder_version=&#8221;4.27.7&#8243; _module_preset=&#8221;default&#8221; header_font_size=&#8221;1.3rem&#8221; body_font_size=&#8221;0.9rem&#8221; custom_button=&#8221;on&#8221; button_text_size=&#8221;0.9rem&#8221; button_rel=&#8221;off|off|on|off|off&#8221; animation_style=&#8221;fade&#8221; hover_enabled=&#8221;0&#8243; custom_css_free_form=&#8221;||||&#8221; border_radii_image=&#8221;on|8px|8px|8px|8px&#8221; global_colors_info=&#8221;{}&#8221; button_text_size__hover_enabled=&#8221;on|desktop&#8221; sticky_enabled=&#8221;0&#8243; button_bg_color=&#8221;#6C7975&#8243; button_bg_enable_color=&#8221;on&#8221; button_bg_color__hover_enabled=&#8221;on|hover&#8221; button_bg_color__hover=&#8221;#93A089&#8243; button_bg_enable_color__hover=&#8221;on&#8221; button_border_width=&#8221;1px&#8221; button_use_icon=&#8221;off&#8221; button_border_color=&#8221;#6C7975&#8243; button_border_color__hover_enabled=&#8221;on|hover&#8221; button_text_color__hover_enabled=&#8221;on|hover&#8221; button_text_color=&#8221;#FFFFFF&#8221; button_text_color__hover=&#8221;#FFFFFF&#8221; button_border_color__hover=&#8221;#93A089&#8243; button_text_size__hover=&#8221;0.9rem&#8221;][dsm_card_carousel_child title=&#8221;Immeuble Rue des Menuts, Bordeaux Saint-Michel&#8221; subtitle=&#8221;Fa\u00e7ade XVIIe si\u00e8cle class\u00e9e, au c\u0153ur d&#8217;un quartier patrimonial en pleine dynamique&#8221; image=&#8221;https:\/\/valerie-lacroix-immobilier.com\/wp-content\/uploads\/2026\/07\/immeuble-bordeaux-rue-des-menuts_11zon.webp&#8221; badge_text=&#8221;Immeuble de caract\u00e8re&#8221; alt=&#8221;immeuble \u00e0 bordeaux \u00e0 vendre rue des menuts&#8221; button_text=&#8221;T\u00e9l\u00e9chargez la plaquette&#8221; button_url=&#8221;https:\/\/valerie-lacroix-immobilier.com\/wp-content\/uploads\/2026\/07\/Brochure-Rue-des-Menuts-1.pdf-2-1.pdf&#8221; button_url_new_window=&#8221;on&#8221; _builder_version=&#8221;4.27.7&#8243; _module_preset=&#8221;default&#8221; global_colors_info=&#8221;{}&#8221; parent_button=&#8221;on&#8221; parent_header_level=&#8221;h4&#8243;]<\/p>\n<p>Au 4 rue des Menuts, dans le quartier Saint-Michel\/Capucins inscrit au patrimoine mondial de l&#8217;UNESCO, cet immeuble \u00e0 l&#8217;architecture classique du XVIIe si\u00e8cle allie pierre noble, ferronneries d&#8217;origine et chemin\u00e9es ouvrag\u00e9es. Un emplacement rare, \u00e0 10 min \u00e0 pied du march\u00e9 des Capucins et desservi par 3 lignes de tramway. Rez-de-chauss\u00e9e commercial, \u00e9tages carr\u00e9s et niveau d&#8217;attique \u00e0 toiture mansard\u00e9e.<\/p>\n<p>[\/dsm_card_carousel_child][dsm_card_carousel_child title=&#8221;Immeuble Angle rue Sainte-Catherine, Bordeaux Hypercentre&#8221; image=&#8221;https:\/\/valerie-lacroix-immobilier.com\/wp-content\/uploads\/2026\/07\/immeuble-bordeaux_11zon.webp&#8221; badge_text=&#8221;Immeuble en totalit\u00e9&#8221; alt=&#8221;immeuble \u00e0 vendre bordeaux&#8221; button_text=&#8221;T\u00e9l\u00e9chargez la plaquette&#8221; button_url=&#8221;https:\/\/valerie-lacroix-immobilier.com\/wp-content\/uploads\/2026\/07\/Brochure-Immeuble-Sainte-Cath-1.pdf&#8221; button_url_new_window=&#8221;on&#8221; _builder_version=&#8221;4.27.7&#8243; _module_preset=&#8221;default&#8221; global_colors_info=&#8221;{}&#8221; parent_button=&#8221;on&#8221; parent_header_level=&#8221;h4&#8243;]<\/p>\n<p>\u00c0 l&#8217;angle de la rue Sainte-Catherine et de la rue du Grand Rabin Joseph Cohen, cet immeuble d&#8217;angle de 482 m\u00b2 utiles se compose d&#8217;un local commercial lou\u00e9 (215 m\u00b2, bail commerce de v\u00eatements et d\u00e9co) et de 5 logements (T1, T2, T2 duplex, T3) r\u00e9partis sur 3 \u00e9tages. Emplacement rare en plein hypercentre bordelais, \u00e0 deux pas de la place de la Victoire et desservi par les tramways A et B. Loyer commercial annuel de 42 000 \u20ac HT\/HC, taxe fonci\u00e8re 2025 de 8 890 \u20ac.<\/p>\n<p>[\/dsm_card_carousel_child][dsm_card_carousel_child title=&#8221;Immeuble Rue Esprit des Lois, Bordeaux Triangle d&#8217;Or&#8221; subtitle=&#8221;\u00c9ligible loi Malraux, secteur sauvegard\u00e9 UNESCO, \u00e0 deux pas de la Place de la Bourse&#8221; image=&#8221;https:\/\/valerie-lacroix-immobilier.com\/wp-content\/uploads\/2026\/07\/immeuble-bordeaux_11zon.webp&#8221; badge_text=&#8221;Immeuble de prestige&#8221; alt=&#8221;immeuble \u00e0 vendre bordeaux&#8221; button_text=&#8221;T\u00e9l\u00e9chargez la plaquette&#8221; button_url=&#8221;https:\/\/valerie-lacroix-immobilier.com\/wp-content\/uploads\/2026\/07\/Brochure-Immeuble-Rue-Esprits-des-Lois.pdf&#8221; button_url_new_window=&#8221;on&#8221; _builder_version=&#8221;4.27.7&#8243; _module_preset=&#8221;default&#8221; global_colors_info=&#8221;{}&#8221; parent_button=&#8221;on&#8221; parent_header_level=&#8221;h4&#8243;]<\/p>\n<p class=\"font-claude-response-body break-words whitespace-normal\" dir=\"auto\">Au 18 rue Esprit des Lois, en plein c\u0153ur du Triangle d&#8217;Or bordelais, cet immeuble de caract\u00e8re (pharmacie en RDC + 5 \u00e9tages) offre volumes g\u00e9n\u00e9reux, parquets, moulures et chemin\u00e9es d&#8217;\u00e9poque. Id\u00e9al pour un investissement patrimonial ou une reconversion en bureaux de standing, avec un \u00e9tat locatif actuel de 40 273 \u20ac HC\/HT annuels. Emplacement d&#8217;exception entre Place de la Bourse et Grand Th\u00e9\u00e2tre, tram B \u00e0 100 m, \u00e9ligible \u00e0 la loi Malraux.<\/p>\n<p>[\/dsm_card_carousel_child][\/dsm_card_carousel][\/et_pb_column][\/et_pb_row][\/et_pb_section]<\/p>\n","protected":false},"excerpt":{"rendered":"<p><div class=\"et_pb_module dsm_card_carousel dsm_card_carousel_0 et_animated dsm_card_carousel_layout_stacked  dsm_card_carousel_arrow_outside dsm_card_carousel_arrow_mobile_inside\">\n\t\t\t\t\n\t\t\t\t\n\t\t\t\t\n\t\t\t\t\n\t\t\t\t\n\t\t\t\t\n\t\t\t\t<div class=\"et_pb_module_inner\">\n\t\t\t\t\t\n\t\t\t\n\t\t\t<div class=\"swiper-container dsm_card_carousel_wrapper\" dir=\"rtl\" data-params=\"[{&quot;direction&quot;:&quot;horizontal&quot;,&quot;effect&quot;:&quot;default&quot;,&quot;slider_effect_shadows&quot;:false,&quot;slider_effect_coverflow_rotate&quot;:&quot;30&quot;,&quot;slider_effect_coverflow_depth&quot;:&quot;0&quot;,&quot;loop&quot;:false,&quot;infinite_smooth_scrolling&quot;:false,&quot;slide_to_show&quot;:&quot;3&quot;,&quot;slide_to_show_tablet&quot;:&quot;1&quot;,&quot;slide_to_show_phone&quot;:&quot;1&quot;,&quot;slide_to_scroll&quot;:&quot;1&quot;,&quot;slide_to_scroll_tablet&quot;:&quot;1&quot;,&quot;slide_to_scroll_phone&quot;:&quot;1&quot;,&quot;space_between&quot;:&quot;15&quot;,&quot;space_between_tablet&quot;:&quot;15&quot;,&quot;space_between_phone&quot;:&quot;15&quot;,&quot;centered_slides&quot;:false,&quot;multiple_slide_row&quot;:&quot;off&quot;,&quot;slide_row&quot;:&quot;1&quot;,&quot;slide_row_tablet&quot;:&quot;1&quot;,&quot;slide_row_phone&quot;:&quot;1&quot;,&quot;speed&quot;:&quot;300&quot;,&quot;autoplay&quot;:false,&quot;autoplay_speed&quot;:&quot;3000&quot;,&quot;autoplay_viewport&quot;:&quot;&quot;,&quot;touch_move&quot;:true,&quot;grab&quot;:false,&quot;pause_on_hover&quot;:false,&quot;mousewheel&quot;:false,&quot;auto_height&quot;:false,&quot;equal_height&quot;:false,&quot;equal_height_tablet&quot;:true,&quot;equal_height_phone&quot;:true}]\">\n\t\t\t<div class=\"swiper-wrapper\"><\/div>\n\t\t\t<\/div><div class=\"swiper-button-prev dsm_card_carousel_arrow\" data-icon=\"4\"><\/div><div class=\"swiper-button-next dsm_card_carousel_arrow\" data-icon=\"5\"><\/div><div class=\"swiper-pagination dsm_card_carousel_pagination\"><\/div>\n\t\t\t\t<\/div>\n\t\t\t<\/div><div class=\"dsm_card_carousel_child dsm_card_carousel_child_0 swiper-slide\">\n\t\t\t\t\n\t\t\t\t\n\t\t\t\t\n\t\t\t\t\n\t\t\t\t\n\t\t\t\t\n\t\t\t\t<div class=\"et_pb_module_inner\">\n\t\t\t\t\t\n\t\t\t\n\t\t\t<figure class=\"dsm_card_carousel_child_image_wrapper dsm_card_carousel_child_badge_top_right\"><div class=\"dsm_card_carousel_child_image_background dsm_card_carousel_child_img\"><\/div><div class=\"dsm_card_carousel_child_badge_text\">Immeuble de caract\u00e8re<\/div><\/figure>\n\t\t\t<div class=\"dsm_card_wrapper et_pb_text_align_left et_pb_bg_layout_light\">\n\t\t\t\t\t<h4 class=\"dsm_card_title et_pb_module_header\">Immeuble Rue des Menuts, Bordeaux Saint-Michel<\/h4>\n\t\t\t\t\t<div class=\"dsm_card_carousel_child_subtitle\">Fa\u00e7ade XVIIe si\u00e8cle class\u00e9e, au c\u0153ur d'un quartier patrimonial en pleine dynamique<\/div>\n\t\t\t\t\t<div class=\"dsm_card_carousel_child_description\">Au 4 rue des Menuts, dans le quartier Saint-Michel\/Capucins inscrit au patrimoine mondial de l&#8217;UNESCO, cet immeuble \u00e0 l&#8217;architecture classique du XVIIe si\u00e8cle allie pierre noble, ferronneries d&#8217;origine et chemin\u00e9es ouvrag\u00e9es. Un emplacement rare, \u00e0 10 min \u00e0 pied du march\u00e9 des Capucins et desservi par 3 lignes de tramway. Rez-de-chauss\u00e9e commercial, \u00e9tages carr\u00e9s et niveau d&#8217;attique \u00e0 toiture mansard\u00e9e.<\/div>\n\t\t\t\t\t<div class=\"et_pb_button_wrapper\"><a class=\"et_pb_button et_pb_more_button \" href=\"https:\/\/valerie-lacroix-immobilier.com\/wp-content\/uploads\/2026\/07\/Brochure-Rue-des-Menuts-1.pdf-2-1.pdf\" target=\"_blank\">T\u00e9l\u00e9chargez la plaquette<\/a><\/div>\n\t\t\t\t<\/div>\n\t\t\t\t<\/div>\n\t\t\t<\/div><div class=\"dsm_card_carousel_child dsm_card_carousel_child_1 swiper-slide\">\n\t\t\t\t\n\t\t\t\t\n\t\t\t\t\n\t\t\t\t\n\t\t\t\t\n\t\t\t\t\n\t\t\t\t<div class=\"et_pb_module_inner\">\n\t\t\t\t\t\n\t\t\t\n\t\t\t<figure class=\"dsm_card_carousel_child_image_wrapper dsm_card_carousel_child_badge_top_right\"><div class=\"dsm_card_carousel_child_image_background dsm_card_carousel_child_img\"><\/div><div class=\"dsm_card_carousel_child_badge_text\">Immeuble en totalit\u00e9<\/div><\/figure>\n\t\t\t<div class=\"dsm_card_wrapper et_pb_text_align_left et_pb_bg_layout_light\">\n\t\t\t\t\t<h4 class=\"dsm_card_title et_pb_module_header\">Immeuble Angle rue Sainte-Catherine, Bordeaux Hypercentre<\/h4>\n\t\t\t\t\t\n\t\t\t\t\t\n\t\t\t\t\t<div class=\"et_pb_button_wrapper\"><a class=\"et_pb_button et_pb_more_button \" href=\"https:\/\/valerie-lacroix-immobilier.com\/wp-content\/uploads\/2026\/07\/Brochure-Immeuble-Sainte-Cath-1.pdf\" target=\"_blank\">T\u00e9l\u00e9chargez la plaquette<\/a><\/div>\n\t\t\t\t<\/div>\n\t\t\t\t<\/div>\n\t\t\t<\/div>\u00c0 l&#8217;angle de la rue Sainte-Catherine et de la rue du Grand Rabin Joseph Cohen, cet immeuble d&#8217;angle de 482 m\u00b2 utiles se compose d&#8217;un local commercial lou\u00e9 (215 m\u00b2, bail commerce de v\u00eatements et d\u00e9co) [&hellip;]<\/p>\n","protected":false},"author":2,"featured_media":102535,"parent":0,"menu_order":0,"comment_status":"closed","ping_status":"closed","template":"","meta":{"_et_pb_use_builder":"on","_et_pb_old_content":"","_et_gb_content_width":"","footnotes":""},"class_list":["post-102524","page","type-page","status-publish","has-post-thumbnail","hentry"],"yoast_head":"<!-- This site is optimized with the Yoast SEO plugin v28.3 - https:\/\/yoast.com\/product\/yoast-seo-wordpress\/ -->\n<title>Immeuble \u00e0 Vendre Bordeaux | Val\u00e9rie Lacroix Agent Immobilier<\/title>\n<meta name=\"description\" content=\"Immeubles \u00e0 vendre \u00e0 Bordeaux (Triangle d&#039;Or, Saint-Michel, hypercentre) s\u00e9lectionn\u00e9s par Val\u00e9rie Lacroix, agent immobilier.\" \/>\n<meta name=\"robots\" content=\"noindex, nofollow\" \/>\n<meta property=\"og:locale\" content=\"en_US\" \/>\n<meta property=\"og:type\" content=\"article\" \/>\n<meta property=\"og:title\" content=\"Immeuble \u00e0 Vendre Bordeaux | Val\u00e9rie Lacroix Agent Immobilier\" \/>\n<meta property=\"og:description\" content=\"Immeubles \u00e0 vendre \u00e0 Bordeaux (Triangle d&#039;Or, Saint-Michel, hypercentre) s\u00e9lectionn\u00e9s par Val\u00e9rie Lacroix, agent immobilier.\" \/>\n<meta property=\"og:url\" content=\"https:\/\/valerie-lacroix-immobilier.com\/en\/immeubles-a-vendre-bordeaux\/\" \/>\n<meta property=\"og:site_name\" content=\"Val\u00e9rie Lacroix Immobilier\" \/>\n<meta property=\"article:modified_time\" content=\"2026-07-20T13:53:20+00:00\" \/>\n<meta property=\"og:image\" content=\"https:\/\/valerie-lacroix-immobilier.com\/wp-content\/uploads\/2026\/07\/immeuble-a-vendre-bordeaux.webp\" \/>\n\t<meta property=\"og:image:width\" content=\"1920\" \/>\n\t<meta property=\"og:image:height\" content=\"700\" \/>\n\t<meta property=\"og:image:type\" content=\"image\/webp\" \/>\n<meta name=\"twitter:card\" content=\"summary_large_image\" \/>\n<meta name=\"twitter:label1\" content=\"Est. reading time\" \/>\n\t<meta name=\"twitter:data1\" content=\"2 minutes\" \/>\n<script type=\"application\/ld+json\" class=\"yoast-schema-graph\">{\"@context\":\"https:\\\/\\\/schema.org\",\"@graph\":[{\"@type\":\"WebPage\",\"@id\":\"https:\\\/\\\/valerie-lacroix-immobilier.com\\\/immeubles-a-vendre-bordeaux\\\/\",\"url\":\"https:\\\/\\\/valerie-lacroix-immobilier.com\\\/immeubles-a-vendre-bordeaux\\\/\",\"name\":\"Immeuble \u00e0 Vendre Bordeaux | Val\u00e9rie Lacroix Agent Immobilier\",\"isPartOf\":{\"@id\":\"https:\\\/\\\/valerie-lacroix-immobilier.com\\\/#website\"},\"primaryImageOfPage\":{\"@id\":\"https:\\\/\\\/valerie-lacroix-immobilier.com\\\/immeubles-a-vendre-bordeaux\\\/#primaryimage\"},\"image\":{\"@id\":\"https:\\\/\\\/valerie-lacroix-immobilier.com\\\/immeubles-a-vendre-bordeaux\\\/#primaryimage\"},\"thumbnailUrl\":\"https:\\\/\\\/valerie-lacroix-immobilier.com\\\/wp-content\\\/uploads\\\/2026\\\/07\\\/immeuble-a-vendre-bordeaux.webp\",\"datePublished\":\"2026-07-20T13:34:39+00:00\",\"dateModified\":\"2026-07-20T13:53:20+00:00\",\"description\":\"Immeubles \u00e0 vendre \u00e0 Bordeaux (Triangle d'Or, Saint-Michel, hypercentre) s\u00e9lectionn\u00e9s par Val\u00e9rie Lacroix, agent immobilier.\",\"breadcrumb\":{\"@id\":\"https:\\\/\\\/valerie-lacroix-immobilier.com\\\/immeubles-a-vendre-bordeaux\\\/#breadcrumb\"},\"inLanguage\":\"en-US\",\"potentialAction\":[{\"@type\":\"ReadAction\",\"target\":[\"https:\\\/\\\/valerie-lacroix-immobilier.com\\\/immeubles-a-vendre-bordeaux\\\/\"]}]},{\"@type\":\"ImageObject\",\"inLanguage\":\"en-US\",\"@id\":\"https:\\\/\\\/valerie-lacroix-immobilier.com\\\/immeubles-a-vendre-bordeaux\\\/#primaryimage\",\"url\":\"https:\\\/\\\/valerie-lacroix-immobilier.com\\\/wp-content\\\/uploads\\\/2026\\\/07\\\/immeuble-a-vendre-bordeaux.webp\",\"contentUrl\":\"https:\\\/\\\/valerie-lacroix-immobilier.com\\\/wp-content\\\/uploads\\\/2026\\\/07\\\/immeuble-a-vendre-bordeaux.webp\",\"width\":1920,\"height\":700,\"caption\":\"bandeau immeuble \u00e0 vendre bordeaux\"},{\"@type\":\"BreadcrumbList\",\"@id\":\"https:\\\/\\\/valerie-lacroix-immobilier.com\\\/immeubles-a-vendre-bordeaux\\\/#breadcrumb\",\"itemListElement\":[{\"@type\":\"ListItem\",\"position\":1,\"name\":\"Accueil\",\"item\":\"https:\\\/\\\/valerie-lacroix-immobilier.com\\\/\"},{\"@type\":\"ListItem\",\"position\":2,\"name\":\"IMMEUBLES\"}]},{\"@type\":\"WebSite\",\"@id\":\"https:\\\/\\\/valerie-lacroix-immobilier.com\\\/#website\",\"url\":\"https:\\\/\\\/valerie-lacroix-immobilier.com\\\/\",\"name\":\"Val\u00e9rie Lacroix Immobilier\",\"description\":\"Bienvenue chez vous\",\"publisher\":{\"@id\":\"https:\\\/\\\/valerie-lacroix-immobilier.com\\\/#organization\"},\"alternateName\":\"Val\u00e9rie Lacroix Immobilier\",\"potentialAction\":[{\"@type\":\"SearchAction\",\"target\":{\"@type\":\"EntryPoint\",\"urlTemplate\":\"https:\\\/\\\/valerie-lacroix-immobilier.com\\\/?s={search_term_string}\"},\"query-input\":{\"@type\":\"PropertyValueSpecification\",\"valueRequired\":true,\"valueName\":\"search_term_string\"}}],\"inLanguage\":\"en-US\"},{\"@type\":\"Organization\",\"@id\":\"https:\\\/\\\/valerie-lacroix-immobilier.com\\\/#organization\",\"name\":\"Val\u00e9rie Lacroix Immobilier\",\"url\":\"https:\\\/\\\/valerie-lacroix-immobilier.com\\\/\",\"logo\":{\"@type\":\"ImageObject\",\"inLanguage\":\"en-US\",\"@id\":\"https:\\\/\\\/valerie-lacroix-immobilier.com\\\/#\\\/schema\\\/logo\\\/image\\\/\",\"url\":\"https:\\\/\\\/valerie-lacroix-immobilier.com\\\/wp-content\\\/uploads\\\/2025\\\/07\\\/cropped-valerie-lacroix-favicon.png\",\"contentUrl\":\"https:\\\/\\\/valerie-lacroix-immobilier.com\\\/wp-content\\\/uploads\\\/2025\\\/07\\\/cropped-valerie-lacroix-favicon.png\",\"width\":512,\"height\":512,\"caption\":\"Val\u00e9rie Lacroix Immobilier\"},\"image\":{\"@id\":\"https:\\\/\\\/valerie-lacroix-immobilier.com\\\/#\\\/schema\\\/logo\\\/image\\\/\"}}]}<\/script>\n<!-- \/ Yoast SEO plugin. -->","yoast_head_json":{"title":"Immeuble \u00e0 Vendre Bordeaux | Val\u00e9rie Lacroix Agent Immobilier","description":"Immeubles \u00e0 vendre \u00e0 Bordeaux (Triangle d'Or, Saint-Michel, hypercentre) s\u00e9lectionn\u00e9s par Val\u00e9rie Lacroix, agent immobilier.","robots":{"index":"noindex","follow":"nofollow"},"og_locale":"en_US","og_type":"article","og_title":"Immeuble \u00e0 Vendre Bordeaux | Val\u00e9rie Lacroix Agent Immobilier","og_description":"Immeubles \u00e0 vendre \u00e0 Bordeaux (Triangle d'Or, Saint-Michel, hypercentre) s\u00e9lectionn\u00e9s par Val\u00e9rie Lacroix, agent immobilier.","og_url":"https:\/\/valerie-lacroix-immobilier.com\/en\/immeubles-a-vendre-bordeaux\/","og_site_name":"Val\u00e9rie Lacroix Immobilier","article_modified_time":"2026-07-20T13:53:20+00:00","og_image":[{"width":1920,"height":700,"url":"https:\/\/valerie-lacroix-immobilier.com\/wp-content\/uploads\/2026\/07\/immeuble-a-vendre-bordeaux.webp","type":"image\/webp"}],"twitter_card":"summary_large_image","twitter_misc":{"Est. reading time":"2 minutes"},"schema":{"@context":"https:\/\/schema.org","@graph":[{"@type":"WebPage","@id":"https:\/\/valerie-lacroix-immobilier.com\/immeubles-a-vendre-bordeaux\/","url":"https:\/\/valerie-lacroix-immobilier.com\/immeubles-a-vendre-bordeaux\/","name":"Immeuble \u00e0 Vendre Bordeaux | Val\u00e9rie Lacroix Agent Immobilier","isPartOf":{"@id":"https:\/\/valerie-lacroix-immobilier.com\/#website"},"primaryImageOfPage":{"@id":"https:\/\/valerie-lacroix-immobilier.com\/immeubles-a-vendre-bordeaux\/#primaryimage"},"image":{"@id":"https:\/\/valerie-lacroix-immobilier.com\/immeubles-a-vendre-bordeaux\/#primaryimage"},"thumbnailUrl":"https:\/\/valerie-lacroix-immobilier.com\/wp-content\/uploads\/2026\/07\/immeuble-a-vendre-bordeaux.webp","datePublished":"2026-07-20T13:34:39+00:00","dateModified":"2026-07-20T13:53:20+00:00","description":"Immeubles \u00e0 vendre \u00e0 Bordeaux (Triangle d'Or, Saint-Michel, hypercentre) s\u00e9lectionn\u00e9s par Val\u00e9rie Lacroix, agent immobilier.","breadcrumb":{"@id":"https:\/\/valerie-lacroix-immobilier.com\/immeubles-a-vendre-bordeaux\/#breadcrumb"},"inLanguage":"en-US","potentialAction":[{"@type":"ReadAction","target":["https:\/\/valerie-lacroix-immobilier.com\/immeubles-a-vendre-bordeaux\/"]}]},{"@type":"ImageObject","inLanguage":"en-US","@id":"https:\/\/valerie-lacroix-immobilier.com\/immeubles-a-vendre-bordeaux\/#primaryimage","url":"https:\/\/valerie-lacroix-immobilier.com\/wp-content\/uploads\/2026\/07\/immeuble-a-vendre-bordeaux.webp","contentUrl":"https:\/\/valerie-lacroix-immobilier.com\/wp-content\/uploads\/2026\/07\/immeuble-a-vendre-bordeaux.webp","width":1920,"height":700,"caption":"bandeau immeuble \u00e0 vendre bordeaux"},{"@type":"BreadcrumbList","@id":"https:\/\/valerie-lacroix-immobilier.com\/immeubles-a-vendre-bordeaux\/#breadcrumb","itemListElement":[{"@type":"ListItem","position":1,"name":"Accueil","item":"https:\/\/valerie-lacroix-immobilier.com\/"},{"@type":"ListItem","position":2,"name":"IMMEUBLES"}]},{"@type":"WebSite","@id":"https:\/\/valerie-lacroix-immobilier.com\/#website","url":"https:\/\/valerie-lacroix-immobilier.com\/","name":"Val\u00e9rie Lacroix Immobilier","description":"Bienvenue chez vous","publisher":{"@id":"https:\/\/valerie-lacroix-immobilier.com\/#organization"},"alternateName":"Val\u00e9rie Lacroix Immobilier","potentialAction":[{"@type":"SearchAction","target":{"@type":"EntryPoint","urlTemplate":"https:\/\/valerie-lacroix-immobilier.com\/?s={search_term_string}"},"query-input":{"@type":"PropertyValueSpecification","valueRequired":true,"valueName":"search_term_string"}}],"inLanguage":"en-US"},{"@type":"Organization","@id":"https:\/\/valerie-lacroix-immobilier.com\/#organization","name":"Val\u00e9rie Lacroix Immobilier","url":"https:\/\/valerie-lacroix-immobilier.com\/","logo":{"@type":"ImageObject","inLanguage":"en-US","@id":"https:\/\/valerie-lacroix-immobilier.com\/#\/schema\/logo\/image\/","url":"https:\/\/valerie-lacroix-immobilier.com\/wp-content\/uploads\/2025\/07\/cropped-valerie-lacroix-favicon.png","contentUrl":"https:\/\/valerie-lacroix-immobilier.com\/wp-content\/uploads\/2025\/07\/cropped-valerie-lacroix-favicon.png","width":512,"height":512,"caption":"Val\u00e9rie Lacroix Immobilier"},"image":{"@id":"https:\/\/valerie-lacroix-immobilier.com\/#\/schema\/logo\/image\/"}}]}},"_links":{"self":[{"href":"https:\/\/valerie-lacroix-immobilier.com\/en\/wp-json\/wp\/v2\/pages\/102524","targetHints":{"allow":["GET"]}}],"collection":[{"href":"https:\/\/valerie-lacroix-immobilier.com\/en\/wp-json\/wp\/v2\/pages"}],"about":[{"href":"https:\/\/valerie-lacroix-immobilier.com\/en\/wp-json\/wp\/v2\/types\/page"}],"author":[{"embeddable":true,"href":"https:\/\/valerie-lacroix-immobilier.com\/en\/wp-json\/wp\/v2\/users\/2"}],"replies":[{"embeddable":true,"href":"https:\/\/valerie-lacroix-immobilier.com\/en\/wp-json\/wp\/v2\/comments?post=102524"}],"version-history":[{"count":12,"href":"https:\/\/valerie-lacroix-immobilier.com\/en\/wp-json\/wp\/v2\/pages\/102524\/revisions"}],"predecessor-version":[{"id":102558,"href":"https:\/\/valerie-lacroix-immobilier.com\/en\/wp-json\/wp\/v2\/pages\/102524\/revisions\/102558"}],"wp:featuredmedia":[{"embeddable":true,"href":"https:\/\/valerie-lacroix-immobilier.com\/en\/wp-json\/wp\/v2\/media\/102535"}],"wp:attachment":[{"href":"https:\/\/valerie-lacroix-immobilier.com\/en\/wp-json\/wp\/v2\/media?parent=102524"}],"curies":[{"name":"wp","href":"https:\/\/api.w.org\/{rel}","templated":true}]}}