{"id":19,"date":"2025-07-09T20:57:53","date_gmt":"2025-07-09T18:57:53","guid":{"rendered":"https:\/\/valerie-lacroix-immobilier.com\/single-location\/"},"modified":"2026-03-23T18:21:52","modified_gmt":"2026-03-23T17:21:52","slug":"les-biens-classes-par-ville","status":"publish","type":"page","link":"https:\/\/valerie-lacroix-immobilier.com\/en\/les-biens-classes-par-ville\/","title":{"rendered":"Les biens class\u00e9s par ville"},"content":{"rendered":"<p>[et_pb_section fb_built=&#8221;1&#8243; fullwidth=&#8221;on&#8221; _builder_version=&#8221;4.27.4&#8243; _module_preset=&#8221;default&#8221; global_colors_info=&#8221;{}&#8221;][et_pb_fullwidth_header title=&#8221;@ET-DC@eyJkeW5hbWljIjp0cnVlLCJjb250ZW50IjoicG9zdF90aXRsZSIsInNldHRpbmdzIjp7ImJlZm9yZSI6IiIsImFmdGVyIjoiIn19@&#8221; text_orientation=&#8221;center&#8221; header_scroll_down=&#8221;on&#8221; scroll_down_icon=&#8221;%%1%%&#8221; scroll_down_icon_color=&#8221;#FFFFFF&#8221; scroll_down_icon_size=&#8221;3rem&#8221; scroll_down_icon_size_tablet=&#8221;2rem&#8221; scroll_down_icon_size_phone=&#8221;2rem&#8221; scroll_down_icon_size_last_edited=&#8221;on|tablet&#8221; _builder_version=&#8221;4.27.4&#8243; _dynamic_attributes=&#8221;title&#8221; _module_preset=&#8221;default&#8221; title_font_size=&#8221;2.5rem&#8221; background_enable_color=&#8221;off&#8221; background_image=&#8221;https:\/\/valerie-lacroix-immobilier.com\/wp-content\/uploads\/2025\/07\/bandeau-valerie-lacroix-immobilier.webp&#8221; custom_padding=&#8221;15vh||10vh||false|false&#8221; custom_padding_tablet=&#8221;10vh||5vh||false|false&#8221; custom_padding_phone=&#8221;10vh||5vh||false|false&#8221; custom_padding_last_edited=&#8221;on|phone&#8221; title_font_size_tablet=&#8221;2rem&#8221; title_font_size_phone=&#8221;2rem&#8221; title_font_size_last_edited=&#8221;on|phone&#8221; custom_css_free_form=&#8221;.selector .et_pb_fullwidth_header_scroll {||  animation: scrollAnimation 2s infinite;||}||||@keyframes scrollAnimation {||  0% {||    transform: translateY(0);||  }||  50% {||    transform: translateY(10px);||  }||  100% {||    transform: translateY(0);||  }||}&#8221; global_colors_info=&#8221;{}&#8221;][\/et_pb_fullwidth_header][\/et_pb_section][et_pb_section fb_built=&#8221;1&#8243; _builder_version=&#8221;4.27.6&#8243; custom_padding=&#8221;2vh||2vh||true|false&#8221; global_colors_info=&#8221;{}&#8221;][et_pb_row _builder_version=&#8221;4.16&#8243; background_size=&#8221;initial&#8221; background_position=&#8221;top_left&#8221; background_repeat=&#8221;repeat&#8221; global_colors_info=&#8221;{}&#8221;][et_pb_column type=&#8221;4_4&#8243; _builder_version=&#8221;4.16&#8243; custom_padding=&#8221;|||&#8221; global_colors_info=&#8221;{}&#8221; custom_padding__hover=&#8221;|||&#8221;][et_pb_text _builder_version=&#8221;4.27.6&#8243; background_size=&#8221;initial&#8221; background_position=&#8221;top_left&#8221; background_repeat=&#8221;repeat&#8221; hover_enabled=&#8221;0&#8243; global_colors_info=&#8221;{}&#8221; sticky_enabled=&#8221;0&#8243;]<\/p>\n<!-- directorist-shortcode:: [ directorist_location] -->\n<div class=\"directorist-archive-contents directorist-contents-wrap directorist-w-100 directorist-instant-search\"data-atts=\"{&quot;orderby&quot;:&quot;date&quot;,&quot;order&quot;:&quot;desc&quot;,&quot;listings_per_page&quot;:&quot;100&quot;,&quot;location&quot;:&quot;&quot;,&quot;shortcode&quot;:&quot;directorist_location&quot;,&quot;_current_page&quot;:&quot;listing&quot;}\">\n    <div class=\"directorist-archive-contents__top\">\n        \n        \n<div class=\"directorist-header-bar\">\n    <div class=\"directorist-container-fluid\">\n        <div class=\"directorist-listings-header\">\n\n            \n                <div class=\"directorist-listings-header__left\">\n\n                    \n                    <span class=\"directorist-header-found-title\"><span>26<\/span> Biens trouv\u00e9s<\/span>                <\/div>\n\n            \n            \n                <div class=\"directorist-listings-header__right\">\n                    \n<div class=\"directorist-viewas\">\n    <!-- Archive sidebar offcanvas toggle -->\n        \n        <a class=\"directorist-viewas__item directorist-viewas__item--grid active\" href=\"\/en\/wp-json\/wp\/v2\/pages\/19?view=grid\" aria-label=\"grid view\">\n                            <i class=\"directorist-icon-mask\" aria-hidden=\"true\" style=\"--directorist-icon: url(https:\/\/valerie-lacroix-immobilier.com\/wp-content\/plugins\/directorist\/assets\/icons\/font-awesome\/svgs\/solid\/grip-horizontal.svg)\"><\/i>                    <\/a>\n    \n        <a class=\"directorist-viewas__item directorist-viewas__item--list \" href=\"\/en\/wp-json\/wp\/v2\/pages\/19?view=list\" aria-label=\"list view\">\n                            <i class=\"directorist-icon-mask\" aria-hidden=\"true\" style=\"--directorist-icon: url(https:\/\/valerie-lacroix-immobilier.com\/wp-content\/plugins\/directorist\/assets\/icons\/font-awesome\/svgs\/solid\/list.svg)\"><\/i>                    <\/a>\n    <\/div>                <\/div>\n\n            \n        <\/div>\n    <\/div>\n<\/div>\n\n<div class=\"directorist-search-modal directorist-search-modal--full\">\n    <div class=\"directorist-search-modal__overlay\"><\/div>\n    <div class=\"directorist-search-modal__contents directorist-archive-adv-filter directorist-advanced-filter\">\n        <form action=\"https:\/\/valerie-lacroix-immobilier.com\/en\" class=\"directorist-advanced-filter__form\">\n            <div class=\"directorist-search-modal__contents__header\">\n                <h3 class=\"directorist-search-modal__contents__title\">More Filters<\/h3>\n                <button class=\"directorist-search-modal__contents__btn directorist-search-modal__contents__btn--close\">\n                    <i class=\"directorist-icon-mask\" aria-hidden=\"true\" style=\"--directorist-icon: url(https:\/\/valerie-lacroix-immobilier.com\/wp-content\/plugins\/directorist\/assets\/icons\/font-awesome\/svgs\/solid\/times.svg)\"><\/i>                <\/button>\n                <span class=\"directorist-search-modal__minimizer\"><\/span>\n            <\/div>\n\n            <div class=\"directorist-search-modal__contents__body\">\n                <input type=\"hidden\" name='directory_type' value='lesbiens'>\n                <div class=\"directorist-advanced-filter__basic\">\n                                            <div class=\"directorist-advanced-filter__basic__element\">\n<div class=\"directorist-search-field directorist-form-group directorist-search-query input-has-noLabel\">\n\n    \n    <input class=\"directorist-form-element directorist-search-field__input\" id=\"\" type=\"text\" name=\"q\" value=\"\" placeholder=\"Enter Keyword...\" >\n\n    <div class=\"directorist-search-field__btn directorist-search-field__btn--clear\">\n        <i class=\"directorist-icon-mask\" aria-hidden=\"true\" style=\"--directorist-icon: url(https:\/\/valerie-lacroix-immobilier.com\/wp-content\/plugins\/directorist\/assets\/icons\/font-awesome\/svgs\/solid\/times-circle.svg)\"><\/i>    <\/div>\n\n<\/div><\/div>\n                                            <div class=\"directorist-advanced-filter__basic__element\"><div class=\"directorist-search-field directorist-form-group input-has-noLabel\">\n    <div class=\"directorist-select directorist-search-category directorist-search-field__input\">\n\n        \n        <select name=\"in_cat\" class=\"directory_field bdas-category-search directorist-category-select\" data-placeholder=\"Category\"  data-isSearch=\"true\" data-selected-id=\"\" data-selected-label=\"\">\n            <option value=\"\">Category<\/option><option data-icon=\"https:\/\/valerie-lacroix-immobilier.com\/wp-content\/plugins\/directorist\/assets\/icons\/font-awesome\/svgs\/regular\/arrow-alt-circle-right.svg\" data-custom-field=\"\" value=\"88\">COMPROMIS EN COURS<\/option><option data-icon=\"https:\/\/valerie-lacroix-immobilier.com\/wp-content\/plugins\/directorist\/assets\/icons\/font-awesome\/svgs\/regular\/arrow-alt-circle-right.svg\" data-custom-field=\"\" value=\"91\">BIEN EN EXCLUSIVIT\u00c9<\/option><option data-icon=\"https:\/\/valerie-lacroix-immobilier.com\/wp-content\/plugins\/directorist\/assets\/icons\/font-awesome\/svgs\/solid\/warehouse.svg\" data-custom-field=\"\" value=\"25\">MAISONS<\/option><option data-icon=\"https:\/\/valerie-lacroix-immobilier.com\/wp-content\/plugins\/directorist\/assets\/icons\/font-awesome\/svgs\/regular\/building.svg\" data-custom-field=\"\" value=\"24\">APPARTEMENTS<\/option><option data-icon=\"https:\/\/valerie-lacroix-immobilier.com\/wp-content\/plugins\/directorist\/assets\/icons\/font-awesome\/svgs\/regular\/building.svg\" data-custom-field=\"\" value=\"82\">IMMEUBLE<\/option><option data-icon=\"https:\/\/valerie-lacroix-immobilier.com\/wp-content\/plugins\/directorist\/assets\/icons\/font-awesome\/svgs\/brands\/sourcetree.svg\" data-custom-field=\"\" value=\"74\">TERRAINS<\/option><option data-icon=\"https:\/\/valerie-lacroix-immobilier.com\/wp-content\/plugins\/directorist\/assets\/icons\/font-awesome\/svgs\/solid\/laptop-house.svg\" data-custom-field=\"\" value=\"76\">BUREAUX<\/option><option data-icon=\"https:\/\/valerie-lacroix-immobilier.com\/wp-content\/plugins\/directorist\/assets\/icons\/font-awesome\/svgs\/solid\/hourglass-start.svg\" data-custom-field=\"\" value=\"78\">SOUS COMPROMIS<\/option><option data-icon=\"https:\/\/valerie-lacroix-immobilier.com\/wp-content\/plugins\/directorist\/assets\/icons\/font-awesome\/svgs\/solid\/business-time.svg\" data-custom-field=\"\" value=\"79\">SOUS OFFRE<\/option><option data-icon=\"https:\/\/valerie-lacroix-immobilier.com\/wp-content\/plugins\/directorist\/assets\/icons\/font-awesome\/svgs\/regular\/check-circle.svg\" data-custom-field=\"\" value=\"73\">VENDU<\/option>        <\/select>\n\n    <\/div>\n    <div class=\"directorist-search-field__btn directorist-search-field__btn--clear\">\n        <i class=\"directorist-icon-mask\" aria-hidden=\"true\" style=\"--directorist-icon: url(https:\/\/valerie-lacroix-immobilier.com\/wp-content\/plugins\/directorist\/assets\/icons\/font-awesome\/svgs\/solid\/times-circle.svg)\"><\/i> \n    <\/div>\n<\/div><\/div>\n                                            <div class=\"directorist-advanced-filter__basic__element\">\n    <div class=\"directorist-search-field directorist-form-group directorist-search-location directorist-icon-right input-has-noLabel\">\n                <span class=\"directorist-input-icon directorist-filter-location-icon\"><i class=\"directorist-icon-mask\" aria-hidden=\"true\" style=\"--directorist-icon: url(https:\/\/valerie-lacroix-immobilier.com\/wp-content\/plugins\/directorist\/assets\/icons\/font-awesome\/svgs\/solid\/crosshairs.svg)\"><\/i><\/span>\n        <input type=\"text\" name=\"address\" id=\"addressId\" value=\"\" placeholder=\"Location\" autocomplete=\"off\" class=\"directorist-form-element directorist-location-js location-name directorist-search-field__input\" >\n\n        <div class=\"address_result location-names\" style=\"display: none\"><\/div>\n        <input type=\"hidden\" id=\"cityLat\" name=\"cityLat\" value=\"\" \/>\n        <input type=\"hidden\" id=\"cityLng\" name=\"cityLng\" value=\"\" \/>\n\n        <div class=\"directorist-search-field__btn directorist-search-field__btn--clear\">\n            <i class=\"directorist-icon-mask\" aria-hidden=\"true\" style=\"--directorist-icon: url(https:\/\/valerie-lacroix-immobilier.com\/wp-content\/plugins\/directorist\/assets\/icons\/font-awesome\/svgs\/solid\/times-circle.svg)\"><\/i> \n        <\/div>\n    <\/div>\n\n    <\/div>\n                                    <\/div>\n\n                <div class=\"directorist-advanced-filter__advanced\">\n                                            <div class=\"directorist-advanced-filter__advanced__element directorist-search-field-pricing\">\n<div class=\"directorist-search-field directorist-search-form-dropdown directorist-form-group input-has-noLabel\">\n    <div class=\"directorist-search-basic-dropdown directorist-search-field__input\">\n                    <label class=\"directorist-search-field__label directorist-search-basic-dropdown-label\">\n                Pricing                <i class=\"directorist-icon-mask\" aria-hidden=\"true\" style=\"--directorist-icon: url(https:\/\/valerie-lacroix-immobilier.com\/wp-content\/plugins\/directorist\/assets\/icons\/font-awesome\/svgs\/solid\/chevron-down.svg)\"><\/i> \n            <\/label>\n                <div class=\"directorist-search-basic-dropdown-content\">\n            <div class=\"directorist-price-ranges\">\n\n            \n                <div class=\"directorist-price-ranges__item directorist-form-group\">\n                                            <label class=\"directorist-price-ranges__label\" for=\"pricing-slider-range__input-values__min\">Min<\/label>\n                                        <span class=\"directorist-price-ranges__currency\">&euro;<\/span>\n                    <input type=\"number\" name=\"price[0]\" class=\"directorist-form-element pricing-slider-range__input-values__min\" id=\"pricing-slider-range__input-values__min\" placeholder=\"\" value=\"\" min=\"0\">\n                <\/div>\n                <div class=\"directorist-price-ranges__item directorist-form-group\">\n                                            <label class=\"directorist-price-ranges__label\" for=\"pricing-slider-range__input-values__max\">Max<\/label>\n                                        <span class=\"directorist-price-ranges__currency\">&euro;<\/span>\n                    <input type=\"number\" name=\"price[1]\" class=\"directorist-form-element pricing-slider-range__input-values__max\" id=\"pricing-slider-range__input-values__max\" placeholder=\"\" value=\"\" min=\"0\">\n                <\/div>\n\n            \n            \n            <\/div>\n        <\/div>\n    <\/div>\n    <div class=\"directorist-search-field__btn directorist-search-field__btn--clear\">\n        <i class=\"directorist-icon-mask\" aria-hidden=\"true\" style=\"--directorist-icon: url(https:\/\/valerie-lacroix-immobilier.com\/wp-content\/plugins\/directorist\/assets\/icons\/font-awesome\/svgs\/solid\/times-circle.svg)\"><\/i> \n    <\/div>\n\n<\/div><\/div>\n                                            <div class=\"directorist-advanced-filter__advanced__element directorist-search-field-radius_search\">\n<div class=\"directorist-search-field directorist-form-group directorist-search-field-radius_search \">\n            <label class=\"directorist-search-field__label\">Radius Search<\/label>\n        <div class=\"directorist-custom-range-slider\">\n        <div class=\"directorist-custom-range-slider__range__wrap\">\n            <span class=\"directorist-custom-range-slider__range__show\"><\/span>\n            <span>Miles<\/span>\n        <\/div>\n        <div class=\"directorist-custom-range-slider__slide\" default-value=\"0\" max-value=\"1000\" min-value=\"0\"><\/div>\n        <div class=\"directorist-custom-range-slider__wrap\">\n            <input type=\"hidden\" name=\"radius-search-based-on\" value=\"address\" class=\"directorist-radius_search_based_on\">\n            <input type=\"hidden\" placeholder=\"Min\" value=\"0\" class=\"directorist-custom-range-slider__radius directorist-custom-range-slider__value__min\">\n            <input type=\"hidden\" placeholder=\"Max\" value=\"1000\" class=\"directorist-custom-range-slider__radius directorist-custom-range-slider__value__max\">\n            <input type=\"hidden\" name=\"miles\" class=\"directorist-custom-range-slider__range\" value=\"0-1000\">\n        <\/div>\n    <\/div>\n\n<\/div><\/div>\n                                            <div class=\"directorist-advanced-filter__advanced__element directorist-search-field-checkbox\">\n<div class=\"directorist-search-field directorist-search-form-dropdown directorist-form-group\">\n    <div class=\"directorist-search-basic-dropdown directorist-search-field__input\">\n                <div class=\"directorist-search-basic-dropdown-content\">\n            <div class=\"directorist-flex directorist-flex-wrap directorist-checkbox-wrapper\">\n\n                \n                        <div class=\"directorist-checkbox directorist-checkbox-primary\">\n                            <input  type=\"checkbox\" id=\"Climatisation -979167624\" name=\"custom_field[custom-checkbox][]\" value=\"Climatisation \">\n                            <label class=\"directorist-checkbox__label\" for=\"Climatisation -979167624\">Climatisation <\/label>\n                        <\/div>\n\n                        \n                        <div class=\"directorist-checkbox directorist-checkbox-primary\">\n                            <input  type=\"checkbox\" id=\"\u00c9lectrique-3801431592\" name=\"custom_field[custom-checkbox][]\" value=\"\u00c9lectrique\">\n                            <label class=\"directorist-checkbox__label\" for=\"\u00c9lectrique-3801431592\">\u00c9lectrique<\/label>\n                        <\/div>\n\n                        \n                        <div class=\"directorist-checkbox directorist-checkbox-primary\">\n                            <input  type=\"checkbox\" id=\"Gaz -691758814\" name=\"custom_field[custom-checkbox][]\" value=\"Gaz \">\n                            <label class=\"directorist-checkbox__label\" for=\"Gaz -691758814\">Gaz<\/label>\n                        <\/div>\n\n                        \n            <\/div>\n        <\/div>\n    <\/div>\n    <div class=\"directorist-search-field__btn directorist-search-field__btn--clear\">\n        <i class=\"directorist-icon-mask\" aria-hidden=\"true\" style=\"--directorist-icon: url(https:\/\/valerie-lacroix-immobilier.com\/wp-content\/plugins\/directorist\/assets\/icons\/font-awesome\/svgs\/solid\/times-circle.svg)\"><\/i> \n    <\/div>\n\n<\/div><\/div>\n                                            <div class=\"directorist-advanced-filter__advanced__element directorist-search-field-number\">\n<div class=\"directorist-search-field directorist-form-group\">\n            <label class=\"directorist-search-field__label\">Beds<\/label>\n        \n    <div class=\"directorist-form-group__with-prefix\">\n        \n        <input class=\"directorist-form-element directorist-search-field__input\" type=\"number\" name=\"custom_field[custom-number-2]\" value=\"\" placeholder=\"Beds\" step=\"1\" min=\"0\" >\n\n            <\/div>\n\n    <div class=\"directorist-search-field__btn directorist-search-field__btn--clear\">\n        <i class=\"directorist-icon-mask\" aria-hidden=\"true\" style=\"--directorist-icon: url(https:\/\/valerie-lacroix-immobilier.com\/wp-content\/plugins\/directorist\/assets\/icons\/font-awesome\/svgs\/solid\/times-circle.svg)\"><\/i> \n    <\/div>\n\n<\/div><\/div>\n                                            <div class=\"directorist-advanced-filter__advanced__element directorist-search-field-number\">\n<div class=\"directorist-search-field directorist-form-group\">\n            <label class=\"directorist-search-field__label\">Baths<\/label>\n        \n    <div class=\"directorist-form-group__with-prefix\">\n        \n        <input class=\"directorist-form-element directorist-search-field__input\" type=\"number\" name=\"custom_field[custom-number-3]\" value=\"\" placeholder=\"Baths\" step=\"1\" min=\"0\" >\n\n            <\/div>\n\n    <div class=\"directorist-search-field__btn directorist-search-field__btn--clear\">\n        <i class=\"directorist-icon-mask\" aria-hidden=\"true\" style=\"--directorist-icon: url(https:\/\/valerie-lacroix-immobilier.com\/wp-content\/plugins\/directorist\/assets\/icons\/font-awesome\/svgs\/solid\/times-circle.svg)\"><\/i> \n    <\/div>\n\n<\/div><\/div>\n                                    <\/div>\n            <\/div>\n\n            <div class=\"directorist-search-modal__contents__footer\">\n                \n<div class=\"directorist-advanced-filter__action directorist-flex directorist-align-center directorist-justify-content-between flex-wrap\">\n\n            <button type=\"submit\" class=\"directorist-btn directorist-btn-sm directorist-btn-submit\">Rechercher<\/button>\n    \n            <button type=\"submit\" class=\"directorist-btn-reset-js\">Recommencer<\/button>\n    \n<\/div>            <\/div>\n        <\/form>\n    <\/div>\n<\/div>    <\/div>\n    <div class=\"directorist-archive-contents__listings\">\n        \n<div class=\"directorist-archive-items directorist-archive-grid-view \">\n    <div class=\"directorist-container-fluid\">\n\n        \n        \n            <div class=\" directorist-row\">\n\n                        <div class=\"directorist-col-4\">\n                \n<article class=\"directorist-listing-single directorist-listing-single--bg directorist-listing-card directorist-listing-has-thumb \">\n\n    <div class=\"directorist-listing-single__thumb\">\n\n        <div class=\"directorist-thumnail-card directorist-card-cover\" style=\"height: 260px\"><div class=\"directorist-thumnail-card-front-wrap\"><div class=\"directorist-swiper directorist-swiper-listing\" data-sw-items=\"1\" data-sw-margin=\"2\" data-sw-loop=\"true\" data-sw-perslide=\"1\" data-sw-speed=\"500\" data-sw-autoplay=\"false\" data-sw-responsive=\"{}\">\n\t\t\t\t\t<div class=\"swiper-wrapper\"><div class=\"swiper-slide\"><a href=\"https:\/\/valerie-lacroix-immobilier.com\/en\/annonce\/duplex-6-pieces-avec-terrasse-bordeaux\/\"><figure><img decoding=\"async\" src=\"https:\/\/valerie-lacroix-immobilier.com\/wp-content\/uploads\/2026\/07\/1-Salon-sejour-Vue-quai-Duplex-Bordeaux-Chartons_1-1024x768.webp\" alt=\"salon s\u00e9jour\" class=\"directorist-thumnail-card-front-img\" \/><\/figure><\/a><\/div><div class=\"swiper-slide\"><a href=\"https:\/\/valerie-lacroix-immobilier.com\/en\/annonce\/duplex-6-pieces-avec-terrasse-bordeaux\/\"><figure><img decoding=\"async\" src=\"https:\/\/valerie-lacroix-immobilier.com\/wp-content\/uploads\/2026\/07\/2-Salon-sejour-Duplex-Bordeaux-Chartrons_2-1024x768.webp\" alt=\"salon s\u00e9jour\" class=\"directorist-thumnail-card-front-img\" \/><\/figure><\/a><\/div><div class=\"swiper-slide\"><a href=\"https:\/\/valerie-lacroix-immobilier.com\/en\/annonce\/duplex-6-pieces-avec-terrasse-bordeaux\/\"><figure><img decoding=\"async\" src=\"https:\/\/valerie-lacroix-immobilier.com\/wp-content\/uploads\/2026\/07\/3-Vue-quai-Duplex-Bordeaux-Chartrons_3_11zon_11zon-1024x768.webp\" alt=\"balcon vue quai duplex\" class=\"directorist-thumnail-card-front-img\" \/><\/figure><\/a><\/div><div class=\"swiper-slide\"><a href=\"https:\/\/valerie-lacroix-immobilier.com\/en\/annonce\/duplex-6-pieces-avec-terrasse-bordeaux\/\"><figure><img decoding=\"async\" src=\"https:\/\/valerie-lacroix-immobilier.com\/wp-content\/uploads\/2026\/07\/4-Entree-degament-Duplex-Bordeaux-Chartrons_4-1024x768.webp\" alt=\"entr\u00e9e d\u00e9gagement duplex\" class=\"directorist-thumnail-card-front-img\" \/><\/figure><\/a><\/div><div class=\"swiper-slide\"><a href=\"https:\/\/valerie-lacroix-immobilier.com\/en\/annonce\/duplex-6-pieces-avec-terrasse-bordeaux\/\"><figure><img decoding=\"async\" src=\"https:\/\/valerie-lacroix-immobilier.com\/wp-content\/uploads\/2026\/07\/5-Cuisine-Duplex-Bordeaux-Chartrons_5_11zon_11zon-1024x768.webp\" alt=\"cuisine duplex\" class=\"directorist-thumnail-card-front-img\" \/><\/figure><\/a><\/div><div class=\"swiper-slide\"><a href=\"https:\/\/valerie-lacroix-immobilier.com\/en\/annonce\/duplex-6-pieces-avec-terrasse-bordeaux\/\"><figure><img decoding=\"async\" src=\"https:\/\/valerie-lacroix-immobilier.com\/wp-content\/uploads\/2026\/07\/6-Escalier-Duplex-Bordeaux-Chartrons_6_11zon_11zon-1024x768.webp\" alt=\"escalier duplex\" class=\"directorist-thumnail-card-front-img\" \/><\/figure><\/a><\/div><div class=\"swiper-slide\"><a href=\"https:\/\/valerie-lacroix-immobilier.com\/en\/annonce\/duplex-6-pieces-avec-terrasse-bordeaux\/\"><figure><img decoding=\"async\" src=\"https:\/\/valerie-lacroix-immobilier.com\/wp-content\/uploads\/2026\/07\/7-Chambre-Duplex-Bordeaux-Chartrons_7_11zon_11zon-1024x768.webp\" alt=\"chambre duplex\" class=\"directorist-thumnail-card-front-img\" \/><\/figure><\/a><\/div><div class=\"swiper-slide\"><a href=\"https:\/\/valerie-lacroix-immobilier.com\/en\/annonce\/duplex-6-pieces-avec-terrasse-bordeaux\/\"><figure><img decoding=\"async\" src=\"https:\/\/valerie-lacroix-immobilier.com\/wp-content\/uploads\/2026\/07\/9-Terrasse-Duplex-Chartrons_9_11zon_11zon-1024x768.webp\" alt=\"terrasse duplex\" class=\"directorist-thumnail-card-front-img\" \/><\/figure><\/a><\/div><div class=\"swiper-slide\"><a href=\"https:\/\/valerie-lacroix-immobilier.com\/en\/annonce\/duplex-6-pieces-avec-terrasse-bordeaux\/\"><figure><img decoding=\"async\" src=\"https:\/\/valerie-lacroix-immobilier.com\/wp-content\/uploads\/2026\/07\/10-Salle-de-jeux-Duplex-Bordeaux-Chartrons_10_11zon_11zon-1024x768.webp\" alt=\"salle de jeux duplex\" class=\"directorist-thumnail-card-front-img\" \/><\/figure><\/a><\/div><\/div>\n\t\t\t\t\t<div class=\"directorist-swiper__navigation\">\n\t\t\t\t\t\t<div class=\"directorist-swiper__nav directorist-swiper__nav--prev directorist-swiper__nav--prev-listing\"><i class=\"directorist-icon-mask\" aria-hidden=\"true\" style=\"--directorist-icon: url(https:\/\/valerie-lacroix-immobilier.com\/wp-content\/plugins\/directorist\/assets\/icons\/line-awesome\/svgs\/angle-left-solid.svg)\"><\/i><\/div>\n\t\t\t\t\t\t<div class=\"directorist-swiper__nav directorist-swiper__nav--next directorist-swiper__nav--next-listing\"><i class=\"directorist-icon-mask\" aria-hidden=\"true\" style=\"--directorist-icon: url(https:\/\/valerie-lacroix-immobilier.com\/wp-content\/plugins\/directorist\/assets\/icons\/line-awesome\/svgs\/angle-right-solid.svg)\"><\/i><\/div>\n\t\t\t\t\t<\/div>\n\n\t\t\t\t\t<div class=\"directorist-swiper__pagination directorist-swiper__pagination--listing\"><\/div>\n\t\t\t\t<\/div><\/div><\/div>\n        <div class=\"directorist-thumb-top-left\"><\/div>\n        <div class=\"directorist-thumb-top-right\"><\/div>\n        <div class=\"directorist-thumb-bottom-left\"><\/div>\n        <div class=\"directorist-thumb-bottom-right\"><\/div>\n\n    <\/div>\n\n    <div class=\"directorist-listing-single__content\">\n        <section class=\"directorist-listing-single__info\">\n\n            \n            <header class=\"directorist-listing-single__info__top\">\n                \n<h2 class=\"directorist-listing-title\"><a href=\"https:\/\/valerie-lacroix-immobilier.com\/en\/annonce\/duplex-6-pieces-avec-terrasse-bordeaux\/\">Duplex 6 pi\u00e8ces avec terrasse &#8211; BORDEAUX LES CHARTRONS<\/a><\/h2>\n\n\n<span class=\"directorist-info-item directorist-pricing-meta\">\n    \n<span class=\"directorist-listing-price\">840 000 \u20ac<\/span><\/span>            <\/header>\n\n            \n            <ul class=\"directorist-listing-single__info__list\">\n                \n<li class=\"directorist-listing-card-text\"><i class=\"directorist-icon-mask\" aria-hidden=\"true\" style=\"--directorist-icon: url(https:\/\/valerie-lacroix-immobilier.com\/wp-content\/plugins\/directorist\/assets\/icons\/line-awesome\/svgs\/ruler-combined-solid.svg)\"><\/i>Surface Carrez : 202 m2<\/li>\n<li class=\"directorist-listing-card-text\"><i class=\"directorist-icon-mask\" aria-hidden=\"true\" style=\"--directorist-icon: url(https:\/\/valerie-lacroix-immobilier.com\/wp-content\/plugins\/directorist\/assets\/icons\/line-awesome\/svgs\/bed-solid.svg)\"><\/i>Nombre de chambre(s) : 3<\/li>\n<li class=\"directorist-listing-card-number\"><i class=\"directorist-icon-mask\" aria-hidden=\"true\" style=\"--directorist-icon: url(https:\/\/valerie-lacroix-immobilier.com\/wp-content\/plugins\/directorist\/assets\/icons\/line-awesome\/svgs\/door-open-solid.svg)\"><\/i>Nombre de pi\u00e8ces : 6<\/li>            <\/ul>\n\n            \n            \n            \n                    <\/section>\n\n        <footer class=\"directorist-listing-single__meta\">\n            <div class=\"directorist-listing-single__meta__left\">\n<div class=\"directorist-listing-category\">\n            <a href=\"https:\/\/valerie-lacroix-immobilier.com\/en\/categorie\/1-appartement\/?directory_type=lesbiens\"><i class=\"directorist-icon-mask\" aria-hidden=\"true\" style=\"--directorist-icon: url(https:\/\/valerie-lacroix-immobilier.com\/wp-content\/plugins\/directorist\/assets\/icons\/font-awesome\/svgs\/regular\/building.svg)\"><\/i>APPARTEMENTS<\/a>\n        <\/div>\n<\/div>\n            <div class=\"directorist-listing-single__meta__right\"><\/div>\n        <\/footer>\n    <\/div>\n\n<\/article>            <\/div>\n                        <div class=\"directorist-col-4\">\n                \n<article class=\"directorist-listing-single directorist-listing-single--bg directorist-listing-card directorist-listing-has-thumb \">\n\n    <div class=\"directorist-listing-single__thumb\">\n\n        <div class=\"directorist-thumnail-card directorist-card-cover\" style=\"height: 260px\"><div class=\"directorist-thumnail-card-front-wrap\"><div class=\"directorist-swiper directorist-swiper-listing\" data-sw-items=\"1\" data-sw-margin=\"2\" data-sw-loop=\"true\" data-sw-perslide=\"1\" data-sw-speed=\"500\" data-sw-autoplay=\"false\" data-sw-responsive=\"{}\">\n\t\t\t\t\t<div class=\"swiper-wrapper\"><div class=\"swiper-slide\"><a href=\"https:\/\/valerie-lacroix-immobilier.com\/en\/annonce\/appartement-3-piece-arcachon\/\"><figure><img decoding=\"async\" src=\"https:\/\/valerie-lacroix-immobilier.com\/wp-content\/uploads\/2026\/02\/1-T3-Arcachon-vue-Jetee-Thiers_2_1-1024x818.webp\" alt=\"1-T3 Arcachon vue Jete\u0301e Thiers_2_1\" class=\"directorist-thumnail-card-front-img\" \/><\/figure><\/a><\/div><div class=\"swiper-slide\"><a href=\"https:\/\/valerie-lacroix-immobilier.com\/en\/annonce\/appartement-3-piece-arcachon\/\"><figure><img decoding=\"async\" src=\"https:\/\/valerie-lacroix-immobilier.com\/wp-content\/uploads\/2026\/02\/3-T3-Arcachon-vue-Jetee-Thiers-vue-depuis-cuisine_1_3-1024x768.webp\" alt=\"3-T3 Arcachon vue Jete\u0301e Thiers-vue depuis cuisine_1_3\" class=\"directorist-thumnail-card-front-img\" \/><\/figure><\/a><\/div><div class=\"swiper-slide\"><a href=\"https:\/\/valerie-lacroix-immobilier.com\/en\/annonce\/appartement-3-piece-arcachon\/\"><figure><img decoding=\"async\" src=\"https:\/\/valerie-lacroix-immobilier.com\/wp-content\/uploads\/2026\/02\/4-T3-Arcachon-vue-jetee-Thiers-Salon-2_4_4-1024x768.webp\" alt=\"4-T3 Arcachon vue jete\u0301e Thiers-Salon 2_4_4\" class=\"directorist-thumnail-card-front-img\" \/><\/figure><\/a><\/div><div class=\"swiper-slide\"><a href=\"https:\/\/valerie-lacroix-immobilier.com\/en\/annonce\/appartement-3-piece-arcachon\/\"><figure><img decoding=\"async\" src=\"https:\/\/valerie-lacroix-immobilier.com\/wp-content\/uploads\/2026\/02\/5-T3-Arcachon-vue-Jetee-Thiers-Cuisine-2_5_5-1024x768.webp\" alt=\"5-T3 Arcachon vue Jete\u0301e Thiers-Cuisine 2_5_5\" class=\"directorist-thumnail-card-front-img\" \/><\/figure><\/a><\/div><div class=\"swiper-slide\"><a href=\"https:\/\/valerie-lacroix-immobilier.com\/en\/annonce\/appartement-3-piece-arcachon\/\"><figure><img decoding=\"async\" src=\"https:\/\/valerie-lacroix-immobilier.com\/wp-content\/uploads\/2026\/02\/6-T3-Arcachon-vue-Jetee-Thiers-Cuisine-1_6_6-1024x768.webp\" alt=\"6-T3 Arcachon vue Jete\u0301e Thiers-Cuisine 1_6_6\" class=\"directorist-thumnail-card-front-img\" \/><\/figure><\/a><\/div><div class=\"swiper-slide\"><a href=\"https:\/\/valerie-lacroix-immobilier.com\/en\/annonce\/appartement-3-piece-arcachon\/\"><figure><img decoding=\"async\" src=\"https:\/\/valerie-lacroix-immobilier.com\/wp-content\/uploads\/2026\/02\/7-T3-Arcachon-vue-Jetee-Thiers-Terrasse_7_7-1024x768.webp\" alt=\"7-T3 Arcachon vue Jete\u0301e Thiers-Terrasse_7_7\" class=\"directorist-thumnail-card-front-img\" \/><\/figure><\/a><\/div><div class=\"swiper-slide\"><a href=\"https:\/\/valerie-lacroix-immobilier.com\/en\/annonce\/appartement-3-piece-arcachon\/\"><figure><img decoding=\"async\" src=\"https:\/\/valerie-lacroix-immobilier.com\/wp-content\/uploads\/2026\/02\/8-T3-Arcachon-vue-Jetee-Thiers-Chambre-1_8_8-1024x768.webp\" alt=\"8-T3 Arcachon vue Jete\u0301e Thiers-Chambre 1_8_8\" class=\"directorist-thumnail-card-front-img\" \/><\/figure><\/a><\/div><div class=\"swiper-slide\"><a href=\"https:\/\/valerie-lacroix-immobilier.com\/en\/annonce\/appartement-3-piece-arcachon\/\"><figure><img decoding=\"async\" src=\"https:\/\/valerie-lacroix-immobilier.com\/wp-content\/uploads\/2026\/02\/9-T3-Arcachon-vue-Jetee-Thiers-Chambre-2_9_9-1024x768.webp\" alt=\"9-T3 Arcachon vue Jete\u0301e Thiers-Chambre 2_9_9\" class=\"directorist-thumnail-card-front-img\" \/><\/figure><\/a><\/div><div class=\"swiper-slide\"><a href=\"https:\/\/valerie-lacroix-immobilier.com\/en\/annonce\/appartement-3-piece-arcachon\/\"><figure><img decoding=\"async\" src=\"https:\/\/valerie-lacroix-immobilier.com\/wp-content\/uploads\/2026\/02\/10-T3-Arachon-vue-Jetee-Thiers-Salle-deau_10_10-1024x768.webp\" alt=\"10-T3 Arachon vue Jete\u0301e Thiers-Salle d\u2019eau_10_10\" class=\"directorist-thumnail-card-front-img\" \/><\/figure><\/a><\/div><\/div>\n\t\t\t\t\t<div class=\"directorist-swiper__navigation\">\n\t\t\t\t\t\t<div class=\"directorist-swiper__nav directorist-swiper__nav--prev directorist-swiper__nav--prev-listing\"><i class=\"directorist-icon-mask\" aria-hidden=\"true\" style=\"--directorist-icon: url(https:\/\/valerie-lacroix-immobilier.com\/wp-content\/plugins\/directorist\/assets\/icons\/line-awesome\/svgs\/angle-left-solid.svg)\"><\/i><\/div>\n\t\t\t\t\t\t<div class=\"directorist-swiper__nav directorist-swiper__nav--next directorist-swiper__nav--next-listing\"><i class=\"directorist-icon-mask\" aria-hidden=\"true\" style=\"--directorist-icon: url(https:\/\/valerie-lacroix-immobilier.com\/wp-content\/plugins\/directorist\/assets\/icons\/line-awesome\/svgs\/angle-right-solid.svg)\"><\/i><\/div>\n\t\t\t\t\t<\/div>\n\n\t\t\t\t\t<div class=\"directorist-swiper__pagination directorist-swiper__pagination--listing\"><\/div>\n\t\t\t\t<\/div><\/div><\/div>\n        <div class=\"directorist-thumb-top-left\"><\/div>\n        <div class=\"directorist-thumb-top-right\"><\/div>\n        <div class=\"directorist-thumb-bottom-left\"><\/div>\n        <div class=\"directorist-thumb-bottom-right\"><\/div>\n\n    <\/div>\n\n    <div class=\"directorist-listing-single__content\">\n        <section class=\"directorist-listing-single__info\">\n\n            \n            <header class=\"directorist-listing-single__info__top\">\n                \n<h2 class=\"directorist-listing-title\"><a href=\"https:\/\/valerie-lacroix-immobilier.com\/en\/annonce\/appartement-3-piece-arcachon\/\">Appartement 3 pi\u00e8ces &#8211; ARCACHON VILLE D&#8217;\u00c9T\u00c9<\/a><\/h2>\n\n\n<span class=\"directorist-info-item directorist-pricing-meta\">\n    \n<span class=\"directorist-listing-price\">930 000 \u20ac<\/span><\/span>            <\/header>\n\n            \n            <ul class=\"directorist-listing-single__info__list\">\n                \n<li class=\"directorist-listing-card-text\"><i class=\"directorist-icon-mask\" aria-hidden=\"true\" style=\"--directorist-icon: url(https:\/\/valerie-lacroix-immobilier.com\/wp-content\/plugins\/directorist\/assets\/icons\/line-awesome\/svgs\/ruler-combined-solid.svg)\"><\/i>Surface Carrez : 74 m\u00b2<\/li>\n<li class=\"directorist-listing-card-text\"><i class=\"directorist-icon-mask\" aria-hidden=\"true\" style=\"--directorist-icon: url(https:\/\/valerie-lacroix-immobilier.com\/wp-content\/plugins\/directorist\/assets\/icons\/line-awesome\/svgs\/bed-solid.svg)\"><\/i>Nombre de chambre(s) : 2<\/li>\n<li class=\"directorist-listing-card-number\"><i class=\"directorist-icon-mask\" aria-hidden=\"true\" style=\"--directorist-icon: url(https:\/\/valerie-lacroix-immobilier.com\/wp-content\/plugins\/directorist\/assets\/icons\/line-awesome\/svgs\/door-open-solid.svg)\"><\/i>Nombre de pi\u00e8ces : 3<\/li>            <\/ul>\n\n            \n            \n            \n                    <\/section>\n\n        <footer class=\"directorist-listing-single__meta\">\n            <div class=\"directorist-listing-single__meta__left\">\n<div class=\"directorist-listing-category\">\n            <a href=\"https:\/\/valerie-lacroix-immobilier.com\/en\/categorie\/1-appartement\/?directory_type=lesbiens\"><i class=\"directorist-icon-mask\" aria-hidden=\"true\" style=\"--directorist-icon: url(https:\/\/valerie-lacroix-immobilier.com\/wp-content\/plugins\/directorist\/assets\/icons\/font-awesome\/svgs\/regular\/building.svg)\"><\/i>APPARTEMENTS<\/a>\n        <\/div>\n<\/div>\n            <div class=\"directorist-listing-single__meta__right\"><\/div>\n        <\/footer>\n    <\/div>\n\n<\/article>            <\/div>\n                        <div class=\"directorist-col-4\">\n                \n<article class=\"directorist-listing-single directorist-listing-single--bg directorist-listing-card directorist-listing-has-thumb \">\n\n    <div class=\"directorist-listing-single__thumb\">\n\n        <div class=\"directorist-thumnail-card directorist-card-cover\" style=\"height: 260px\"><div class=\"directorist-thumnail-card-front-wrap\"><div class=\"directorist-swiper directorist-swiper-listing\" data-sw-items=\"1\" data-sw-margin=\"2\" data-sw-loop=\"true\" data-sw-perslide=\"1\" data-sw-speed=\"500\" data-sw-autoplay=\"false\" data-sw-responsive=\"{}\">\n\t\t\t\t\t<div class=\"swiper-wrapper\"><div class=\"swiper-slide\"><a href=\"https:\/\/valerie-lacroix-immobilier.com\/en\/annonce\/appartement-a-vendre-premiere-ligne-le-moulleau\/\"><figure><img decoding=\"async\" src=\"https:\/\/valerie-lacroix-immobilier.com\/wp-content\/uploads\/2026\/03\/1-Exterieur-T3-Arcachon-Le-Moulleau_2_2-768x1024.webp\" alt=\"balcon appartement premi\u00e8re ligne arcachon moulleau\" class=\"directorist-thumnail-card-front-img\" \/><\/figure><\/a><\/div><div class=\"swiper-slide\"><a href=\"https:\/\/valerie-lacroix-immobilier.com\/en\/annonce\/appartement-a-vendre-premiere-ligne-le-moulleau\/\"><figure><img decoding=\"async\" src=\"https:\/\/valerie-lacroix-immobilier.com\/wp-content\/uploads\/2026\/03\/2-Exterieur-residence-T3-Arcachon-Le-Moulleau_1_1-768x1024.webp\" alt=\"exterieur r\u00e9sidence premi\u00e8re ligne arcachon moulleau\" class=\"directorist-thumnail-card-front-img\" \/><\/figure><\/a><\/div><div class=\"swiper-slide\"><a href=\"https:\/\/valerie-lacroix-immobilier.com\/en\/annonce\/appartement-a-vendre-premiere-ligne-le-moulleau\/\"><figure><img decoding=\"async\" src=\"https:\/\/valerie-lacroix-immobilier.com\/wp-content\/uploads\/2026\/03\/3-Exterieur-residence-T3-Arcachon-Le-Moulleau_3_3-768x1024.webp\" alt=\"exterieur appartement premi\u00e8re ligne arcachon moulleau\" class=\"directorist-thumnail-card-front-img\" \/><\/figure><\/a><\/div><div class=\"swiper-slide\"><a href=\"https:\/\/valerie-lacroix-immobilier.com\/en\/annonce\/appartement-a-vendre-premiere-ligne-le-moulleau\/\"><figure><img decoding=\"async\" src=\"https:\/\/valerie-lacroix-immobilier.com\/wp-content\/uploads\/2026\/03\/4-Depuis-salon-T3-Arcachon-Le-Moulleau_4_11zon_4_11zon-768x1024.webp\" alt=\"vue depuis le salon appartement premi\u00e8re ligne arcachon\" class=\"directorist-thumnail-card-front-img\" \/><\/figure><\/a><\/div><div class=\"swiper-slide\"><a href=\"https:\/\/valerie-lacroix-immobilier.com\/en\/annonce\/appartement-a-vendre-premiere-ligne-le-moulleau\/\"><figure><img decoding=\"async\" src=\"https:\/\/valerie-lacroix-immobilier.com\/wp-content\/uploads\/2026\/03\/5-Exterieur-depuis-balcon-T3-Arcachon-Le-Moulleau_5_5-768x1024.webp\" alt=\"vue depuis le balcon T3 premi\u00e8re ligne arcachon\" class=\"directorist-thumnail-card-front-img\" \/><\/figure><\/a><\/div><div class=\"swiper-slide\"><a href=\"https:\/\/valerie-lacroix-immobilier.com\/en\/annonce\/appartement-a-vendre-premiere-ligne-le-moulleau\/\"><figure><img decoding=\"async\" src=\"https:\/\/valerie-lacroix-immobilier.com\/wp-content\/uploads\/2026\/03\/6-Interieur-T3-Arcachon-Le-Moulleau_6_6-768x1024.webp\" alt=\"int\u00e9rieur appartement arcachon\" class=\"directorist-thumnail-card-front-img\" \/><\/figure><\/a><\/div><div class=\"swiper-slide\"><a href=\"https:\/\/valerie-lacroix-immobilier.com\/en\/annonce\/appartement-a-vendre-premiere-ligne-le-moulleau\/\"><figure><img decoding=\"async\" src=\"https:\/\/valerie-lacroix-immobilier.com\/wp-content\/uploads\/2026\/03\/7-Cuisine-T3-Arcachon-Le-Moulleau-_7_11zon_7_11zon-768x1024.webp\" alt=\"cuisine appartement T3 arcachon vue sur mer\" class=\"directorist-thumnail-card-front-img\" \/><\/figure><\/a><\/div><div class=\"swiper-slide\"><a href=\"https:\/\/valerie-lacroix-immobilier.com\/en\/annonce\/appartement-a-vendre-premiere-ligne-le-moulleau\/\"><figure><img decoding=\"async\" src=\"https:\/\/valerie-lacroix-immobilier.com\/wp-content\/uploads\/2026\/03\/8-Degagement-T3-Arcachon-Le-Moulleau_8_8-768x1024.webp\" alt=\"appartement T3 arcachon\" class=\"directorist-thumnail-card-front-img\" \/><\/figure><\/a><\/div><div class=\"swiper-slide\"><a href=\"https:\/\/valerie-lacroix-immobilier.com\/en\/annonce\/appartement-a-vendre-premiere-ligne-le-moulleau\/\"><figure><img decoding=\"async\" src=\"https:\/\/valerie-lacroix-immobilier.com\/wp-content\/uploads\/2026\/03\/9-Chambre-1-T3-Arcachon-Le-Moulleau_9_11zon_9_11zon-768x1024.webp\" alt=\"chambre appartement arcachon\" class=\"directorist-thumnail-card-front-img\" \/><\/figure><\/a><\/div><div class=\"swiper-slide\"><a href=\"https:\/\/valerie-lacroix-immobilier.com\/en\/annonce\/appartement-a-vendre-premiere-ligne-le-moulleau\/\"><figure><img decoding=\"async\" src=\"https:\/\/valerie-lacroix-immobilier.com\/wp-content\/uploads\/2026\/03\/10-Chambre-2-T3-Arcachon-Le-Moulleau_10_11zon_10_11zon-768x1024.webp\" alt=\"chambre appartement T3 arcachon\" class=\"directorist-thumnail-card-front-img\" \/><\/figure><\/a><\/div><\/div>\n\t\t\t\t\t<div class=\"directorist-swiper__navigation\">\n\t\t\t\t\t\t<div class=\"directorist-swiper__nav directorist-swiper__nav--prev directorist-swiper__nav--prev-listing\"><i class=\"directorist-icon-mask\" aria-hidden=\"true\" style=\"--directorist-icon: url(https:\/\/valerie-lacroix-immobilier.com\/wp-content\/plugins\/directorist\/assets\/icons\/line-awesome\/svgs\/angle-left-solid.svg)\"><\/i><\/div>\n\t\t\t\t\t\t<div class=\"directorist-swiper__nav directorist-swiper__nav--next directorist-swiper__nav--next-listing\"><i class=\"directorist-icon-mask\" aria-hidden=\"true\" style=\"--directorist-icon: url(https:\/\/valerie-lacroix-immobilier.com\/wp-content\/plugins\/directorist\/assets\/icons\/line-awesome\/svgs\/angle-right-solid.svg)\"><\/i><\/div>\n\t\t\t\t\t<\/div>\n\n\t\t\t\t\t<div class=\"directorist-swiper__pagination directorist-swiper__pagination--listing\"><\/div>\n\t\t\t\t<\/div><\/div><\/div>\n        <div class=\"directorist-thumb-top-left\"><\/div>\n        <div class=\"directorist-thumb-top-right\"><\/div>\n        <div class=\"directorist-thumb-bottom-left\"><\/div>\n        <div class=\"directorist-thumb-bottom-right\"><\/div>\n\n    <\/div>\n\n    <div class=\"directorist-listing-single__content\">\n        <section class=\"directorist-listing-single__info\">\n\n            \n            <header class=\"directorist-listing-single__info__top\">\n                \n<h2 class=\"directorist-listing-title\"><a href=\"https:\/\/valerie-lacroix-immobilier.com\/en\/annonce\/appartement-a-vendre-premiere-ligne-le-moulleau\/\">Appartement 3 pi\u00e8ces &#8211; Premi\u00e8re ligne &#8211; LE MOULLEAU<\/a><\/h2>\n\n\n<span class=\"directorist-info-item directorist-pricing-meta\">\n    \n<span class=\"directorist-listing-price\">840 000 \u20ac<\/span><\/span>            <\/header>\n\n            \n            <ul class=\"directorist-listing-single__info__list\">\n                \n<li class=\"directorist-listing-card-text\"><i class=\"directorist-icon-mask\" aria-hidden=\"true\" style=\"--directorist-icon: url(https:\/\/valerie-lacroix-immobilier.com\/wp-content\/plugins\/directorist\/assets\/icons\/line-awesome\/svgs\/ruler-combined-solid.svg)\"><\/i>Surface Carrez : 43 m\u00b2<\/li>\n<li class=\"directorist-listing-card-text\"><i class=\"directorist-icon-mask\" aria-hidden=\"true\" style=\"--directorist-icon: url(https:\/\/valerie-lacroix-immobilier.com\/wp-content\/plugins\/directorist\/assets\/icons\/line-awesome\/svgs\/bed-solid.svg)\"><\/i>Nombre de chambre(s) : 2<\/li>\n<li class=\"directorist-listing-card-number\"><i class=\"directorist-icon-mask\" aria-hidden=\"true\" style=\"--directorist-icon: url(https:\/\/valerie-lacroix-immobilier.com\/wp-content\/plugins\/directorist\/assets\/icons\/line-awesome\/svgs\/door-open-solid.svg)\"><\/i>Nombre de pi\u00e8ces : 3<\/li>            <\/ul>\n\n            \n            \n            \n                    <\/section>\n\n        <footer class=\"directorist-listing-single__meta\">\n            <div class=\"directorist-listing-single__meta__left\">\n<div class=\"directorist-listing-category\">\n            <a href=\"https:\/\/valerie-lacroix-immobilier.com\/en\/categorie\/1-appartement\/?directory_type=lesbiens\"><i class=\"directorist-icon-mask\" aria-hidden=\"true\" style=\"--directorist-icon: url(https:\/\/valerie-lacroix-immobilier.com\/wp-content\/plugins\/directorist\/assets\/icons\/font-awesome\/svgs\/regular\/building.svg)\"><\/i>APPARTEMENTS<\/a>\n        <\/div>\n<\/div>\n            <div class=\"directorist-listing-single__meta__right\"><\/div>\n        <\/footer>\n    <\/div>\n\n<\/article>            <\/div>\n                        <div class=\"directorist-col-4\">\n                \n<article class=\"directorist-listing-single directorist-listing-single--bg directorist-listing-card directorist-listing-has-thumb \">\n\n    <div class=\"directorist-listing-single__thumb\">\n\n        <div class=\"directorist-thumnail-card directorist-card-cover\" style=\"height: 260px\"><div class=\"directorist-thumnail-card-front-wrap\"><div class=\"directorist-swiper directorist-swiper-listing\" data-sw-items=\"1\" data-sw-margin=\"2\" data-sw-loop=\"true\" data-sw-perslide=\"1\" data-sw-speed=\"500\" data-sw-autoplay=\"false\" data-sw-responsive=\"{}\">\n\t\t\t\t\t<div class=\"swiper-wrapper\"><div class=\"swiper-slide\"><a href=\"https:\/\/valerie-lacroix-immobilier.com\/en\/annonce\/appartement-3-pieces-arcachon-hypercentre\/\"><figure><img decoding=\"async\" src=\"https:\/\/valerie-lacroix-immobilier.com\/wp-content\/uploads\/2026\/07\/1-Exterieur-residence-T3-Arcachon-Hypercentre_1_1-1024x860.webp\" alt=\"exterieur residence t3 arcachon\" class=\"directorist-thumnail-card-front-img\" \/><\/figure><\/a><\/div><div class=\"swiper-slide\"><a href=\"https:\/\/valerie-lacroix-immobilier.com\/en\/annonce\/appartement-3-pieces-arcachon-hypercentre\/\"><figure><img decoding=\"async\" src=\"https:\/\/valerie-lacroix-immobilier.com\/wp-content\/uploads\/2026\/07\/2-Entree-T3-Arcachon-hypercentre_2_2-1024x768.webp\" alt=\"entr\u00e9e r\u00e9sidence t3 arcachon\" class=\"directorist-thumnail-card-front-img\" \/><\/figure><\/a><\/div><div class=\"swiper-slide\"><a href=\"https:\/\/valerie-lacroix-immobilier.com\/en\/annonce\/appartement-3-pieces-arcachon-hypercentre\/\"><figure><img decoding=\"async\" src=\"https:\/\/valerie-lacroix-immobilier.com\/wp-content\/uploads\/2026\/07\/3-Sejour-3-T3-Arcachon-hypercentre_3_3-1024x768.webp\" alt=\"s\u00e9jour r\u00e9sidence t3 arcachon\" class=\"directorist-thumnail-card-front-img\" \/><\/figure><\/a><\/div><div class=\"swiper-slide\"><a href=\"https:\/\/valerie-lacroix-immobilier.com\/en\/annonce\/appartement-3-pieces-arcachon-hypercentre\/\"><figure><img decoding=\"async\" src=\"https:\/\/valerie-lacroix-immobilier.com\/wp-content\/uploads\/2026\/07\/4-Piece-de-vie-T3-Arcachon-Hypercentre_4_4-1024x768.webp\" alt=\"pi\u00e8ce de vie r\u00e9sidence t3 arcachon\" class=\"directorist-thumnail-card-front-img\" \/><\/figure><\/a><\/div><div class=\"swiper-slide\"><a href=\"https:\/\/valerie-lacroix-immobilier.com\/en\/annonce\/appartement-3-pieces-arcachon-hypercentre\/\"><figure><img decoding=\"async\" src=\"https:\/\/valerie-lacroix-immobilier.com\/wp-content\/uploads\/2026\/07\/5-Cuisine-T3-Arcachon-hypercentre_5_11zon_5_11zon-1024x768.webp\" alt=\"cuisine r\u00e9sidence t3 arcachon\" class=\"directorist-thumnail-card-front-img\" \/><\/figure><\/a><\/div><div class=\"swiper-slide\"><a href=\"https:\/\/valerie-lacroix-immobilier.com\/en\/annonce\/appartement-3-pieces-arcachon-hypercentre\/\"><figure><img decoding=\"async\" src=\"https:\/\/valerie-lacroix-immobilier.com\/wp-content\/uploads\/2026\/07\/6-Vue-depuis-balcon-T3-Arcachon-Hypercentre_6_11zon_6_11zon-1024x768.webp\" alt=\"vue depuis le balcon r\u00e9sidence t3 arcachon\" class=\"directorist-thumnail-card-front-img\" \/><\/figure><\/a><\/div><div class=\"swiper-slide\"><a href=\"https:\/\/valerie-lacroix-immobilier.com\/en\/annonce\/appartement-3-pieces-arcachon-hypercentre\/\"><figure><img decoding=\"async\" src=\"https:\/\/valerie-lacroix-immobilier.com\/wp-content\/uploads\/2026\/07\/7-Chambre-1-T3-Arcachon-hypercentre_7_11zon_7_11zon-1024x768.webp\" alt=\"chambre r\u00e9sidence t3 arcachon\" class=\"directorist-thumnail-card-front-img\" \/><\/figure><\/a><\/div><div class=\"swiper-slide\"><a href=\"https:\/\/valerie-lacroix-immobilier.com\/en\/annonce\/appartement-3-pieces-arcachon-hypercentre\/\"><figure><img decoding=\"async\" src=\"https:\/\/valerie-lacroix-immobilier.com\/wp-content\/uploads\/2026\/07\/8-Chambre-2-T3-Arcachon-hypercentre_8_11zon_8_11zon-1024x768.webp\" alt=\"chambre 2 r\u00e9sidence t3 arcachon\" class=\"directorist-thumnail-card-front-img\" \/><\/figure><\/a><\/div><div class=\"swiper-slide\"><a href=\"https:\/\/valerie-lacroix-immobilier.com\/en\/annonce\/appartement-3-pieces-arcachon-hypercentre\/\"><figure><img decoding=\"async\" src=\"https:\/\/valerie-lacroix-immobilier.com\/wp-content\/uploads\/2026\/07\/9-Salle-de-bains-T3-Arcachon-Hypercentre_9_11zon_9_11zon-1024x768.webp\" alt=\"salle de bain r\u00e9sidence t3 arcachon\" class=\"directorist-thumnail-card-front-img\" \/><\/figure><\/a><\/div><div class=\"swiper-slide\"><a href=\"https:\/\/valerie-lacroix-immobilier.com\/en\/annonce\/appartement-3-pieces-arcachon-hypercentre\/\"><figure><img decoding=\"async\" src=\"https:\/\/valerie-lacroix-immobilier.com\/wp-content\/uploads\/2026\/07\/10-Plan-T3-Arcachon-Hypercentre_10_11zon_10_11zon-773x1024.webp\" alt=\"plan r\u00e9sidence t3 arcachon\" class=\"directorist-thumnail-card-front-img\" \/><\/figure><\/a><\/div><\/div>\n\t\t\t\t\t<div class=\"directorist-swiper__navigation\">\n\t\t\t\t\t\t<div class=\"directorist-swiper__nav directorist-swiper__nav--prev directorist-swiper__nav--prev-listing\"><i class=\"directorist-icon-mask\" aria-hidden=\"true\" style=\"--directorist-icon: url(https:\/\/valerie-lacroix-immobilier.com\/wp-content\/plugins\/directorist\/assets\/icons\/line-awesome\/svgs\/angle-left-solid.svg)\"><\/i><\/div>\n\t\t\t\t\t\t<div class=\"directorist-swiper__nav directorist-swiper__nav--next directorist-swiper__nav--next-listing\"><i class=\"directorist-icon-mask\" aria-hidden=\"true\" style=\"--directorist-icon: url(https:\/\/valerie-lacroix-immobilier.com\/wp-content\/plugins\/directorist\/assets\/icons\/line-awesome\/svgs\/angle-right-solid.svg)\"><\/i><\/div>\n\t\t\t\t\t<\/div>\n\n\t\t\t\t\t<div class=\"directorist-swiper__pagination directorist-swiper__pagination--listing\"><\/div>\n\t\t\t\t<\/div><\/div><\/div>\n        <div class=\"directorist-thumb-top-left\"><\/div>\n        <div class=\"directorist-thumb-top-right\"><\/div>\n        <div class=\"directorist-thumb-bottom-left\"><\/div>\n        <div class=\"directorist-thumb-bottom-right\"><\/div>\n\n    <\/div>\n\n    <div class=\"directorist-listing-single__content\">\n        <section class=\"directorist-listing-single__info\">\n\n            \n            <header class=\"directorist-listing-single__info__top\">\n                \n<h2 class=\"directorist-listing-title\"><a href=\"https:\/\/valerie-lacroix-immobilier.com\/en\/annonce\/appartement-3-pieces-arcachon-hypercentre\/\">Appartement 3 pi\u00e8ces &#8211; ARCACHON HYPERCENTRE<\/a><\/h2>\n\n\n<span class=\"directorist-info-item directorist-pricing-meta\">\n    \n<span class=\"directorist-listing-price\">499 000 \u20ac<\/span><\/span>            <\/header>\n\n            \n            <ul class=\"directorist-listing-single__info__list\">\n                \n<li class=\"directorist-listing-card-text\"><i class=\"directorist-icon-mask\" aria-hidden=\"true\" style=\"--directorist-icon: url(https:\/\/valerie-lacroix-immobilier.com\/wp-content\/plugins\/directorist\/assets\/icons\/line-awesome\/svgs\/ruler-combined-solid.svg)\"><\/i>Surface Carrez : 66,97<\/li>\n<li class=\"directorist-listing-card-text\"><i class=\"directorist-icon-mask\" aria-hidden=\"true\" style=\"--directorist-icon: url(https:\/\/valerie-lacroix-immobilier.com\/wp-content\/plugins\/directorist\/assets\/icons\/line-awesome\/svgs\/bed-solid.svg)\"><\/i>Nombre de chambre(s) : 2<\/li>\n<li class=\"directorist-listing-card-number\"><i class=\"directorist-icon-mask\" aria-hidden=\"true\" style=\"--directorist-icon: url(https:\/\/valerie-lacroix-immobilier.com\/wp-content\/plugins\/directorist\/assets\/icons\/line-awesome\/svgs\/door-open-solid.svg)\"><\/i>Nombre de pi\u00e8ces : 3<\/li>            <\/ul>\n\n            \n            \n            \n                    <\/section>\n\n        <footer class=\"directorist-listing-single__meta\">\n            <div class=\"directorist-listing-single__meta__left\">\n<div class=\"directorist-listing-category\">\n            <a href=\"https:\/\/valerie-lacroix-immobilier.com\/en\/categorie\/compromis-en-cous\/?directory_type=lesbiens\"><i class=\"directorist-icon-mask\" aria-hidden=\"true\" style=\"--directorist-icon: url(https:\/\/valerie-lacroix-immobilier.com\/wp-content\/plugins\/directorist\/assets\/icons\/font-awesome\/svgs\/regular\/arrow-alt-circle-right.svg)\"><\/i>COMPROMIS EN COURS<\/a>\n                    <div class=\"directorist-listing-category__popup\">\n                <span class=\"directorist-listing-category__extran-count\">+1<\/span>\n                <div class=\"directorist-listing-category__popup__content\">\n                    \n                        <a href=\"https:\/\/valerie-lacroix-immobilier.com\/en\/categorie\/1-appartement\/?directory_type=lesbiens\"><i class=\"directorist-icon-mask\" aria-hidden=\"true\" style=\"--directorist-icon: url(https:\/\/valerie-lacroix-immobilier.com\/wp-content\/plugins\/directorist\/assets\/icons\/font-awesome\/svgs\/regular\/building.svg)\"><\/i> APPARTEMENTS<\/a>\n\n                                        <\/div>\n\n            <\/div>\n            <\/div>\n<\/div>\n            <div class=\"directorist-listing-single__meta__right\"><\/div>\n        <\/footer>\n    <\/div>\n\n<\/article>            <\/div>\n                        <div class=\"directorist-col-4\">\n                \n<article class=\"directorist-listing-single directorist-listing-single--bg directorist-listing-card directorist-listing-has-thumb \">\n\n    <div class=\"directorist-listing-single__thumb\">\n\n        <div class=\"directorist-thumnail-card directorist-card-cover\" style=\"height: 260px\"><div class=\"directorist-thumnail-card-front-wrap\"><div class=\"directorist-swiper directorist-swiper-listing\" data-sw-items=\"1\" data-sw-margin=\"2\" data-sw-loop=\"true\" data-sw-perslide=\"1\" data-sw-speed=\"500\" data-sw-autoplay=\"false\" data-sw-responsive=\"{}\">\n\t\t\t\t\t<div class=\"swiper-wrapper\"><div class=\"swiper-slide\"><a href=\"https:\/\/valerie-lacroix-immobilier.com\/en\/annonce\/appartement-2-piece-la-teste-de-buch\/\"><figure><img decoding=\"async\" src=\"https:\/\/valerie-lacroix-immobilier.com\/wp-content\/uploads\/2026\/07\/1-Exterieur-residence-T2-LA-TESTE-DE-BUCH_1_1-1024x768.webp\" alt=\"exterieur residence t2. la teste de buch\" class=\"directorist-thumnail-card-front-img\" \/><\/figure><\/a><\/div><div class=\"swiper-slide\"><a href=\"https:\/\/valerie-lacroix-immobilier.com\/en\/annonce\/appartement-2-piece-la-teste-de-buch\/\"><figure><img decoding=\"async\" src=\"https:\/\/valerie-lacroix-immobilier.com\/wp-content\/uploads\/2026\/07\/2-Piece-de-vie-Entree-T2-LA-TESTE-DE-BUCH_2_2-1024x768.webp\" alt=\"2-Pie\u0300ce de vie-Entre\u0301e-T2-LA TESTE-DE-BUCH_2_2\" class=\"directorist-thumnail-card-front-img\" \/><\/figure><\/a><\/div><div class=\"swiper-slide\"><a href=\"https:\/\/valerie-lacroix-immobilier.com\/en\/annonce\/appartement-2-piece-la-teste-de-buch\/\"><figure><img decoding=\"async\" src=\"https:\/\/valerie-lacroix-immobilier.com\/wp-content\/uploads\/2026\/07\/3-Piece-de-vie-2-T2-LA-TESTE-DE-BUCH_3_3-1024x768.webp\" alt=\"3-Pie\u0300ce de vie 2-T2-LA TESTE-DE-BUCH_3_3\" class=\"directorist-thumnail-card-front-img\" \/><\/figure><\/a><\/div><div class=\"swiper-slide\"><a href=\"https:\/\/valerie-lacroix-immobilier.com\/en\/annonce\/appartement-2-piece-la-teste-de-buch\/\"><figure><img decoding=\"async\" src=\"https:\/\/valerie-lacroix-immobilier.com\/wp-content\/uploads\/2026\/07\/4-Piece-de-vie-T2-LA-TESTE-DE-BUCH_4_4-1024x768.webp\" alt=\"4-Pie\u0300ce de vie-T2-LA TESTE-DE-BUCH_4_4\" class=\"directorist-thumnail-card-front-img\" \/><\/figure><\/a><\/div><div class=\"swiper-slide\"><a href=\"https:\/\/valerie-lacroix-immobilier.com\/en\/annonce\/appartement-2-piece-la-teste-de-buch\/\"><figure><img decoding=\"async\" src=\"https:\/\/valerie-lacroix-immobilier.com\/wp-content\/uploads\/2026\/07\/5-Balcon-T2-LA-TESTE-DE-BUCH_5_11zon_5_11zon-1024x768.webp\" alt=\"5-Balcon-T2-LA TESTE-DE-BUCH_5_11zon_5_11zon\" class=\"directorist-thumnail-card-front-img\" \/><\/figure><\/a><\/div><div class=\"swiper-slide\"><a href=\"https:\/\/valerie-lacroix-immobilier.com\/en\/annonce\/appartement-2-piece-la-teste-de-buch\/\"><figure><img decoding=\"async\" src=\"https:\/\/valerie-lacroix-immobilier.com\/wp-content\/uploads\/2026\/07\/6-Vue-depuis-balcon-T2-LA-TESTE-DE-BUCH_6_11zon_6_11zon-1024x768.webp\" alt=\"6-Vue depuis balcon-T2-LA TESTE-DE-BUCH_6_11zon_6_11zon\" class=\"directorist-thumnail-card-front-img\" \/><\/figure><\/a><\/div><div class=\"swiper-slide\"><a href=\"https:\/\/valerie-lacroix-immobilier.com\/en\/annonce\/appartement-2-piece-la-teste-de-buch\/\"><figure><img decoding=\"async\" src=\"https:\/\/valerie-lacroix-immobilier.com\/wp-content\/uploads\/2026\/07\/7-Chambre-avec-grand-placard-T2-LA-TESTE-DE-BUCH_7_11zon_7_11zon-1024x768.webp\" alt=\"7-Chambre avec grand placard-T2-LA TESTE-DE-BUCH_7_11zon_7_11zon\" class=\"directorist-thumnail-card-front-img\" \/><\/figure><\/a><\/div><div class=\"swiper-slide\"><a href=\"https:\/\/valerie-lacroix-immobilier.com\/en\/annonce\/appartement-2-piece-la-teste-de-buch\/\"><figure><img decoding=\"async\" src=\"https:\/\/valerie-lacroix-immobilier.com\/wp-content\/uploads\/2026\/07\/8-Chambre-1-T2-LA-TESTE-DE-BUCH_8_11zon_8_11zon-1024x768.webp\" alt=\"8-Chambre 1-T2-LA TESTE-DE-BUCH_8_11zon_8_11zon\" class=\"directorist-thumnail-card-front-img\" \/><\/figure><\/a><\/div><div class=\"swiper-slide\"><a href=\"https:\/\/valerie-lacroix-immobilier.com\/en\/annonce\/appartement-2-piece-la-teste-de-buch\/\"><figure><img decoding=\"async\" src=\"https:\/\/valerie-lacroix-immobilier.com\/wp-content\/uploads\/2026\/07\/9-Salle-deau-WC-T2-LA-TESTE-DE-BUCH_9_11zon_9_11zon-1024x768.webp\" alt=\"9-Salle d\u2019eau + WC-T2-LA TESTE-DE-BUCH_9_11zon_9_11zon\" class=\"directorist-thumnail-card-front-img\" \/><\/figure><\/a><\/div><div class=\"swiper-slide\"><a href=\"https:\/\/valerie-lacroix-immobilier.com\/en\/annonce\/appartement-2-piece-la-teste-de-buch\/\"><figure><img decoding=\"async\" src=\"https:\/\/valerie-lacroix-immobilier.com\/wp-content\/uploads\/2026\/07\/10-Plan-T2-LA-TESTE-DE-BUCH_10_11zon_10_11zon-819x1024.webp\" alt=\"10-Plan-T2-LA TESTE-DE-BUCH_10_11zon_10_11zon\" class=\"directorist-thumnail-card-front-img\" \/><\/figure><\/a><\/div><\/div>\n\t\t\t\t\t<div class=\"directorist-swiper__navigation\">\n\t\t\t\t\t\t<div class=\"directorist-swiper__nav directorist-swiper__nav--prev directorist-swiper__nav--prev-listing\"><i class=\"directorist-icon-mask\" aria-hidden=\"true\" style=\"--directorist-icon: url(https:\/\/valerie-lacroix-immobilier.com\/wp-content\/plugins\/directorist\/assets\/icons\/line-awesome\/svgs\/angle-left-solid.svg)\"><\/i><\/div>\n\t\t\t\t\t\t<div class=\"directorist-swiper__nav directorist-swiper__nav--next directorist-swiper__nav--next-listing\"><i class=\"directorist-icon-mask\" aria-hidden=\"true\" style=\"--directorist-icon: url(https:\/\/valerie-lacroix-immobilier.com\/wp-content\/plugins\/directorist\/assets\/icons\/line-awesome\/svgs\/angle-right-solid.svg)\"><\/i><\/div>\n\t\t\t\t\t<\/div>\n\n\t\t\t\t\t<div class=\"directorist-swiper__pagination directorist-swiper__pagination--listing\"><\/div>\n\t\t\t\t<\/div><\/div><\/div>\n        <div class=\"directorist-thumb-top-left\"><\/div>\n        <div class=\"directorist-thumb-top-right\"><\/div>\n        <div class=\"directorist-thumb-bottom-left\"><\/div>\n        <div class=\"directorist-thumb-bottom-right\"><\/div>\n\n    <\/div>\n\n    <div class=\"directorist-listing-single__content\">\n        <section class=\"directorist-listing-single__info\">\n\n            \n            <header class=\"directorist-listing-single__info__top\">\n                \n<h2 class=\"directorist-listing-title\"><a href=\"https:\/\/valerie-lacroix-immobilier.com\/en\/annonce\/appartement-2-piece-la-teste-de-buch\/\">Appartement 2 pi\u00e8ces &#8211; LA TESTE-DE-BUCH<\/a><\/h2>\n\n\n<span class=\"directorist-info-item directorist-pricing-meta\">\n    \n<span class=\"directorist-listing-price\">208 000 \u20ac<\/span><\/span>            <\/header>\n\n            \n            <ul class=\"directorist-listing-single__info__list\">\n                \n<li class=\"directorist-listing-card-text\"><i class=\"directorist-icon-mask\" aria-hidden=\"true\" style=\"--directorist-icon: url(https:\/\/valerie-lacroix-immobilier.com\/wp-content\/plugins\/directorist\/assets\/icons\/line-awesome\/svgs\/ruler-combined-solid.svg)\"><\/i>Surface Carrez : 44,2m2<\/li>\n<li class=\"directorist-listing-card-text\"><i class=\"directorist-icon-mask\" aria-hidden=\"true\" style=\"--directorist-icon: url(https:\/\/valerie-lacroix-immobilier.com\/wp-content\/plugins\/directorist\/assets\/icons\/line-awesome\/svgs\/bed-solid.svg)\"><\/i>Nombre de chambre(s) : 1<\/li>\n<li class=\"directorist-listing-card-number\"><i class=\"directorist-icon-mask\" aria-hidden=\"true\" style=\"--directorist-icon: url(https:\/\/valerie-lacroix-immobilier.com\/wp-content\/plugins\/directorist\/assets\/icons\/line-awesome\/svgs\/door-open-solid.svg)\"><\/i>Nombre de pi\u00e8ces : 2<\/li>            <\/ul>\n\n            \n            \n            \n                    <\/section>\n\n        <footer class=\"directorist-listing-single__meta\">\n            <div class=\"directorist-listing-single__meta__left\">\n<div class=\"directorist-listing-category\">\n            <a href=\"https:\/\/valerie-lacroix-immobilier.com\/en\/categorie\/1-appartement\/?directory_type=lesbiens\"><i class=\"directorist-icon-mask\" aria-hidden=\"true\" style=\"--directorist-icon: url(https:\/\/valerie-lacroix-immobilier.com\/wp-content\/plugins\/directorist\/assets\/icons\/font-awesome\/svgs\/regular\/building.svg)\"><\/i>APPARTEMENTS<\/a>\n        <\/div>\n<\/div>\n            <div class=\"directorist-listing-single__meta__right\"><\/div>\n        <\/footer>\n    <\/div>\n\n<\/article>            <\/div>\n                        <div class=\"directorist-col-4\">\n                \n<article class=\"directorist-listing-single directorist-listing-single--bg directorist-listing-card directorist-listing-has-thumb \">\n\n    <div class=\"directorist-listing-single__thumb\">\n\n        <div class=\"directorist-thumnail-card directorist-card-cover\" style=\"height: 260px\"><div class=\"directorist-thumnail-card-front-wrap\"><div class=\"directorist-swiper directorist-swiper-listing\" data-sw-items=\"1\" data-sw-margin=\"2\" data-sw-loop=\"true\" data-sw-perslide=\"1\" data-sw-speed=\"500\" data-sw-autoplay=\"false\" data-sw-responsive=\"{}\">\n\t\t\t\t\t<div class=\"swiper-wrapper\"><div class=\"swiper-slide\"><a href=\"https:\/\/valerie-lacroix-immobilier.com\/en\/annonce\/appartement-2-pieces-lanton\/\"><figure><img decoding=\"async\" src=\"https:\/\/valerie-lacroix-immobilier.com\/wp-content\/uploads\/2026\/06\/1-Exterieur-immeuble-depuis-salle-de-sport-T2-avec-jardin-33138-LANTON_1_1-1024x768.webp\" alt=\"1-Exte\u0301rieur immeuble depuis salle de sport-T2 avec jardin-33138 LANTON_1_1\" class=\"directorist-thumnail-card-front-img\" \/><\/figure><\/a><\/div><div class=\"swiper-slide\"><a href=\"https:\/\/valerie-lacroix-immobilier.com\/en\/annonce\/appartement-2-pieces-lanton\/\"><figure><img decoding=\"async\" src=\"https:\/\/valerie-lacroix-immobilier.com\/wp-content\/uploads\/2026\/06\/2-Entree-placard-T2-avec-jardin-33138-LANTON_2_2-1024x768.webp\" alt=\"2-Entre\u0301e placard-T2 avec jardin-33138 LANTON_2_2\" class=\"directorist-thumnail-card-front-img\" \/><\/figure><\/a><\/div><div class=\"swiper-slide\"><a href=\"https:\/\/valerie-lacroix-immobilier.com\/en\/annonce\/appartement-2-pieces-lanton\/\"><figure><img decoding=\"async\" src=\"https:\/\/valerie-lacroix-immobilier.com\/wp-content\/uploads\/2026\/06\/3-Piece-de-vie-T2-avec-jardin-33138-LANTON_3_3-1024x768.webp\" alt=\"3-Pie\u0300ce de vie -T2 avec jardin-33138 LANTON_3_3\" class=\"directorist-thumnail-card-front-img\" \/><\/figure><\/a><\/div><div class=\"swiper-slide\"><a href=\"https:\/\/valerie-lacroix-immobilier.com\/en\/annonce\/appartement-2-pieces-lanton\/\"><figure><img decoding=\"async\" src=\"https:\/\/valerie-lacroix-immobilier.com\/wp-content\/uploads\/2026\/06\/4-piece-de-vie-T2-avec-jardin-33138-LANTON_4_4-1024x768.webp\" alt=\"4-pie\u0300ce de vie-T2 avec jardin-33138 LANTON_4_4\" class=\"directorist-thumnail-card-front-img\" \/><\/figure><\/a><\/div><div class=\"swiper-slide\"><a href=\"https:\/\/valerie-lacroix-immobilier.com\/en\/annonce\/appartement-2-pieces-lanton\/\"><figure><img decoding=\"async\" src=\"https:\/\/valerie-lacroix-immobilier.com\/wp-content\/uploads\/2026\/06\/5-Salon-T2-avec-jardin-33138-LANTON_5_11zon_5_11zon-1024x768.webp\" alt=\"5-Salon-T2 avec jardin-33138 LANTON_5_11zon_5_11zon\" class=\"directorist-thumnail-card-front-img\" \/><\/figure><\/a><\/div><div class=\"swiper-slide\"><a href=\"https:\/\/valerie-lacroix-immobilier.com\/en\/annonce\/appartement-2-pieces-lanton\/\"><figure><img decoding=\"async\" src=\"https:\/\/valerie-lacroix-immobilier.com\/wp-content\/uploads\/2026\/06\/6-Espace-jardin-terrasse-T2-avec-jardin-33138-LANTON_6_11zon_6_11zon-1024x768.webp\" alt=\"6-Espace jardin terrasse-T2 avec jardin-33138 LANTON_6_11zon_6_11zon\" class=\"directorist-thumnail-card-front-img\" \/><\/figure><\/a><\/div><div class=\"swiper-slide\"><a href=\"https:\/\/valerie-lacroix-immobilier.com\/en\/annonce\/appartement-2-pieces-lanton\/\"><figure><img decoding=\"async\" src=\"https:\/\/valerie-lacroix-immobilier.com\/wp-content\/uploads\/2026\/06\/7-Chambre-T2-avec-jardin-33138-LANTON_7_11zon_7_11zon-1024x768.webp\" alt=\"7-Chambre-T2 avec jardin-33138 LANTON_7_11zon_7_11zon\" class=\"directorist-thumnail-card-front-img\" \/><\/figure><\/a><\/div><div class=\"swiper-slide\"><a href=\"https:\/\/valerie-lacroix-immobilier.com\/en\/annonce\/appartement-2-pieces-lanton\/\"><figure><img decoding=\"async\" src=\"https:\/\/valerie-lacroix-immobilier.com\/wp-content\/uploads\/2026\/06\/8-Salle-deau-toilettes-T2-avec-jardin-33138-LANTON_8_11zon_8_11zon-1024x768.webp\" alt=\"8-Salle d\u2019eau-toilettes-T2 avec jardin-33138 LANTON_8_11zon_8_11zon\" class=\"directorist-thumnail-card-front-img\" \/><\/figure><\/a><\/div><div class=\"swiper-slide\"><a href=\"https:\/\/valerie-lacroix-immobilier.com\/en\/annonce\/appartement-2-pieces-lanton\/\"><figure><img decoding=\"async\" src=\"https:\/\/valerie-lacroix-immobilier.com\/wp-content\/uploads\/2026\/06\/9-Douche-T2-avec-jardin-33138-LANTON_9_11zon_9_11zon-1024x768.webp\" alt=\"9-Douche-T2 avec jardin-33138 LANTON_9_11zon_9_11zon\" class=\"directorist-thumnail-card-front-img\" \/><\/figure><\/a><\/div><div class=\"swiper-slide\"><a href=\"https:\/\/valerie-lacroix-immobilier.com\/en\/annonce\/appartement-2-pieces-lanton\/\"><figure><img decoding=\"async\" src=\"https:\/\/valerie-lacroix-immobilier.com\/wp-content\/uploads\/2026\/06\/10-Plage-de-Taussat-T2-avec-jardin-33138-LANTON_10_11zon_10_11zon-1024x768.webp\" alt=\"10-Plage de Taussat-T2 avec jardin-33138 LANTON_10_11zon_10_11zon\" class=\"directorist-thumnail-card-front-img\" \/><\/figure><\/a><\/div><\/div>\n\t\t\t\t\t<div class=\"directorist-swiper__navigation\">\n\t\t\t\t\t\t<div class=\"directorist-swiper__nav directorist-swiper__nav--prev directorist-swiper__nav--prev-listing\"><i class=\"directorist-icon-mask\" aria-hidden=\"true\" style=\"--directorist-icon: url(https:\/\/valerie-lacroix-immobilier.com\/wp-content\/plugins\/directorist\/assets\/icons\/line-awesome\/svgs\/angle-left-solid.svg)\"><\/i><\/div>\n\t\t\t\t\t\t<div class=\"directorist-swiper__nav directorist-swiper__nav--next directorist-swiper__nav--next-listing\"><i class=\"directorist-icon-mask\" aria-hidden=\"true\" style=\"--directorist-icon: url(https:\/\/valerie-lacroix-immobilier.com\/wp-content\/plugins\/directorist\/assets\/icons\/line-awesome\/svgs\/angle-right-solid.svg)\"><\/i><\/div>\n\t\t\t\t\t<\/div>\n\n\t\t\t\t\t<div class=\"directorist-swiper__pagination directorist-swiper__pagination--listing\"><\/div>\n\t\t\t\t<\/div><\/div><\/div>\n        <div class=\"directorist-thumb-top-left\"><\/div>\n        <div class=\"directorist-thumb-top-right\"><\/div>\n        <div class=\"directorist-thumb-bottom-left\"><\/div>\n        <div class=\"directorist-thumb-bottom-right\"><\/div>\n\n    <\/div>\n\n    <div class=\"directorist-listing-single__content\">\n        <section class=\"directorist-listing-single__info\">\n\n            \n            <header class=\"directorist-listing-single__info__top\">\n                \n<h2 class=\"directorist-listing-title\"><a href=\"https:\/\/valerie-lacroix-immobilier.com\/en\/annonce\/appartement-2-pieces-lanton\/\">Appartement 2 pi\u00e8ces &#8211; TAUSSAT<\/a><\/h2>\n\n\n<span class=\"directorist-info-item directorist-pricing-meta\">\n    \n<span class=\"directorist-listing-price\">299 000 \u20ac<\/span><\/span>            <\/header>\n\n            \n            <ul class=\"directorist-listing-single__info__list\">\n                \n<li class=\"directorist-listing-card-text\"><i class=\"directorist-icon-mask\" aria-hidden=\"true\" style=\"--directorist-icon: url(https:\/\/valerie-lacroix-immobilier.com\/wp-content\/plugins\/directorist\/assets\/icons\/line-awesome\/svgs\/ruler-combined-solid.svg)\"><\/i>Surface Carrez : 50,5 m2<\/li>\n<li class=\"directorist-listing-card-text\"><i class=\"directorist-icon-mask\" aria-hidden=\"true\" style=\"--directorist-icon: url(https:\/\/valerie-lacroix-immobilier.com\/wp-content\/plugins\/directorist\/assets\/icons\/line-awesome\/svgs\/bed-solid.svg)\"><\/i>Nombre de chambre(s) : 1<\/li>\n<li class=\"directorist-listing-card-number\"><i class=\"directorist-icon-mask\" aria-hidden=\"true\" style=\"--directorist-icon: url(https:\/\/valerie-lacroix-immobilier.com\/wp-content\/plugins\/directorist\/assets\/icons\/line-awesome\/svgs\/door-open-solid.svg)\"><\/i>Nombre de pi\u00e8ces : 2<\/li>            <\/ul>\n\n            \n            \n            \n                    <\/section>\n\n        <footer class=\"directorist-listing-single__meta\">\n            <div class=\"directorist-listing-single__meta__left\">\n<div class=\"directorist-listing-category\">\n            <a href=\"https:\/\/valerie-lacroix-immobilier.com\/en\/categorie\/1-appartement\/?directory_type=lesbiens\"><i class=\"directorist-icon-mask\" aria-hidden=\"true\" style=\"--directorist-icon: url(https:\/\/valerie-lacroix-immobilier.com\/wp-content\/plugins\/directorist\/assets\/icons\/font-awesome\/svgs\/regular\/building.svg)\"><\/i>APPARTEMENTS<\/a>\n        <\/div>\n<\/div>\n            <div class=\"directorist-listing-single__meta__right\"><\/div>\n        <\/footer>\n    <\/div>\n\n<\/article>            <\/div>\n                        <div class=\"directorist-col-4\">\n                \n<article class=\"directorist-listing-single directorist-listing-single--bg directorist-listing-card directorist-listing-has-thumb \">\n\n    <div class=\"directorist-listing-single__thumb\">\n\n        <div class=\"directorist-thumnail-card directorist-card-cover\" style=\"height: 260px\"><div class=\"directorist-thumnail-card-front-wrap\"><div class=\"directorist-swiper directorist-swiper-listing\" data-sw-items=\"1\" data-sw-margin=\"2\" data-sw-loop=\"true\" data-sw-perslide=\"1\" data-sw-speed=\"500\" data-sw-autoplay=\"false\" data-sw-responsive=\"{}\">\n\t\t\t\t\t<div class=\"swiper-wrapper\"><div class=\"swiper-slide\"><a href=\"https:\/\/valerie-lacroix-immobilier.com\/en\/annonce\/maison-3-pieces-biganos\/\"><figure><img decoding=\"async\" src=\"https:\/\/valerie-lacroix-immobilier.com\/wp-content\/uploads\/2026\/06\/1-Exterieur-Entree-et-Garage-Maison-3-pieces-Biganos_1-1024x768.jpg\" alt=\"1-Exte\u0301rieur Entre\u0301e et Garage-Maison 3 pie\u0300ces-Biganos_1\" class=\"directorist-thumnail-card-front-img\" \/><\/figure><\/a><\/div><div class=\"swiper-slide\"><a href=\"https:\/\/valerie-lacroix-immobilier.com\/en\/annonce\/maison-3-pieces-biganos\/\"><figure><img decoding=\"async\" src=\"https:\/\/valerie-lacroix-immobilier.com\/wp-content\/uploads\/2026\/06\/2-Exterieur-Entree-et-garage-Maison-3-pieces-Biganos_2-1024x769.jpg\" alt=\"2-Exte\u0301rieur-Entre\u0301e et garage-Maison 3 pie\u0300ces-Biganos_2\" class=\"directorist-thumnail-card-front-img\" \/><\/figure><\/a><\/div><div class=\"swiper-slide\"><a href=\"https:\/\/valerie-lacroix-immobilier.com\/en\/annonce\/maison-3-pieces-biganos\/\"><figure><img decoding=\"async\" src=\"https:\/\/valerie-lacroix-immobilier.com\/wp-content\/uploads\/2026\/06\/3-Exterieur-Maison-3-pieces-Biganos_3-1024x768.jpg\" alt=\"3-Exte\u0301rieur-Maison 3 pie\u0300ces-Biganos_3\" class=\"directorist-thumnail-card-front-img\" \/><\/figure><\/a><\/div><div class=\"swiper-slide\"><a href=\"https:\/\/valerie-lacroix-immobilier.com\/en\/annonce\/maison-3-pieces-biganos\/\"><figure><img decoding=\"async\" src=\"https:\/\/valerie-lacroix-immobilier.com\/wp-content\/uploads\/2026\/06\/4-Exterieur-cote-Sejour-Maison-3-pieces-Biganos_4-1024x768.jpg\" alt=\"4-Exte\u0301rieur co\u0302te\u0301 Se\u0301jour-Maison 3 pie\u0300ces-Biganos_4\" class=\"directorist-thumnail-card-front-img\" \/><\/figure><\/a><\/div><div class=\"swiper-slide\"><a href=\"https:\/\/valerie-lacroix-immobilier.com\/en\/annonce\/maison-3-pieces-biganos\/\"><figure><img decoding=\"async\" src=\"https:\/\/valerie-lacroix-immobilier.com\/wp-content\/uploads\/2026\/06\/5-Cuisine-ouverte-Maison-3-pieces-Biganos_5-1024x768.jpg\" alt=\"5-Cuisine ouverte-Maison 3 pie\u0300ces-Biganos_5\" class=\"directorist-thumnail-card-front-img\" \/><\/figure><\/a><\/div><div class=\"swiper-slide\"><a href=\"https:\/\/valerie-lacroix-immobilier.com\/en\/annonce\/maison-3-pieces-biganos\/\"><figure><img decoding=\"async\" src=\"https:\/\/valerie-lacroix-immobilier.com\/wp-content\/uploads\/2026\/06\/6-Sejour-Maison-3-pieces-Biganos_6-1024x768.jpg\" alt=\"6-Se\u0301jour-Maison 3 pie\u0300ces-Biganos_6\" class=\"directorist-thumnail-card-front-img\" \/><\/figure><\/a><\/div><div class=\"swiper-slide\"><a href=\"https:\/\/valerie-lacroix-immobilier.com\/en\/annonce\/maison-3-pieces-biganos\/\"><figure><img decoding=\"async\" src=\"https:\/\/valerie-lacroix-immobilier.com\/wp-content\/uploads\/2026\/06\/7-Chambre-1-Maison-3-pieces-Biganos_7-1024x768.jpg\" alt=\"7-Chambre 1-Maison 3 pie\u0300ces-Biganos_7\" class=\"directorist-thumnail-card-front-img\" \/><\/figure><\/a><\/div><div class=\"swiper-slide\"><a href=\"https:\/\/valerie-lacroix-immobilier.com\/en\/annonce\/maison-3-pieces-biganos\/\"><figure><img decoding=\"async\" src=\"https:\/\/valerie-lacroix-immobilier.com\/wp-content\/uploads\/2026\/06\/8-Chambre-2-Maison-3-pieces-Biganos_8-1024x768.jpg\" alt=\"8-Chambre 2-Maison 3 pie\u0300ces-Biganos_8\" class=\"directorist-thumnail-card-front-img\" \/><\/figure><\/a><\/div><div class=\"swiper-slide\"><a href=\"https:\/\/valerie-lacroix-immobilier.com\/en\/annonce\/maison-3-pieces-biganos\/\"><figure><img decoding=\"async\" src=\"https:\/\/valerie-lacroix-immobilier.com\/wp-content\/uploads\/2026\/06\/salle-de-bain-1024x768.jpeg\" alt=\"salle de bain\" class=\"directorist-thumnail-card-front-img\" \/><\/figure><\/a><\/div><\/div>\n\t\t\t\t\t<div class=\"directorist-swiper__navigation\">\n\t\t\t\t\t\t<div class=\"directorist-swiper__nav directorist-swiper__nav--prev directorist-swiper__nav--prev-listing\"><i class=\"directorist-icon-mask\" aria-hidden=\"true\" style=\"--directorist-icon: url(https:\/\/valerie-lacroix-immobilier.com\/wp-content\/plugins\/directorist\/assets\/icons\/line-awesome\/svgs\/angle-left-solid.svg)\"><\/i><\/div>\n\t\t\t\t\t\t<div class=\"directorist-swiper__nav directorist-swiper__nav--next directorist-swiper__nav--next-listing\"><i class=\"directorist-icon-mask\" aria-hidden=\"true\" style=\"--directorist-icon: url(https:\/\/valerie-lacroix-immobilier.com\/wp-content\/plugins\/directorist\/assets\/icons\/line-awesome\/svgs\/angle-right-solid.svg)\"><\/i><\/div>\n\t\t\t\t\t<\/div>\n\n\t\t\t\t\t<div class=\"directorist-swiper__pagination directorist-swiper__pagination--listing\"><\/div>\n\t\t\t\t<\/div><\/div><\/div>\n        <div class=\"directorist-thumb-top-left\"><\/div>\n        <div class=\"directorist-thumb-top-right\"><\/div>\n        <div class=\"directorist-thumb-bottom-left\"><\/div>\n        <div class=\"directorist-thumb-bottom-right\"><\/div>\n\n    <\/div>\n\n    <div class=\"directorist-listing-single__content\">\n        <section class=\"directorist-listing-single__info\">\n\n            \n            <header class=\"directorist-listing-single__info__top\">\n                \n<h2 class=\"directorist-listing-title\"><a href=\"https:\/\/valerie-lacroix-immobilier.com\/en\/annonce\/maison-3-pieces-biganos\/\">Maison 3 pi\u00e8ces &#8211; BIGANOS<\/a><\/h2>\n\n\n<span class=\"directorist-info-item directorist-pricing-meta\">\n    \n<span class=\"directorist-listing-price\">270 400 \u20ac<\/span><\/span>            <\/header>\n\n            \n            <ul class=\"directorist-listing-single__info__list\">\n                \n<li class=\"directorist-listing-card-text\"><i class=\"directorist-icon-mask\" aria-hidden=\"true\" style=\"--directorist-icon: url(https:\/\/valerie-lacroix-immobilier.com\/wp-content\/plugins\/directorist\/assets\/icons\/line-awesome\/svgs\/ruler-combined-solid.svg)\"><\/i>Surface habitable (m\u00b2) : 70,5 m2<\/li>\n<li class=\"directorist-listing-card-text\"><i class=\"directorist-icon-mask\" aria-hidden=\"true\" style=\"--directorist-icon: url(https:\/\/valerie-lacroix-immobilier.com\/wp-content\/plugins\/directorist\/assets\/icons\/line-awesome\/svgs\/bed-solid.svg)\"><\/i>Nombre de chambre(s) : 2<\/li>\n<li class=\"directorist-listing-card-number\"><i class=\"directorist-icon-mask\" aria-hidden=\"true\" style=\"--directorist-icon: url(https:\/\/valerie-lacroix-immobilier.com\/wp-content\/plugins\/directorist\/assets\/icons\/line-awesome\/svgs\/door-open-solid.svg)\"><\/i>Nombre de pi\u00e8ces : 3<\/li>            <\/ul>\n\n            \n            \n            \n                    <\/section>\n\n        <footer class=\"directorist-listing-single__meta\">\n            <div class=\"directorist-listing-single__meta__left\">\n<div class=\"directorist-listing-category\">\n            <a href=\"https:\/\/valerie-lacroix-immobilier.com\/en\/categorie\/2-maisons\/?directory_type=lesbiens\"><i class=\"directorist-icon-mask\" aria-hidden=\"true\" style=\"--directorist-icon: url(https:\/\/valerie-lacroix-immobilier.com\/wp-content\/plugins\/directorist\/assets\/icons\/font-awesome\/svgs\/solid\/warehouse.svg)\"><\/i>MAISONS<\/a>\n        <\/div>\n<\/div>\n            <div class=\"directorist-listing-single__meta__right\"><\/div>\n        <\/footer>\n    <\/div>\n\n<\/article>            <\/div>\n                        <div class=\"directorist-col-4\">\n                \n<article class=\"directorist-listing-single directorist-listing-single--bg directorist-listing-card directorist-listing-has-thumb \">\n\n    <div class=\"directorist-listing-single__thumb\">\n\n        <div class=\"directorist-thumnail-card directorist-card-cover\" style=\"height: 260px\"><div class=\"directorist-thumnail-card-front-wrap\"><div class=\"directorist-swiper directorist-swiper-listing\" data-sw-items=\"1\" data-sw-margin=\"2\" data-sw-loop=\"true\" data-sw-perslide=\"1\" data-sw-speed=\"500\" data-sw-autoplay=\"false\" data-sw-responsive=\"{}\">\n\t\t\t\t\t<div class=\"swiper-wrapper\"><div class=\"swiper-slide\"><a href=\"https:\/\/valerie-lacroix-immobilier.com\/en\/annonce\/maison-5-pieces-mios\/\"><figure><img decoding=\"async\" src=\"https:\/\/valerie-lacroix-immobilier.com\/wp-content\/uploads\/2026\/06\/1-Facade-exterieure-2-Maison-5-pieces-33380-MIOS_1-1024x768.webp\" alt=\"maison 5 pi\u00e8ces Mios exterieur\" class=\"directorist-thumnail-card-front-img\" \/><\/figure><\/a><\/div><div class=\"swiper-slide\"><a href=\"https:\/\/valerie-lacroix-immobilier.com\/en\/annonce\/maison-5-pieces-mios\/\"><figure><img decoding=\"async\" src=\"https:\/\/valerie-lacroix-immobilier.com\/wp-content\/uploads\/2026\/06\/2-Dependances-Ensemble-immobilier-33380-MIOS_2-1024x768.webp\" alt=\"2-De\u0301pendances-Ensemble immobilier-33380 MIOS_2\" class=\"directorist-thumnail-card-front-img\" \/><\/figure><\/a><\/div><div class=\"swiper-slide\"><a href=\"https:\/\/valerie-lacroix-immobilier.com\/en\/annonce\/maison-5-pieces-mios\/\"><figure><img decoding=\"async\" src=\"https:\/\/valerie-lacroix-immobilier.com\/wp-content\/uploads\/2026\/06\/3-Exterieur-2-Ensemble-immobilier-33380-MIOS_3-1024x768.webp\" alt=\"3-Exte\u0301rieur 2-Ensemble immobilier-33380 MIOS_3\" class=\"directorist-thumnail-card-front-img\" \/><\/figure><\/a><\/div><div class=\"swiper-slide\"><a href=\"https:\/\/valerie-lacroix-immobilier.com\/en\/annonce\/maison-5-pieces-mios\/\"><figure><img decoding=\"async\" src=\"https:\/\/valerie-lacroix-immobilier.com\/wp-content\/uploads\/2026\/06\/4-Facade-exterieure-Maison-5-pieces-33380-MIOS_4-1024x768.webp\" alt=\"4-Fac\u0327ade exte\u0301rieure-Maison 5 pie\u0300ces- 33380 MIOS_4\" class=\"directorist-thumnail-card-front-img\" \/><\/figure><\/a><\/div><div class=\"swiper-slide\"><a href=\"https:\/\/valerie-lacroix-immobilier.com\/en\/annonce\/maison-5-pieces-mios\/\"><figure><img decoding=\"async\" src=\"https:\/\/valerie-lacroix-immobilier.com\/wp-content\/uploads\/2026\/06\/5-Cuisine-Maison-5-pieces-33380-MIOS_5-1024x768.webp\" alt=\"5-Cuisine-Maison 5 pie\u0300ces-33380 MIOS_5\" class=\"directorist-thumnail-card-front-img\" \/><\/figure><\/a><\/div><div class=\"swiper-slide\"><a href=\"https:\/\/valerie-lacroix-immobilier.com\/en\/annonce\/maison-5-pieces-mios\/\"><figure><img decoding=\"async\" src=\"https:\/\/valerie-lacroix-immobilier.com\/wp-content\/uploads\/2026\/06\/5-Entree-Maison-5-pieces-33380-MIOS_6-1024x768.webp\" alt=\"5-Entre\u0301e-Maison 5 pie\u0300ces-33380 MIOS_6\" class=\"directorist-thumnail-card-front-img\" \/><\/figure><\/a><\/div><div class=\"swiper-slide\"><a href=\"https:\/\/valerie-lacroix-immobilier.com\/en\/annonce\/maison-5-pieces-mios\/\"><figure><img decoding=\"async\" src=\"https:\/\/valerie-lacroix-immobilier.com\/wp-content\/uploads\/2026\/06\/6-Chambre-1-Maison-5-pieces-33380-MIOS_7-1024x768.webp\" alt=\"6-Chambre 1-Maison 5 pie\u0300ces-33380 MIOS_7\" class=\"directorist-thumnail-card-front-img\" \/><\/figure><\/a><\/div><div class=\"swiper-slide\"><a href=\"https:\/\/valerie-lacroix-immobilier.com\/en\/annonce\/maison-5-pieces-mios\/\"><figure><img decoding=\"async\" src=\"https:\/\/valerie-lacroix-immobilier.com\/wp-content\/uploads\/2026\/06\/7-Chambre-2-Maison-5-pieces-33380-MIOS_8-1024x768.webp\" alt=\"7-Chambre 2-Maison 5 pie\u0300ces-33380 MIOS_8\" class=\"directorist-thumnail-card-front-img\" \/><\/figure><\/a><\/div><div class=\"swiper-slide\"><a href=\"https:\/\/valerie-lacroix-immobilier.com\/en\/annonce\/maison-5-pieces-mios\/\"><figure><img decoding=\"async\" src=\"https:\/\/valerie-lacroix-immobilier.com\/wp-content\/uploads\/2026\/06\/8-Chambre-3-Maison-5-pieces-33380-MIOS_9-1024x768.webp\" alt=\"8-Chambre 3-Maison 5 pie\u0300ces-33380 MIOS_9\" class=\"directorist-thumnail-card-front-img\" \/><\/figure><\/a><\/div><div class=\"swiper-slide\"><a href=\"https:\/\/valerie-lacroix-immobilier.com\/en\/annonce\/maison-5-pieces-mios\/\"><figure><img decoding=\"async\" src=\"https:\/\/valerie-lacroix-immobilier.com\/wp-content\/uploads\/2026\/06\/9-Chambre-4-Maison-5-pieces-33380-MIOS_10-1024x768.webp\" alt=\"9-Chambre 4-Maison 5 pie\u0300ces-33380 MIOS_10\" class=\"directorist-thumnail-card-front-img\" \/><\/figure><\/a><\/div><div class=\"swiper-slide\"><a href=\"https:\/\/valerie-lacroix-immobilier.com\/en\/annonce\/maison-5-pieces-mios\/\"><figure><img decoding=\"async\" src=\"https:\/\/valerie-lacroix-immobilier.com\/wp-content\/uploads\/2026\/06\/10-Salle-de-bains-douche-Maison-5-pieces-33380-MIOS_11-1024x768.webp\" alt=\"10-Salle de bains-douche-Maison 5 pie\u0300ces-33380 MIOS_11\" class=\"directorist-thumnail-card-front-img\" \/><\/figure><\/a><\/div><div class=\"swiper-slide\"><a href=\"https:\/\/valerie-lacroix-immobilier.com\/en\/annonce\/maison-5-pieces-mios\/\"><figure><img decoding=\"async\" src=\"https:\/\/valerie-lacroix-immobilier.com\/wp-content\/uploads\/2026\/06\/plan-1-maison-5-pieces-mios-819x1024.webp\" alt=\"plan 1 maison 5 pie\u0300ces mios\" class=\"directorist-thumnail-card-front-img\" \/><\/figure><\/a><\/div><div class=\"swiper-slide\"><a href=\"https:\/\/valerie-lacroix-immobilier.com\/en\/annonce\/maison-5-pieces-mios\/\"><figure><img decoding=\"async\" src=\"https:\/\/valerie-lacroix-immobilier.com\/wp-content\/uploads\/2026\/06\/plan-2-maison-5-pieces-mios-819x1024.webp\" alt=\"plan 2 maison 5 pie\u0300ces mios\" class=\"directorist-thumnail-card-front-img\" \/><\/figure><\/a><\/div><div class=\"swiper-slide\"><a href=\"https:\/\/valerie-lacroix-immobilier.com\/en\/annonce\/maison-5-pieces-mios\/\"><figure><img decoding=\"async\" src=\"https:\/\/valerie-lacroix-immobilier.com\/wp-content\/uploads\/2026\/06\/plan-3-maison-5-pieces-mios-819x1024.webp\" alt=\"plan 3 maison 5 pie\u0300ces mios\" class=\"directorist-thumnail-card-front-img\" \/><\/figure><\/a><\/div><\/div>\n\t\t\t\t\t<div class=\"directorist-swiper__navigation\">\n\t\t\t\t\t\t<div class=\"directorist-swiper__nav directorist-swiper__nav--prev directorist-swiper__nav--prev-listing\"><i class=\"directorist-icon-mask\" aria-hidden=\"true\" style=\"--directorist-icon: url(https:\/\/valerie-lacroix-immobilier.com\/wp-content\/plugins\/directorist\/assets\/icons\/line-awesome\/svgs\/angle-left-solid.svg)\"><\/i><\/div>\n\t\t\t\t\t\t<div class=\"directorist-swiper__nav directorist-swiper__nav--next directorist-swiper__nav--next-listing\"><i class=\"directorist-icon-mask\" aria-hidden=\"true\" style=\"--directorist-icon: url(https:\/\/valerie-lacroix-immobilier.com\/wp-content\/plugins\/directorist\/assets\/icons\/line-awesome\/svgs\/angle-right-solid.svg)\"><\/i><\/div>\n\t\t\t\t\t<\/div>\n\n\t\t\t\t\t<div class=\"directorist-swiper__pagination directorist-swiper__pagination--listing\"><\/div>\n\t\t\t\t<\/div><\/div><\/div>\n        <div class=\"directorist-thumb-top-left\"><\/div>\n        <div class=\"directorist-thumb-top-right\"><\/div>\n        <div class=\"directorist-thumb-bottom-left\"><\/div>\n        <div class=\"directorist-thumb-bottom-right\"><\/div>\n\n    <\/div>\n\n    <div class=\"directorist-listing-single__content\">\n        <section class=\"directorist-listing-single__info\">\n\n            \n            <header class=\"directorist-listing-single__info__top\">\n                \n<h2 class=\"directorist-listing-title\"><a href=\"https:\/\/valerie-lacroix-immobilier.com\/en\/annonce\/maison-5-pieces-mios\/\">Maison 5 pi\u00e8ces &#8211; MIOS<\/a><\/h2>\n\n\n<span class=\"directorist-info-item directorist-pricing-meta\">\n    \n<span class=\"directorist-listing-price\">449 350 \u20ac<\/span><\/span>            <\/header>\n\n            \n            <ul class=\"directorist-listing-single__info__list\">\n                \n<li class=\"directorist-listing-card-text\"><i class=\"directorist-icon-mask\" aria-hidden=\"true\" style=\"--directorist-icon: url(https:\/\/valerie-lacroix-immobilier.com\/wp-content\/plugins\/directorist\/assets\/icons\/line-awesome\/svgs\/ruler-combined-solid.svg)\"><\/i>Surface habitable (m\u00b2) : 133 m2<\/li>\n<li class=\"directorist-listing-card-text\"><i class=\"directorist-icon-mask\" aria-hidden=\"true\" style=\"--directorist-icon: url(https:\/\/valerie-lacroix-immobilier.com\/wp-content\/plugins\/directorist\/assets\/icons\/line-awesome\/svgs\/bed-solid.svg)\"><\/i>Nombre de chambre(s) : 4<\/li>\n<li class=\"directorist-listing-card-number\"><i class=\"directorist-icon-mask\" aria-hidden=\"true\" style=\"--directorist-icon: url(https:\/\/valerie-lacroix-immobilier.com\/wp-content\/plugins\/directorist\/assets\/icons\/line-awesome\/svgs\/door-open-solid.svg)\"><\/i>Nombre de pi\u00e8ces : 5<\/li>            <\/ul>\n\n            \n            \n            \n                    <\/section>\n\n        <footer class=\"directorist-listing-single__meta\">\n            <div class=\"directorist-listing-single__meta__left\">\n<div class=\"directorist-listing-category\">\n            <a href=\"https:\/\/valerie-lacroix-immobilier.com\/en\/categorie\/bien-en-exclusivite\/?directory_type=lesbiens\"><i class=\"directorist-icon-mask\" aria-hidden=\"true\" style=\"--directorist-icon: url(https:\/\/valerie-lacroix-immobilier.com\/wp-content\/plugins\/directorist\/assets\/icons\/font-awesome\/svgs\/regular\/arrow-alt-circle-right.svg)\"><\/i>BIEN EN EXCLUSIVIT\u00c9<\/a>\n                    <div class=\"directorist-listing-category__popup\">\n                <span class=\"directorist-listing-category__extran-count\">+1<\/span>\n                <div class=\"directorist-listing-category__popup__content\">\n                    \n                        <a href=\"https:\/\/valerie-lacroix-immobilier.com\/en\/categorie\/2-maisons\/?directory_type=lesbiens\"><i class=\"directorist-icon-mask\" aria-hidden=\"true\" style=\"--directorist-icon: url(https:\/\/valerie-lacroix-immobilier.com\/wp-content\/plugins\/directorist\/assets\/icons\/font-awesome\/svgs\/solid\/warehouse.svg)\"><\/i> MAISONS<\/a>\n\n                                        <\/div>\n\n            <\/div>\n            <\/div>\n<\/div>\n            <div class=\"directorist-listing-single__meta__right\"><\/div>\n        <\/footer>\n    <\/div>\n\n<\/article>            <\/div>\n                        <div class=\"directorist-col-4\">\n                \n<article class=\"directorist-listing-single directorist-listing-single--bg directorist-listing-card directorist-listing-has-thumb \">\n\n    <div class=\"directorist-listing-single__thumb\">\n\n        <div class=\"directorist-thumnail-card directorist-card-cover\" style=\"height: 260px\"><div class=\"directorist-thumnail-card-front-wrap\"><div class=\"directorist-swiper directorist-swiper-listing\" data-sw-items=\"1\" data-sw-margin=\"2\" data-sw-loop=\"true\" data-sw-perslide=\"1\" data-sw-speed=\"500\" data-sw-autoplay=\"false\" data-sw-responsive=\"{}\">\n\t\t\t\t\t<div class=\"swiper-wrapper\"><div class=\"swiper-slide\"><a href=\"https:\/\/valerie-lacroix-immobilier.com\/en\/annonce\/appartement-2-pieces-en-duplex-bordeaux\/\"><figure><img decoding=\"async\" src=\"https:\/\/valerie-lacroix-immobilier.com\/wp-content\/uploads\/2026\/05\/1-Piece-de-vie-T2-duplex-Bordeaux_1_1-1024x768.webp\" alt=\"1-Pie\u0300ce de vie-T2 duplex-Bordeaux_1_1\" class=\"directorist-thumnail-card-front-img\" \/><\/figure><\/a><\/div><div class=\"swiper-slide\"><a href=\"https:\/\/valerie-lacroix-immobilier.com\/en\/annonce\/appartement-2-pieces-en-duplex-bordeaux\/\"><figure><img decoding=\"async\" src=\"https:\/\/valerie-lacroix-immobilier.com\/wp-content\/uploads\/2026\/05\/2-Vue-depuis-salon-T2-duplex-Bordeaux_2_11zon_2_11zon-1024x768.webp\" alt=\"2-Vue depuis salon-T2 duplex-Bordeaux_2_11zon_2_11zon\" class=\"directorist-thumnail-card-front-img\" \/><\/figure><\/a><\/div><div class=\"swiper-slide\"><a href=\"https:\/\/valerie-lacroix-immobilier.com\/en\/annonce\/appartement-2-pieces-en-duplex-bordeaux\/\"><figure><img decoding=\"async\" src=\"https:\/\/valerie-lacroix-immobilier.com\/wp-content\/uploads\/2026\/05\/3-Vue-depuis-salle-a-manger-T2-duplex-Bordeaux_3_3-1024x768.webp\" alt=\"3-Vue depuis salle a\u0300 manger-T2 duplex-Bordeaux_3_3\" class=\"directorist-thumnail-card-front-img\" \/><\/figure><\/a><\/div><div class=\"swiper-slide\"><a href=\"https:\/\/valerie-lacroix-immobilier.com\/en\/annonce\/appartement-2-pieces-en-duplex-bordeaux\/\"><figure><img decoding=\"async\" src=\"https:\/\/valerie-lacroix-immobilier.com\/wp-content\/uploads\/2026\/05\/4-Vue-exterieure-T2-duplex-Bordeaux_4_4-1024x768.webp\" alt=\"4-Vue exte\u0301rieure-T2 duplex-Bordeaux_4_4\" class=\"directorist-thumnail-card-front-img\" \/><\/figure><\/a><\/div><div class=\"swiper-slide\"><a href=\"https:\/\/valerie-lacroix-immobilier.com\/en\/annonce\/appartement-2-pieces-en-duplex-bordeaux\/\"><figure><img decoding=\"async\" src=\"https:\/\/valerie-lacroix-immobilier.com\/wp-content\/uploads\/2026\/05\/5-Vue-depuis-cuisine-T2-duplex-Bordeaux_5_11zon_5_11zon-1024x768.webp\" alt=\"5-Vue depuis cuisine-T2 duplex-Bordeaux_5_11zon_5_11zon\" class=\"directorist-thumnail-card-front-img\" \/><\/figure><\/a><\/div><div class=\"swiper-slide\"><a href=\"https:\/\/valerie-lacroix-immobilier.com\/en\/annonce\/appartement-2-pieces-en-duplex-bordeaux\/\"><figure><img decoding=\"async\" src=\"https:\/\/valerie-lacroix-immobilier.com\/wp-content\/uploads\/2026\/05\/6-Chambre-T2-duplex-Bordeaux_6_11zon_6_11zon-1024x768.webp\" alt=\"6-Chambre-T2 duplex-Bordeaux_6_11zon_6_11zon\" class=\"directorist-thumnail-card-front-img\" \/><\/figure><\/a><\/div><div class=\"swiper-slide\"><a href=\"https:\/\/valerie-lacroix-immobilier.com\/en\/annonce\/appartement-2-pieces-en-duplex-bordeaux\/\"><figure><img decoding=\"async\" src=\"https:\/\/valerie-lacroix-immobilier.com\/wp-content\/uploads\/2026\/05\/7-Rangements-chambre-T2-duplex-Bordeaux_7_11zon_7_11zon-1024x768.webp\" alt=\"7-Rangements chambre-T2 duplex-Bordeaux_7_11zon_7_11zon\" class=\"directorist-thumnail-card-front-img\" \/><\/figure><\/a><\/div><div class=\"swiper-slide\"><a href=\"https:\/\/valerie-lacroix-immobilier.com\/en\/annonce\/appartement-2-pieces-en-duplex-bordeaux\/\"><figure><img decoding=\"async\" src=\"https:\/\/valerie-lacroix-immobilier.com\/wp-content\/uploads\/2026\/05\/8-Salle-de-bainstoilettes-T2-duplex-Bordeaux_8_11zon_8_11zon-1024x768.webp\" alt=\"8-Salle de bains+toilettes-T2 duplex-Bordeaux_8_11zon_8_11zon\" class=\"directorist-thumnail-card-front-img\" \/><\/figure><\/a><\/div><div class=\"swiper-slide\"><a href=\"https:\/\/valerie-lacroix-immobilier.com\/en\/annonce\/appartement-2-pieces-en-duplex-bordeaux\/\"><figure><img decoding=\"async\" src=\"https:\/\/valerie-lacroix-immobilier.com\/wp-content\/uploads\/2026\/05\/9-Parties-communes-T2-duplex-Bordeaux_9_11zon_9_11zon-1024x768.webp\" alt=\"9-Parties communes-T2 duplex-Bordeaux_9_11zon_9_11zon\" class=\"directorist-thumnail-card-front-img\" \/><\/figure><\/a><\/div><div class=\"swiper-slide\"><a href=\"https:\/\/valerie-lacroix-immobilier.com\/en\/annonce\/appartement-2-pieces-en-duplex-bordeaux\/\"><figure><img decoding=\"async\" src=\"https:\/\/valerie-lacroix-immobilier.com\/wp-content\/uploads\/2026\/05\/10-Exterieur-immeuble-T2-duplex-Bordeaux_10_10-1024x768.webp\" alt=\"10-Exte\u0301rieur immeuble-T2 duplex-Bordeaux_10_10\" class=\"directorist-thumnail-card-front-img\" \/><\/figure><\/a><\/div><\/div>\n\t\t\t\t\t<div class=\"directorist-swiper__navigation\">\n\t\t\t\t\t\t<div class=\"directorist-swiper__nav directorist-swiper__nav--prev directorist-swiper__nav--prev-listing\"><i class=\"directorist-icon-mask\" aria-hidden=\"true\" style=\"--directorist-icon: url(https:\/\/valerie-lacroix-immobilier.com\/wp-content\/plugins\/directorist\/assets\/icons\/line-awesome\/svgs\/angle-left-solid.svg)\"><\/i><\/div>\n\t\t\t\t\t\t<div class=\"directorist-swiper__nav directorist-swiper__nav--next directorist-swiper__nav--next-listing\"><i class=\"directorist-icon-mask\" aria-hidden=\"true\" style=\"--directorist-icon: url(https:\/\/valerie-lacroix-immobilier.com\/wp-content\/plugins\/directorist\/assets\/icons\/line-awesome\/svgs\/angle-right-solid.svg)\"><\/i><\/div>\n\t\t\t\t\t<\/div>\n\n\t\t\t\t\t<div class=\"directorist-swiper__pagination directorist-swiper__pagination--listing\"><\/div>\n\t\t\t\t<\/div><\/div><\/div>\n        <div class=\"directorist-thumb-top-left\"><\/div>\n        <div class=\"directorist-thumb-top-right\"><\/div>\n        <div class=\"directorist-thumb-bottom-left\"><\/div>\n        <div class=\"directorist-thumb-bottom-right\"><\/div>\n\n    <\/div>\n\n    <div class=\"directorist-listing-single__content\">\n        <section class=\"directorist-listing-single__info\">\n\n            \n            <header class=\"directorist-listing-single__info__top\">\n                \n<h2 class=\"directorist-listing-title\"><a href=\"https:\/\/valerie-lacroix-immobilier.com\/en\/annonce\/appartement-2-pieces-en-duplex-bordeaux\/\">Appartement 2 pi\u00e8ces bis en Duplex &#8211; BORDEAUX PROCHE GAMBETTA<\/a><\/h2>\n\n\n<span class=\"directorist-info-item directorist-pricing-meta\">\n    \n<span class=\"directorist-listing-price\">243 800 \u20ac<\/span><\/span>            <\/header>\n\n            \n            <ul class=\"directorist-listing-single__info__list\">\n                \n<li class=\"directorist-listing-card-text\"><i class=\"directorist-icon-mask\" aria-hidden=\"true\" style=\"--directorist-icon: url(https:\/\/valerie-lacroix-immobilier.com\/wp-content\/plugins\/directorist\/assets\/icons\/line-awesome\/svgs\/ruler-combined-solid.svg)\"><\/i>Surface Carrez : 39,78 m2<\/li>\n<li class=\"directorist-listing-card-text\"><i class=\"directorist-icon-mask\" aria-hidden=\"true\" style=\"--directorist-icon: url(https:\/\/valerie-lacroix-immobilier.com\/wp-content\/plugins\/directorist\/assets\/icons\/line-awesome\/svgs\/bed-solid.svg)\"><\/i>Nombre de chambre(s) : 1<\/li>\n<li class=\"directorist-listing-card-number\"><i class=\"directorist-icon-mask\" aria-hidden=\"true\" style=\"--directorist-icon: url(https:\/\/valerie-lacroix-immobilier.com\/wp-content\/plugins\/directorist\/assets\/icons\/line-awesome\/svgs\/door-open-solid.svg)\"><\/i>Nombre de pi\u00e8ces : 2<\/li>            <\/ul>\n\n            \n            \n            \n                    <\/section>\n\n        <footer class=\"directorist-listing-single__meta\">\n            <div class=\"directorist-listing-single__meta__left\">\n<div class=\"directorist-listing-category\">\n            <a href=\"https:\/\/valerie-lacroix-immobilier.com\/en\/categorie\/1-appartement\/?directory_type=lesbiens\"><i class=\"directorist-icon-mask\" aria-hidden=\"true\" style=\"--directorist-icon: url(https:\/\/valerie-lacroix-immobilier.com\/wp-content\/plugins\/directorist\/assets\/icons\/font-awesome\/svgs\/regular\/building.svg)\"><\/i>APPARTEMENTS<\/a>\n        <\/div>\n<\/div>\n            <div class=\"directorist-listing-single__meta__right\"><\/div>\n        <\/footer>\n    <\/div>\n\n<\/article>            <\/div>\n                        <div class=\"directorist-col-4\">\n                \n<article class=\"directorist-listing-single directorist-listing-single--bg directorist-listing-card directorist-listing-has-thumb \">\n\n    <div class=\"directorist-listing-single__thumb\">\n\n        <div class=\"directorist-thumnail-card directorist-card-cover\" style=\"height: 260px\"><div class=\"directorist-thumnail-card-front-wrap\"><div class=\"directorist-swiper directorist-swiper-listing\" data-sw-items=\"1\" data-sw-margin=\"2\" data-sw-loop=\"true\" data-sw-perslide=\"1\" data-sw-speed=\"500\" data-sw-autoplay=\"false\" data-sw-responsive=\"{}\">\n\t\t\t\t\t<div class=\"swiper-wrapper\"><div class=\"swiper-slide\"><a href=\"https:\/\/valerie-lacroix-immobilier.com\/en\/annonce\/appartement-2-pieces-bordeaux-rue-sainte-colombe\/\"><figure><img decoding=\"async\" src=\"https:\/\/valerie-lacroix-immobilier.com\/wp-content\/uploads\/2026\/04\/1-Piece-de-vie-2-T2-rue-Sainte-Colombe-Bordeaux_1-1024x768.webp\" alt=\"1-Pie\u0300ce de vie 2-T2 rue Sainte Colombe-Bordeaux_1\" class=\"directorist-thumnail-card-front-img\" \/><\/figure><\/a><\/div><div class=\"swiper-slide\"><a href=\"https:\/\/valerie-lacroix-immobilier.com\/en\/annonce\/appartement-2-pieces-bordeaux-rue-sainte-colombe\/\"><figure><img decoding=\"async\" src=\"https:\/\/valerie-lacroix-immobilier.com\/wp-content\/uploads\/2026\/04\/2-Vue-Place-Sainte-Colombe-T2-Sainte-Colombe-Bordeaux_2_11zon-1024x768.webp\" alt=\"place sainte colombe \u00e0 bordeaux\" class=\"directorist-thumnail-card-front-img\" \/><\/figure><\/a><\/div><div class=\"swiper-slide\"><a href=\"https:\/\/valerie-lacroix-immobilier.com\/en\/annonce\/appartement-2-pieces-bordeaux-rue-sainte-colombe\/\"><figure><img decoding=\"async\" src=\"https:\/\/valerie-lacroix-immobilier.com\/wp-content\/uploads\/2026\/04\/3-Piece-de-vie-Cuisine-2-T2-rue-Sainte-Colombe-Bordeaux_3-1024x768.webp\" alt=\"pi\u00e8ce de vie cuisine t2\" class=\"directorist-thumnail-card-front-img\" \/><\/figure><\/a><\/div><div class=\"swiper-slide\"><a href=\"https:\/\/valerie-lacroix-immobilier.com\/en\/annonce\/appartement-2-pieces-bordeaux-rue-sainte-colombe\/\"><figure><img decoding=\"async\" src=\"https:\/\/valerie-lacroix-immobilier.com\/wp-content\/uploads\/2026\/04\/4-Cuisine-T2-rue-Sainte-Colombe-Bordeaux_4_11zon-1024x768.webp\" alt=\"cuisine t2 rue sainte colombe bordeaux\" class=\"directorist-thumnail-card-front-img\" \/><\/figure><\/a><\/div><div class=\"swiper-slide\"><a href=\"https:\/\/valerie-lacroix-immobilier.com\/en\/annonce\/appartement-2-pieces-bordeaux-rue-sainte-colombe\/\"><figure><img decoding=\"async\" src=\"https:\/\/valerie-lacroix-immobilier.com\/wp-content\/uploads\/2026\/04\/5-Degagement-T2-rue-Sainte-Colombe-Bordeaux_5-1024x768.webp\" alt=\"degagement t2 rue sainte colombe \u00e0 bordeaux\" class=\"directorist-thumnail-card-front-img\" \/><\/figure><\/a><\/div><div class=\"swiper-slide\"><a href=\"https:\/\/valerie-lacroix-immobilier.com\/en\/annonce\/appartement-2-pieces-bordeaux-rue-sainte-colombe\/\"><figure><img decoding=\"async\" src=\"https:\/\/valerie-lacroix-immobilier.com\/wp-content\/uploads\/2026\/04\/6-Chambre-2-T2-rue-Sainte-Colombe-Bordeaux_6_11zon-1024x768.webp\" alt=\"chambre t2 rue sainte colombe bordeaux\" class=\"directorist-thumnail-card-front-img\" \/><\/figure><\/a><\/div><div class=\"swiper-slide\"><a href=\"https:\/\/valerie-lacroix-immobilier.com\/en\/annonce\/appartement-2-pieces-bordeaux-rue-sainte-colombe\/\"><figure><img decoding=\"async\" src=\"https:\/\/valerie-lacroix-immobilier.com\/wp-content\/uploads\/2026\/04\/7-Salle-de-bains-T2-rue-Sainte-Colombe-Bordeaux_7_11zon-1024x768.webp\" alt=\"salle de bain appartement bordeaux\" class=\"directorist-thumnail-card-front-img\" \/><\/figure><\/a><\/div><div class=\"swiper-slide\"><a href=\"https:\/\/valerie-lacroix-immobilier.com\/en\/annonce\/appartement-2-pieces-bordeaux-rue-sainte-colombe\/\"><figure><img decoding=\"async\" src=\"https:\/\/valerie-lacroix-immobilier.com\/wp-content\/uploads\/2026\/04\/8-Parties-communes-2-T2-rue-Sainte-Colombe-Bordeaux_8_11zon-1024x768.webp\" alt=\"parties communes rue sainte colombe bordeaux\" class=\"directorist-thumnail-card-front-img\" \/><\/figure><\/a><\/div><div class=\"swiper-slide\"><a href=\"https:\/\/valerie-lacroix-immobilier.com\/en\/annonce\/appartement-2-pieces-bordeaux-rue-sainte-colombe\/\"><figure><img decoding=\"async\" src=\"https:\/\/valerie-lacroix-immobilier.com\/wp-content\/uploads\/2026\/04\/9-Exterieur-immeuble-T2-rue-Sainte-Colombe-Bordeaux_9-1024x768.webp\" alt=\"exterieur immeuble rue sainte colombe bordeaux\" class=\"directorist-thumnail-card-front-img\" \/><\/figure><\/a><\/div><div class=\"swiper-slide\"><a href=\"https:\/\/valerie-lacroix-immobilier.com\/en\/annonce\/appartement-2-pieces-bordeaux-rue-sainte-colombe\/\"><figure><img decoding=\"async\" src=\"https:\/\/valerie-lacroix-immobilier.com\/wp-content\/uploads\/2026\/04\/10-Place-Sainte-Colombe-T2-rue-Sainte-colombe-Bordeaux_10_11zon-1024x768.webp\" alt=\"10-Place Sainte Colombe-T2-rue Sainte colombe-Bordeaux_10_11zon\" class=\"directorist-thumnail-card-front-img\" \/><\/figure><\/a><\/div><div class=\"swiper-slide\"><a href=\"https:\/\/valerie-lacroix-immobilier.com\/en\/annonce\/appartement-2-pieces-bordeaux-rue-sainte-colombe\/\"><figure><img decoding=\"async\" src=\"https:\/\/valerie-lacroix-immobilier.com\/wp-content\/uploads\/2026\/04\/10-Croquis-T2-Place-Sainte-Colombe-Bordeaux_5_11zon-808x1024.webp\" alt=\"10-Croquis-T2 Place Sainte Colombe Bordeaux_5_11zon\" class=\"directorist-thumnail-card-front-img\" \/><\/figure><\/a><\/div><\/div>\n\t\t\t\t\t<div class=\"directorist-swiper__navigation\">\n\t\t\t\t\t\t<div class=\"directorist-swiper__nav directorist-swiper__nav--prev directorist-swiper__nav--prev-listing\"><i class=\"directorist-icon-mask\" aria-hidden=\"true\" style=\"--directorist-icon: url(https:\/\/valerie-lacroix-immobilier.com\/wp-content\/plugins\/directorist\/assets\/icons\/line-awesome\/svgs\/angle-left-solid.svg)\"><\/i><\/div>\n\t\t\t\t\t\t<div class=\"directorist-swiper__nav directorist-swiper__nav--next directorist-swiper__nav--next-listing\"><i class=\"directorist-icon-mask\" aria-hidden=\"true\" style=\"--directorist-icon: url(https:\/\/valerie-lacroix-immobilier.com\/wp-content\/plugins\/directorist\/assets\/icons\/line-awesome\/svgs\/angle-right-solid.svg)\"><\/i><\/div>\n\t\t\t\t\t<\/div>\n\n\t\t\t\t\t<div class=\"directorist-swiper__pagination directorist-swiper__pagination--listing\"><\/div>\n\t\t\t\t<\/div><\/div><\/div>\n        <div class=\"directorist-thumb-top-left\"><\/div>\n        <div class=\"directorist-thumb-top-right\"><\/div>\n        <div class=\"directorist-thumb-bottom-left\"><\/div>\n        <div class=\"directorist-thumb-bottom-right\"><\/div>\n\n    <\/div>\n\n    <div class=\"directorist-listing-single__content\">\n        <section class=\"directorist-listing-single__info\">\n\n            \n            <header class=\"directorist-listing-single__info__top\">\n                \n<h2 class=\"directorist-listing-title\"><a href=\"https:\/\/valerie-lacroix-immobilier.com\/en\/annonce\/appartement-2-pieces-bordeaux-rue-sainte-colombe\/\">Appartement 2 pi\u00e8ces &#8211; BORDEAUX RUE SAINTE COLOMBE<\/a><\/h2>\n\n\n<span class=\"directorist-info-item directorist-pricing-meta\">\n    \n<span class=\"directorist-listing-price\">371 000 \u20ac<\/span><\/span>            <\/header>\n\n            \n            <ul class=\"directorist-listing-single__info__list\">\n                \n<li class=\"directorist-listing-card-text\"><i class=\"directorist-icon-mask\" aria-hidden=\"true\" style=\"--directorist-icon: url(https:\/\/valerie-lacroix-immobilier.com\/wp-content\/plugins\/directorist\/assets\/icons\/line-awesome\/svgs\/ruler-combined-solid.svg)\"><\/i>Surface Carrez : 57,4 m\u00b2<\/li>\n<li class=\"directorist-listing-card-text\"><i class=\"directorist-icon-mask\" aria-hidden=\"true\" style=\"--directorist-icon: url(https:\/\/valerie-lacroix-immobilier.com\/wp-content\/plugins\/directorist\/assets\/icons\/line-awesome\/svgs\/bed-solid.svg)\"><\/i>Nombre de chambre(s) : 1<\/li>\n<li class=\"directorist-listing-card-number\"><i class=\"directorist-icon-mask\" aria-hidden=\"true\" style=\"--directorist-icon: url(https:\/\/valerie-lacroix-immobilier.com\/wp-content\/plugins\/directorist\/assets\/icons\/line-awesome\/svgs\/door-open-solid.svg)\"><\/i>Nombre de pi\u00e8ces : 2<\/li>            <\/ul>\n\n            \n            \n            \n                    <\/section>\n\n        <footer class=\"directorist-listing-single__meta\">\n            <div class=\"directorist-listing-single__meta__left\">\n<div class=\"directorist-listing-category\">\n            <a href=\"https:\/\/valerie-lacroix-immobilier.com\/en\/categorie\/bien-en-exclusivite\/?directory_type=lesbiens\"><i class=\"directorist-icon-mask\" aria-hidden=\"true\" style=\"--directorist-icon: url(https:\/\/valerie-lacroix-immobilier.com\/wp-content\/plugins\/directorist\/assets\/icons\/font-awesome\/svgs\/regular\/arrow-alt-circle-right.svg)\"><\/i>BIEN EN EXCLUSIVIT\u00c9<\/a>\n                    <div class=\"directorist-listing-category__popup\">\n                <span class=\"directorist-listing-category__extran-count\">+1<\/span>\n                <div class=\"directorist-listing-category__popup__content\">\n                    \n                        <a href=\"https:\/\/valerie-lacroix-immobilier.com\/en\/categorie\/1-appartement\/?directory_type=lesbiens\"><i class=\"directorist-icon-mask\" aria-hidden=\"true\" style=\"--directorist-icon: url(https:\/\/valerie-lacroix-immobilier.com\/wp-content\/plugins\/directorist\/assets\/icons\/font-awesome\/svgs\/regular\/building.svg)\"><\/i> APPARTEMENTS<\/a>\n\n                                        <\/div>\n\n            <\/div>\n            <\/div>\n<\/div>\n            <div class=\"directorist-listing-single__meta__right\"><\/div>\n        <\/footer>\n    <\/div>\n\n<\/article>            <\/div>\n                        <div class=\"directorist-col-4\">\n                \n<article class=\"directorist-listing-single directorist-listing-single--bg directorist-listing-card directorist-listing-has-thumb \">\n\n    <div class=\"directorist-listing-single__thumb\">\n\n        <div class=\"directorist-thumnail-card directorist-card-cover\" style=\"height: 260px\"><div class=\"directorist-thumnail-card-front-wrap\"><div class=\"directorist-swiper directorist-swiper-listing\" data-sw-items=\"1\" data-sw-margin=\"2\" data-sw-loop=\"true\" data-sw-perslide=\"1\" data-sw-speed=\"500\" data-sw-autoplay=\"false\" data-sw-responsive=\"{}\">\n\t\t\t\t\t<div class=\"swiper-wrapper\"><div class=\"swiper-slide\"><a href=\"https:\/\/valerie-lacroix-immobilier.com\/en\/annonce\/appartement-2-pieces-bordeaux-saint-pierre\/\"><figure><img decoding=\"async\" src=\"https:\/\/valerie-lacroix-immobilier.com\/wp-content\/uploads\/2026\/03\/1-Piece-de-vie-T2-Bordeaux-St-Pierre_1-1024x768.webp\" alt=\"1-Pie\u0300ce de vie-T2-Bordeaux St Pierre_1\" class=\"directorist-thumnail-card-front-img\" \/><\/figure><\/a><\/div><div class=\"swiper-slide\"><a href=\"https:\/\/valerie-lacroix-immobilier.com\/en\/annonce\/appartement-2-pieces-bordeaux-saint-pierre\/\"><figure><img decoding=\"async\" src=\"https:\/\/valerie-lacroix-immobilier.com\/wp-content\/uploads\/2026\/03\/2-Piece-de-vie-2-T2-Bordeaux-St-Pierre_2-1024x768.webp\" alt=\"2-Pie\u0300ce de vie 2-T2-Bordeaux St Pierre_2\" class=\"directorist-thumnail-card-front-img\" \/><\/figure><\/a><\/div><div class=\"swiper-slide\"><a href=\"https:\/\/valerie-lacroix-immobilier.com\/en\/annonce\/appartement-2-pieces-bordeaux-saint-pierre\/\"><figure><img decoding=\"async\" src=\"https:\/\/valerie-lacroix-immobilier.com\/wp-content\/uploads\/2026\/03\/3-Cheminee-T2-Bordeaux-St-Pierre_3-1024x768.webp\" alt=\"3-Chemine\u0301e-T2-Bordeaux St Pierre_3\" class=\"directorist-thumnail-card-front-img\" \/><\/figure><\/a><\/div><div class=\"swiper-slide\"><a href=\"https:\/\/valerie-lacroix-immobilier.com\/en\/annonce\/appartement-2-pieces-bordeaux-saint-pierre\/\"><figure><img decoding=\"async\" src=\"https:\/\/valerie-lacroix-immobilier.com\/wp-content\/uploads\/2026\/03\/4-Cuisine-T2-Bordeaux-St-Pierre_4_11zon-1024x768.webp\" alt=\"4-Cuisine-T2-Bordeaux St Pierre_4_11zon\" class=\"directorist-thumnail-card-front-img\" \/><\/figure><\/a><\/div><div class=\"swiper-slide\"><a href=\"https:\/\/valerie-lacroix-immobilier.com\/en\/annonce\/appartement-2-pieces-bordeaux-saint-pierre\/\"><figure><img decoding=\"async\" src=\"https:\/\/valerie-lacroix-immobilier.com\/wp-content\/uploads\/2026\/03\/5-Degagement-T2-Bordeaux-St-Pierre_5-1024x768.webp\" alt=\"5-De\u0301gagement-T2-Bordeaux St Pierre_5\" class=\"directorist-thumnail-card-front-img\" \/><\/figure><\/a><\/div><div class=\"swiper-slide\"><a href=\"https:\/\/valerie-lacroix-immobilier.com\/en\/annonce\/appartement-2-pieces-bordeaux-saint-pierre\/\"><figure><img decoding=\"async\" src=\"https:\/\/valerie-lacroix-immobilier.com\/wp-content\/uploads\/2026\/03\/6-Chambre-T2-Bordeaux-St-Pierre_6_11zon-1024x768.webp\" alt=\"6-Chambre-T2-Bordeaux St Pierre_6_11zon\" class=\"directorist-thumnail-card-front-img\" \/><\/figure><\/a><\/div><div class=\"swiper-slide\"><a href=\"https:\/\/valerie-lacroix-immobilier.com\/en\/annonce\/appartement-2-pieces-bordeaux-saint-pierre\/\"><figure><img decoding=\"async\" src=\"https:\/\/valerie-lacroix-immobilier.com\/wp-content\/uploads\/2026\/03\/7-Salle-de-bainstoilettes-T2-Bordeaux-St-Pierre_7_11zon-1024x768.webp\" alt=\"7-Salle de bains+toilettes-T2-Bordeaux St Pierre_7_11zon\" class=\"directorist-thumnail-card-front-img\" \/><\/figure><\/a><\/div><div class=\"swiper-slide\"><a href=\"https:\/\/valerie-lacroix-immobilier.com\/en\/annonce\/appartement-2-pieces-bordeaux-saint-pierre\/\"><figure><img decoding=\"async\" src=\"https:\/\/valerie-lacroix-immobilier.com\/wp-content\/uploads\/2026\/03\/8-Rue-Arnaud-Miqueu-T2-Bordeaux-St-Pierre_8_11zon-1024x768.webp\" alt=\"8-Rue Arnaud Miqueu-T2-Bordeaux St Pierre_8_11zon\" class=\"directorist-thumnail-card-front-img\" \/><\/figure><\/a><\/div><div class=\"swiper-slide\"><a href=\"https:\/\/valerie-lacroix-immobilier.com\/en\/annonce\/appartement-2-pieces-bordeaux-saint-pierre\/\"><figure><img decoding=\"async\" src=\"https:\/\/valerie-lacroix-immobilier.com\/wp-content\/uploads\/2026\/03\/1-Piece-de-vie-T2-Bordeaux-St-Pierre_1-1024x768.webp\" alt=\"1-Pie\u0300ce de vie-T2-Bordeaux St Pierre_1\" class=\"directorist-thumnail-card-front-img\" \/><\/figure><\/a><\/div><div class=\"swiper-slide\"><a href=\"https:\/\/valerie-lacroix-immobilier.com\/en\/annonce\/appartement-2-pieces-bordeaux-saint-pierre\/\"><figure><img decoding=\"async\" src=\"https:\/\/valerie-lacroix-immobilier.com\/wp-content\/uploads\/2026\/03\/9-Plan-T2-traversant-Bordeaux-Saint-Pierre_9_11zon-1024x471.webp\" alt=\"9-Plan T2 traversant Bordeaux Saint Pierre_9_11zon\" class=\"directorist-thumnail-card-front-img\" \/><\/figure><\/a><\/div><div class=\"swiper-slide\"><a href=\"https:\/\/valerie-lacroix-immobilier.com\/en\/annonce\/appartement-2-pieces-bordeaux-saint-pierre\/\"><figure><img decoding=\"async\" src=\"https:\/\/valerie-lacroix-immobilier.com\/wp-content\/uploads\/2026\/05\/10-Exterieur-immeuble-T2-duplex-Bordeaux_10_10-1024x768.webp\" alt=\"10-Exte\u0301rieur immeuble-T2 duplex-Bordeaux_10_10\" class=\"directorist-thumnail-card-front-img\" \/><\/figure><\/a><\/div><\/div>\n\t\t\t\t\t<div class=\"directorist-swiper__navigation\">\n\t\t\t\t\t\t<div class=\"directorist-swiper__nav directorist-swiper__nav--prev directorist-swiper__nav--prev-listing\"><i class=\"directorist-icon-mask\" aria-hidden=\"true\" style=\"--directorist-icon: url(https:\/\/valerie-lacroix-immobilier.com\/wp-content\/plugins\/directorist\/assets\/icons\/line-awesome\/svgs\/angle-left-solid.svg)\"><\/i><\/div>\n\t\t\t\t\t\t<div class=\"directorist-swiper__nav directorist-swiper__nav--next directorist-swiper__nav--next-listing\"><i class=\"directorist-icon-mask\" aria-hidden=\"true\" style=\"--directorist-icon: url(https:\/\/valerie-lacroix-immobilier.com\/wp-content\/plugins\/directorist\/assets\/icons\/line-awesome\/svgs\/angle-right-solid.svg)\"><\/i><\/div>\n\t\t\t\t\t<\/div>\n\n\t\t\t\t\t<div class=\"directorist-swiper__pagination directorist-swiper__pagination--listing\"><\/div>\n\t\t\t\t<\/div><\/div><\/div>\n        <div class=\"directorist-thumb-top-left\"><\/div>\n        <div class=\"directorist-thumb-top-right\"><\/div>\n        <div class=\"directorist-thumb-bottom-left\"><\/div>\n        <div class=\"directorist-thumb-bottom-right\"><\/div>\n\n    <\/div>\n\n    <div class=\"directorist-listing-single__content\">\n        <section class=\"directorist-listing-single__info\">\n\n            \n            <header class=\"directorist-listing-single__info__top\">\n                \n<h2 class=\"directorist-listing-title\"><a href=\"https:\/\/valerie-lacroix-immobilier.com\/en\/annonce\/appartement-2-pieces-bordeaux-saint-pierre\/\">Appartement 2 pi\u00e8ces &#8211; BORDEAUX SAINT PIERRE<\/a><\/h2>\n\n\n<span class=\"directorist-info-item directorist-pricing-meta\">\n    \n<span class=\"directorist-listing-price\">223 600 \u20ac<\/span><\/span>            <\/header>\n\n            \n            <ul class=\"directorist-listing-single__info__list\">\n                \n<li class=\"directorist-listing-card-text\"><i class=\"directorist-icon-mask\" aria-hidden=\"true\" style=\"--directorist-icon: url(https:\/\/valerie-lacroix-immobilier.com\/wp-content\/plugins\/directorist\/assets\/icons\/line-awesome\/svgs\/ruler-combined-solid.svg)\"><\/i>Surface Carrez : 36,2 m\u00b2<\/li>\n<li class=\"directorist-listing-card-text\"><i class=\"directorist-icon-mask\" aria-hidden=\"true\" style=\"--directorist-icon: url(https:\/\/valerie-lacroix-immobilier.com\/wp-content\/plugins\/directorist\/assets\/icons\/line-awesome\/svgs\/bed-solid.svg)\"><\/i>Nombre de chambre(s) : 1<\/li>\n<li class=\"directorist-listing-card-number\"><i class=\"directorist-icon-mask\" aria-hidden=\"true\" style=\"--directorist-icon: url(https:\/\/valerie-lacroix-immobilier.com\/wp-content\/plugins\/directorist\/assets\/icons\/line-awesome\/svgs\/door-open-solid.svg)\"><\/i>Nombre de pi\u00e8ces : 2<\/li>            <\/ul>\n\n            \n            \n            \n                    <\/section>\n\n        <footer class=\"directorist-listing-single__meta\">\n            <div class=\"directorist-listing-single__meta__left\">\n<div class=\"directorist-listing-category\">\n            <a href=\"https:\/\/valerie-lacroix-immobilier.com\/en\/categorie\/1-appartement\/?directory_type=lesbiens\"><i class=\"directorist-icon-mask\" aria-hidden=\"true\" style=\"--directorist-icon: url(https:\/\/valerie-lacroix-immobilier.com\/wp-content\/plugins\/directorist\/assets\/icons\/font-awesome\/svgs\/regular\/building.svg)\"><\/i>APPARTEMENTS<\/a>\n        <\/div>\n<\/div>\n            <div class=\"directorist-listing-single__meta__right\"><\/div>\n        <\/footer>\n    <\/div>\n\n<\/article>            <\/div>\n                        <div class=\"directorist-col-4\">\n                \n<article class=\"directorist-listing-single directorist-listing-single--bg directorist-listing-card directorist-listing-has-thumb \">\n\n    <div class=\"directorist-listing-single__thumb\">\n\n        <div class=\"directorist-thumnail-card directorist-card-cover\" style=\"height: 260px\"><div class=\"directorist-thumnail-card-front-wrap\"><div class=\"directorist-swiper directorist-swiper-listing\" data-sw-items=\"1\" data-sw-margin=\"2\" data-sw-loop=\"true\" data-sw-perslide=\"1\" data-sw-speed=\"500\" data-sw-autoplay=\"false\" data-sw-responsive=\"{}\">\n\t\t\t\t\t<div class=\"swiper-wrapper\"><div class=\"swiper-slide\"><a href=\"https:\/\/valerie-lacroix-immobilier.com\/en\/annonce\/maison-pierre-t5-avec-garage-bordeaux-fondaudege\/\"><figure><img decoding=\"async\" src=\"https:\/\/valerie-lacroix-immobilier.com\/wp-content\/uploads\/2025\/08\/Maison-Pierre-T5-avec-garage-\u2013-BORDEAUX-FONDAUDEGE-1.webp\" alt=\"maison pierre t5 bordeaux ext\u00e9rieur fa\u00e7ade\" class=\"directorist-thumnail-card-front-img\" \/><\/figure><\/a><\/div><div class=\"swiper-slide\"><a href=\"https:\/\/valerie-lacroix-immobilier.com\/en\/annonce\/maison-pierre-t5-avec-garage-bordeaux-fondaudege\/\"><figure><img decoding=\"async\" src=\"https:\/\/valerie-lacroix-immobilier.com\/wp-content\/uploads\/2025\/08\/3-piece-de-vie-Maison-pierre-avec-garage-Bordeaux-Fondaudege.webp\" alt=\"maison pierre t5 bordeaux salon\" class=\"directorist-thumnail-card-front-img\" \/><\/figure><\/a><\/div><div class=\"swiper-slide\"><a href=\"https:\/\/valerie-lacroix-immobilier.com\/en\/annonce\/maison-pierre-t5-avec-garage-bordeaux-fondaudege\/\"><figure><img decoding=\"async\" src=\"https:\/\/valerie-lacroix-immobilier.com\/wp-content\/uploads\/2025\/08\/4-salle-a-manger-salon-Maison-pierre-avec-garage-Bordeaux-Fondaudege.webp\" alt=\"maison pierre t5 bordeaux salon\" class=\"directorist-thumnail-card-front-img\" \/><\/figure><\/a><\/div><div class=\"swiper-slide\"><a href=\"https:\/\/valerie-lacroix-immobilier.com\/en\/annonce\/maison-pierre-t5-avec-garage-bordeaux-fondaudege\/\"><figure><img decoding=\"async\" src=\"https:\/\/valerie-lacroix-immobilier.com\/wp-content\/uploads\/2025\/08\/5-depuis-salon-Maison-pierre-avec-garage-Bordeaux-Fondaudege.webp\" alt=\"maison pierre t5 bordeaux salon\" class=\"directorist-thumnail-card-front-img\" \/><\/figure><\/a><\/div><div class=\"swiper-slide\"><a href=\"https:\/\/valerie-lacroix-immobilier.com\/en\/annonce\/maison-pierre-t5-avec-garage-bordeaux-fondaudege\/\"><figure><img decoding=\"async\" src=\"https:\/\/valerie-lacroix-immobilier.com\/wp-content\/uploads\/2025\/08\/6_6_11zon.webp\" alt=\"maison pierre t5 bordeaux salon\" class=\"directorist-thumnail-card-front-img\" \/><\/figure><\/a><\/div><div class=\"swiper-slide\"><a href=\"https:\/\/valerie-lacroix-immobilier.com\/en\/annonce\/maison-pierre-t5-avec-garage-bordeaux-fondaudege\/\"><figure><img decoding=\"async\" src=\"https:\/\/valerie-lacroix-immobilier.com\/wp-content\/uploads\/2025\/08\/6-salon-Maison-pierre-avec-garage-Bordeaux-Fondaudege.webp\" alt=\"maison pierre t5 bordeaux salon\" class=\"directorist-thumnail-card-front-img\" \/><\/figure><\/a><\/div><div class=\"swiper-slide\"><a href=\"https:\/\/valerie-lacroix-immobilier.com\/en\/annonce\/maison-pierre-t5-avec-garage-bordeaux-fondaudege\/\"><figure><img decoding=\"async\" src=\"https:\/\/valerie-lacroix-immobilier.com\/wp-content\/uploads\/2025\/08\/7-suite-parentale-Maison-pierre-avec-garage-Bordeaux-Fondaudege.webp\" alt=\"maison pierre t5 bordeaux chambre\" class=\"directorist-thumnail-card-front-img\" \/><\/figure><\/a><\/div><div class=\"swiper-slide\"><a href=\"https:\/\/valerie-lacroix-immobilier.com\/en\/annonce\/maison-pierre-t5-avec-garage-bordeaux-fondaudege\/\"><figure><img decoding=\"async\" src=\"https:\/\/valerie-lacroix-immobilier.com\/wp-content\/uploads\/2025\/08\/8-salle-de-baindouche-Maison-pierre-avec-garage-Bordeaux-Fondaudege.webp\" alt=\"maison pierre t5 bordeaux salle de bain\" class=\"directorist-thumnail-card-front-img\" \/><\/figure><\/a><\/div><div class=\"swiper-slide\"><a href=\"https:\/\/valerie-lacroix-immobilier.com\/en\/annonce\/maison-pierre-t5-avec-garage-bordeaux-fondaudege\/\"><figure><img decoding=\"async\" src=\"https:\/\/valerie-lacroix-immobilier.com\/wp-content\/uploads\/2025\/08\/10-chambre-2eme-etage-Maison-pierre-avec-garage-Bordeaux-Fondaudege.webp\" alt=\"maison pierre t5 bordeaux chambre\" class=\"directorist-thumnail-card-front-img\" \/><\/figure><\/a><\/div><div class=\"swiper-slide\"><a href=\"https:\/\/valerie-lacroix-immobilier.com\/en\/annonce\/maison-pierre-t5-avec-garage-bordeaux-fondaudege\/\"><figure><img decoding=\"async\" src=\"https:\/\/valerie-lacroix-immobilier.com\/wp-content\/uploads\/2025\/08\/1-Maison-pierre-avec-garage-Bordeaux-Fondaudege.webp\" alt=\"maison pierre t5 bordeaux ext\u00e9rieur\" class=\"directorist-thumnail-card-front-img\" \/><\/figure><\/a><\/div><\/div>\n\t\t\t\t\t<div class=\"directorist-swiper__navigation\">\n\t\t\t\t\t\t<div class=\"directorist-swiper__nav directorist-swiper__nav--prev directorist-swiper__nav--prev-listing\"><i class=\"directorist-icon-mask\" aria-hidden=\"true\" style=\"--directorist-icon: url(https:\/\/valerie-lacroix-immobilier.com\/wp-content\/plugins\/directorist\/assets\/icons\/line-awesome\/svgs\/angle-left-solid.svg)\"><\/i><\/div>\n\t\t\t\t\t\t<div class=\"directorist-swiper__nav directorist-swiper__nav--next directorist-swiper__nav--next-listing\"><i class=\"directorist-icon-mask\" aria-hidden=\"true\" style=\"--directorist-icon: url(https:\/\/valerie-lacroix-immobilier.com\/wp-content\/plugins\/directorist\/assets\/icons\/line-awesome\/svgs\/angle-right-solid.svg)\"><\/i><\/div>\n\t\t\t\t\t<\/div>\n\n\t\t\t\t\t<div class=\"directorist-swiper__pagination directorist-swiper__pagination--listing\"><\/div>\n\t\t\t\t<\/div><\/div><\/div>\n        <div class=\"directorist-thumb-top-left\"><\/div>\n        <div class=\"directorist-thumb-top-right\"><\/div>\n        <div class=\"directorist-thumb-bottom-left\"><\/div>\n        <div class=\"directorist-thumb-bottom-right\"><\/div>\n\n    <\/div>\n\n    <div class=\"directorist-listing-single__content\">\n        <section class=\"directorist-listing-single__info\">\n\n            \n            <header class=\"directorist-listing-single__info__top\">\n                \n<h2 class=\"directorist-listing-title\"><a href=\"https:\/\/valerie-lacroix-immobilier.com\/en\/annonce\/maison-pierre-t5-avec-garage-bordeaux-fondaudege\/\">Maison Pierre 5 pi\u00e8ces avec garage \u2013 BORDEAUX FONDAUD\u00c8GE<\/a><\/h2>\n\n\n<span class=\"directorist-info-item directorist-pricing-meta\">\n    \n<span class=\"directorist-listing-price\">790 000 \u20ac<\/span><\/span>            <\/header>\n\n            \n            <ul class=\"directorist-listing-single__info__list\">\n                \n<li class=\"directorist-listing-card-text\"><i class=\"directorist-icon-mask\" aria-hidden=\"true\" style=\"--directorist-icon: url(https:\/\/valerie-lacroix-immobilier.com\/wp-content\/plugins\/directorist\/assets\/icons\/line-awesome\/svgs\/ruler-combined-solid.svg)\"><\/i>Surface habitable (m\u00b2) : 166,2 m2<\/li>\n<li class=\"directorist-listing-card-text\"><i class=\"directorist-icon-mask\" aria-hidden=\"true\" style=\"--directorist-icon: url(https:\/\/valerie-lacroix-immobilier.com\/wp-content\/plugins\/directorist\/assets\/icons\/line-awesome\/svgs\/bed-solid.svg)\"><\/i>Nombre de chambre(s) : 3<\/li>\n<li class=\"directorist-listing-card-number\"><i class=\"directorist-icon-mask\" aria-hidden=\"true\" style=\"--directorist-icon: url(https:\/\/valerie-lacroix-immobilier.com\/wp-content\/plugins\/directorist\/assets\/icons\/line-awesome\/svgs\/door-open-solid.svg)\"><\/i>Nombre de pi\u00e8ces : 5<\/li>            <\/ul>\n\n            \n            \n            \n                    <\/section>\n\n        <footer class=\"directorist-listing-single__meta\">\n            <div class=\"directorist-listing-single__meta__left\">\n<div class=\"directorist-listing-category\">\n            <a href=\"https:\/\/valerie-lacroix-immobilier.com\/en\/categorie\/2-maisons\/?directory_type=lesbiens\"><i class=\"directorist-icon-mask\" aria-hidden=\"true\" style=\"--directorist-icon: url(https:\/\/valerie-lacroix-immobilier.com\/wp-content\/plugins\/directorist\/assets\/icons\/font-awesome\/svgs\/solid\/warehouse.svg)\"><\/i>MAISONS<\/a>\n        <\/div>\n<\/div>\n            <div class=\"directorist-listing-single__meta__right\"><\/div>\n        <\/footer>\n    <\/div>\n\n<\/article>            <\/div>\n                        <div class=\"directorist-col-4\">\n                \n<article class=\"directorist-listing-single directorist-listing-single--bg directorist-listing-card directorist-listing-has-thumb \">\n\n    <div class=\"directorist-listing-single__thumb\">\n\n        <div class=\"directorist-thumnail-card directorist-card-cover\" style=\"height: 260px\"><div class=\"directorist-thumnail-card-front-wrap\"><div class=\"directorist-swiper directorist-swiper-listing\" data-sw-items=\"1\" data-sw-margin=\"2\" data-sw-loop=\"true\" data-sw-perslide=\"1\" data-sw-speed=\"500\" data-sw-autoplay=\"false\" data-sw-responsive=\"{}\">\n\t\t\t\t\t<div class=\"swiper-wrapper\"><div class=\"swiper-slide\"><a href=\"https:\/\/valerie-lacroix-immobilier.com\/en\/annonce\/appartement-6-pieces-hypercentre-de-bordeaux\/\"><figure><img decoding=\"async\" src=\"https:\/\/valerie-lacroix-immobilier.com\/wp-content\/uploads\/2025\/12\/1-Entree-T6-Bordeaux-Hypercentre_1_1-1024x768.webp\" alt=\"1-Entre\u0301e-T6 Bordeaux Hypercentre_1_1\" class=\"directorist-thumnail-card-front-img\" \/><\/figure><\/a><\/div><div class=\"swiper-slide\"><a href=\"https:\/\/valerie-lacroix-immobilier.com\/en\/annonce\/appartement-6-pieces-hypercentre-de-bordeaux\/\"><figure><img decoding=\"async\" src=\"https:\/\/valerie-lacroix-immobilier.com\/wp-content\/uploads\/2025\/12\/2-Salon-1-T6-Bordeaux-Hypercentre_2_11zon_2_11zon-1-1024x768.webp\" alt=\"2-Salon 1-T6 Bordeaux Hypercentre_2_11zon_2_11zon\" class=\"directorist-thumnail-card-front-img\" \/><\/figure><\/a><\/div><div class=\"swiper-slide\"><a href=\"https:\/\/valerie-lacroix-immobilier.com\/en\/annonce\/appartement-6-pieces-hypercentre-de-bordeaux\/\"><figure><img decoding=\"async\" src=\"https:\/\/valerie-lacroix-immobilier.com\/wp-content\/uploads\/2025\/12\/3-Salon-1-T6-Bordeaux-Hypercentre_3_11zon_3_11zon-1024x768.webp\" alt=\"3-Salon 1-T6 Bordeaux Hypercentre_3_11zon_3_11zon\" class=\"directorist-thumnail-card-front-img\" \/><\/figure><\/a><\/div><div class=\"swiper-slide\"><a href=\"https:\/\/valerie-lacroix-immobilier.com\/en\/annonce\/appartement-6-pieces-hypercentre-de-bordeaux\/\"><figure><img decoding=\"async\" src=\"https:\/\/valerie-lacroix-immobilier.com\/wp-content\/uploads\/2025\/12\/4-Depuis-salon-1-T6-Bordeaux-Hypercentre_4_11zon_4_11zon-1024x768.webp\" alt=\"4-Depuis salon 1-T6 Bordeaux Hypercentre_4_11zon_4_11zon\" class=\"directorist-thumnail-card-front-img\" \/><\/figure><\/a><\/div><div class=\"swiper-slide\"><a href=\"https:\/\/valerie-lacroix-immobilier.com\/en\/annonce\/appartement-6-pieces-hypercentre-de-bordeaux\/\"><figure><img decoding=\"async\" src=\"https:\/\/valerie-lacroix-immobilier.com\/wp-content\/uploads\/2025\/12\/5-Salon-2-T6-Bordeaux-Hypercentre_5_11zon_5_11zon-1024x768.webp\" alt=\"5-Salon 2-T6 Bordeaux Hypercentre_5_11zon_5_11zon\" class=\"directorist-thumnail-card-front-img\" \/><\/figure><\/a><\/div><div class=\"swiper-slide\"><a href=\"https:\/\/valerie-lacroix-immobilier.com\/en\/annonce\/appartement-6-pieces-hypercentre-de-bordeaux\/\"><figure><img decoding=\"async\" src=\"https:\/\/valerie-lacroix-immobilier.com\/wp-content\/uploads\/2025\/12\/6-Salle-a-manger-T6-Bordeaux-Hypercentre-1-1-1024x795.webp\" alt=\"6-Salle a\u0300 manger-T6 Bordeaux Hypercentre (1) (1)\" class=\"directorist-thumnail-card-front-img\" \/><\/figure><\/a><\/div><div class=\"swiper-slide\"><a href=\"https:\/\/valerie-lacroix-immobilier.com\/en\/annonce\/appartement-6-pieces-hypercentre-de-bordeaux\/\"><figure><img decoding=\"async\" src=\"https:\/\/valerie-lacroix-immobilier.com\/wp-content\/uploads\/2025\/12\/7-Cheminee-salon-2-T6-Bordeaux-Hypercentre_7_7-1024x768.webp\" alt=\"7-Chemine\u0301e salon 2-T6 Bordeaux Hypercentre_7_7\" class=\"directorist-thumnail-card-front-img\" \/><\/figure><\/a><\/div><div class=\"swiper-slide\"><a href=\"https:\/\/valerie-lacroix-immobilier.com\/en\/annonce\/appartement-6-pieces-hypercentre-de-bordeaux\/\"><figure><img decoding=\"async\" src=\"https:\/\/valerie-lacroix-immobilier.com\/wp-content\/uploads\/2025\/12\/8-Salle-a-manger-T6-Bordeaux-Hypercentre_8_8-1024x767.webp\" alt=\"8-Salle a\u0300 manger-T6 Bordeaux Hypercentre_8_8\" class=\"directorist-thumnail-card-front-img\" \/><\/figure><\/a><\/div><div class=\"swiper-slide\"><a href=\"https:\/\/valerie-lacroix-immobilier.com\/en\/annonce\/appartement-6-pieces-hypercentre-de-bordeaux\/\"><figure><img decoding=\"async\" src=\"https:\/\/valerie-lacroix-immobilier.com\/wp-content\/uploads\/2025\/12\/9-Cuisine-T6-Bordeaux-Hypercentre-_9_11zon_9_11zon-768x1024.webp\" alt=\"9-Cuisine-T6 Bordeaux Hypercentre _9_11zon_9_11zon\" class=\"directorist-thumnail-card-front-img\" \/><\/figure><\/a><\/div><div class=\"swiper-slide\"><a href=\"https:\/\/valerie-lacroix-immobilier.com\/en\/annonce\/appartement-6-pieces-hypercentre-de-bordeaux\/\"><figure><img decoding=\"async\" src=\"https:\/\/valerie-lacroix-immobilier.com\/wp-content\/uploads\/2025\/12\/9-Cuisine-T6-Bordeaux-Hypercentre_10_11zon_10_11zon-1024x768.webp\" alt=\"9-Cuisine-T6 Bordeaux Hypercentre_10_11zon_10_11zon\" class=\"directorist-thumnail-card-front-img\" \/><\/figure><\/a><\/div><div class=\"swiper-slide\"><a href=\"https:\/\/valerie-lacroix-immobilier.com\/en\/annonce\/appartement-6-pieces-hypercentre-de-bordeaux\/\"><figure><img decoding=\"async\" src=\"https:\/\/valerie-lacroix-immobilier.com\/wp-content\/uploads\/2025\/12\/10-Plan-T6-Bordeaux-Hypercentre_11_11zon_11_11zon-1024x835.webp\" alt=\"plan de l&apos;appartement\" class=\"directorist-thumnail-card-front-img\" \/><\/figure><\/a><\/div><\/div>\n\t\t\t\t\t<div class=\"directorist-swiper__navigation\">\n\t\t\t\t\t\t<div class=\"directorist-swiper__nav directorist-swiper__nav--prev directorist-swiper__nav--prev-listing\"><i class=\"directorist-icon-mask\" aria-hidden=\"true\" style=\"--directorist-icon: url(https:\/\/valerie-lacroix-immobilier.com\/wp-content\/plugins\/directorist\/assets\/icons\/line-awesome\/svgs\/angle-left-solid.svg)\"><\/i><\/div>\n\t\t\t\t\t\t<div class=\"directorist-swiper__nav directorist-swiper__nav--next directorist-swiper__nav--next-listing\"><i class=\"directorist-icon-mask\" aria-hidden=\"true\" style=\"--directorist-icon: url(https:\/\/valerie-lacroix-immobilier.com\/wp-content\/plugins\/directorist\/assets\/icons\/line-awesome\/svgs\/angle-right-solid.svg)\"><\/i><\/div>\n\t\t\t\t\t<\/div>\n\n\t\t\t\t\t<div class=\"directorist-swiper__pagination directorist-swiper__pagination--listing\"><\/div>\n\t\t\t\t<\/div><\/div><\/div>\n        <div class=\"directorist-thumb-top-left\"><\/div>\n        <div class=\"directorist-thumb-top-right\"><\/div>\n        <div class=\"directorist-thumb-bottom-left\"><\/div>\n        <div class=\"directorist-thumb-bottom-right\"><\/div>\n\n    <\/div>\n\n    <div class=\"directorist-listing-single__content\">\n        <section class=\"directorist-listing-single__info\">\n\n            \n            <header class=\"directorist-listing-single__info__top\">\n                \n<h2 class=\"directorist-listing-title\"><a href=\"https:\/\/valerie-lacroix-immobilier.com\/en\/annonce\/appartement-6-pieces-hypercentre-de-bordeaux\/\">Appartement 6 pi\u00e8ces &#8211; BORDEAUX PROCHE TRIANGLE D&#8217;OR<\/a><\/h2>\n\n\n<span class=\"directorist-info-item directorist-pricing-meta\">\n    \n<span class=\"directorist-listing-price\">1 785 000 \u20ac<\/span><\/span>            <\/header>\n\n            \n            <ul class=\"directorist-listing-single__info__list\">\n                \n<li class=\"directorist-listing-card-text\"><i class=\"directorist-icon-mask\" aria-hidden=\"true\" style=\"--directorist-icon: url(https:\/\/valerie-lacroix-immobilier.com\/wp-content\/plugins\/directorist\/assets\/icons\/line-awesome\/svgs\/ruler-combined-solid.svg)\"><\/i>Surface Carrez : 211 m2<\/li>\n<li class=\"directorist-listing-card-text\"><i class=\"directorist-icon-mask\" aria-hidden=\"true\" style=\"--directorist-icon: url(https:\/\/valerie-lacroix-immobilier.com\/wp-content\/plugins\/directorist\/assets\/icons\/line-awesome\/svgs\/bed-solid.svg)\"><\/i>Nombre de chambre(s) : 4<\/li>\n<li class=\"directorist-listing-card-number\"><i class=\"directorist-icon-mask\" aria-hidden=\"true\" style=\"--directorist-icon: url(https:\/\/valerie-lacroix-immobilier.com\/wp-content\/plugins\/directorist\/assets\/icons\/line-awesome\/svgs\/door-open-solid.svg)\"><\/i>Nombre de pi\u00e8ces : 6<\/li>            <\/ul>\n\n            \n            \n            \n                    <\/section>\n\n        <footer class=\"directorist-listing-single__meta\">\n            <div class=\"directorist-listing-single__meta__left\">\n<div class=\"directorist-listing-category\">\n            <a href=\"https:\/\/valerie-lacroix-immobilier.com\/en\/categorie\/1-appartement\/?directory_type=lesbiens\"><i class=\"directorist-icon-mask\" aria-hidden=\"true\" style=\"--directorist-icon: url(https:\/\/valerie-lacroix-immobilier.com\/wp-content\/plugins\/directorist\/assets\/icons\/font-awesome\/svgs\/regular\/building.svg)\"><\/i>APPARTEMENTS<\/a>\n        <\/div>\n<\/div>\n            <div class=\"directorist-listing-single__meta__right\"><\/div>\n        <\/footer>\n    <\/div>\n\n<\/article>            <\/div>\n                        <div class=\"directorist-col-4\">\n                \n<article class=\"directorist-listing-single directorist-listing-single--bg directorist-listing-card directorist-listing-has-thumb \">\n\n    <div class=\"directorist-listing-single__thumb\">\n\n        <div class=\"directorist-thumnail-card directorist-card-cover\" style=\"height: 260px\"><div class=\"directorist-thumnail-card-front-wrap\"><div class=\"directorist-swiper directorist-swiper-listing\" data-sw-items=\"1\" data-sw-margin=\"2\" data-sw-loop=\"true\" data-sw-perslide=\"1\" data-sw-speed=\"500\" data-sw-autoplay=\"false\" data-sw-responsive=\"{}\">\n\t\t\t\t\t<div class=\"swiper-wrapper\"><div class=\"swiper-slide\"><a href=\"https:\/\/valerie-lacroix-immobilier.com\/en\/annonce\/appartement-t2-entierement-renove-arcachon-proche-plage-pereire\/\"><figure><img decoding=\"async\" src=\"https:\/\/valerie-lacroix-immobilier.com\/wp-content\/uploads\/2025\/08\/2-Cuisine-equipee-T2-renove-proche-plage-Pereire-1-scaled-r9v2i4l1kq2yp5r41gauienbji71qn4s2n2bnftkiw_8_11zon-1024x822.webp\" alt=\"cuisine r\u00e9sidence appartement T2 proche plage pereire\" class=\"directorist-thumnail-card-front-img\" \/><\/figure><\/a><\/div><div class=\"swiper-slide\"><a href=\"https:\/\/valerie-lacroix-immobilier.com\/en\/annonce\/appartement-t2-entierement-renove-arcachon-proche-plage-pereire\/\"><figure><img decoding=\"async\" src=\"https:\/\/valerie-lacroix-immobilier.com\/wp-content\/uploads\/2025\/08\/3-Equipement-T2-renove-proche-plage-Pereire-1-scaled-r9v2i8cec283zllnfhxcsdp5x1oilfjpf5o9kjnzu0_7_11zon-1024x822.webp\" alt=\"balcon r\u00e9sidence appartement T2 proche plage pereire\" class=\"directorist-thumnail-card-front-img\" \/><\/figure><\/a><\/div><div class=\"swiper-slide\"><a href=\"https:\/\/valerie-lacroix-immobilier.com\/en\/annonce\/appartement-t2-entierement-renove-arcachon-proche-plage-pereire\/\"><figure><img decoding=\"async\" src=\"https:\/\/valerie-lacroix-immobilier.com\/wp-content\/uploads\/2025\/08\/4-Balcon-T2-renove-proche-plage-Pereire-scaled-r9v1g08oelwbuh4imz3je0yc8y35kjso5ylezgccvc_6_11zon-1024x822.webp\" alt=\"balcon r\u00e9sidence appartement T2 proche plage pereire\" class=\"directorist-thumnail-card-front-img\" \/><\/figure><\/a><\/div><div class=\"swiper-slide\"><a href=\"https:\/\/valerie-lacroix-immobilier.com\/en\/annonce\/appartement-t2-entierement-renove-arcachon-proche-plage-pereire\/\"><figure><img decoding=\"async\" src=\"https:\/\/valerie-lacroix-immobilier.com\/wp-content\/uploads\/2025\/08\/5-Chambre-T2-renove-proche-plage-Pereire-scaled-r9v1g4015y1h4wz210q1o006mhkmfc7lih7cwk6s6g_5_11zon-1024x822.webp\" alt=\"r\u00e9sidence appartement T2 proche plage pereire\" class=\"directorist-thumnail-card-front-img\" \/><\/figure><\/a><\/div><div class=\"swiper-slide\"><a href=\"https:\/\/valerie-lacroix-immobilier.com\/en\/annonce\/appartement-t2-entierement-renove-arcachon-proche-plage-pereire\/\"><figure><img decoding=\"async\" src=\"https:\/\/valerie-lacroix-immobilier.com\/wp-content\/uploads\/2025\/08\/6-Depuis-chambre-T2-renove-proche-plage-Pereire-scaled-r9v1g7rdxa6mfctlf2cjxz210123a4miuztato17hk_4_11zon-1024x822.webp\" alt=\"r\u00e9sidence appartement T2 proche plage pereire\" class=\"directorist-thumnail-card-front-img\" \/><\/figure><\/a><\/div><div class=\"swiper-slide\"><a href=\"https:\/\/valerie-lacroix-immobilier.com\/en\/annonce\/appartement-t2-entierement-renove-arcachon-proche-plage-pereire\/\"><figure><img decoding=\"async\" src=\"https:\/\/valerie-lacroix-immobilier.com\/wp-content\/uploads\/2025\/08\/7-Coin-espace-cabine-T2-renove-proche-plage-Pereire-scaled-r9v1gbiqombrpso4t3z27y3vdkjk4x1g7if8qrvmso_3_11zon-1024x822.webp\" alt=\"r\u00e9sidence appartement T2 proche plage pereire\" class=\"directorist-thumnail-card-front-img\" \/><\/figure><\/a><\/div><div class=\"swiper-slide\"><a href=\"https:\/\/valerie-lacroix-immobilier.com\/en\/annonce\/appartement-t2-entierement-renove-arcachon-proche-plage-pereire\/\"><figure><img decoding=\"async\" src=\"https:\/\/valerie-lacroix-immobilier.com\/wp-content\/uploads\/2025\/08\/8-Salle-deautoilettes-T2-renove-proche-plage-Pereire-scaled-r9v1gfa3fygx08io75lkhx5pr410zpgdk116nvq23s_2_11zon-1024x822.webp\" alt=\"salle de bain r\u00e9sidence appartement T2 proche plage pereire\" class=\"directorist-thumnail-card-front-img\" \/><\/figure><\/a><\/div><div class=\"swiper-slide\"><a href=\"https:\/\/valerie-lacroix-immobilier.com\/en\/annonce\/appartement-t2-entierement-renove-arcachon-proche-plage-pereire\/\"><figure><img decoding=\"async\" src=\"https:\/\/valerie-lacroix-immobilier.com\/wp-content\/uploads\/2025\/08\/9-Vue-exterieure-depuis-chambre-T2-renove-proche-plage-Pereire-scaled-r9v1gjzae4ncmabufpmpcdz0q1dv26z18oam29j38o_1_11zon-1024x822.webp\" alt=\"vue ext\u00e9rieur r\u00e9sidence appartement T2 proche plage pereire\" class=\"directorist-thumnail-card-front-img\" \/><\/figure><\/a><\/div><div class=\"swiper-slide\"><a href=\"https:\/\/valerie-lacroix-immobilier.com\/en\/annonce\/appartement-t2-entierement-renove-arcachon-proche-plage-pereire\/\"><figure><img decoding=\"async\" src=\"https:\/\/valerie-lacroix-immobilier.com\/wp-content\/uploads\/2025\/08\/10-Entree-residence-T2-renove-proche-plege-Pereire-scaled-r9v1gmssymr7l47qz8ul1v9ei6zypaa89292i3ewq0_11zon-1024x822.webp\" alt=\"entr\u00e9e r\u00e9sidence appartement T2 proche plage pereire\" class=\"directorist-thumnail-card-front-img\" \/><\/figure><\/a><\/div><\/div>\n\t\t\t\t\t<div class=\"directorist-swiper__navigation\">\n\t\t\t\t\t\t<div class=\"directorist-swiper__nav directorist-swiper__nav--prev directorist-swiper__nav--prev-listing\"><i class=\"directorist-icon-mask\" aria-hidden=\"true\" style=\"--directorist-icon: url(https:\/\/valerie-lacroix-immobilier.com\/wp-content\/plugins\/directorist\/assets\/icons\/line-awesome\/svgs\/angle-left-solid.svg)\"><\/i><\/div>\n\t\t\t\t\t\t<div class=\"directorist-swiper__nav directorist-swiper__nav--next directorist-swiper__nav--next-listing\"><i class=\"directorist-icon-mask\" aria-hidden=\"true\" style=\"--directorist-icon: url(https:\/\/valerie-lacroix-immobilier.com\/wp-content\/plugins\/directorist\/assets\/icons\/line-awesome\/svgs\/angle-right-solid.svg)\"><\/i><\/div>\n\t\t\t\t\t<\/div>\n\n\t\t\t\t\t<div class=\"directorist-swiper__pagination directorist-swiper__pagination--listing\"><\/div>\n\t\t\t\t<\/div><\/div><\/div>\n        <div class=\"directorist-thumb-top-left\"><\/div>\n        <div class=\"directorist-thumb-top-right\"><\/div>\n        <div class=\"directorist-thumb-bottom-left\"><\/div>\n        <div class=\"directorist-thumb-bottom-right\"><\/div>\n\n    <\/div>\n\n    <div class=\"directorist-listing-single__content\">\n        <section class=\"directorist-listing-single__info\">\n\n            \n            <header class=\"directorist-listing-single__info__top\">\n                \n<h2 class=\"directorist-listing-title\"><a href=\"https:\/\/valerie-lacroix-immobilier.com\/en\/annonce\/appartement-t2-entierement-renove-arcachon-proche-plage-pereire\/\">Appartement T2 bis enti\u00e8rement r\u00e9nov\u00e9 &#8211; ARCACHON proche PLAGE PEREIRE<\/a><\/h2>\n\n\n<span class=\"directorist-info-item directorist-pricing-meta\">\n    \n<span class=\"directorist-listing-price\">358 700 \u20ac<\/span><\/span>            <\/header>\n\n            \n            <ul class=\"directorist-listing-single__info__list\">\n                \n<li class=\"directorist-listing-card-text\"><i class=\"directorist-icon-mask\" aria-hidden=\"true\" style=\"--directorist-icon: url(https:\/\/valerie-lacroix-immobilier.com\/wp-content\/plugins\/directorist\/assets\/icons\/line-awesome\/svgs\/ruler-combined-solid.svg)\"><\/i>Surface Carrez : 42,38 m2<\/li>\n<li class=\"directorist-listing-card-text\"><i class=\"directorist-icon-mask\" aria-hidden=\"true\" style=\"--directorist-icon: url(https:\/\/valerie-lacroix-immobilier.com\/wp-content\/plugins\/directorist\/assets\/icons\/line-awesome\/svgs\/bed-solid.svg)\"><\/i>Nombre de chambre(s) : 1 + possibilit\u00e9 lit cabine<\/li>\n<li class=\"directorist-listing-card-number\"><i class=\"directorist-icon-mask\" aria-hidden=\"true\" style=\"--directorist-icon: url(https:\/\/valerie-lacroix-immobilier.com\/wp-content\/plugins\/directorist\/assets\/icons\/line-awesome\/svgs\/door-open-solid.svg)\"><\/i>Nombre de pi\u00e8ces : 2<\/li>            <\/ul>\n\n            \n            \n            \n                    <\/section>\n\n        <footer class=\"directorist-listing-single__meta\">\n            <div class=\"directorist-listing-single__meta__left\">\n<div class=\"directorist-listing-category\">\n            <a href=\"https:\/\/valerie-lacroix-immobilier.com\/en\/categorie\/1-appartement\/?directory_type=lesbiens\"><i class=\"directorist-icon-mask\" aria-hidden=\"true\" style=\"--directorist-icon: url(https:\/\/valerie-lacroix-immobilier.com\/wp-content\/plugins\/directorist\/assets\/icons\/font-awesome\/svgs\/regular\/building.svg)\"><\/i>APPARTEMENTS<\/a>\n        <\/div>\n<\/div>\n            <div class=\"directorist-listing-single__meta__right\"><\/div>\n        <\/footer>\n    <\/div>\n\n<\/article>            <\/div>\n                        <div class=\"directorist-col-4\">\n                \n<article class=\"directorist-listing-single directorist-listing-single--bg directorist-listing-card directorist-listing-has-thumb \">\n\n    <div class=\"directorist-listing-single__thumb\">\n\n        <div class=\"directorist-thumnail-card directorist-card-cover\" style=\"height: 260px\"><div class=\"directorist-thumnail-card-front-wrap\"><div class=\"directorist-swiper directorist-swiper-listing\" data-sw-items=\"1\" data-sw-margin=\"2\" data-sw-loop=\"true\" data-sw-perslide=\"1\" data-sw-speed=\"500\" data-sw-autoplay=\"false\" data-sw-responsive=\"{}\">\n\t\t\t\t\t<div class=\"swiper-wrapper\"><div class=\"swiper-slide\"><a href=\"https:\/\/valerie-lacroix-immobilier.com\/en\/annonce\/t1-meuble-et-equipe-arcachon-les-abatilles\/\"><figure><img decoding=\"async\" src=\"https:\/\/valerie-lacroix-immobilier.com\/wp-content\/uploads\/2025\/08\/1-piece-de-vie-T1-meuble-Arcachon-Les-Abatilles.jpeg\" alt=\"vue salon t1 arcachon\" class=\"directorist-thumnail-card-front-img\" \/><\/figure><\/a><\/div><div class=\"swiper-slide\"><a href=\"https:\/\/valerie-lacroix-immobilier.com\/en\/annonce\/t1-meuble-et-equipe-arcachon-les-abatilles\/\"><figure><img decoding=\"async\" src=\"https:\/\/valerie-lacroix-immobilier.com\/wp-content\/uploads\/2025\/08\/2-vue-densemble-T1-meuble-Arcachon-Les-Abatilles.jpeg\" alt=\"salon t1 arcachon\" class=\"directorist-thumnail-card-front-img\" \/><\/figure><\/a><\/div><div class=\"swiper-slide\"><a href=\"https:\/\/valerie-lacroix-immobilier.com\/en\/annonce\/t1-meuble-et-equipe-arcachon-les-abatilles\/\"><figure><img decoding=\"async\" src=\"https:\/\/valerie-lacroix-immobilier.com\/wp-content\/uploads\/2025\/08\/3-coin-nuit-T1-meuble-Arcachon-Les-Abatilles.jpeg\" alt=\"coin nuit t1 arcachon\" class=\"directorist-thumnail-card-front-img\" \/><\/figure><\/a><\/div><div class=\"swiper-slide\"><a href=\"https:\/\/valerie-lacroix-immobilier.com\/en\/annonce\/t1-meuble-et-equipe-arcachon-les-abatilles\/\"><figure><img decoding=\"async\" src=\"https:\/\/valerie-lacroix-immobilier.com\/wp-content\/uploads\/2025\/08\/4-salle-deau-T1-meuble-Arcachon-Les-Abatilles.jpeg\" alt=\"salle d&apos;eau t1 arcachon\" class=\"directorist-thumnail-card-front-img\" \/><\/figure><\/a><\/div><div class=\"swiper-slide\"><a href=\"https:\/\/valerie-lacroix-immobilier.com\/en\/annonce\/t1-meuble-et-equipe-arcachon-les-abatilles\/\"><figure><img decoding=\"async\" src=\"https:\/\/valerie-lacroix-immobilier.com\/wp-content\/uploads\/2025\/08\/5-vue-sur-terrasse-T1-meuble-Arcachon-Les-Abatilles.jpeg\" alt=\"vue terrasse t1 arcachon\" class=\"directorist-thumnail-card-front-img\" \/><\/figure><\/a><\/div><div class=\"swiper-slide\"><a href=\"https:\/\/valerie-lacroix-immobilier.com\/en\/annonce\/t1-meuble-et-equipe-arcachon-les-abatilles\/\"><figure><img decoding=\"async\" src=\"https:\/\/valerie-lacroix-immobilier.com\/wp-content\/uploads\/2025\/08\/6-terrasse-T1-meuble-Arcachon-Les-Abatilles.jpeg\" alt=\"vue terrasse t1 arcachon\" class=\"directorist-thumnail-card-front-img\" \/><\/figure><\/a><\/div><\/div>\n\t\t\t\t\t<div class=\"directorist-swiper__navigation\">\n\t\t\t\t\t\t<div class=\"directorist-swiper__nav directorist-swiper__nav--prev directorist-swiper__nav--prev-listing\"><i class=\"directorist-icon-mask\" aria-hidden=\"true\" style=\"--directorist-icon: url(https:\/\/valerie-lacroix-immobilier.com\/wp-content\/plugins\/directorist\/assets\/icons\/line-awesome\/svgs\/angle-left-solid.svg)\"><\/i><\/div>\n\t\t\t\t\t\t<div class=\"directorist-swiper__nav directorist-swiper__nav--next directorist-swiper__nav--next-listing\"><i class=\"directorist-icon-mask\" aria-hidden=\"true\" style=\"--directorist-icon: url(https:\/\/valerie-lacroix-immobilier.com\/wp-content\/plugins\/directorist\/assets\/icons\/line-awesome\/svgs\/angle-right-solid.svg)\"><\/i><\/div>\n\t\t\t\t\t<\/div>\n\n\t\t\t\t\t<div class=\"directorist-swiper__pagination directorist-swiper__pagination--listing\"><\/div>\n\t\t\t\t<\/div><\/div><\/div>\n        <div class=\"directorist-thumb-top-left\"><\/div>\n        <div class=\"directorist-thumb-top-right\"><\/div>\n        <div class=\"directorist-thumb-bottom-left\"><\/div>\n        <div class=\"directorist-thumb-bottom-right\"><\/div>\n\n    <\/div>\n\n    <div class=\"directorist-listing-single__content\">\n        <section class=\"directorist-listing-single__info\">\n\n            \n            <header class=\"directorist-listing-single__info__top\">\n                \n<h2 class=\"directorist-listing-title\"><a href=\"https:\/\/valerie-lacroix-immobilier.com\/en\/annonce\/t1-meuble-et-equipe-arcachon-les-abatilles\/\">Appartement 1 pi\u00e8ce meubl\u00e9 et \u00e9quip\u00e9 \u2013 ARCACHON LES ABATILLES<\/a><\/h2>\n\n\n<span class=\"directorist-info-item directorist-pricing-meta\">\n    \n<span class=\"directorist-listing-price\">250 000 \u20ac<\/span><\/span>            <\/header>\n\n            \n            <ul class=\"directorist-listing-single__info__list\">\n                \n<li class=\"directorist-listing-card-text\"><i class=\"directorist-icon-mask\" aria-hidden=\"true\" style=\"--directorist-icon: url(https:\/\/valerie-lacroix-immobilier.com\/wp-content\/plugins\/directorist\/assets\/icons\/line-awesome\/svgs\/ruler-combined-solid.svg)\"><\/i>Surface Carrez : 28,15 m2<\/li>\n<li class=\"directorist-listing-card-number\"><i class=\"directorist-icon-mask\" aria-hidden=\"true\" style=\"--directorist-icon: url(https:\/\/valerie-lacroix-immobilier.com\/wp-content\/plugins\/directorist\/assets\/icons\/line-awesome\/svgs\/door-open-solid.svg)\"><\/i>Nombre de pi\u00e8ces : 1<\/li>            <\/ul>\n\n            \n            \n            \n                    <\/section>\n\n        <footer class=\"directorist-listing-single__meta\">\n            <div class=\"directorist-listing-single__meta__left\">\n<div class=\"directorist-listing-category\">\n            <a href=\"https:\/\/valerie-lacroix-immobilier.com\/en\/categorie\/1-appartement\/?directory_type=lesbiens\"><i class=\"directorist-icon-mask\" aria-hidden=\"true\" style=\"--directorist-icon: url(https:\/\/valerie-lacroix-immobilier.com\/wp-content\/plugins\/directorist\/assets\/icons\/font-awesome\/svgs\/regular\/building.svg)\"><\/i>APPARTEMENTS<\/a>\n        <\/div>\n<\/div>\n            <div class=\"directorist-listing-single__meta__right\"><\/div>\n        <\/footer>\n    <\/div>\n\n<\/article>            <\/div>\n                        <div class=\"directorist-col-4\">\n                \n<article class=\"directorist-listing-single directorist-listing-single--bg directorist-listing-card directorist-listing-has-thumb \">\n\n    <div class=\"directorist-listing-single__thumb\">\n\n        <div class=\"directorist-thumnail-card directorist-card-cover\" style=\"height: 260px\"><div class=\"directorist-thumnail-card-front-wrap\"><div class=\"directorist-swiper directorist-swiper-listing\" data-sw-items=\"1\" data-sw-margin=\"2\" data-sw-loop=\"true\" data-sw-perslide=\"1\" data-sw-speed=\"500\" data-sw-autoplay=\"false\" data-sw-responsive=\"{}\">\n\t\t\t\t\t<div class=\"swiper-wrapper\"><div class=\"swiper-slide\"><a href=\"https:\/\/valerie-lacroix-immobilier.com\/en\/annonce\/maison-de-ville-t3-la-teste-de-buch\/\"><figure><img decoding=\"async\" src=\"https:\/\/valerie-lacroix-immobilier.com\/wp-content\/uploads\/2025\/07\/1-Cuisine-Maison-de-ville-T3-La-Teste-de-Buch-proche-port_2_11zon-1024x768.webp\" alt=\"1-Cuisine-Maison de ville T3 La Teste-de-Buch proche port_2_11zon\" class=\"directorist-thumnail-card-front-img\" \/><\/figure><\/a><\/div><div class=\"swiper-slide\"><a href=\"https:\/\/valerie-lacroix-immobilier.com\/en\/annonce\/maison-de-ville-t3-la-teste-de-buch\/\"><figure><img decoding=\"async\" src=\"https:\/\/valerie-lacroix-immobilier.com\/wp-content\/uploads\/2025\/07\/2-Cuisine-Maison-de-ville-T3-La-Teste-de-Buch-proche-port_3_11zon-1024x768.webp\" alt=\"2-Cuisine-Maison de ville T3 La Teste-de-Buch proche port_3_11zon\" class=\"directorist-thumnail-card-front-img\" \/><\/figure><\/a><\/div><div class=\"swiper-slide\"><a href=\"https:\/\/valerie-lacroix-immobilier.com\/en\/annonce\/maison-de-ville-t3-la-teste-de-buch\/\"><figure><img decoding=\"async\" src=\"https:\/\/valerie-lacroix-immobilier.com\/wp-content\/uploads\/2025\/07\/3-Depuis-salon-Maison-de-vlle-T3-La-Teste-de-Buch-proche-port_4_11zon-1024x768.webp\" alt=\"3-Depuis salon-Maison de vlle T3 La Teste-de-Buch proche port_4_11zon\" class=\"directorist-thumnail-card-front-img\" \/><\/figure><\/a><\/div><div class=\"swiper-slide\"><a href=\"https:\/\/valerie-lacroix-immobilier.com\/en\/annonce\/maison-de-ville-t3-la-teste-de-buch\/\"><figure><img decoding=\"async\" src=\"https:\/\/valerie-lacroix-immobilier.com\/wp-content\/uploads\/2025\/07\/4-Salon-Maison-de-ville-T3-La-Teste-de-Buch-proche-port_5_11zon-1024x768.webp\" alt=\"4-Salon-Maison de ville T3 La Teste-de-Buch proche port_5_11zon\" class=\"directorist-thumnail-card-front-img\" \/><\/figure><\/a><\/div><div class=\"swiper-slide\"><a href=\"https:\/\/valerie-lacroix-immobilier.com\/en\/annonce\/maison-de-ville-t3-la-teste-de-buch\/\"><figure><img decoding=\"async\" src=\"https:\/\/valerie-lacroix-immobilier.com\/wp-content\/uploads\/2025\/07\/5-Chambre-Maison-de-ville-T3-La-Teste-de-Buch-proche-port_6_11zon-1024x768.webp\" alt=\"5-Chambre-Maison de ville T3 La Teste-de-Buch proche port_6_11zon\" class=\"directorist-thumnail-card-front-img\" \/><\/figure><\/a><\/div><div class=\"swiper-slide\"><a href=\"https:\/\/valerie-lacroix-immobilier.com\/en\/annonce\/maison-de-ville-t3-la-teste-de-buch\/\"><figure><img decoding=\"async\" src=\"https:\/\/valerie-lacroix-immobilier.com\/wp-content\/uploads\/2025\/07\/6-Salle-deau-Maison-de-ville-T3-La-Teste-de-Buch-proche-port_7_11zon-1024x768.webp\" alt=\"6-Salle d\u2019eau-Maison de ville T3 La Teste-de-Buch proche port_7_11zon\" class=\"directorist-thumnail-card-front-img\" \/><\/figure><\/a><\/div><div class=\"swiper-slide\"><a href=\"https:\/\/valerie-lacroix-immobilier.com\/en\/annonce\/maison-de-ville-t3-la-teste-de-buch\/\"><figure><img decoding=\"async\" src=\"https:\/\/valerie-lacroix-immobilier.com\/wp-content\/uploads\/2025\/07\/7-Salle-deau-toilettes-Maison-de-ville-T3-La-Teste-de-Buch-proche-port_8_11zon-1024x768.webp\" alt=\"7-Salle d\u2019eau toilettes-Maison de ville T3 La Teste-de-Buch proche port_8_11zon\" class=\"directorist-thumnail-card-front-img\" \/><\/figure><\/a><\/div><div class=\"swiper-slide\"><a href=\"https:\/\/valerie-lacroix-immobilier.com\/en\/annonce\/maison-de-ville-t3-la-teste-de-buch\/\"><figure><img decoding=\"async\" src=\"https:\/\/valerie-lacroix-immobilier.com\/wp-content\/uploads\/2025\/07\/8-Facade-entree-Maison-de-ville-T3-La-Teste-de-Buch-proche-port_9-1024x792.webp\" alt=\"8-Fac\u0327ade entre\u0301e-Maison de ville T3 La Teste-de-Buch proche port_9\" class=\"directorist-thumnail-card-front-img\" \/><\/figure><\/a><\/div><div class=\"swiper-slide\"><a href=\"https:\/\/valerie-lacroix-immobilier.com\/en\/annonce\/maison-de-ville-t3-la-teste-de-buch\/\"><figure><img decoding=\"async\" src=\"https:\/\/valerie-lacroix-immobilier.com\/wp-content\/uploads\/2025\/07\/9-Arriere-Maison-de-ville-T3-La-Teste-de-Buch-proche-port_10-1024x768.webp\" alt=\"9-Arrie\u0300re Maison de ville T3 La Teste-de-Buch proche port_10\" class=\"directorist-thumnail-card-front-img\" \/><\/figure><\/a><\/div><div class=\"swiper-slide\"><a href=\"https:\/\/valerie-lacroix-immobilier.com\/en\/annonce\/maison-de-ville-t3-la-teste-de-buch\/\"><figure><img decoding=\"async\" src=\"https:\/\/valerie-lacroix-immobilier.com\/wp-content\/uploads\/2025\/07\/10-Facade-arriere-Maison-de-ville-T3-La-Teste-de-Buch-proche-port_11-1024x768.webp\" alt=\"10-Fac\u0327ade arrie\u0300re-Maison de ville T3 La Teste-de-Buch proche port_11\" class=\"directorist-thumnail-card-front-img\" \/><\/figure><\/a><\/div><\/div>\n\t\t\t\t\t<div class=\"directorist-swiper__navigation\">\n\t\t\t\t\t\t<div class=\"directorist-swiper__nav directorist-swiper__nav--prev directorist-swiper__nav--prev-listing\"><i class=\"directorist-icon-mask\" aria-hidden=\"true\" style=\"--directorist-icon: url(https:\/\/valerie-lacroix-immobilier.com\/wp-content\/plugins\/directorist\/assets\/icons\/line-awesome\/svgs\/angle-left-solid.svg)\"><\/i><\/div>\n\t\t\t\t\t\t<div class=\"directorist-swiper__nav directorist-swiper__nav--next directorist-swiper__nav--next-listing\"><i class=\"directorist-icon-mask\" aria-hidden=\"true\" style=\"--directorist-icon: url(https:\/\/valerie-lacroix-immobilier.com\/wp-content\/plugins\/directorist\/assets\/icons\/line-awesome\/svgs\/angle-right-solid.svg)\"><\/i><\/div>\n\t\t\t\t\t<\/div>\n\n\t\t\t\t\t<div class=\"directorist-swiper__pagination directorist-swiper__pagination--listing\"><\/div>\n\t\t\t\t<\/div><\/div><\/div>\n        <div class=\"directorist-thumb-top-left\"><\/div>\n        <div class=\"directorist-thumb-top-right\"><\/div>\n        <div class=\"directorist-thumb-bottom-left\"><\/div>\n        <div class=\"directorist-thumb-bottom-right\"><\/div>\n\n    <\/div>\n\n    <div class=\"directorist-listing-single__content\">\n        <section class=\"directorist-listing-single__info\">\n\n            \n            <header class=\"directorist-listing-single__info__top\">\n                \n<h2 class=\"directorist-listing-title\"><a href=\"https:\/\/valerie-lacroix-immobilier.com\/en\/annonce\/maison-de-ville-t3-la-teste-de-buch\/\">Maison de ville 3 pi\u00e8ces \u2013 LA TESTE-DE-BUCH<\/a><\/h2>\n\n\n<span class=\"directorist-info-item directorist-pricing-meta\">\n    \n<span class=\"directorist-listing-price\">219 990 \u20ac<\/span><\/span>            <\/header>\n\n            \n            <ul class=\"directorist-listing-single__info__list\">\n                \n<li class=\"directorist-listing-card-text\"><i class=\"directorist-icon-mask\" aria-hidden=\"true\" style=\"--directorist-icon: url(https:\/\/valerie-lacroix-immobilier.com\/wp-content\/plugins\/directorist\/assets\/icons\/line-awesome\/svgs\/ruler-combined-solid.svg)\"><\/i>Surface habitable (m\u00b2) : 60 m2<\/li>\n<li class=\"directorist-listing-card-text\"><i class=\"directorist-icon-mask\" aria-hidden=\"true\" style=\"--directorist-icon: url(https:\/\/valerie-lacroix-immobilier.com\/wp-content\/plugins\/directorist\/assets\/icons\/line-awesome\/svgs\/bed-solid.svg)\"><\/i>Nombre de chambre(s) : 2<\/li>\n<li class=\"directorist-listing-card-number\"><i class=\"directorist-icon-mask\" aria-hidden=\"true\" style=\"--directorist-icon: url(https:\/\/valerie-lacroix-immobilier.com\/wp-content\/plugins\/directorist\/assets\/icons\/line-awesome\/svgs\/door-open-solid.svg)\"><\/i>Nombre de pi\u00e8ces : 4<\/li>            <\/ul>\n\n            \n            \n            \n                    <\/section>\n\n        <footer class=\"directorist-listing-single__meta\">\n            <div class=\"directorist-listing-single__meta__left\">\n<div class=\"directorist-listing-category\">\n            <a href=\"https:\/\/valerie-lacroix-immobilier.com\/en\/categorie\/2-maisons\/?directory_type=lesbiens\"><i class=\"directorist-icon-mask\" aria-hidden=\"true\" style=\"--directorist-icon: url(https:\/\/valerie-lacroix-immobilier.com\/wp-content\/plugins\/directorist\/assets\/icons\/font-awesome\/svgs\/solid\/warehouse.svg)\"><\/i>MAISONS<\/a>\n        <\/div>\n<\/div>\n            <div class=\"directorist-listing-single__meta__right\"><\/div>\n        <\/footer>\n    <\/div>\n\n<\/article>            <\/div>\n                        <div class=\"directorist-col-4\">\n                \n<article class=\"directorist-listing-single directorist-listing-single--bg directorist-listing-card directorist-listing-has-thumb \">\n\n    <div class=\"directorist-listing-single__thumb\">\n\n        <div class=\"directorist-thumnail-card directorist-card-cover\" style=\"height: 260px\"><div class=\"directorist-thumnail-card-front-wrap\"><div class=\"directorist-swiper directorist-swiper-listing\" data-sw-items=\"1\" data-sw-margin=\"2\" data-sw-loop=\"true\" data-sw-perslide=\"1\" data-sw-speed=\"500\" data-sw-autoplay=\"false\" data-sw-responsive=\"{}\">\n\t\t\t\t\t<div class=\"swiper-wrapper\"><div class=\"swiper-slide\"><a href=\"https:\/\/valerie-lacroix-immobilier.com\/en\/annonce\/chalet-t2-avec-garage-box-arcachon-saint-elme\/\"><figure><img decoding=\"async\" src=\"https:\/\/valerie-lacroix-immobilier.com\/wp-content\/uploads\/2025\/08\/1.facade_1_11zon.webp\" alt=\"ext\u00e9rieur maison t2 arcachon\" class=\"directorist-thumnail-card-front-img\" \/><\/figure><\/a><\/div><div class=\"swiper-slide\"><a href=\"https:\/\/valerie-lacroix-immobilier.com\/en\/annonce\/chalet-t2-avec-garage-box-arcachon-saint-elme\/\"><figure><img decoding=\"async\" src=\"https:\/\/valerie-lacroix-immobilier.com\/wp-content\/uploads\/2025\/08\/10.vue-exterieur-depuis-le-jardin_9_11zon.webp\" alt=\"ext\u00e9rieur maison t2 arcachon\" class=\"directorist-thumnail-card-front-img\" \/><\/figure><\/a><\/div><div class=\"swiper-slide\"><a href=\"https:\/\/valerie-lacroix-immobilier.com\/en\/annonce\/chalet-t2-avec-garage-box-arcachon-saint-elme\/\"><figure><img decoding=\"async\" src=\"https:\/\/valerie-lacroix-immobilier.com\/wp-content\/uploads\/2025\/08\/4.-piece-a-vivre_4.webp\" alt=\"salon maison t2 arcachon\" class=\"directorist-thumnail-card-front-img\" \/><\/figure><\/a><\/div><div class=\"swiper-slide\"><a href=\"https:\/\/valerie-lacroix-immobilier.com\/en\/annonce\/chalet-t2-avec-garage-box-arcachon-saint-elme\/\"><figure><img decoding=\"async\" src=\"https:\/\/valerie-lacroix-immobilier.com\/wp-content\/uploads\/2025\/08\/5.-coin-cuisine_5_11zon.webp\" alt=\"salon maison t2 arcachon\" class=\"directorist-thumnail-card-front-img\" \/><\/figure><\/a><\/div><div class=\"swiper-slide\"><a href=\"https:\/\/valerie-lacroix-immobilier.com\/en\/annonce\/chalet-t2-avec-garage-box-arcachon-saint-elme\/\"><figure><img decoding=\"async\" src=\"https:\/\/valerie-lacroix-immobilier.com\/wp-content\/uploads\/2025\/08\/3.vue-exterieur_3.webp\" alt=\"salon maison t2 arcachon\" class=\"directorist-thumnail-card-front-img\" \/><\/figure><\/a><\/div><div class=\"swiper-slide\"><a href=\"https:\/\/valerie-lacroix-immobilier.com\/en\/annonce\/chalet-t2-avec-garage-box-arcachon-saint-elme\/\"><figure><img decoding=\"async\" src=\"https:\/\/valerie-lacroix-immobilier.com\/wp-content\/uploads\/2025\/08\/2.vue-depuis-le-jardin_2_11zon.webp\" alt=\"ext\u00e9rieur maison t2 arcachon\" class=\"directorist-thumnail-card-front-img\" \/><\/figure><\/a><\/div><div class=\"swiper-slide\"><a href=\"https:\/\/valerie-lacroix-immobilier.com\/en\/annonce\/chalet-t2-avec-garage-box-arcachon-saint-elme\/\"><figure><img decoding=\"async\" src=\"https:\/\/valerie-lacroix-immobilier.com\/wp-content\/uploads\/2025\/08\/chambre-_11zon.webp\" alt=\"chambre maison t2 arcachon\" class=\"directorist-thumnail-card-front-img\" \/><\/figure><\/a><\/div><div class=\"swiper-slide\"><a href=\"https:\/\/valerie-lacroix-immobilier.com\/en\/annonce\/chalet-t2-avec-garage-box-arcachon-saint-elme\/\"><figure><img decoding=\"async\" src=\"https:\/\/valerie-lacroix-immobilier.com\/wp-content\/uploads\/2025\/08\/7.-salle-de-bain_7_11zon.webp\" alt=\"salle de bain maison t2 arcachon\" class=\"directorist-thumnail-card-front-img\" \/><\/figure><\/a><\/div><div class=\"swiper-slide\"><a href=\"https:\/\/valerie-lacroix-immobilier.com\/en\/annonce\/chalet-t2-avec-garage-box-arcachon-saint-elme\/\"><figure><img decoding=\"async\" src=\"https:\/\/valerie-lacroix-immobilier.com\/wp-content\/uploads\/2025\/08\/8.barbecue_8_11zon.webp\" alt=\"ext\u00e9rieur maison t2 arcachon\" class=\"directorist-thumnail-card-front-img\" \/><\/figure><\/a><\/div><\/div>\n\t\t\t\t\t<div class=\"directorist-swiper__navigation\">\n\t\t\t\t\t\t<div class=\"directorist-swiper__nav directorist-swiper__nav--prev directorist-swiper__nav--prev-listing\"><i class=\"directorist-icon-mask\" aria-hidden=\"true\" style=\"--directorist-icon: url(https:\/\/valerie-lacroix-immobilier.com\/wp-content\/plugins\/directorist\/assets\/icons\/line-awesome\/svgs\/angle-left-solid.svg)\"><\/i><\/div>\n\t\t\t\t\t\t<div class=\"directorist-swiper__nav directorist-swiper__nav--next directorist-swiper__nav--next-listing\"><i class=\"directorist-icon-mask\" aria-hidden=\"true\" style=\"--directorist-icon: url(https:\/\/valerie-lacroix-immobilier.com\/wp-content\/plugins\/directorist\/assets\/icons\/line-awesome\/svgs\/angle-right-solid.svg)\"><\/i><\/div>\n\t\t\t\t\t<\/div>\n\n\t\t\t\t\t<div class=\"directorist-swiper__pagination directorist-swiper__pagination--listing\"><\/div>\n\t\t\t\t<\/div><\/div><\/div>\n        <div class=\"directorist-thumb-top-left\"><\/div>\n        <div class=\"directorist-thumb-top-right\"><\/div>\n        <div class=\"directorist-thumb-bottom-left\"><\/div>\n        <div class=\"directorist-thumb-bottom-right\"><\/div>\n\n    <\/div>\n\n    <div class=\"directorist-listing-single__content\">\n        <section class=\"directorist-listing-single__info\">\n\n            \n            <header class=\"directorist-listing-single__info__top\">\n                \n<h2 class=\"directorist-listing-title\"><a href=\"https:\/\/valerie-lacroix-immobilier.com\/en\/annonce\/chalet-t2-avec-garage-box-arcachon-saint-elme\/\">Maison type Chalet 2 pi\u00e8ces avec garage box \u2013 ARCACHON SAINT ELME<\/a><\/h2>\n\n\n<span class=\"directorist-info-item directorist-pricing-meta\">\n    \n<span class=\"directorist-listing-price\">395 000 \u20ac<\/span><\/span>            <\/header>\n\n            \n            <ul class=\"directorist-listing-single__info__list\">\n                \n<li class=\"directorist-listing-card-text\"><i class=\"directorist-icon-mask\" aria-hidden=\"true\" style=\"--directorist-icon: url(https:\/\/valerie-lacroix-immobilier.com\/wp-content\/plugins\/directorist\/assets\/icons\/line-awesome\/svgs\/ruler-combined-solid.svg)\"><\/i>Surface habitable (m\u00b2) : 36,1 m2<\/li>\n<li class=\"directorist-listing-card-text\"><i class=\"directorist-icon-mask\" aria-hidden=\"true\" style=\"--directorist-icon: url(https:\/\/valerie-lacroix-immobilier.com\/wp-content\/plugins\/directorist\/assets\/icons\/line-awesome\/svgs\/bed-solid.svg)\"><\/i>Nombre de chambre(s) : 1<\/li>\n<li class=\"directorist-listing-card-number\"><i class=\"directorist-icon-mask\" aria-hidden=\"true\" style=\"--directorist-icon: url(https:\/\/valerie-lacroix-immobilier.com\/wp-content\/plugins\/directorist\/assets\/icons\/line-awesome\/svgs\/door-open-solid.svg)\"><\/i>Nombre de pi\u00e8ces : 2<\/li>            <\/ul>\n\n            \n            \n            \n                    <\/section>\n\n        <footer class=\"directorist-listing-single__meta\">\n            <div class=\"directorist-listing-single__meta__left\">\n<div class=\"directorist-listing-category\">\n            <a href=\"https:\/\/valerie-lacroix-immobilier.com\/en\/categorie\/2-maisons\/?directory_type=lesbiens\"><i class=\"directorist-icon-mask\" aria-hidden=\"true\" style=\"--directorist-icon: url(https:\/\/valerie-lacroix-immobilier.com\/wp-content\/plugins\/directorist\/assets\/icons\/font-awesome\/svgs\/solid\/warehouse.svg)\"><\/i>MAISONS<\/a>\n        <\/div>\n<\/div>\n            <div class=\"directorist-listing-single__meta__right\"><\/div>\n        <\/footer>\n    <\/div>\n\n<\/article>            <\/div>\n                        <div class=\"directorist-col-4\">\n                \n<article class=\"directorist-listing-single directorist-listing-single--bg directorist-listing-card directorist-listing-has-thumb \">\n\n    <div class=\"directorist-listing-single__thumb\">\n\n        <div class=\"directorist-thumnail-card directorist-card-cover\" style=\"height: 260px\"><div class=\"directorist-thumnail-card-front-wrap\"><div class=\"directorist-swiper directorist-swiper-listing\" data-sw-items=\"1\" data-sw-margin=\"2\" data-sw-loop=\"true\" data-sw-perslide=\"1\" data-sw-speed=\"500\" data-sw-autoplay=\"false\" data-sw-responsive=\"{}\">\n\t\t\t\t\t<div class=\"swiper-wrapper\"><div class=\"swiper-slide\"><a href=\"https:\/\/valerie-lacroix-immobilier.com\/en\/annonce\/maison-a-renover-4-pieces-ares\/\"><figure><img decoding=\"async\" src=\"https:\/\/valerie-lacroix-immobilier.com\/wp-content\/uploads\/2026\/04\/maison-ares-a-renover_9-768x1024.webp\" alt=\"maison ar\u00e8s exterieur\" class=\"directorist-thumnail-card-front-img\" \/><\/figure><\/a><\/div><div class=\"swiper-slide\"><a href=\"https:\/\/valerie-lacroix-immobilier.com\/en\/annonce\/maison-a-renover-4-pieces-ares\/\"><figure><img decoding=\"async\" src=\"https:\/\/valerie-lacroix-immobilier.com\/wp-content\/uploads\/2026\/04\/maison-ares-a-renover-1_3-768x1024.webp\" alt=\"maison ares exterieur\" class=\"directorist-thumnail-card-front-img\" \/><\/figure><\/a><\/div><div class=\"swiper-slide\"><a href=\"https:\/\/valerie-lacroix-immobilier.com\/en\/annonce\/maison-a-renover-4-pieces-ares\/\"><figure><img decoding=\"async\" src=\"https:\/\/valerie-lacroix-immobilier.com\/wp-content\/uploads\/2026\/04\/maison-ares-a-renover-2_2-768x1024.webp\" alt=\"maison ar\u00e8s \u00e0 r\u00e9nover\" class=\"directorist-thumnail-card-front-img\" \/><\/figure><\/a><\/div><div class=\"swiper-slide\"><a href=\"https:\/\/valerie-lacroix-immobilier.com\/en\/annonce\/maison-a-renover-4-pieces-ares\/\"><figure><img decoding=\"async\" src=\"https:\/\/valerie-lacroix-immobilier.com\/wp-content\/uploads\/2026\/04\/maison-ares-a-renover-3_4-768x1024.webp\" alt=\"maison ar\u00e8s \u00e0 r\u00e9nover\" class=\"directorist-thumnail-card-front-img\" \/><\/figure><\/a><\/div><div class=\"swiper-slide\"><a href=\"https:\/\/valerie-lacroix-immobilier.com\/en\/annonce\/maison-a-renover-4-pieces-ares\/\"><figure><img decoding=\"async\" src=\"https:\/\/valerie-lacroix-immobilier.com\/wp-content\/uploads\/2026\/04\/maison-ares-a-renover-5_5-768x1024.webp\" alt=\"maison ar\u00e8s \u00e0 r\u00e9nover\" class=\"directorist-thumnail-card-front-img\" \/><\/figure><\/a><\/div><div class=\"swiper-slide\"><a href=\"https:\/\/valerie-lacroix-immobilier.com\/en\/annonce\/maison-a-renover-4-pieces-ares\/\"><figure><img decoding=\"async\" src=\"https:\/\/valerie-lacroix-immobilier.com\/wp-content\/uploads\/2026\/04\/maison-ares-a-renover-6_6-768x1024.webp\" alt=\"maison ar\u00e8s \u00e0 r\u00e9nover\" class=\"directorist-thumnail-card-front-img\" \/><\/figure><\/a><\/div><div class=\"swiper-slide\"><a href=\"https:\/\/valerie-lacroix-immobilier.com\/en\/annonce\/maison-a-renover-4-pieces-ares\/\"><figure><img decoding=\"async\" src=\"https:\/\/valerie-lacroix-immobilier.com\/wp-content\/uploads\/2026\/04\/maison-ares-a-renover-7_7-768x1024.webp\" alt=\"maison ar\u00e8s \u00e0 r\u00e9nover\" class=\"directorist-thumnail-card-front-img\" \/><\/figure><\/a><\/div><div class=\"swiper-slide\"><a href=\"https:\/\/valerie-lacroix-immobilier.com\/en\/annonce\/maison-a-renover-4-pieces-ares\/\"><figure><img decoding=\"async\" src=\"https:\/\/valerie-lacroix-immobilier.com\/wp-content\/uploads\/2026\/04\/maison-ares-a-renover-8_8-768x1024.webp\" alt=\"maison ar\u00e8s \u00e0 r\u00e9nover\" class=\"directorist-thumnail-card-front-img\" \/><\/figure><\/a><\/div><div class=\"swiper-slide\"><a href=\"https:\/\/valerie-lacroix-immobilier.com\/en\/annonce\/maison-a-renover-4-pieces-ares\/\"><figure><img decoding=\"async\" src=\"https:\/\/valerie-lacroix-immobilier.com\/wp-content\/uploads\/2026\/04\/plan-ares-maison-a-renover-9_10-1024x779.webp\" alt=\"plan maison ar\u00e8s \u00e0 r\u00e9nover\" class=\"directorist-thumnail-card-front-img\" \/><\/figure><\/a><\/div><\/div>\n\t\t\t\t\t<div class=\"directorist-swiper__navigation\">\n\t\t\t\t\t\t<div class=\"directorist-swiper__nav directorist-swiper__nav--prev directorist-swiper__nav--prev-listing\"><i class=\"directorist-icon-mask\" aria-hidden=\"true\" style=\"--directorist-icon: url(https:\/\/valerie-lacroix-immobilier.com\/wp-content\/plugins\/directorist\/assets\/icons\/line-awesome\/svgs\/angle-left-solid.svg)\"><\/i><\/div>\n\t\t\t\t\t\t<div class=\"directorist-swiper__nav directorist-swiper__nav--next directorist-swiper__nav--next-listing\"><i class=\"directorist-icon-mask\" aria-hidden=\"true\" style=\"--directorist-icon: url(https:\/\/valerie-lacroix-immobilier.com\/wp-content\/plugins\/directorist\/assets\/icons\/line-awesome\/svgs\/angle-right-solid.svg)\"><\/i><\/div>\n\t\t\t\t\t<\/div>\n\n\t\t\t\t\t<div class=\"directorist-swiper__pagination directorist-swiper__pagination--listing\"><\/div>\n\t\t\t\t<\/div><\/div><\/div>\n        <div class=\"directorist-thumb-top-left\"><\/div>\n        <div class=\"directorist-thumb-top-right\"><\/div>\n        <div class=\"directorist-thumb-bottom-left\"><\/div>\n        <div class=\"directorist-thumb-bottom-right\"><\/div>\n\n    <\/div>\n\n    <div class=\"directorist-listing-single__content\">\n        <section class=\"directorist-listing-single__info\">\n\n            \n            <header class=\"directorist-listing-single__info__top\">\n                \n<h2 class=\"directorist-listing-title\"><a href=\"https:\/\/valerie-lacroix-immobilier.com\/en\/annonce\/maison-a-renover-4-pieces-ares\/\">Maison \u00e0 r\u00e9nover 4 pi\u00e8ces &#8211; BASSIN D&#8217;ARCACHON, AR\u00c8S<\/a><\/h2>\n\n\n<span class=\"directorist-info-item directorist-pricing-meta\">\n    \n<span class=\"directorist-listing-price\">346 877 \u20ac<\/span><\/span>            <\/header>\n\n            \n            <ul class=\"directorist-listing-single__info__list\">\n                \n<li class=\"directorist-listing-card-text\"><i class=\"directorist-icon-mask\" aria-hidden=\"true\" style=\"--directorist-icon: url(https:\/\/valerie-lacroix-immobilier.com\/wp-content\/plugins\/directorist\/assets\/icons\/line-awesome\/svgs\/ruler-combined-solid.svg)\"><\/i>Surface habitable (m\u00b2) : 93 m2<\/li>\n<li class=\"directorist-listing-card-text\"><i class=\"directorist-icon-mask\" aria-hidden=\"true\" style=\"--directorist-icon: url(https:\/\/valerie-lacroix-immobilier.com\/wp-content\/plugins\/directorist\/assets\/icons\/line-awesome\/svgs\/bed-solid.svg)\"><\/i>Nombre de chambre(s) : 3<\/li>\n<li class=\"directorist-listing-card-number\"><i class=\"directorist-icon-mask\" aria-hidden=\"true\" style=\"--directorist-icon: url(https:\/\/valerie-lacroix-immobilier.com\/wp-content\/plugins\/directorist\/assets\/icons\/line-awesome\/svgs\/door-open-solid.svg)\"><\/i>Nombre de pi\u00e8ces : 4<\/li>            <\/ul>\n\n            \n            \n            \n                    <\/section>\n\n        <footer class=\"directorist-listing-single__meta\">\n            <div class=\"directorist-listing-single__meta__left\">\n<div class=\"directorist-listing-category\">\n            <a href=\"https:\/\/valerie-lacroix-immobilier.com\/en\/categorie\/2-maisons\/?directory_type=lesbiens\"><i class=\"directorist-icon-mask\" aria-hidden=\"true\" style=\"--directorist-icon: url(https:\/\/valerie-lacroix-immobilier.com\/wp-content\/plugins\/directorist\/assets\/icons\/font-awesome\/svgs\/solid\/warehouse.svg)\"><\/i>MAISONS<\/a>\n        <\/div>\n<\/div>\n            <div class=\"directorist-listing-single__meta__right\"><\/div>\n        <\/footer>\n    <\/div>\n\n<\/article>            <\/div>\n                        <div class=\"directorist-col-4\">\n                \n<article class=\"directorist-listing-single directorist-listing-single--bg directorist-listing-card directorist-listing-has-thumb \">\n\n    <div class=\"directorist-listing-single__thumb\">\n\n        <div class=\"directorist-thumnail-card directorist-card-cover\" style=\"height: 260px\"><div class=\"directorist-thumnail-card-front-wrap\"><div class=\"directorist-swiper directorist-swiper-listing\" data-sw-items=\"1\" data-sw-margin=\"2\" data-sw-loop=\"true\" data-sw-perslide=\"1\" data-sw-speed=\"500\" data-sw-autoplay=\"false\" data-sw-responsive=\"{}\">\n\t\t\t\t\t<div class=\"swiper-wrapper\"><div class=\"swiper-slide\"><a href=\"https:\/\/valerie-lacroix-immobilier.com\/en\/annonce\/terrain-constructible-a-vendre-claouey\/\"><figure><img decoding=\"async\" src=\"https:\/\/valerie-lacroix-immobilier.com\/wp-content\/uploads\/2026\/04\/Terrain-constructible-CLAOUEY-1-1024x768.webp\" alt=\"Terrain constructible CLAOUEY\" class=\"directorist-thumnail-card-front-img\" \/><\/figure><\/a><\/div><div class=\"swiper-slide\"><a href=\"https:\/\/valerie-lacroix-immobilier.com\/en\/annonce\/terrain-constructible-a-vendre-claouey\/\"><figure><img decoding=\"async\" src=\"https:\/\/valerie-lacroix-immobilier.com\/wp-content\/uploads\/2026\/04\/Terrain-constructible-a-vendre-CLAOUEY-LEGE-CAP-FERRET-1024x768.webp\" alt=\"Terrain constructible a\u0300 vendre \u2013 CLAOUEY, LE\u0300GE-CAP-FERRET\" class=\"directorist-thumnail-card-front-img\" \/><\/figure><\/a><\/div><\/div>\n\t\t\t\t\t<div class=\"directorist-swiper__navigation\">\n\t\t\t\t\t\t<div class=\"directorist-swiper__nav directorist-swiper__nav--prev directorist-swiper__nav--prev-listing\"><i class=\"directorist-icon-mask\" aria-hidden=\"true\" style=\"--directorist-icon: url(https:\/\/valerie-lacroix-immobilier.com\/wp-content\/plugins\/directorist\/assets\/icons\/line-awesome\/svgs\/angle-left-solid.svg)\"><\/i><\/div>\n\t\t\t\t\t\t<div class=\"directorist-swiper__nav directorist-swiper__nav--next directorist-swiper__nav--next-listing\"><i class=\"directorist-icon-mask\" aria-hidden=\"true\" style=\"--directorist-icon: url(https:\/\/valerie-lacroix-immobilier.com\/wp-content\/plugins\/directorist\/assets\/icons\/line-awesome\/svgs\/angle-right-solid.svg)\"><\/i><\/div>\n\t\t\t\t\t<\/div>\n\n\t\t\t\t\t<div class=\"directorist-swiper__pagination directorist-swiper__pagination--listing\"><\/div>\n\t\t\t\t<\/div><\/div><\/div>\n        <div class=\"directorist-thumb-top-left\"><\/div>\n        <div class=\"directorist-thumb-top-right\"><\/div>\n        <div class=\"directorist-thumb-bottom-left\"><\/div>\n        <div class=\"directorist-thumb-bottom-right\"><\/div>\n\n    <\/div>\n\n    <div class=\"directorist-listing-single__content\">\n        <section class=\"directorist-listing-single__info\">\n\n            \n            <header class=\"directorist-listing-single__info__top\">\n                \n<h2 class=\"directorist-listing-title\"><a href=\"https:\/\/valerie-lacroix-immobilier.com\/en\/annonce\/terrain-constructible-a-vendre-claouey\/\">Terrain constructible \u00e0 vendre &#8211; CLAOUEY, L\u00c8GE-CAP-FERRET<\/a><\/h2>\n\n\n<span class=\"directorist-info-item directorist-pricing-meta\">\n    \n<span class=\"directorist-listing-price\">1 113 000 \u20ac<\/span><\/span>            <\/header>\n\n            \n            <ul class=\"directorist-listing-single__info__list\">\n                            <\/ul>\n\n            \n            \n            \n                    <\/section>\n\n        <footer class=\"directorist-listing-single__meta\">\n            <div class=\"directorist-listing-single__meta__left\">\n<div class=\"directorist-listing-category\">\n            <a href=\"https:\/\/valerie-lacroix-immobilier.com\/en\/categorie\/3-terrains\/?directory_type=lesbiens\"><i class=\"directorist-icon-mask\" aria-hidden=\"true\" style=\"--directorist-icon: url(https:\/\/valerie-lacroix-immobilier.com\/wp-content\/plugins\/directorist\/assets\/icons\/font-awesome\/svgs\/brands\/sourcetree.svg)\"><\/i>TERRAINS<\/a>\n        <\/div>\n<\/div>\n            <div class=\"directorist-listing-single__meta__right\"><\/div>\n        <\/footer>\n    <\/div>\n\n<\/article>            <\/div>\n                        <div class=\"directorist-col-4\">\n                \n<article class=\"directorist-listing-single directorist-listing-single--bg directorist-listing-card directorist-listing-has-thumb \">\n\n    <div class=\"directorist-listing-single__thumb\">\n\n        <div class=\"directorist-thumnail-card directorist-card-cover\" style=\"height: 260px\"><div class=\"directorist-thumnail-card-front-wrap\"><div class=\"directorist-swiper directorist-swiper-listing\" data-sw-items=\"1\" data-sw-margin=\"2\" data-sw-loop=\"true\" data-sw-perslide=\"1\" data-sw-speed=\"500\" data-sw-autoplay=\"false\" data-sw-responsive=\"{}\">\n\t\t\t\t\t<div class=\"swiper-wrapper\"><div class=\"swiper-slide\"><a href=\"https:\/\/valerie-lacroix-immobilier.com\/en\/annonce\/terrain-constructible-viabilise-vielle-saint-girons\/\"><figure><img decoding=\"async\" src=\"https:\/\/valerie-lacroix-immobilier.com\/wp-content\/uploads\/2025\/08\/terrain-1-scaled-r17o8enqzpk5d1adr7yegtirj5z7lhbgdzf6fco208_11zon-1024x822.webp\" alt=\"terrain \u00e0 vendre vielle saint girons\" class=\"directorist-thumnail-card-front-img\" \/><\/figure><\/a><\/div><div class=\"swiper-slide\"><a href=\"https:\/\/valerie-lacroix-immobilier.com\/en\/annonce\/terrain-constructible-viabilise-vielle-saint-girons\/\"><figure><img decoding=\"async\" src=\"https:\/\/valerie-lacroix-immobilier.com\/wp-content\/uploads\/2025\/08\/IMG_0034-r17oim6n7xj9gkgj54tj1qrzstnq74ui4ii12jj4fc_11zon-1024x822.webp\" alt=\"plan\" class=\"directorist-thumnail-card-front-img\" \/><\/figure><\/a><\/div><div class=\"swiper-slide\"><a href=\"https:\/\/valerie-lacroix-immobilier.com\/en\/annonce\/terrain-constructible-viabilise-vielle-saint-girons\/\"><figure><img decoding=\"async\" src=\"https:\/\/valerie-lacroix-immobilier.com\/wp-content\/uploads\/2021\/09\/lot-E57-terrain-constructible_1_11zon-714x1024.webp\" alt=\"lot E57 terrain constructible_1_11zon\" class=\"directorist-thumnail-card-front-img\" \/><\/figure><\/a><\/div><div class=\"swiper-slide\"><a href=\"https:\/\/valerie-lacroix-immobilier.com\/en\/annonce\/terrain-constructible-viabilise-vielle-saint-girons\/\"><figure><img decoding=\"async\" src=\"https:\/\/valerie-lacroix-immobilier.com\/wp-content\/uploads\/2021\/09\/lot-terrain-E57_2_11zon-714x1024.webp\" alt=\"lot terrain E57_2_11zon\" class=\"directorist-thumnail-card-front-img\" \/><\/figure><\/a><\/div><\/div>\n\t\t\t\t\t<div class=\"directorist-swiper__navigation\">\n\t\t\t\t\t\t<div class=\"directorist-swiper__nav directorist-swiper__nav--prev directorist-swiper__nav--prev-listing\"><i class=\"directorist-icon-mask\" aria-hidden=\"true\" style=\"--directorist-icon: url(https:\/\/valerie-lacroix-immobilier.com\/wp-content\/plugins\/directorist\/assets\/icons\/line-awesome\/svgs\/angle-left-solid.svg)\"><\/i><\/div>\n\t\t\t\t\t\t<div class=\"directorist-swiper__nav directorist-swiper__nav--next directorist-swiper__nav--next-listing\"><i class=\"directorist-icon-mask\" aria-hidden=\"true\" style=\"--directorist-icon: url(https:\/\/valerie-lacroix-immobilier.com\/wp-content\/plugins\/directorist\/assets\/icons\/line-awesome\/svgs\/angle-right-solid.svg)\"><\/i><\/div>\n\t\t\t\t\t<\/div>\n\n\t\t\t\t\t<div class=\"directorist-swiper__pagination directorist-swiper__pagination--listing\"><\/div>\n\t\t\t\t<\/div><\/div><\/div>\n        <div class=\"directorist-thumb-top-left\"><\/div>\n        <div class=\"directorist-thumb-top-right\"><\/div>\n        <div class=\"directorist-thumb-bottom-left\"><\/div>\n        <div class=\"directorist-thumb-bottom-right\"><\/div>\n\n    <\/div>\n\n    <div class=\"directorist-listing-single__content\">\n        <section class=\"directorist-listing-single__info\">\n\n            \n            <header class=\"directorist-listing-single__info__top\">\n                \n<h2 class=\"directorist-listing-title\"><a href=\"https:\/\/valerie-lacroix-immobilier.com\/en\/annonce\/terrain-constructible-viabilise-vielle-saint-girons\/\">Terrain constructible viabilis\u00e9 \u2013 VIELLE-SAINT-GIRONS<\/a><\/h2>\n\n\n<span class=\"directorist-info-item directorist-pricing-meta\">\n    \n<span class=\"directorist-listing-price\">135 000 \u20ac<\/span><\/span>            <\/header>\n\n            \n            <ul class=\"directorist-listing-single__info__list\">\n                            <\/ul>\n\n            \n            \n            \n                    <\/section>\n\n        <footer class=\"directorist-listing-single__meta\">\n            <div class=\"directorist-listing-single__meta__left\">\n<div class=\"directorist-listing-category\">\n            <a href=\"https:\/\/valerie-lacroix-immobilier.com\/en\/categorie\/3-terrains\/?directory_type=lesbiens\"><i class=\"directorist-icon-mask\" aria-hidden=\"true\" style=\"--directorist-icon: url(https:\/\/valerie-lacroix-immobilier.com\/wp-content\/plugins\/directorist\/assets\/icons\/font-awesome\/svgs\/brands\/sourcetree.svg)\"><\/i>TERRAINS<\/a>\n        <\/div>\n<\/div>\n            <div class=\"directorist-listing-single__meta__right\"><\/div>\n        <\/footer>\n    <\/div>\n\n<\/article>            <\/div>\n                        <div class=\"directorist-col-4\">\n                \n<article class=\"directorist-listing-single directorist-listing-single--bg directorist-listing-card directorist-listing-has-thumb \">\n\n    <div class=\"directorist-listing-single__thumb\">\n\n        <div class=\"directorist-thumnail-card directorist-card-cover\" style=\"height: 260px\"><div class=\"directorist-thumnail-card-front-wrap\"><div class=\"directorist-swiper directorist-swiper-listing\" data-sw-items=\"1\" data-sw-margin=\"2\" data-sw-loop=\"true\" data-sw-perslide=\"1\" data-sw-speed=\"500\" data-sw-autoplay=\"false\" data-sw-responsive=\"{}\">\n\t\t\t\t\t<div class=\"swiper-wrapper\"><div class=\"swiper-slide\"><a href=\"https:\/\/valerie-lacroix-immobilier.com\/en\/annonce\/maison-en-pierre-5-pieces-nansouty-bordeaux\/\"><figure><img decoding=\"async\" src=\"https:\/\/valerie-lacroix-immobilier.com\/wp-content\/uploads\/2026\/04\/1-Exterieur-Maison-T5-Bordeaux-Nansouty_6-1024x856.webp\" alt=\"maison nansouty ext\u00e9rieur\" class=\"directorist-thumnail-card-front-img\" \/><\/figure><\/a><\/div><div class=\"swiper-slide\"><a href=\"https:\/\/valerie-lacroix-immobilier.com\/en\/annonce\/maison-en-pierre-5-pieces-nansouty-bordeaux\/\"><figure><img decoding=\"async\" src=\"https:\/\/valerie-lacroix-immobilier.com\/wp-content\/uploads\/2026\/04\/2-Entree-Maison-T5-Bordeaux-Nansouty_7-1024x768.webp\" alt=\"2-Entre\u0301e-Maison T5 Bordeaux Nansouty_7\" class=\"directorist-thumnail-card-front-img\" \/><\/figure><\/a><\/div><div class=\"swiper-slide\"><a href=\"https:\/\/valerie-lacroix-immobilier.com\/en\/annonce\/maison-en-pierre-5-pieces-nansouty-bordeaux\/\"><figure><img decoding=\"async\" src=\"https:\/\/valerie-lacroix-immobilier.com\/wp-content\/uploads\/2026\/04\/3-Piece-de-vie-Maison-T5-Bordeaux-Nansouty_8-1024x768.webp\" alt=\"3-Pie\u0300ce de vie-Maison T5 Bordeaux Nansouty_8\" class=\"directorist-thumnail-card-front-img\" \/><\/figure><\/a><\/div><div class=\"swiper-slide\"><a href=\"https:\/\/valerie-lacroix-immobilier.com\/en\/annonce\/maison-en-pierre-5-pieces-nansouty-bordeaux\/\"><figure><img decoding=\"async\" src=\"https:\/\/valerie-lacroix-immobilier.com\/wp-content\/uploads\/2026\/04\/4-Vue-jardin-2-Maison-T5-Bordeaux-Nansouty_9_11zon-1024x768.webp\" alt=\"4-Vue jardin 2-Maison T5 Bordeaux Nansouty_9_11zon\" class=\"directorist-thumnail-card-front-img\" \/><\/figure><\/a><\/div><div class=\"swiper-slide\"><a href=\"https:\/\/valerie-lacroix-immobilier.com\/en\/annonce\/maison-en-pierre-5-pieces-nansouty-bordeaux\/\"><figure><img decoding=\"async\" src=\"https:\/\/valerie-lacroix-immobilier.com\/wp-content\/uploads\/2026\/04\/5-Salon-Maison-T5-Bordeaux-Nansouty_10_11zon-1024x768.webp\" alt=\"5-Salon-Maison T5 Bordeaux Nansouty_10_11zon\" class=\"directorist-thumnail-card-front-img\" \/><\/figure><\/a><\/div><div class=\"swiper-slide\"><a href=\"https:\/\/valerie-lacroix-immobilier.com\/en\/annonce\/maison-en-pierre-5-pieces-nansouty-bordeaux\/\"><figure><img decoding=\"async\" src=\"https:\/\/valerie-lacroix-immobilier.com\/wp-content\/uploads\/2026\/04\/6-Chambre-1-Maison-T5-Bordeaux-Nansouty_1_11zon-1024x768.webp\" alt=\"6-Chambre 1-Maison T5 Bordeaux Nansouty_1_11zon\" class=\"directorist-thumnail-card-front-img\" \/><\/figure><\/a><\/div><div class=\"swiper-slide\"><a href=\"https:\/\/valerie-lacroix-immobilier.com\/en\/annonce\/maison-en-pierre-5-pieces-nansouty-bordeaux\/\"><figure><img decoding=\"async\" src=\"https:\/\/valerie-lacroix-immobilier.com\/wp-content\/uploads\/2026\/04\/7-Salle-de-bains-douche-Maison-T5-Bordeaux-Nansouty-2_2_11zon-1024x768.webp\" alt=\"7-Salle de bains + douche-Maison T5 Bordeaux Nansouty 2_2_11zon\" class=\"directorist-thumnail-card-front-img\" \/><\/figure><\/a><\/div><div class=\"swiper-slide\"><a href=\"https:\/\/valerie-lacroix-immobilier.com\/en\/annonce\/maison-en-pierre-5-pieces-nansouty-bordeaux\/\"><figure><img decoding=\"async\" src=\"https:\/\/valerie-lacroix-immobilier.com\/wp-content\/uploads\/2026\/04\/8-Palier-4-Maison-T5-Bodeaux-Nansouty_3_11zon-1024x768.webp\" alt=\"8-Palier 4-Maison T5 Bodeaux Nansouty_3_11zon\" class=\"directorist-thumnail-card-front-img\" \/><\/figure><\/a><\/div><div class=\"swiper-slide\"><a href=\"https:\/\/valerie-lacroix-immobilier.com\/en\/annonce\/maison-en-pierre-5-pieces-nansouty-bordeaux\/\"><figure><img decoding=\"async\" src=\"https:\/\/valerie-lacroix-immobilier.com\/wp-content\/uploads\/2026\/04\/9-Chambre-4-Maison-T5-Bordeaux-Nansouty_4_11zon-1024x768.webp\" alt=\"9-Chambre 4-Maison T5 Bordeaux Nansouty_4_11zon\" class=\"directorist-thumnail-card-front-img\" \/><\/figure><\/a><\/div><div class=\"swiper-slide\"><a href=\"https:\/\/valerie-lacroix-immobilier.com\/en\/annonce\/maison-en-pierre-5-pieces-nansouty-bordeaux\/\"><figure><img decoding=\"async\" src=\"https:\/\/valerie-lacroix-immobilier.com\/wp-content\/uploads\/2026\/04\/10-Salle-deau-Maison-T5-Bordeaux-Nansouty_5_11zon-1024x768.webp\" alt=\"10-Salle d\u2019eau-Maison T5 Bordeaux Nansouty_5_11zon\" class=\"directorist-thumnail-card-front-img\" \/><\/figure><\/a><\/div><div class=\"swiper-slide\"><a href=\"https:\/\/valerie-lacroix-immobilier.com\/en\/annonce\/maison-en-pierre-5-pieces-nansouty-bordeaux\/\"><figure><img decoding=\"async\" src=\"https:\/\/valerie-lacroix-immobilier.com\/wp-content\/uploads\/2026\/04\/plan-maison-nansouty-819x1024.webp\" alt=\"plan maison nansouty\" class=\"directorist-thumnail-card-front-img\" \/><\/figure><\/a><\/div><\/div>\n\t\t\t\t\t<div class=\"directorist-swiper__navigation\">\n\t\t\t\t\t\t<div class=\"directorist-swiper__nav directorist-swiper__nav--prev directorist-swiper__nav--prev-listing\"><i class=\"directorist-icon-mask\" aria-hidden=\"true\" style=\"--directorist-icon: url(https:\/\/valerie-lacroix-immobilier.com\/wp-content\/plugins\/directorist\/assets\/icons\/line-awesome\/svgs\/angle-left-solid.svg)\"><\/i><\/div>\n\t\t\t\t\t\t<div class=\"directorist-swiper__nav directorist-swiper__nav--next directorist-swiper__nav--next-listing\"><i class=\"directorist-icon-mask\" aria-hidden=\"true\" style=\"--directorist-icon: url(https:\/\/valerie-lacroix-immobilier.com\/wp-content\/plugins\/directorist\/assets\/icons\/line-awesome\/svgs\/angle-right-solid.svg)\"><\/i><\/div>\n\t\t\t\t\t<\/div>\n\n\t\t\t\t\t<div class=\"directorist-swiper__pagination directorist-swiper__pagination--listing\"><\/div>\n\t\t\t\t<\/div><\/div><\/div>\n        <div class=\"directorist-thumb-top-left\"><\/div>\n        <div class=\"directorist-thumb-top-right\"><\/div>\n        <div class=\"directorist-thumb-bottom-left\"><\/div>\n        <div class=\"directorist-thumb-bottom-right\"><\/div>\n\n    <\/div>\n\n    <div class=\"directorist-listing-single__content\">\n        <section class=\"directorist-listing-single__info\">\n\n            \n            <header class=\"directorist-listing-single__info__top\">\n                \n<h2 class=\"directorist-listing-title\"><a href=\"https:\/\/valerie-lacroix-immobilier.com\/en\/annonce\/maison-en-pierre-5-pieces-nansouty-bordeaux\/\">Maison en pierre 5 pi\u00e8ces &#8211; BORDEAUX, NANSOUTY<\/a><\/h2>\n\n\n<span class=\"directorist-info-item directorist-pricing-meta\">\n    \n<span class=\"directorist-listing-price\">699 000 \u20ac<\/span><\/span>            <\/header>\n\n            \n            <ul class=\"directorist-listing-single__info__list\">\n                \n<li class=\"directorist-listing-card-text\"><i class=\"directorist-icon-mask\" aria-hidden=\"true\" style=\"--directorist-icon: url(https:\/\/valerie-lacroix-immobilier.com\/wp-content\/plugins\/directorist\/assets\/icons\/line-awesome\/svgs\/ruler-combined-solid.svg)\"><\/i>Surface habitable (m\u00b2) : 175 m\u00b2<\/li>\n<li class=\"directorist-listing-card-text\"><i class=\"directorist-icon-mask\" aria-hidden=\"true\" style=\"--directorist-icon: url(https:\/\/valerie-lacroix-immobilier.com\/wp-content\/plugins\/directorist\/assets\/icons\/line-awesome\/svgs\/bed-solid.svg)\"><\/i>Nombre de chambre(s) : 4<\/li>\n<li class=\"directorist-listing-card-number\"><i class=\"directorist-icon-mask\" aria-hidden=\"true\" style=\"--directorist-icon: url(https:\/\/valerie-lacroix-immobilier.com\/wp-content\/plugins\/directorist\/assets\/icons\/line-awesome\/svgs\/door-open-solid.svg)\"><\/i>Nombre de pi\u00e8ces : 5<\/li>            <\/ul>\n\n            \n            \n            \n                    <\/section>\n\n        <footer class=\"directorist-listing-single__meta\">\n            <div class=\"directorist-listing-single__meta__left\">\n<div class=\"directorist-listing-category\">\n            <a href=\"https:\/\/valerie-lacroix-immobilier.com\/en\/categorie\/6-sous-compromis\/?directory_type=lesbiens\"><i class=\"directorist-icon-mask\" aria-hidden=\"true\" style=\"--directorist-icon: url(https:\/\/valerie-lacroix-immobilier.com\/wp-content\/plugins\/directorist\/assets\/icons\/font-awesome\/svgs\/solid\/hourglass-start.svg)\"><\/i>SOUS COMPROMIS<\/a>\n        <\/div>\n<\/div>\n            <div class=\"directorist-listing-single__meta__right\"><\/div>\n        <\/footer>\n    <\/div>\n\n<\/article>            <\/div>\n                        <div class=\"directorist-col-4\">\n                \n<article class=\"directorist-listing-single directorist-listing-single--bg directorist-listing-card directorist-listing-has-thumb \">\n\n    <div class=\"directorist-listing-single__thumb\">\n\n        <div class=\"directorist-thumnail-card directorist-card-cover\" style=\"height: 260px\"><div class=\"directorist-thumnail-card-front-wrap\"><div class=\"directorist-swiper directorist-swiper-listing\" data-sw-items=\"1\" data-sw-margin=\"2\" data-sw-loop=\"true\" data-sw-perslide=\"1\" data-sw-speed=\"500\" data-sw-autoplay=\"false\" data-sw-responsive=\"{}\">\n\t\t\t\t\t<div class=\"swiper-wrapper\"><div class=\"swiper-slide\"><a href=\"https:\/\/valerie-lacroix-immobilier.com\/en\/annonce\/villa-familiale-t6-le-pyla-sur-mer\/\"><figure><img decoding=\"async\" src=\"https:\/\/valerie-lacroix-immobilier.com\/wp-content\/uploads\/2025\/08\/1-facade-Villa-familiale-T6-Le-Pyla-sur-mer_1_1-1024x768.webp\" alt=\"ext\u00e9rieur fa\u00e7ade villa familiale t6 le pyla sur mer\" class=\"directorist-thumnail-card-front-img\" \/><\/figure><\/a><\/div><div class=\"swiper-slide\"><a href=\"https:\/\/valerie-lacroix-immobilier.com\/en\/annonce\/villa-familiale-t6-le-pyla-sur-mer\/\"><figure><img decoding=\"async\" src=\"https:\/\/valerie-lacroix-immobilier.com\/wp-content\/uploads\/2025\/08\/2-salon-Villa-familiale-T6-Le-Pyla-sur-Mer-copie_2_11zon_2_11zon-1024x818.webp\" alt=\"salon villa t6 pyla sur mer\" class=\"directorist-thumnail-card-front-img\" \/><\/figure><\/a><\/div><div class=\"swiper-slide\"><a href=\"https:\/\/valerie-lacroix-immobilier.com\/en\/annonce\/villa-familiale-t6-le-pyla-sur-mer\/\"><figure><img decoding=\"async\" src=\"https:\/\/valerie-lacroix-immobilier.com\/wp-content\/uploads\/2025\/08\/3-salon-Villa-familiale-T6-Le-Pyla-sur-Mer_3_11zon_3_11zon-1024x768.webp\" alt=\"salon villa familiale t6\" class=\"directorist-thumnail-card-front-img\" \/><\/figure><\/a><\/div><div class=\"swiper-slide\"><a href=\"https:\/\/valerie-lacroix-immobilier.com\/en\/annonce\/villa-familiale-t6-le-pyla-sur-mer\/\"><figure><img decoding=\"async\" src=\"https:\/\/valerie-lacroix-immobilier.com\/wp-content\/uploads\/2025\/08\/5-salle-a-manger-Villa-familiale-T6-Le-Pyla-sur-Mer_5_5-1024x768.webp\" alt=\"salle \u00e0 manger villa familiale t6 le pyla sur mer\" class=\"directorist-thumnail-card-front-img\" \/><\/figure><\/a><\/div><div class=\"swiper-slide\"><a href=\"https:\/\/valerie-lacroix-immobilier.com\/en\/annonce\/villa-familiale-t6-le-pyla-sur-mer\/\"><figure><img decoding=\"async\" src=\"https:\/\/valerie-lacroix-immobilier.com\/wp-content\/uploads\/2025\/08\/4-depuis-salon-Villa-faliliale-T6-Le-Pyla-sur-Mer_4_11zon_4_11zon-1024x768.webp\" alt=\"vue depuis le salon\" class=\"directorist-thumnail-card-front-img\" \/><\/figure><\/a><\/div><div class=\"swiper-slide\"><a href=\"https:\/\/valerie-lacroix-immobilier.com\/en\/annonce\/villa-familiale-t6-le-pyla-sur-mer\/\"><figure><img decoding=\"async\" src=\"https:\/\/valerie-lacroix-immobilier.com\/wp-content\/uploads\/2025\/08\/6-cuisine-Villa-familiale-T6-Le-Pyla-sur-mer_6_11zon_6_11zon-1024x768.webp\" alt=\"cuisine villa familiale t6 pyla sur mer\" class=\"directorist-thumnail-card-front-img\" \/><\/figure><\/a><\/div><div class=\"swiper-slide\"><a href=\"https:\/\/valerie-lacroix-immobilier.com\/en\/annonce\/villa-familiale-t6-le-pyla-sur-mer\/\"><figure><img decoding=\"async\" src=\"https:\/\/valerie-lacroix-immobilier.com\/wp-content\/uploads\/2025\/08\/7-chambre-Villa-familiale-T6-Le-Pyla-sur-mer_7_11zon_7_11zon-1024x768.webp\" alt=\"chambre villa t6\" class=\"directorist-thumnail-card-front-img\" \/><\/figure><\/a><\/div><div class=\"swiper-slide\"><a href=\"https:\/\/valerie-lacroix-immobilier.com\/en\/annonce\/villa-familiale-t6-le-pyla-sur-mer\/\"><figure><img decoding=\"async\" src=\"https:\/\/valerie-lacroix-immobilier.com\/wp-content\/uploads\/2025\/08\/8-exterieur-cote-est-Villa-familiale-T6-Le-Pyla-sur-mer_8_8-1024x768.webp\" alt=\"ext\u00e9rieur cote est villa familiale t6 le pyla sur mer\" class=\"directorist-thumnail-card-front-img\" \/><\/figure><\/a><\/div><div class=\"swiper-slide\"><a href=\"https:\/\/valerie-lacroix-immobilier.com\/en\/annonce\/villa-familiale-t6-le-pyla-sur-mer\/\"><figure><img decoding=\"async\" src=\"https:\/\/valerie-lacroix-immobilier.com\/wp-content\/uploads\/2025\/08\/9-vue-du-ciel-Villa-familiale-T6-Le-Pyla-sur-Mer_9_11zon_9_11zon-1024x392.webp\" alt=\"vue du ciel villa familiale t6 pyla sur mer\" class=\"directorist-thumnail-card-front-img\" \/><\/figure><\/a><\/div><div class=\"swiper-slide\"><a href=\"https:\/\/valerie-lacroix-immobilier.com\/en\/annonce\/villa-familiale-t6-le-pyla-sur-mer\/\"><figure><img decoding=\"async\" src=\"https:\/\/valerie-lacroix-immobilier.com\/wp-content\/uploads\/2025\/08\/10-plan-Villafamiliale-T6-Le-Pyla-sur-Mer_11_11zon-471x1024.webp\" alt=\"plan\" class=\"directorist-thumnail-card-front-img\" \/><\/figure><\/a><\/div><div class=\"swiper-slide\"><a href=\"https:\/\/valerie-lacroix-immobilier.com\/en\/annonce\/villa-familiale-t6-le-pyla-sur-mer\/\"><figure><img decoding=\"async\" src=\"https:\/\/valerie-lacroix-immobilier.com\/wp-content\/uploads\/2025\/08\/11zon_10-plan-Villa-familiale-T6-Le-Pyla-sur-Mer_1-516x1024.webp\" alt=\"plan\" class=\"directorist-thumnail-card-front-img\" \/><\/figure><\/a><\/div><\/div>\n\t\t\t\t\t<div class=\"directorist-swiper__navigation\">\n\t\t\t\t\t\t<div class=\"directorist-swiper__nav directorist-swiper__nav--prev directorist-swiper__nav--prev-listing\"><i class=\"directorist-icon-mask\" aria-hidden=\"true\" style=\"--directorist-icon: url(https:\/\/valerie-lacroix-immobilier.com\/wp-content\/plugins\/directorist\/assets\/icons\/line-awesome\/svgs\/angle-left-solid.svg)\"><\/i><\/div>\n\t\t\t\t\t\t<div class=\"directorist-swiper__nav directorist-swiper__nav--next directorist-swiper__nav--next-listing\"><i class=\"directorist-icon-mask\" aria-hidden=\"true\" style=\"--directorist-icon: url(https:\/\/valerie-lacroix-immobilier.com\/wp-content\/plugins\/directorist\/assets\/icons\/line-awesome\/svgs\/angle-right-solid.svg)\"><\/i><\/div>\n\t\t\t\t\t<\/div>\n\n\t\t\t\t\t<div class=\"directorist-swiper__pagination directorist-swiper__pagination--listing\"><\/div>\n\t\t\t\t<\/div><\/div><\/div>\n        <div class=\"directorist-thumb-top-left\"><\/div>\n        <div class=\"directorist-thumb-top-right\"><\/div>\n        <div class=\"directorist-thumb-bottom-left\"><\/div>\n        <div class=\"directorist-thumb-bottom-right\"><\/div>\n\n    <\/div>\n\n    <div class=\"directorist-listing-single__content\">\n        <section class=\"directorist-listing-single__info\">\n\n            \n            <header class=\"directorist-listing-single__info__top\">\n                \n<h2 class=\"directorist-listing-title\"><a href=\"https:\/\/valerie-lacroix-immobilier.com\/en\/annonce\/villa-familiale-t6-le-pyla-sur-mer\/\">Villa familiale T6 \u2013 LE PYLA-SUR-MER<\/a><\/h2>\n\n\n<span class=\"directorist-info-item directorist-pricing-meta\">\n    \n<span class=\"directorist-listing-price\">1 500 000 \u20ac<\/span><\/span>            <\/header>\n\n            \n            <ul class=\"directorist-listing-single__info__list\">\n                \n<li class=\"directorist-listing-card-text\"><i class=\"directorist-icon-mask\" aria-hidden=\"true\" style=\"--directorist-icon: url(https:\/\/valerie-lacroix-immobilier.com\/wp-content\/plugins\/directorist\/assets\/icons\/line-awesome\/svgs\/ruler-combined-solid.svg)\"><\/i>Surface habitable (m\u00b2) : 204<\/li>\n<li class=\"directorist-listing-card-text\"><i class=\"directorist-icon-mask\" aria-hidden=\"true\" style=\"--directorist-icon: url(https:\/\/valerie-lacroix-immobilier.com\/wp-content\/plugins\/directorist\/assets\/icons\/line-awesome\/svgs\/bed-solid.svg)\"><\/i>Nombre de chambre(s) : 5<\/li>\n<li class=\"directorist-listing-card-number\"><i class=\"directorist-icon-mask\" aria-hidden=\"true\" style=\"--directorist-icon: url(https:\/\/valerie-lacroix-immobilier.com\/wp-content\/plugins\/directorist\/assets\/icons\/line-awesome\/svgs\/door-open-solid.svg)\"><\/i>Nombre de pi\u00e8ces : 6<\/li>            <\/ul>\n\n            \n            \n            \n                    <\/section>\n\n        <footer class=\"directorist-listing-single__meta\">\n            <div class=\"directorist-listing-single__meta__left\">\n<div class=\"directorist-listing-category\">\n            <a href=\"https:\/\/valerie-lacroix-immobilier.com\/en\/categorie\/8-vendu\/?directory_type=lesbiens\"><i class=\"directorist-icon-mask\" aria-hidden=\"true\" style=\"--directorist-icon: url(https:\/\/valerie-lacroix-immobilier.com\/wp-content\/plugins\/directorist\/assets\/icons\/font-awesome\/svgs\/regular\/check-circle.svg)\"><\/i>VENDU<\/a>\n        <\/div>\n<\/div>\n            <div class=\"directorist-listing-single__meta__right\"><\/div>\n        <\/footer>\n    <\/div>\n\n<\/article>            <\/div>\n                        <div class=\"directorist-col-4\">\n                \n<article class=\"directorist-listing-single directorist-listing-single--bg directorist-listing-card directorist-listing-has-thumb \">\n\n    <div class=\"directorist-listing-single__thumb\">\n\n        <div class=\"directorist-thumnail-card directorist-card-cover\" style=\"height: 260px\"><div class=\"directorist-thumnail-card-front-wrap\"><div class=\"directorist-swiper directorist-swiper-listing\" data-sw-items=\"1\" data-sw-margin=\"2\" data-sw-loop=\"true\" data-sw-perslide=\"1\" data-sw-speed=\"500\" data-sw-autoplay=\"false\" data-sw-responsive=\"{}\">\n\t\t\t\t\t<div class=\"swiper-wrapper\"><div class=\"swiper-slide\"><a href=\"https:\/\/valerie-lacroix-immobilier.com\/en\/annonce\/studio-bordeaux\/\"><figure><img decoding=\"async\" src=\"https:\/\/valerie-lacroix-immobilier.com\/wp-content\/uploads\/2025\/10\/1-Piece-de-vie-Studio-Bordeaux_2_2-768x1024.webp\" alt=\"studio bordeaux vue du salon\" class=\"directorist-thumnail-card-front-img\" \/><\/figure><\/a><\/div><div class=\"swiper-slide\"><a href=\"https:\/\/valerie-lacroix-immobilier.com\/en\/annonce\/studio-bordeaux\/\"><figure><img decoding=\"async\" src=\"https:\/\/valerie-lacroix-immobilier.com\/wp-content\/uploads\/2025\/10\/2-Piece-de-vie-Studio-Bordeaux_3_1-768x1024.webp\" alt=\"piece de vie studio bordeaux\" class=\"directorist-thumnail-card-front-img\" \/><\/figure><\/a><\/div><div class=\"swiper-slide\"><a href=\"https:\/\/valerie-lacroix-immobilier.com\/en\/annonce\/studio-bordeaux\/\"><figure><img decoding=\"async\" src=\"https:\/\/valerie-lacroix-immobilier.com\/wp-content\/uploads\/2025\/10\/3-Piece-de-vie-Studio-Bordeaux_4_3-768x1024.webp\" alt=\"pi\u00e8ce de vie studio bordeaux\" class=\"directorist-thumnail-card-front-img\" \/><\/figure><\/a><\/div><div class=\"swiper-slide\"><a href=\"https:\/\/valerie-lacroix-immobilier.com\/en\/annonce\/studio-bordeaux\/\"><figure><img decoding=\"async\" src=\"https:\/\/valerie-lacroix-immobilier.com\/wp-content\/uploads\/2025\/10\/4-Kitchenette-Studio-Bordeaux_5_11zon_4_11zon-1024x1009.webp\" alt=\"cuisine\" class=\"directorist-thumnail-card-front-img\" \/><\/figure><\/a><\/div><div class=\"swiper-slide\"><a href=\"https:\/\/valerie-lacroix-immobilier.com\/en\/annonce\/studio-bordeaux\/\"><figure><img decoding=\"async\" src=\"https:\/\/valerie-lacroix-immobilier.com\/wp-content\/uploads\/2025\/10\/5-Salle-de-bains-5-Studio-Bordeaux_6_11zon_5_11zon-630x1024.webp\" alt=\"salle de bain\" class=\"directorist-thumnail-card-front-img\" \/><\/figure><\/a><\/div><div class=\"swiper-slide\"><a href=\"https:\/\/valerie-lacroix-immobilier.com\/en\/annonce\/studio-bordeaux\/\"><figure><img decoding=\"async\" src=\"https:\/\/valerie-lacroix-immobilier.com\/wp-content\/uploads\/2025\/10\/6-Parties-communes-Studio-Bordeaux_7_11zon_6_11zon-768x1024.webp\" alt=\"entr\u00e9e studio bordeaux\" class=\"directorist-thumnail-card-front-img\" \/><\/figure><\/a><\/div><div class=\"swiper-slide\"><a href=\"https:\/\/valerie-lacroix-immobilier.com\/en\/annonce\/studio-bordeaux\/\"><figure><img decoding=\"async\" src=\"https:\/\/valerie-lacroix-immobilier.com\/wp-content\/uploads\/2025\/10\/7-Exterieur-immeuble-Studio-Bordeaux-_8_7-768x1024.webp\" alt=\"vue ext\u00e9rieur studio bordeaux\" class=\"directorist-thumnail-card-front-img\" \/><\/figure><\/a><\/div><div class=\"swiper-slide\"><a href=\"https:\/\/valerie-lacroix-immobilier.com\/en\/annonce\/studio-bordeaux\/\"><figure><img decoding=\"async\" src=\"https:\/\/valerie-lacroix-immobilier.com\/wp-content\/uploads\/2025\/10\/8-Vue-exterieure-Studio-Bordeaux-_9_8-768x1024.webp\" alt=\"vue ext\u00e9rieur studio bordeaux\" class=\"directorist-thumnail-card-front-img\" \/><\/figure><\/a><\/div><div class=\"swiper-slide\"><a href=\"https:\/\/valerie-lacroix-immobilier.com\/en\/annonce\/studio-bordeaux\/\"><figure><img decoding=\"async\" src=\"https:\/\/valerie-lacroix-immobilier.com\/wp-content\/uploads\/2025\/10\/9-Vue-exterieure-Studio-Bordeaux_10_9-768x1024.webp\" alt=\"vue ext\u00e9rieur studio bordeaux\" class=\"directorist-thumnail-card-front-img\" \/><\/figure><\/a><\/div><div class=\"swiper-slide\"><a href=\"https:\/\/valerie-lacroix-immobilier.com\/en\/annonce\/studio-bordeaux\/\"><figure><img decoding=\"async\" src=\"https:\/\/valerie-lacroix-immobilier.com\/wp-content\/uploads\/2025\/10\/10-Plan-Studio-Bordeaux_11_11zon_10_11zon.webp\" alt=\"plan studio\" class=\"directorist-thumnail-card-front-img\" \/><\/figure><\/a><\/div><\/div>\n\t\t\t\t\t<div class=\"directorist-swiper__navigation\">\n\t\t\t\t\t\t<div class=\"directorist-swiper__nav directorist-swiper__nav--prev directorist-swiper__nav--prev-listing\"><i class=\"directorist-icon-mask\" aria-hidden=\"true\" style=\"--directorist-icon: url(https:\/\/valerie-lacroix-immobilier.com\/wp-content\/plugins\/directorist\/assets\/icons\/line-awesome\/svgs\/angle-left-solid.svg)\"><\/i><\/div>\n\t\t\t\t\t\t<div class=\"directorist-swiper__nav directorist-swiper__nav--next directorist-swiper__nav--next-listing\"><i class=\"directorist-icon-mask\" aria-hidden=\"true\" style=\"--directorist-icon: url(https:\/\/valerie-lacroix-immobilier.com\/wp-content\/plugins\/directorist\/assets\/icons\/line-awesome\/svgs\/angle-right-solid.svg)\"><\/i><\/div>\n\t\t\t\t\t<\/div>\n\n\t\t\t\t\t<div class=\"directorist-swiper__pagination directorist-swiper__pagination--listing\"><\/div>\n\t\t\t\t<\/div><\/div><\/div>\n        <div class=\"directorist-thumb-top-left\"><\/div>\n        <div class=\"directorist-thumb-top-right\"><\/div>\n        <div class=\"directorist-thumb-bottom-left\"><\/div>\n        <div class=\"directorist-thumb-bottom-right\"><\/div>\n\n    <\/div>\n\n    <div class=\"directorist-listing-single__content\">\n        <section class=\"directorist-listing-single__info\">\n\n            \n            <header class=\"directorist-listing-single__info__top\">\n                \n<h2 class=\"directorist-listing-title\"><a href=\"https:\/\/valerie-lacroix-immobilier.com\/en\/annonce\/studio-bordeaux\/\">Studio &#8211; BORDEAUX<\/a><\/h2>\n\n\n<span class=\"directorist-info-item directorist-pricing-meta\">\n    \n<span class=\"directorist-listing-price\">130 000 \u20ac<\/span><\/span>            <\/header>\n\n            \n            <ul class=\"directorist-listing-single__info__list\">\n                \n<li class=\"directorist-listing-card-text\"><i class=\"directorist-icon-mask\" aria-hidden=\"true\" style=\"--directorist-icon: url(https:\/\/valerie-lacroix-immobilier.com\/wp-content\/plugins\/directorist\/assets\/icons\/line-awesome\/svgs\/ruler-combined-solid.svg)\"><\/i>Surface habitable (m\u00b2) : 32,1 m\u00b2<\/li>\n<li class=\"directorist-listing-card-number\"><i class=\"directorist-icon-mask\" aria-hidden=\"true\" style=\"--directorist-icon: url(https:\/\/valerie-lacroix-immobilier.com\/wp-content\/plugins\/directorist\/assets\/icons\/line-awesome\/svgs\/door-open-solid.svg)\"><\/i>Nombre de pi\u00e8ces : 1<\/li>            <\/ul>\n\n            \n            \n            \n                    <\/section>\n\n        <footer class=\"directorist-listing-single__meta\">\n            <div class=\"directorist-listing-single__meta__left\">\n<div class=\"directorist-listing-category\">\n            <a href=\"https:\/\/valerie-lacroix-immobilier.com\/en\/categorie\/8-vendu\/?directory_type=lesbiens\"><i class=\"directorist-icon-mask\" aria-hidden=\"true\" style=\"--directorist-icon: url(https:\/\/valerie-lacroix-immobilier.com\/wp-content\/plugins\/directorist\/assets\/icons\/font-awesome\/svgs\/regular\/check-circle.svg)\"><\/i>VENDU<\/a>\n        <\/div>\n<\/div>\n            <div class=\"directorist-listing-single__meta__right\"><\/div>\n        <\/footer>\n    <\/div>\n\n<\/article>            <\/div>\n                        <div class=\"directorist-col-4\">\n                \n<article class=\"directorist-listing-single directorist-listing-single--bg directorist-listing-card directorist-listing-has-thumb \">\n\n    <div class=\"directorist-listing-single__thumb\">\n\n        <div class=\"directorist-thumnail-card directorist-card-cover\" style=\"height: 260px\"><div class=\"directorist-thumnail-card-front-wrap\"><div class=\"directorist-swiper directorist-swiper-listing\" data-sw-items=\"1\" data-sw-margin=\"2\" data-sw-loop=\"true\" data-sw-perslide=\"1\" data-sw-speed=\"500\" data-sw-autoplay=\"false\" data-sw-responsive=\"{}\">\n\t\t\t\t\t<div class=\"swiper-wrapper\"><div class=\"swiper-slide\"><a href=\"https:\/\/valerie-lacroix-immobilier.com\/en\/annonce\/pavillon-t4-la-teste-de-buch\/\"><figure><img decoding=\"async\" src=\"https:\/\/valerie-lacroix-immobilier.com\/wp-content\/uploads\/2025\/08\/IMG_2414-r0m5u928umgsljv4lqgfsrx02duvycz1hxbhl7vxuw-1_11zon-1024x822.webp\" alt=\"ext\u00e9rieur pavillon la teste de buch\" class=\"directorist-thumnail-card-front-img\" \/><\/figure><\/a><\/div><div class=\"swiper-slide\"><a href=\"https:\/\/valerie-lacroix-immobilier.com\/en\/annonce\/pavillon-t4-la-teste-de-buch\/\"><figure><img decoding=\"async\" src=\"https:\/\/valerie-lacroix-immobilier.com\/wp-content\/uploads\/2025\/08\/IMG_2423-scaled-r0m5ufn46gpsutlkjbats89882ygg8p5utvvy5m6nc_1_11zon-1024x822.webp\" alt=\"pavillon t4 la teste de buch\" class=\"directorist-thumnail-card-front-img\" \/><\/figure><\/a><\/div><div class=\"swiper-slide\"><a href=\"https:\/\/valerie-lacroix-immobilier.com\/en\/annonce\/pavillon-t4-la-teste-de-buch\/\"><figure><img decoding=\"async\" src=\"https:\/\/valerie-lacroix-immobilier.com\/wp-content\/uploads\/2025\/08\/cuisine-1024x822.webp\" alt=\"pavillon t4 la teste de buch cuisine\" class=\"directorist-thumnail-card-front-img\" \/><\/figure><\/a><\/div><div class=\"swiper-slide\"><a href=\"https:\/\/valerie-lacroix-immobilier.com\/en\/annonce\/pavillon-t4-la-teste-de-buch\/\"><figure><img decoding=\"async\" src=\"https:\/\/valerie-lacroix-immobilier.com\/wp-content\/uploads\/2025\/08\/IMG_2428-scaled-r0m5urv0nb6j1r3tjykz6n67y3a88b1o8id76r42eg_4_11zon-1024x822.webp\" alt=\"pavillon t4 la teste de buch\" class=\"directorist-thumnail-card-front-img\" \/><\/figure><\/a><\/div><div class=\"swiper-slide\"><a href=\"https:\/\/valerie-lacroix-immobilier.com\/en\/annonce\/pavillon-t4-la-teste-de-buch\/\"><figure><img decoding=\"async\" src=\"https:\/\/valerie-lacroix-immobilier.com\/wp-content\/uploads\/2025\/08\/IMG_2427-scaled-r0m5uo3nvz1drb9a5wygwo4dkjsrdimqvzr99n9n3c_3_11zon-1024x822.webp\" alt=\"pavillon t4 la teste de buch\" class=\"directorist-thumnail-card-front-img\" \/><\/figure><\/a><\/div><div class=\"swiper-slide\"><a href=\"https:\/\/valerie-lacroix-immobilier.com\/en\/annonce\/pavillon-t4-la-teste-de-buch\/\"><figure><img decoding=\"async\" src=\"https:\/\/valerie-lacroix-immobilier.com\/wp-content\/uploads\/2025\/08\/IMG_2433-scaled-r0m5v7u9vhsej4glynhmv1521n3gv5t3ypggcggdgo_6_11zon-1024x822.webp\" alt=\"chambre\" class=\"directorist-thumnail-card-front-img\" \/><\/figure><\/a><\/div><div class=\"swiper-slide\"><a href=\"https:\/\/valerie-lacroix-immobilier.com\/en\/annonce\/pavillon-t4-la-teste-de-buch\/\"><figure><img decoding=\"async\" src=\"https:\/\/valerie-lacroix-immobilier.com\/wp-content\/uploads\/2025\/08\/IMG_2436-scaled-r0m5vansfzw9hycii6pikifftspki94az3ewsac6y0_7_11zon-1024x822.webp\" alt=\"chambre\" class=\"directorist-thumnail-card-front-img\" \/><\/figure><\/a><\/div><div class=\"swiper-slide\"><a href=\"https:\/\/valerie-lacroix-immobilier.com\/en\/annonce\/pavillon-t4-la-teste-de-buch\/\"><figure><img decoding=\"async\" src=\"https:\/\/valerie-lacroix-immobilier.com\/wp-content\/uploads\/2025\/08\/IMG_2430-scaled-r0m5uzdq5zgtmmswc1tzql9wp695xvvixjl30ysx0o_5_11zon-1024x822.webp\" alt=\"chambre\" class=\"directorist-thumnail-card-front-img\" \/><\/figure><\/a><\/div><div class=\"swiper-slide\"><a href=\"https:\/\/valerie-lacroix-immobilier.com\/en\/annonce\/pavillon-t4-la-teste-de-buch\/\"><figure><img decoding=\"async\" src=\"https:\/\/valerie-lacroix-immobilier.com\/wp-content\/uploads\/2025\/08\/IMG_2441-scaled-r0m5vef57c1ese71w8c0uhha7c71d1j8bm0upe6m94_8_11zon-1024x822.webp\" alt=\"salle de bain\" class=\"directorist-thumnail-card-front-img\" \/><\/figure><\/a><\/div><div class=\"swiper-slide\"><a href=\"https:\/\/valerie-lacroix-immobilier.com\/en\/annonce\/pavillon-t4-la-teste-de-buch\/\"><figure><img decoding=\"async\" src=\"https:\/\/valerie-lacroix-immobilier.com\/wp-content\/uploads\/2025\/08\/PLAN-r0m5vgatl03zfm4bl959zh07e3xrsfqozvbtny3two_9_11zon-1024x822.webp\" alt=\"plan\" class=\"directorist-thumnail-card-front-img\" \/><\/figure><\/a><\/div><\/div>\n\t\t\t\t\t<div class=\"directorist-swiper__navigation\">\n\t\t\t\t\t\t<div class=\"directorist-swiper__nav directorist-swiper__nav--prev directorist-swiper__nav--prev-listing\"><i class=\"directorist-icon-mask\" aria-hidden=\"true\" style=\"--directorist-icon: url(https:\/\/valerie-lacroix-immobilier.com\/wp-content\/plugins\/directorist\/assets\/icons\/line-awesome\/svgs\/angle-left-solid.svg)\"><\/i><\/div>\n\t\t\t\t\t\t<div class=\"directorist-swiper__nav directorist-swiper__nav--next directorist-swiper__nav--next-listing\"><i class=\"directorist-icon-mask\" aria-hidden=\"true\" style=\"--directorist-icon: url(https:\/\/valerie-lacroix-immobilier.com\/wp-content\/plugins\/directorist\/assets\/icons\/line-awesome\/svgs\/angle-right-solid.svg)\"><\/i><\/div>\n\t\t\t\t\t<\/div>\n\n\t\t\t\t\t<div class=\"directorist-swiper__pagination directorist-swiper__pagination--listing\"><\/div>\n\t\t\t\t<\/div><\/div><\/div>\n        <div class=\"directorist-thumb-top-left\"><\/div>\n        <div class=\"directorist-thumb-top-right\"><\/div>\n        <div class=\"directorist-thumb-bottom-left\"><\/div>\n        <div class=\"directorist-thumb-bottom-right\"><\/div>\n\n    <\/div>\n\n    <div class=\"directorist-listing-single__content\">\n        <section class=\"directorist-listing-single__info\">\n\n            \n            <header class=\"directorist-listing-single__info__top\">\n                \n<h2 class=\"directorist-listing-title\"><a href=\"https:\/\/valerie-lacroix-immobilier.com\/en\/annonce\/pavillon-t4-la-teste-de-buch\/\">Pavillon T4 &#8211; LA TESTE-DE-BUCH<\/a><\/h2>\n\n\n<span class=\"directorist-info-item directorist-pricing-meta\">\n    \n<span class=\"directorist-listing-price\">399 000 \u20ac<\/span><\/span>            <\/header>\n\n            \n            <ul class=\"directorist-listing-single__info__list\">\n                \n<li class=\"directorist-listing-card-text\"><i class=\"directorist-icon-mask\" aria-hidden=\"true\" style=\"--directorist-icon: url(https:\/\/valerie-lacroix-immobilier.com\/wp-content\/plugins\/directorist\/assets\/icons\/line-awesome\/svgs\/ruler-combined-solid.svg)\"><\/i>Surface habitable (m\u00b2) : 75 m2<\/li>\n<li class=\"directorist-listing-card-text\"><i class=\"directorist-icon-mask\" aria-hidden=\"true\" style=\"--directorist-icon: url(https:\/\/valerie-lacroix-immobilier.com\/wp-content\/plugins\/directorist\/assets\/icons\/line-awesome\/svgs\/bed-solid.svg)\"><\/i>Nombre de chambre(s) : 3<\/li>\n<li class=\"directorist-listing-card-number\"><i class=\"directorist-icon-mask\" aria-hidden=\"true\" style=\"--directorist-icon: url(https:\/\/valerie-lacroix-immobilier.com\/wp-content\/plugins\/directorist\/assets\/icons\/line-awesome\/svgs\/door-open-solid.svg)\"><\/i>Nombre de pi\u00e8ces : 4<\/li>            <\/ul>\n\n            \n            \n            \n                    <\/section>\n\n        <footer class=\"directorist-listing-single__meta\">\n            <div class=\"directorist-listing-single__meta__left\">\n<div class=\"directorist-listing-category\">\n            <a href=\"https:\/\/valerie-lacroix-immobilier.com\/en\/categorie\/8-vendu\/?directory_type=lesbiens\"><i class=\"directorist-icon-mask\" aria-hidden=\"true\" style=\"--directorist-icon: url(https:\/\/valerie-lacroix-immobilier.com\/wp-content\/plugins\/directorist\/assets\/icons\/font-awesome\/svgs\/regular\/check-circle.svg)\"><\/i>VENDU<\/a>\n        <\/div>\n<\/div>\n            <div class=\"directorist-listing-single__meta__right\"><\/div>\n        <\/footer>\n    <\/div>\n\n<\/article>            <\/div>\n                        <div class=\"directorist-col-4\">\n                \n<article class=\"directorist-listing-single directorist-listing-single--bg directorist-listing-card directorist-listing-has-thumb \">\n\n    <div class=\"directorist-listing-single__thumb\">\n\n        <div class=\"directorist-thumnail-card directorist-card-cover\" style=\"height: 260px\"><div class=\"directorist-thumnail-card-front-wrap\"><div class=\"directorist-swiper directorist-swiper-listing\" data-sw-items=\"1\" data-sw-margin=\"2\" data-sw-loop=\"true\" data-sw-perslide=\"1\" data-sw-speed=\"500\" data-sw-autoplay=\"false\" data-sw-responsive=\"{}\">\n\t\t\t\t\t<div class=\"swiper-wrapper\"><div class=\"swiper-slide\"><a href=\"https:\/\/valerie-lacroix-immobilier.com\/en\/annonce\/t1-avec-cellier-bordeaux\/\"><figure><img decoding=\"async\" src=\"https:\/\/valerie-lacroix-immobilier.com\/wp-content\/uploads\/2025\/07\/2-pice-principale-1024x822.webp\" alt=\"2-pice principale\" class=\"directorist-thumnail-card-front-img\" \/><\/figure><\/a><\/div><div class=\"swiper-slide\"><a href=\"https:\/\/valerie-lacroix-immobilier.com\/en\/annonce\/t1-avec-cellier-bordeaux\/\"><figure><img decoding=\"async\" src=\"https:\/\/valerie-lacroix-immobilier.com\/wp-content\/uploads\/2025\/07\/3-cuisine-1024x822.webp\" alt=\"3-cuisine\" class=\"directorist-thumnail-card-front-img\" \/><\/figure><\/a><\/div><div class=\"swiper-slide\"><a href=\"https:\/\/valerie-lacroix-immobilier.com\/en\/annonce\/t1-avec-cellier-bordeaux\/\"><figure><img decoding=\"async\" src=\"https:\/\/valerie-lacroix-immobilier.com\/wp-content\/uploads\/2025\/07\/4-salle-de-bain-1024x822.webp\" alt=\"4-salle de bain\" class=\"directorist-thumnail-card-front-img\" \/><\/figure><\/a><\/div><div class=\"swiper-slide\"><a href=\"https:\/\/valerie-lacroix-immobilier.com\/en\/annonce\/t1-avec-cellier-bordeaux\/\"><figure><img decoding=\"async\" src=\"https:\/\/valerie-lacroix-immobilier.com\/wp-content\/uploads\/2025\/07\/5-balcon-1024x822.webp\" alt=\"5-balcon\" class=\"directorist-thumnail-card-front-img\" \/><\/figure><\/a><\/div><div class=\"swiper-slide\"><a href=\"https:\/\/valerie-lacroix-immobilier.com\/en\/annonce\/t1-avec-cellier-bordeaux\/\"><figure><img decoding=\"async\" src=\"https:\/\/valerie-lacroix-immobilier.com\/wp-content\/uploads\/2025\/07\/6-plan-1024x822.webp\" alt=\"6-plan\" class=\"directorist-thumnail-card-front-img\" \/><\/figure><\/a><\/div><\/div>\n\t\t\t\t\t<div class=\"directorist-swiper__navigation\">\n\t\t\t\t\t\t<div class=\"directorist-swiper__nav directorist-swiper__nav--prev directorist-swiper__nav--prev-listing\"><i class=\"directorist-icon-mask\" aria-hidden=\"true\" style=\"--directorist-icon: url(https:\/\/valerie-lacroix-immobilier.com\/wp-content\/plugins\/directorist\/assets\/icons\/line-awesome\/svgs\/angle-left-solid.svg)\"><\/i><\/div>\n\t\t\t\t\t\t<div class=\"directorist-swiper__nav directorist-swiper__nav--next directorist-swiper__nav--next-listing\"><i class=\"directorist-icon-mask\" aria-hidden=\"true\" style=\"--directorist-icon: url(https:\/\/valerie-lacroix-immobilier.com\/wp-content\/plugins\/directorist\/assets\/icons\/line-awesome\/svgs\/angle-right-solid.svg)\"><\/i><\/div>\n\t\t\t\t\t<\/div>\n\n\t\t\t\t\t<div class=\"directorist-swiper__pagination directorist-swiper__pagination--listing\"><\/div>\n\t\t\t\t<\/div><\/div><\/div>\n        <div class=\"directorist-thumb-top-left\"><\/div>\n        <div class=\"directorist-thumb-top-right\"><\/div>\n        <div class=\"directorist-thumb-bottom-left\"><\/div>\n        <div class=\"directorist-thumb-bottom-right\"><\/div>\n\n    <\/div>\n\n    <div class=\"directorist-listing-single__content\">\n        <section class=\"directorist-listing-single__info\">\n\n            \n            <header class=\"directorist-listing-single__info__top\">\n                \n<h2 class=\"directorist-listing-title\"><a href=\"https:\/\/valerie-lacroix-immobilier.com\/en\/annonce\/t1-avec-cellier-bordeaux\/\">Appartement T1 avec cellier &#8211; BORDEAUX<\/a><\/h2>\n\n\n<span class=\"directorist-info-item directorist-pricing-meta\">\n    \n<span class=\"directorist-listing-price\">143 000 \u20ac<\/span><\/span>            <\/header>\n\n            \n            <ul class=\"directorist-listing-single__info__list\">\n                \n<li class=\"directorist-listing-card-text\"><i class=\"directorist-icon-mask\" aria-hidden=\"true\" style=\"--directorist-icon: url(https:\/\/valerie-lacroix-immobilier.com\/wp-content\/plugins\/directorist\/assets\/icons\/line-awesome\/svgs\/ruler-combined-solid.svg)\"><\/i>Surface habitable (m\u00b2) : 30,69 m2<\/li>\n<li class=\"directorist-listing-card-number\"><i class=\"directorist-icon-mask\" aria-hidden=\"true\" style=\"--directorist-icon: url(https:\/\/valerie-lacroix-immobilier.com\/wp-content\/plugins\/directorist\/assets\/icons\/line-awesome\/svgs\/door-open-solid.svg)\"><\/i>Nombre de pi\u00e8ces : 1<\/li>            <\/ul>\n\n            \n            \n            \n                    <\/section>\n\n        <footer class=\"directorist-listing-single__meta\">\n            <div class=\"directorist-listing-single__meta__left\">\n<div class=\"directorist-listing-category\">\n            <a href=\"https:\/\/valerie-lacroix-immobilier.com\/en\/categorie\/8-vendu\/?directory_type=lesbiens\"><i class=\"directorist-icon-mask\" aria-hidden=\"true\" style=\"--directorist-icon: url(https:\/\/valerie-lacroix-immobilier.com\/wp-content\/plugins\/directorist\/assets\/icons\/font-awesome\/svgs\/regular\/check-circle.svg)\"><\/i>VENDU<\/a>\n        <\/div>\n<\/div>\n            <div class=\"directorist-listing-single__meta__right\"><\/div>\n        <\/footer>\n    <\/div>\n\n<\/article>            <\/div>\n                        <div class=\"directorist-col-4\">\n                \n<article class=\"directorist-listing-single directorist-listing-single--bg directorist-listing-card directorist-listing-has-thumb \">\n\n    <div class=\"directorist-listing-single__thumb\">\n\n        <div class=\"directorist-thumnail-card directorist-card-cover\" style=\"height: 260px\"><div class=\"directorist-thumnail-card-front-wrap\"><div class=\"directorist-swiper directorist-swiper-listing\" data-sw-items=\"1\" data-sw-margin=\"2\" data-sw-loop=\"true\" data-sw-perslide=\"1\" data-sw-speed=\"500\" data-sw-autoplay=\"false\" data-sw-responsive=\"{}\">\n\t\t\t\t\t<div class=\"swiper-wrapper\"><div class=\"swiper-slide\"><a href=\"https:\/\/valerie-lacroix-immobilier.com\/en\/annonce\/appartement-t3-arcachon-centre\/\"><figure><img decoding=\"async\" src=\"https:\/\/valerie-lacroix-immobilier.com\/wp-content\/uploads\/2025\/07\/Facade-immeuble-cote-Place-des-Marquises-Arcachon-centre-885x1024.webp\" alt=\"Fac\u0327ade immeuble co\u0302te\u0301 Place des Marquises Arcachon centre\" class=\"directorist-thumnail-card-front-img\" \/><\/figure><\/a><\/div><div class=\"swiper-slide\"><a href=\"https:\/\/valerie-lacroix-immobilier.com\/en\/annonce\/appartement-t3-arcachon-centre\/\"><figure><img decoding=\"async\" src=\"https:\/\/valerie-lacroix-immobilier.com\/wp-content\/uploads\/2025\/07\/salon-1024x748.webp\" alt=\"salon appartement 3 pi\u00e8ce arcachon\" class=\"directorist-thumnail-card-front-img\" \/><\/figure><\/a><\/div><div class=\"swiper-slide\"><a href=\"https:\/\/valerie-lacroix-immobilier.com\/en\/annonce\/appartement-t3-arcachon-centre\/\"><figure><img decoding=\"async\" src=\"https:\/\/valerie-lacroix-immobilier.com\/wp-content\/uploads\/2025\/07\/sejour-1024x728.webp\" alt=\"salon appartement 3 pi\u00e8ce arcachon\" class=\"directorist-thumnail-card-front-img\" \/><\/figure><\/a><\/div><div class=\"swiper-slide\"><a href=\"https:\/\/valerie-lacroix-immobilier.com\/en\/annonce\/appartement-t3-arcachon-centre\/\"><figure><img decoding=\"async\" src=\"https:\/\/valerie-lacroix-immobilier.com\/wp-content\/uploads\/2025\/07\/chambre-1024x754.webp\" alt=\"appartement chambre arcachon\" class=\"directorist-thumnail-card-front-img\" \/><\/figure><\/a><\/div><div class=\"swiper-slide\"><a href=\"https:\/\/valerie-lacroix-immobilier.com\/en\/annonce\/appartement-t3-arcachon-centre\/\"><figure><img decoding=\"async\" src=\"https:\/\/valerie-lacroix-immobilier.com\/wp-content\/uploads\/2025\/07\/chambre-vue.webp\" alt=\"appartement chambre arcachon\" class=\"directorist-thumnail-card-front-img\" \/><\/figure><\/a><\/div><div class=\"swiper-slide\"><a href=\"https:\/\/valerie-lacroix-immobilier.com\/en\/annonce\/appartement-t3-arcachon-centre\/\"><figure><img decoding=\"async\" src=\"https:\/\/valerie-lacroix-immobilier.com\/wp-content\/uploads\/2025\/07\/cuisine-1024x760.webp\" alt=\"appartement t3 arcachon centre\" class=\"directorist-thumnail-card-front-img\" \/><\/figure><\/a><\/div><div class=\"swiper-slide\"><a href=\"https:\/\/valerie-lacroix-immobilier.com\/en\/annonce\/appartement-t3-arcachon-centre\/\"><figure><img decoding=\"async\" src=\"https:\/\/valerie-lacroix-immobilier.com\/wp-content\/uploads\/2025\/07\/vue-de-la-rue.webp\" alt=\"vue de la rue\" class=\"directorist-thumnail-card-front-img\" \/><\/figure><\/a><\/div><\/div>\n\t\t\t\t\t<div class=\"directorist-swiper__navigation\">\n\t\t\t\t\t\t<div class=\"directorist-swiper__nav directorist-swiper__nav--prev directorist-swiper__nav--prev-listing\"><i class=\"directorist-icon-mask\" aria-hidden=\"true\" style=\"--directorist-icon: url(https:\/\/valerie-lacroix-immobilier.com\/wp-content\/plugins\/directorist\/assets\/icons\/line-awesome\/svgs\/angle-left-solid.svg)\"><\/i><\/div>\n\t\t\t\t\t\t<div class=\"directorist-swiper__nav directorist-swiper__nav--next directorist-swiper__nav--next-listing\"><i class=\"directorist-icon-mask\" aria-hidden=\"true\" style=\"--directorist-icon: url(https:\/\/valerie-lacroix-immobilier.com\/wp-content\/plugins\/directorist\/assets\/icons\/line-awesome\/svgs\/angle-right-solid.svg)\"><\/i><\/div>\n\t\t\t\t\t<\/div>\n\n\t\t\t\t\t<div class=\"directorist-swiper__pagination directorist-swiper__pagination--listing\"><\/div>\n\t\t\t\t<\/div><\/div><\/div>\n        <div class=\"directorist-thumb-top-left\"><\/div>\n        <div class=\"directorist-thumb-top-right\"><\/div>\n        <div class=\"directorist-thumb-bottom-left\"><\/div>\n        <div class=\"directorist-thumb-bottom-right\"><\/div>\n\n    <\/div>\n\n    <div class=\"directorist-listing-single__content\">\n        <section class=\"directorist-listing-single__info\">\n\n            \n            <header class=\"directorist-listing-single__info__top\">\n                \n<h2 class=\"directorist-listing-title\"><a href=\"https:\/\/valerie-lacroix-immobilier.com\/en\/annonce\/appartement-t3-arcachon-centre\/\">Appartement T3 &#8211; Arcachon centre<\/a><\/h2>\n\n\n<span class=\"directorist-info-item directorist-pricing-meta\">\n    \n<span class=\"directorist-listing-price\">599 000 \u20ac<\/span><\/span>            <\/header>\n\n            \n            <ul class=\"directorist-listing-single__info__list\">\n                \n<li class=\"directorist-listing-card-text\"><i class=\"directorist-icon-mask\" aria-hidden=\"true\" style=\"--directorist-icon: url(https:\/\/valerie-lacroix-immobilier.com\/wp-content\/plugins\/directorist\/assets\/icons\/line-awesome\/svgs\/ruler-combined-solid.svg)\"><\/i>Surface habitable (m\u00b2) : 68,42 m2<\/li>\n<li class=\"directorist-listing-card-text\"><i class=\"directorist-icon-mask\" aria-hidden=\"true\" style=\"--directorist-icon: url(https:\/\/valerie-lacroix-immobilier.com\/wp-content\/plugins\/directorist\/assets\/icons\/line-awesome\/svgs\/bed-solid.svg)\"><\/i>Nombre de chambre(s) : 2<\/li>\n<li class=\"directorist-listing-card-number\"><i class=\"directorist-icon-mask\" aria-hidden=\"true\" style=\"--directorist-icon: url(https:\/\/valerie-lacroix-immobilier.com\/wp-content\/plugins\/directorist\/assets\/icons\/line-awesome\/svgs\/door-open-solid.svg)\"><\/i>Nombre de pi\u00e8ces : 3<\/li>            <\/ul>\n\n            \n            \n            \n                    <\/section>\n\n        <footer class=\"directorist-listing-single__meta\">\n            <div class=\"directorist-listing-single__meta__left\">\n<div class=\"directorist-listing-category\">\n            <a href=\"https:\/\/valerie-lacroix-immobilier.com\/en\/categorie\/8-vendu\/?directory_type=lesbiens\"><i class=\"directorist-icon-mask\" aria-hidden=\"true\" style=\"--directorist-icon: url(https:\/\/valerie-lacroix-immobilier.com\/wp-content\/plugins\/directorist\/assets\/icons\/font-awesome\/svgs\/regular\/check-circle.svg)\"><\/i>VENDU<\/a>\n        <\/div>\n<\/div>\n            <div class=\"directorist-listing-single__meta__right\"><\/div>\n        <\/footer>\n    <\/div>\n\n<\/article>            <\/div>\n            \n            <\/div>\n\n            \n            \n            <\/div>\n<\/div>    <\/div>\n\n<\/div>\n<p>[\/et_pb_text][\/et_pb_column][\/et_pb_row][\/et_pb_section]<\/p>\n","protected":false},"excerpt":{"rendered":"<p>[et_pb_section fb_built=&#8221;1&#8243; fullwidth=&#8221;on&#8221; _builder_version=&#8221;4.27.4&#8243; _module_preset=&#8221;default&#8221; global_colors_info=&#8221;{}&#8221;][et_pb_fullwidth_header title=&#8221;@ET-DC@eyJkeW5hbWljIjp0cnVlLCJjb250ZW50IjoicG9zdF90aXRsZSIsInNldHRpbmdzIjp7ImJlZm9yZSI6IiIsImFmdGVyIjoiIn19@&#8221; text_orientation=&#8221;center&#8221; header_scroll_down=&#8221;on&#8221; scroll_down_icon=&#8221;%%1%%&#8221; scroll_down_icon_color=&#8221;#FFFFFF&#8221; scroll_down_icon_size=&#8221;3rem&#8221; scroll_down_icon_size_tablet=&#8221;2rem&#8221; scroll_down_icon_size_phone=&#8221;2rem&#8221; scroll_down_icon_size_last_edited=&#8221;on|tablet&#8221; _builder_version=&#8221;4.27.4&#8243; _dynamic_attributes=&#8221;title&#8221; _module_preset=&#8221;default&#8221; title_font_size=&#8221;2.5rem&#8221; background_enable_color=&#8221;off&#8221; background_image=&#8221;https:\/\/valerie-lacroix-immobilier.com\/wp-content\/uploads\/2025\/07\/bandeau-valerie-lacroix-immobilier.webp&#8221; custom_padding=&#8221;15vh||10vh||false|false&#8221; custom_padding_tablet=&#8221;10vh||5vh||false|false&#8221; custom_padding_phone=&#8221;10vh||5vh||false|false&#8221; custom_padding_last_edited=&#8221;on|phone&#8221; title_font_size_tablet=&#8221;2rem&#8221; title_font_size_phone=&#8221;2rem&#8221; title_font_size_last_edited=&#8221;on|phone&#8221; custom_css_free_form=&#8221;.selector .et_pb_fullwidth_header_scroll {|| animation: scrollAnimation 2s infinite;||}||||@keyframes scrollAnimation {|| 0% {|| transform: translateY(0);|| }|| 50% {|| transform: translateY(10px);|| }|| 100% {|| transform: translateY(0);|| }||}&#8221; global_colors_info=&#8221;{}&#8221;][\/et_pb_fullwidth_header][\/et_pb_section][et_pb_section fb_built=&#8221;1&#8243; _builder_version=&#8221;4.27.6&#8243; [&hellip;]<\/p>\n","protected":false},"author":2,"featured_media":0,"parent":0,"menu_order":0,"comment_status":"closed","ping_status":"closed","template":"","meta":{"_et_pb_use_builder":"on","_et_pb_old_content":"<p>[directorist_location]<\/p>","_et_gb_content_width":"","footnotes":""},"class_list":["post-19","page","type-page","status-publish","hentry"],"yoast_head":"<!-- This site is optimized with the Yoast SEO plugin v28.3 - https:\/\/yoast.com\/product\/yoast-seo-wordpress\/ -->\n<title>Les biens class\u00e9s par ville - Val\u00e9rie Lacroix Immobilier<\/title>\n<meta name=\"robots\" content=\"index, follow, max-snippet:-1, max-image-preview:large, max-video-preview:-1\" \/>\n<link rel=\"canonical\" href=\"https:\/\/valerie-lacroix-immobilier.com\/en\/les-biens-classes-par-ville\/\" \/>\n<meta property=\"og:locale\" content=\"en_US\" \/>\n<meta property=\"og:type\" content=\"article\" \/>\n<meta property=\"og:title\" content=\"Les biens class\u00e9s par ville - Val\u00e9rie Lacroix Immobilier\" \/>\n<meta property=\"og:description\" content=\"[et_pb_section fb_built=&#8221;1&#8243; fullwidth=&#8221;on&#8221; _builder_version=&#8221;4.27.4&#8243; _module_preset=&#8221;default&#8221; global_colors_info=&#8221;{}&#8221;][et_pb_fullwidth_header title=&#8221;@ET-DC@eyJkeW5hbWljIjp0cnVlLCJjb250ZW50IjoicG9zdF90aXRsZSIsInNldHRpbmdzIjp7ImJlZm9yZSI6IiIsImFmdGVyIjoiIn19@&#8221; text_orientation=&#8221;center&#8221; header_scroll_down=&#8221;on&#8221; scroll_down_icon=&#8221;&#8221; scroll_down_icon_color=&#8221;#FFFFFF&#8221; scroll_down_icon_size=&#8221;3rem&#8221; scroll_down_icon_size_tablet=&#8221;2rem&#8221; scroll_down_icon_size_phone=&#8221;2rem&#8221; scroll_down_icon_size_last_edited=&#8221;on|tablet&#8221; _builder_version=&#8221;4.27.4&#8243; _dynamic_attributes=&#8221;title&#8221; _module_preset=&#8221;default&#8221; title_font_size=&#8221;2.5rem&#8221; background_enable_color=&#8221;off&#8221; background_image=&#8221;https:\/\/valerie-lacroix-immobilier.com\/wp-content\/uploads\/2025\/07\/bandeau-valerie-lacroix-immobilier.webp&#8221; custom_padding=&#8221;15vh||10vh||false|false&#8221; custom_padding_tablet=&#8221;10vh||5vh||false|false&#8221; custom_padding_phone=&#8221;10vh||5vh||false|false&#8221; custom_padding_last_edited=&#8221;on|phone&#8221; title_font_size_tablet=&#8221;2rem&#8221; title_font_size_phone=&#8221;2rem&#8221; title_font_size_last_edited=&#8221;on|phone&#8221; custom_css_free_form=&#8221;.selector .et_pb_fullwidth_header_scroll {|| animation: scrollAnimation 2s infinite;||}||||@keyframes scrollAnimation {|| 0% {|| transform: translateY(0);|| }|| 50% {|| transform: translateY(10px);|| }|| 100% {|| transform: translateY(0);|| }||}&#8221; global_colors_info=&#8221;{}&#8221;][\/et_pb_fullwidth_header][\/et_pb_section][et_pb_section fb_built=&#8221;1&#8243; _builder_version=&#8221;4.27.6&#8243; [&hellip;]\" \/>\n<meta property=\"og:url\" content=\"https:\/\/valerie-lacroix-immobilier.com\/en\/les-biens-classes-par-ville\/\" \/>\n<meta property=\"og:site_name\" content=\"Val\u00e9rie Lacroix Immobilier\" \/>\n<meta property=\"article:modified_time\" content=\"2026-03-23T17:21:52+00:00\" \/>\n<meta property=\"og:image\" content=\"https:\/\/valerie-lacroix-immobilier.com\/wp-content\/uploads\/2025\/08\/Logo-VL-1.png\" \/>\n\t<meta property=\"og:image:width\" content=\"1014\" \/>\n\t<meta property=\"og:image:height\" content=\"648\" \/>\n\t<meta property=\"og:image:type\" content=\"image\/png\" \/>\n<meta name=\"twitter:card\" content=\"summary_large_image\" \/>\n<meta name=\"twitter:label1\" content=\"Est. reading time\" \/>\n\t<meta name=\"twitter:data1\" content=\"12 minutes\" \/>\n<script type=\"application\/ld+json\" class=\"yoast-schema-graph\">{\"@context\":\"https:\\\/\\\/schema.org\",\"@graph\":[{\"@type\":\"WebPage\",\"@id\":\"https:\\\/\\\/valerie-lacroix-immobilier.com\\\/les-biens-classes-par-ville\\\/\",\"url\":\"https:\\\/\\\/valerie-lacroix-immobilier.com\\\/les-biens-classes-par-ville\\\/\",\"name\":\"Les biens class\u00e9s par ville - Val\u00e9rie Lacroix Immobilier\",\"isPartOf\":{\"@id\":\"https:\\\/\\\/valerie-lacroix-immobilier.com\\\/#website\"},\"datePublished\":\"2025-07-09T18:57:53+00:00\",\"dateModified\":\"2026-03-23T17:21:52+00:00\",\"breadcrumb\":{\"@id\":\"https:\\\/\\\/valerie-lacroix-immobilier.com\\\/les-biens-classes-par-ville\\\/#breadcrumb\"},\"inLanguage\":\"en-US\",\"potentialAction\":[{\"@type\":\"ReadAction\",\"target\":[\"https:\\\/\\\/valerie-lacroix-immobilier.com\\\/les-biens-classes-par-ville\\\/\"]}]},{\"@type\":\"BreadcrumbList\",\"@id\":\"https:\\\/\\\/valerie-lacroix-immobilier.com\\\/les-biens-classes-par-ville\\\/#breadcrumb\",\"itemListElement\":[{\"@type\":\"ListItem\",\"position\":1,\"name\":\"Accueil\",\"item\":\"https:\\\/\\\/valerie-lacroix-immobilier.com\\\/\"},{\"@type\":\"ListItem\",\"position\":2,\"name\":\"Les biens class\u00e9s par ville\"}]},{\"@type\":\"WebSite\",\"@id\":\"https:\\\/\\\/valerie-lacroix-immobilier.com\\\/#website\",\"url\":\"https:\\\/\\\/valerie-lacroix-immobilier.com\\\/\",\"name\":\"Val\u00e9rie Lacroix Immobilier\",\"description\":\"Bienvenue chez vous\",\"publisher\":{\"@id\":\"https:\\\/\\\/valerie-lacroix-immobilier.com\\\/#organization\"},\"alternateName\":\"Val\u00e9rie Lacroix Immobilier\",\"potentialAction\":[{\"@type\":\"SearchAction\",\"target\":{\"@type\":\"EntryPoint\",\"urlTemplate\":\"https:\\\/\\\/valerie-lacroix-immobilier.com\\\/?s={search_term_string}\"},\"query-input\":{\"@type\":\"PropertyValueSpecification\",\"valueRequired\":true,\"valueName\":\"search_term_string\"}}],\"inLanguage\":\"en-US\"},{\"@type\":\"Organization\",\"@id\":\"https:\\\/\\\/valerie-lacroix-immobilier.com\\\/#organization\",\"name\":\"Val\u00e9rie Lacroix Immobilier\",\"url\":\"https:\\\/\\\/valerie-lacroix-immobilier.com\\\/\",\"logo\":{\"@type\":\"ImageObject\",\"inLanguage\":\"en-US\",\"@id\":\"https:\\\/\\\/valerie-lacroix-immobilier.com\\\/#\\\/schema\\\/logo\\\/image\\\/\",\"url\":\"https:\\\/\\\/valerie-lacroix-immobilier.com\\\/wp-content\\\/uploads\\\/2025\\\/07\\\/cropped-valerie-lacroix-favicon.png\",\"contentUrl\":\"https:\\\/\\\/valerie-lacroix-immobilier.com\\\/wp-content\\\/uploads\\\/2025\\\/07\\\/cropped-valerie-lacroix-favicon.png\",\"width\":512,\"height\":512,\"caption\":\"Val\u00e9rie Lacroix Immobilier\"},\"image\":{\"@id\":\"https:\\\/\\\/valerie-lacroix-immobilier.com\\\/#\\\/schema\\\/logo\\\/image\\\/\"}}]}<\/script>\n<!-- \/ Yoast SEO plugin. -->","yoast_head_json":{"title":"Les biens class\u00e9s par ville - Val\u00e9rie Lacroix Immobilier","robots":{"index":"index","follow":"follow","max-snippet":"max-snippet:-1","max-image-preview":"max-image-preview:large","max-video-preview":"max-video-preview:-1"},"canonical":"https:\/\/valerie-lacroix-immobilier.com\/en\/les-biens-classes-par-ville\/","og_locale":"en_US","og_type":"article","og_title":"Les biens class\u00e9s par ville - Val\u00e9rie Lacroix Immobilier","og_description":"[et_pb_section fb_built=&#8221;1&#8243; fullwidth=&#8221;on&#8221; _builder_version=&#8221;4.27.4&#8243; _module_preset=&#8221;default&#8221; global_colors_info=&#8221;{}&#8221;][et_pb_fullwidth_header title=&#8221;@ET-DC@eyJkeW5hbWljIjp0cnVlLCJjb250ZW50IjoicG9zdF90aXRsZSIsInNldHRpbmdzIjp7ImJlZm9yZSI6IiIsImFmdGVyIjoiIn19@&#8221; text_orientation=&#8221;center&#8221; header_scroll_down=&#8221;on&#8221; scroll_down_icon=&#8221;&#8221; scroll_down_icon_color=&#8221;#FFFFFF&#8221; scroll_down_icon_size=&#8221;3rem&#8221; scroll_down_icon_size_tablet=&#8221;2rem&#8221; scroll_down_icon_size_phone=&#8221;2rem&#8221; scroll_down_icon_size_last_edited=&#8221;on|tablet&#8221; _builder_version=&#8221;4.27.4&#8243; _dynamic_attributes=&#8221;title&#8221; _module_preset=&#8221;default&#8221; title_font_size=&#8221;2.5rem&#8221; background_enable_color=&#8221;off&#8221; background_image=&#8221;https:\/\/valerie-lacroix-immobilier.com\/wp-content\/uploads\/2025\/07\/bandeau-valerie-lacroix-immobilier.webp&#8221; custom_padding=&#8221;15vh||10vh||false|false&#8221; custom_padding_tablet=&#8221;10vh||5vh||false|false&#8221; custom_padding_phone=&#8221;10vh||5vh||false|false&#8221; custom_padding_last_edited=&#8221;on|phone&#8221; title_font_size_tablet=&#8221;2rem&#8221; title_font_size_phone=&#8221;2rem&#8221; title_font_size_last_edited=&#8221;on|phone&#8221; custom_css_free_form=&#8221;.selector .et_pb_fullwidth_header_scroll {|| animation: scrollAnimation 2s infinite;||}||||@keyframes scrollAnimation {|| 0% {|| transform: translateY(0);|| }|| 50% {|| transform: translateY(10px);|| }|| 100% {|| transform: translateY(0);|| }||}&#8221; global_colors_info=&#8221;{}&#8221;][\/et_pb_fullwidth_header][\/et_pb_section][et_pb_section fb_built=&#8221;1&#8243; _builder_version=&#8221;4.27.6&#8243; [&hellip;]","og_url":"https:\/\/valerie-lacroix-immobilier.com\/en\/les-biens-classes-par-ville\/","og_site_name":"Val\u00e9rie Lacroix Immobilier","article_modified_time":"2026-03-23T17:21:52+00:00","og_image":[{"width":1014,"height":648,"url":"https:\/\/valerie-lacroix-immobilier.com\/wp-content\/uploads\/2025\/08\/Logo-VL-1.png","type":"image\/png"}],"twitter_card":"summary_large_image","twitter_misc":{"Est. reading time":"12 minutes"},"schema":{"@context":"https:\/\/schema.org","@graph":[{"@type":"WebPage","@id":"https:\/\/valerie-lacroix-immobilier.com\/les-biens-classes-par-ville\/","url":"https:\/\/valerie-lacroix-immobilier.com\/les-biens-classes-par-ville\/","name":"Les biens class\u00e9s par ville - Val\u00e9rie Lacroix Immobilier","isPartOf":{"@id":"https:\/\/valerie-lacroix-immobilier.com\/#website"},"datePublished":"2025-07-09T18:57:53+00:00","dateModified":"2026-03-23T17:21:52+00:00","breadcrumb":{"@id":"https:\/\/valerie-lacroix-immobilier.com\/les-biens-classes-par-ville\/#breadcrumb"},"inLanguage":"en-US","potentialAction":[{"@type":"ReadAction","target":["https:\/\/valerie-lacroix-immobilier.com\/les-biens-classes-par-ville\/"]}]},{"@type":"BreadcrumbList","@id":"https:\/\/valerie-lacroix-immobilier.com\/les-biens-classes-par-ville\/#breadcrumb","itemListElement":[{"@type":"ListItem","position":1,"name":"Accueil","item":"https:\/\/valerie-lacroix-immobilier.com\/"},{"@type":"ListItem","position":2,"name":"Les biens class\u00e9s par ville"}]},{"@type":"WebSite","@id":"https:\/\/valerie-lacroix-immobilier.com\/#website","url":"https:\/\/valerie-lacroix-immobilier.com\/","name":"Val\u00e9rie Lacroix Immobilier","description":"Bienvenue chez vous","publisher":{"@id":"https:\/\/valerie-lacroix-immobilier.com\/#organization"},"alternateName":"Val\u00e9rie Lacroix Immobilier","potentialAction":[{"@type":"SearchAction","target":{"@type":"EntryPoint","urlTemplate":"https:\/\/valerie-lacroix-immobilier.com\/?s={search_term_string}"},"query-input":{"@type":"PropertyValueSpecification","valueRequired":true,"valueName":"search_term_string"}}],"inLanguage":"en-US"},{"@type":"Organization","@id":"https:\/\/valerie-lacroix-immobilier.com\/#organization","name":"Val\u00e9rie Lacroix Immobilier","url":"https:\/\/valerie-lacroix-immobilier.com\/","logo":{"@type":"ImageObject","inLanguage":"en-US","@id":"https:\/\/valerie-lacroix-immobilier.com\/#\/schema\/logo\/image\/","url":"https:\/\/valerie-lacroix-immobilier.com\/wp-content\/uploads\/2025\/07\/cropped-valerie-lacroix-favicon.png","contentUrl":"https:\/\/valerie-lacroix-immobilier.com\/wp-content\/uploads\/2025\/07\/cropped-valerie-lacroix-favicon.png","width":512,"height":512,"caption":"Val\u00e9rie Lacroix Immobilier"},"image":{"@id":"https:\/\/valerie-lacroix-immobilier.com\/#\/schema\/logo\/image\/"}}]}},"_links":{"self":[{"href":"https:\/\/valerie-lacroix-immobilier.com\/en\/wp-json\/wp\/v2\/pages\/19","targetHints":{"allow":["GET"]}}],"collection":[{"href":"https:\/\/valerie-lacroix-immobilier.com\/en\/wp-json\/wp\/v2\/pages"}],"about":[{"href":"https:\/\/valerie-lacroix-immobilier.com\/en\/wp-json\/wp\/v2\/types\/page"}],"author":[{"embeddable":true,"href":"https:\/\/valerie-lacroix-immobilier.com\/en\/wp-json\/wp\/v2\/users\/2"}],"replies":[{"embeddable":true,"href":"https:\/\/valerie-lacroix-immobilier.com\/en\/wp-json\/wp\/v2\/comments?post=19"}],"version-history":[{"count":9,"href":"https:\/\/valerie-lacroix-immobilier.com\/en\/wp-json\/wp\/v2\/pages\/19\/revisions"}],"predecessor-version":[{"id":102335,"href":"https:\/\/valerie-lacroix-immobilier.com\/en\/wp-json\/wp\/v2\/pages\/19\/revisions\/102335"}],"wp:attachment":[{"href":"https:\/\/valerie-lacroix-immobilier.com\/en\/wp-json\/wp\/v2\/media?parent=19"}],"curies":[{"name":"wp","href":"https:\/\/api.w.org\/{rel}","templated":true}]}}